{"id":4431,"date":"2025-10-04T10:04:00","date_gmt":"2025-10-04T13:04:00","guid":{"rendered":"https:\/\/itfilmes.com.br\/mostrabetim\/?page_id=4431"},"modified":"2025-12-01T13:37:49","modified_gmt":"2025-12-01T16:37:49","slug":"oficinas","status":"publish","type":"page","link":"https:\/\/itfilmes.com.br\/mostrabetim\/oficinas\/","title":{"rendered":"Oficinas"},"content":{"rendered":"\t\t<div data-elementor-type=\"wp-page\" data-elementor-id=\"4431\" class=\"elementor elementor-4431\">\n\t\t\t\t\t\t<section class=\"elementor-section elementor-top-section elementor-element elementor-element-7ce1d81 elementor-section-full_width elementor-section-height-default elementor-section-height-default\" data-id=\"7ce1d81\" data-element_type=\"section\" data-e-type=\"section\" data-settings=\"{&quot;background_background&quot;:&quot;classic&quot;}\">\n\t\t\t\t\t\t\t<div class=\"elementor-background-overlay\"><\/div>\n\t\t\t\t\t\t\t<div class=\"elementor-container elementor-column-gap-default\">\n\t\t\t\t\t<div class=\"aux-parallax-section elementor-column elementor-col-100 elementor-top-column elementor-element elementor-element-c3b0813\" data-id=\"c3b0813\" data-element_type=\"column\" data-e-type=\"column\" data-settings=\"{&quot;background_background&quot;:&quot;classic&quot;}\">\n\t\t\t<div class=\"elementor-widget-wrap elementor-element-populated\">\n\t\t\t\t\t<div class=\"elementor-background-overlay\"><\/div>\n\t\t\t\t\t\t<section class=\"elementor-section elementor-inner-section elementor-element elementor-element-a9b7742 elementor-section-boxed elementor-section-height-default elementor-section-height-default\" data-id=\"a9b7742\" data-element_type=\"section\" data-e-type=\"section\">\n\t\t\t\t\t\t<div class=\"elementor-container elementor-column-gap-default\">\n\t\t\t\t\t<div class=\"aux-parallax-section elementor-column elementor-col-50 elementor-inner-column elementor-element elementor-element-7d6cd22\" data-id=\"7d6cd22\" data-element_type=\"column\" data-e-type=\"column\">\n\t\t\t<div class=\"elementor-widget-wrap elementor-element-populated\">\n\t\t\t\t\t\t<section class=\"elementor-section elementor-inner-section elementor-element elementor-element-bf70ead elementor-section-boxed elementor-section-height-default elementor-section-height-default\" data-id=\"bf70ead\" data-element_type=\"section\" data-e-type=\"section\" data-settings=\"{&quot;background_background&quot;:&quot;classic&quot;}\">\n\t\t\t\t\t\t<div class=\"elementor-container elementor-column-gap-default\">\n\t\t\t\t\t<div class=\"aux-parallax-section elementor-column elementor-col-100 elementor-inner-column elementor-element elementor-element-d36b462\" data-id=\"d36b462\" data-element_type=\"column\" data-e-type=\"column\" data-settings=\"{&quot;background_background&quot;:&quot;classic&quot;}\">\n\t\t\t<div class=\"elementor-widget-wrap elementor-element-populated\">\n\t\t\t\t\t\t<div class=\"elementor-element elementor-element-53adb87 elementor-widget elementor-widget-heading\" data-id=\"53adb87\" data-element_type=\"widget\" data-e-type=\"widget\" data-widget_type=\"heading.default\">\n\t\t\t\t<div class=\"elementor-widget-container\">\n\t\t\t\t\t<h2 class=\"elementor-heading-title elementor-size-default\">Oficinas Audiovisuais<\/h2>\t\t\t\t<\/div>\n\t\t\t\t<\/div>\n\t\t\t\t<div class=\"elementor-element elementor-element-f045fee elementor-widget elementor-widget-text-editor\" data-id=\"f045fee\" data-element_type=\"widget\" data-e-type=\"widget\" data-widget_type=\"text-editor.default\">\n\t\t\t\t<div class=\"elementor-widget-container\">\n\t\t\t\t\t\t\t\t\t<p>Apostando no presente e investindo no futuro a Mostra Betim oferece <strong>10 OFICINAS E 200 VAGAS DE CAPACITA\u00c7\u00c3O AUDIOVISUAL<\/strong> com\u00a0 formatos pr\u00e1ticos e intensivos.<\/p>\t\t\t\t\t\t\t\t<\/div>\n\t\t\t\t<\/div>\n\t\t\t\t\t<\/div>\n\t\t<\/div>\n\t\t\t\t\t<\/div>\n\t\t<\/section>\n\t\t\t\t\t<\/div>\n\t\t<\/div>\n\t\t\t\t<div class=\"aux-parallax-section elementor-column elementor-col-50 elementor-inner-column elementor-element elementor-element-14bbdf6\" data-id=\"14bbdf6\" data-element_type=\"column\" data-e-type=\"column\">\n\t\t\t<div class=\"elementor-widget-wrap elementor-element-populated\">\n\t\t\t\t\t\t<div class=\"elementor-element elementor-element-25f71d8 e-transform aux-appear-watch-animation aux-fade-in-right elementor-widget elementor-widget-image\" data-id=\"25f71d8\" data-element_type=\"widget\" data-e-type=\"widget\" data-settings=\"{&quot;_transform_scale_effect&quot;:{&quot;unit&quot;:&quot;px&quot;,&quot;size&quot;:0.6,&quot;sizes&quot;:[]},&quot;_transform_scale_effect_mobile&quot;:{&quot;unit&quot;:&quot;px&quot;,&quot;size&quot;:0.7,&quot;sizes&quot;:[]},&quot;_transform_scale_effect_tablet&quot;:{&quot;unit&quot;:&quot;px&quot;,&quot;size&quot;:1.6,&quot;sizes&quot;:[]}}\" data-widget_type=\"image.default\">\n\t\t\t\t<div class=\"elementor-widget-container\">\n\t\t\t\t\t\t\t\t\t\t\t\t\t\t\t<img fetchpriority=\"high\" decoding=\"async\" width=\"1280\" height=\"1270\" src=\"https:\/\/itfilmes.com.br\/mostrabetim\/wp-content\/uploads\/sites\/5\/2025\/10\/jovem-balanco-oficina_2.png\" class=\"attachment-full size-full wp-image-4759\" alt=\"No balan\u00e7o das oficinas da Mostra Betim\" srcset=\"https:\/\/itfilmes.com.br\/mostrabetim\/wp-content\/uploads\/sites\/5\/2025\/10\/jovem-balanco-oficina_2.png 1280w, https:\/\/itfilmes.com.br\/mostrabetim\/wp-content\/uploads\/sites\/5\/2025\/10\/jovem-balanco-oficina_2-150x150.png 150w, https:\/\/itfilmes.com.br\/mostrabetim\/wp-content\/uploads\/sites\/5\/2025\/10\/jovem-balanco-oficina_2-200x198.png 200w\" sizes=\"(max-width: 1280px) 100vw, 1280px\" \/>\t\t\t\t\t\t\t\t\t\t\t\t\t\t\t<\/div>\n\t\t\t\t<\/div>\n\t\t\t\t\t<\/div>\n\t\t<\/div>\n\t\t\t\t\t<\/div>\n\t\t<\/section>\n\t\t\t\t<section class=\"elementor-section elementor-inner-section elementor-element elementor-element-9bb3ef5 elementor-section-boxed elementor-section-height-default elementor-section-height-default\" data-id=\"9bb3ef5\" data-element_type=\"section\" data-e-type=\"section\">\n\t\t\t\t\t\t<div class=\"elementor-container elementor-column-gap-default\">\n\t\t\t\t\t<div class=\"aux-parallax-section elementor-column elementor-col-50 elementor-inner-column elementor-element elementor-element-789b1f8\" data-id=\"789b1f8\" data-element_type=\"column\" data-e-type=\"column\">\n\t\t\t<div class=\"elementor-widget-wrap elementor-element-populated\">\n\t\t\t\t\t\t<section class=\"elementor-section elementor-inner-section elementor-element elementor-element-5255f16 elementor-section-boxed elementor-section-height-default elementor-section-height-default\" data-id=\"5255f16\" data-element_type=\"section\" data-e-type=\"section\" data-settings=\"{&quot;background_background&quot;:&quot;classic&quot;}\">\n\t\t\t\t\t\t<div class=\"elementor-container elementor-column-gap-default\">\n\t\t\t\t\t<div class=\"aux-parallax-section elementor-column elementor-col-100 elementor-inner-column elementor-element elementor-element-500b20f\" data-id=\"500b20f\" data-element_type=\"column\" data-e-type=\"column\">\n\t\t\t<div class=\"elementor-widget-wrap\">\n\t\t\t\t\t\t\t<\/div>\n\t\t<\/div>\n\t\t\t\t\t<\/div>\n\t\t<\/section>\n\t\t\t\t<div class=\"elementor-element elementor-element-748f34e e-transform aux-appear-watch-animation aux-fade-in-left-2 elementor-widget elementor-widget-image\" data-id=\"748f34e\" data-element_type=\"widget\" data-e-type=\"widget\" data-settings=\"{&quot;_transform_scale_effect&quot;:{&quot;unit&quot;:&quot;px&quot;,&quot;size&quot;:0.9,&quot;sizes&quot;:[]},&quot;_transform_scale_effect_mobile&quot;:{&quot;unit&quot;:&quot;px&quot;,&quot;size&quot;:1,&quot;sizes&quot;:[]},&quot;_transform_scale_effect_tablet&quot;:{&quot;unit&quot;:&quot;px&quot;,&quot;size&quot;:&quot;&quot;,&quot;sizes&quot;:[]}}\" data-widget_type=\"image.default\">\n\t\t\t\t<div class=\"elementor-widget-container\">\n\t\t\t\t\t\t\t\t\t\t\t\t\t\t\t<img decoding=\"async\" width=\"1704\" height=\"1850\" src=\"https:\/\/itfilmes.com.br\/mostrabetim\/wp-content\/uploads\/sites\/5\/2025\/10\/mulher-filma-oficinas_1.png\" class=\"attachment-full size-full wp-image-4620\" alt=\"2\u00aa MOSTRA DE CINEMA DE BETIM\" srcset=\"https:\/\/itfilmes.com.br\/mostrabetim\/wp-content\/uploads\/sites\/5\/2025\/10\/mulher-filma-oficinas_1.png 1704w, https:\/\/itfilmes.com.br\/mostrabetim\/wp-content\/uploads\/sites\/5\/2025\/10\/mulher-filma-oficinas_1-1415x1536.png 1415w, https:\/\/itfilmes.com.br\/mostrabetim\/wp-content\/uploads\/sites\/5\/2025\/10\/mulher-filma-oficinas_1-200x217.png 200w\" sizes=\"(max-width: 1704px) 100vw, 1704px\" \/>\t\t\t\t\t\t\t\t\t\t\t\t\t\t\t<\/div>\n\t\t\t\t<\/div>\n\t\t\t\t\t<\/div>\n\t\t<\/div>\n\t\t\t\t<div class=\"aux-parallax-section elementor-column elementor-col-50 elementor-inner-column elementor-element elementor-element-3c870e3\" data-id=\"3c870e3\" data-element_type=\"column\" data-e-type=\"column\">\n\t\t\t<div class=\"elementor-widget-wrap elementor-element-populated\">\n\t\t\t\t\t\t<section class=\"elementor-section elementor-inner-section elementor-element elementor-element-0a78a68 elementor-section-boxed elementor-section-height-default elementor-section-height-default\" data-id=\"0a78a68\" data-element_type=\"section\" data-e-type=\"section\" data-settings=\"{&quot;background_background&quot;:&quot;classic&quot;}\">\n\t\t\t\t\t\t<div class=\"elementor-container elementor-column-gap-default\">\n\t\t\t\t\t<div class=\"aux-parallax-section elementor-column elementor-col-100 elementor-inner-column elementor-element elementor-element-9cc6255\" data-id=\"9cc6255\" data-element_type=\"column\" data-e-type=\"column\" data-settings=\"{&quot;background_background&quot;:&quot;classic&quot;}\">\n\t\t\t<div class=\"elementor-widget-wrap elementor-element-populated\">\n\t\t\t\t\t\t<div class=\"elementor-element elementor-element-e8b6c8f elementor-widget elementor-widget-heading\" data-id=\"e8b6c8f\" data-element_type=\"widget\" data-e-type=\"widget\" data-widget_type=\"heading.default\">\n\t\t\t\t<div class=\"elementor-widget-container\">\n\t\t\t\t\t<h2 class=\"elementor-heading-title elementor-size-default\">Inscri\u00e7\u00f5es<\/h2>\t\t\t\t<\/div>\n\t\t\t\t<\/div>\n\t\t\t\t<div class=\"elementor-element elementor-element-0e8832f elementor-widget elementor-widget-text-editor\" data-id=\"0e8832f\" data-element_type=\"widget\" data-e-type=\"widget\" data-widget_type=\"text-editor.default\">\n\t\t\t\t<div class=\"elementor-widget-container\">\n\t\t\t\t\t\t\t\t\t<h3>a partir de\u00a0 07\/10<\/h3>\t\t\t\t\t\t\t\t<\/div>\n\t\t\t\t<\/div>\n\t\t\t\t<div class=\"elementor-element elementor-element-668a2f0 elementor-widget elementor-widget-text-editor\" data-id=\"668a2f0\" data-element_type=\"widget\" data-e-type=\"widget\" data-widget_type=\"text-editor.default\">\n\t\t\t\t<div class=\"elementor-widget-container\">\n\t\t\t\t\t\t\t\t\t<p>Cada oficina \u00e9 uma porta de entrada para novas habilidades e um passo concreto para o desenvolvimento, com 6 horas de dura\u00e7\u00e3o e 20 vagas dispon\u00edveis por turma.<\/p>\t\t\t\t\t\t\t\t<\/div>\n\t\t\t\t<\/div>\n\t\t\t\t<div class=\"elementor-element elementor-element-4e01d44 elementor-widget__width-auto elementor-widget-mobile__width-auto elementor-widget elementor-widget-button\" data-id=\"4e01d44\" data-element_type=\"widget\" data-e-type=\"widget\" data-widget_type=\"button.default\">\n\t\t\t\t<div class=\"elementor-widget-container\">\n\t\t\t\t\t\t\t\t\t<div class=\"elementor-button-wrapper\">\n\t\t\t\t\t<a class=\"elementor-button elementor-button-link elementor-size-sm\" href=\"#oficinas\">\n\t\t\t\t\t\t<span class=\"elementor-button-content-wrapper\">\n\t\t\t\t\t\t<span class=\"elementor-button-icon\">\n\t\t\t\t<i aria-hidden=\"true\" class=\"auxicon auxicon-eye-1\"><\/i>\t\t\t<\/span>\n\t\t\t\t\t\t\t\t\t<span class=\"elementor-button-text\">Oficinas<\/span>\n\t\t\t\t\t<\/span>\n\t\t\t\t\t<\/a>\n\t\t\t\t<\/div>\n\t\t\t\t\t\t\t\t<\/div>\n\t\t\t\t<\/div>\n\t\t\t\t\t<\/div>\n\t\t<\/div>\n\t\t\t\t\t<\/div>\n\t\t<\/section>\n\t\t\t\t\t<\/div>\n\t\t<\/div>\n\t\t\t\t\t<\/div>\n\t\t<\/section>\n\t\t\t\t\t<\/div>\n\t\t<\/div>\n\t\t\t\t\t<\/div>\n\t\t<\/section>\n\t\t\t\t<section class=\"elementor-section elementor-top-section elementor-element elementor-element-d00d5c1 elementor-section-boxed elementor-section-height-default elementor-section-height-default\" data-id=\"d00d5c1\" data-element_type=\"section\" data-e-type=\"section\" data-settings=\"{&quot;background_background&quot;:&quot;classic&quot;}\">\n\t\t\t\t\t\t\t<div class=\"elementor-background-overlay\"><\/div>\n\t\t\t\t\t\t\t<div class=\"elementor-container elementor-column-gap-default\">\n\t\t\t\t\t<div class=\"aux-parallax-section elementor-column elementor-col-100 elementor-top-column elementor-element elementor-element-21ff5b2\" data-id=\"21ff5b2\" data-element_type=\"column\" data-e-type=\"column\">\n\t\t\t<div class=\"elementor-widget-wrap elementor-element-populated\">\n\t\t\t\t\t\t<div class=\"elementor-element elementor-element-34408dc elementor-widget elementor-widget-aux_divider\" data-id=\"34408dc\" data-element_type=\"widget\" data-e-type=\"widget\" data-widget_type=\"aux_divider.default\">\n\t\t\t\t<div class=\"elementor-widget-container\">\n\t\t\t\t\t<hr class=\"aux-divider-center\" >\t\t\t\t<\/div>\n\t\t\t\t<\/div>\n\t\t\t\t<section class=\"elementor-section elementor-inner-section elementor-element elementor-element-f124b60 elementor-section-full_width elementor-section-height-default elementor-section-height-default\" data-id=\"f124b60\" data-element_type=\"section\" data-e-type=\"section\">\n\t\t\t\t\t\t<div class=\"elementor-container elementor-column-gap-default\">\n\t\t\t\t\t<div class=\"aux-parallax-section elementor-column elementor-col-100 elementor-inner-column elementor-element elementor-element-5108d70\" data-id=\"5108d70\" data-element_type=\"column\" data-e-type=\"column\">\n\t\t\t<div class=\"elementor-widget-wrap elementor-element-populated\">\n\t\t\t\t\t\t<div class=\"elementor-element elementor-element-85d6304 elementor-widget__width-initial elementor-widget elementor-widget-heading\" data-id=\"85d6304\" data-element_type=\"widget\" data-e-type=\"widget\" data-widget_type=\"heading.default\">\n\t\t\t\t<div class=\"elementor-widget-container\">\n\t\t\t\t\t<h2 class=\"elementor-heading-title elementor-size-default\">Introdu\u00e7\u00e3o \u00e0<br>p\u00f3s-produ\u00e7\u00e3o<\/h2>\t\t\t\t<\/div>\n\t\t\t\t<\/div>\n\t\t\t\t\t<\/div>\n\t\t<\/div>\n\t\t\t\t\t<\/div>\n\t\t<\/section>\n\t\t\t\t<section class=\"elementor-section elementor-inner-section elementor-element elementor-element-067999a elementor-section-full_width elementor-section-height-default elementor-section-height-default\" data-id=\"067999a\" data-element_type=\"section\" data-e-type=\"section\">\n\t\t\t\t\t\t<div class=\"elementor-container elementor-column-gap-default\">\n\t\t\t\t\t<div class=\"aux-parallax-section elementor-column elementor-col-50 elementor-inner-column elementor-element elementor-element-ebdc00d\" data-id=\"ebdc00d\" data-element_type=\"column\" data-e-type=\"column\">\n\t\t\t<div class=\"elementor-widget-wrap elementor-element-populated\">\n\t\t\t\t\t\t<div class=\"elementor-element elementor-element-bed5f4a elementor-widget__width-initial elementor-widget elementor-widget-text-editor\" data-id=\"bed5f4a\" data-element_type=\"widget\" data-e-type=\"widget\" data-widget_type=\"text-editor.default\">\n\t\t\t\t<div class=\"elementor-widget-container\">\n\t\t\t\t\t\t\t\t\t<p><span style=\"font-weight: 400;\">Um filme n\u00e3o termina quando a c\u00e2mera para de gravar. Transformar filmagens em uma obra completa exige t\u00e9cnica e sensibilidade e, \u00e9 na etapa p\u00f3s-produ\u00e7\u00e3o que o trabalho \u00e9 conclu\u00eddo com a edi\u00e7\u00e3o de imagem (montagem do material bruto), edi\u00e7\u00e3o e mixagem de som (tratamento de \u00e1udio e m\u00fasica), corre\u00e7\u00e3o e grada\u00e7\u00e3o de cor (uniformiza\u00e7\u00e3o e tratamento visual), adi\u00e7\u00e3o de elementos gr\u00e1ficos e efeitos visuais (VFX), acessibilidades, exporta\u00e7\u00e3o e entrega da obra.\u00a0<\/span><\/p><p><span style=\"font-weight: 400;\">Nesta oficina o participante ser\u00e1 introduzido no universo que envolve a p\u00f3s-produ\u00e7\u00e3o, com foco no que \u00e9 a montagem cinematogr\u00e1fica, que vai muito al\u00e9m de editar imagens. A import\u00e2ncia da montagem no cinema, que vai de ordenar e ajustar os planos da estrutura, ao ritmo e impacto da narrativa, transformando a mat\u00e9ria-prima filmada, numa obra coesa e com capacidade de evocar emo\u00e7\u00f5es no espectador.<\/span><\/p>\t\t\t\t\t\t\t\t<\/div>\n\t\t\t\t<\/div>\n\t\t\t\t<div class=\"elementor-element elementor-element-33c8e4c elementor-widget__width-initial elementor-widget elementor-widget-text-editor\" data-id=\"33c8e4c\" data-element_type=\"widget\" data-e-type=\"widget\" data-widget_type=\"text-editor.default\">\n\t\t\t\t<div class=\"elementor-widget-container\">\n\t\t\t\t\t\t\t\t\t<p><b>P\u00fablico Alvo:<\/b><span style=\"font-weight: 400;\"> Profissionais e iniciantes do audiovisual, cineastas, editores de v\u00eddeos roteiristas, escritores, diretores, assistentes de dire\u00e7\u00e3o, escritores, jornalistas,\u00a0 criadores de conte\u00fados, influencer,\u00a0 videomakers,\u00a0 publicit\u00e1rios, atrizes, atores, produtores culturais, professores, historiadores, soci\u00f3logos,\u00a0 estudantes, amantes da s\u00e9tima arte.\u00a0 <\/span><b>A partir dos 18 anos<\/b><\/p>\t\t\t\t\t\t\t\t<\/div>\n\t\t\t\t<\/div>\n\t\t\t\t<div class=\"elementor-element elementor-element-07f2511 elementor-widget__width-initial elementor-widget elementor-widget-text-editor\" data-id=\"07f2511\" data-element_type=\"widget\" data-e-type=\"widget\" data-widget_type=\"text-editor.default\">\n\t\t\t\t<div class=\"elementor-widget-container\">\n\t\t\t\t\t\t\t\t\t<p><b>Data: <span style=\"font-weight: 400;\">29 de novembro, s\u00e1bado<\/span><\/b><span style=\"font-weight: 400;\"><br \/><\/span><b>Hor\u00e1rio: <\/b>9h \u00e0s 12h \/ 14h \u00e0s 17h<b><br \/><\/b><b>Local: <\/b>Espa\u00e7o Mostra de Cinema de Betim (<span style=\"font-weight: 400;\">Av. Juiz Marco T\u00falio Isaac, 1119 &#8211; Ing\u00e1 Alto, Betim &#8211; MG, 32604-345)<\/span><\/p>\t\t\t\t\t\t\t\t<\/div>\n\t\t\t\t<\/div>\n\t\t\t\t<div class=\"elementor-element elementor-element-afe0293 elementor-widget__width-inherit elementor-widget elementor-widget-text-editor\" data-id=\"afe0293\" data-element_type=\"widget\" data-e-type=\"widget\" data-widget_type=\"text-editor.default\">\n\t\t\t\t<div class=\"elementor-widget-container\">\n\t\t\t\t\t\t\t\t\t<p><span style=\"font-weight: 400;\">Gratuito. Vagas limitadas.<\/span><\/p>\t\t\t\t\t\t\t\t<\/div>\n\t\t\t\t<\/div>\n\t\t\t\t\t<\/div>\n\t\t<\/div>\n\t\t\t\t<div class=\"aux-parallax-section elementor-column elementor-col-50 elementor-inner-column elementor-element elementor-element-88655d1\" data-id=\"88655d1\" data-element_type=\"column\" data-e-type=\"column\">\n\t\t\t<div class=\"elementor-widget-wrap elementor-element-populated\">\n\t\t\t\t\t\t<div class=\"elementor-element elementor-element-957d59f elementor-widget elementor-widget-image\" data-id=\"957d59f\" data-element_type=\"widget\" data-e-type=\"widget\" data-widget_type=\"image.default\">\n\t\t\t\t<div class=\"elementor-widget-container\">\n\t\t\t\t\t\t\t\t\t\t\t\t\t\t\t<img decoding=\"async\" width=\"1024\" height=\"1024\" src=\"https:\/\/itfilmes.com.br\/mostrabetim\/wp-content\/uploads\/sites\/5\/2025\/10\/Lorena-Ortiz_-1024x1024.jpg\" class=\"attachment-large size-large wp-image-4911\" alt=\"Lorena Ortiz\" srcset=\"https:\/\/itfilmes.com.br\/mostrabetim\/wp-content\/uploads\/sites\/5\/2025\/10\/Lorena-Ortiz_-1024x1024.jpg 1024w, https:\/\/itfilmes.com.br\/mostrabetim\/wp-content\/uploads\/sites\/5\/2025\/10\/Lorena-Ortiz_-300x300.jpg 300w, https:\/\/itfilmes.com.br\/mostrabetim\/wp-content\/uploads\/sites\/5\/2025\/10\/Lorena-Ortiz_-150x150.jpg 150w, https:\/\/itfilmes.com.br\/mostrabetim\/wp-content\/uploads\/sites\/5\/2025\/10\/Lorena-Ortiz_-768x768.jpg 768w, https:\/\/itfilmes.com.br\/mostrabetim\/wp-content\/uploads\/sites\/5\/2025\/10\/Lorena-Ortiz_-200x200.jpg 200w, https:\/\/itfilmes.com.br\/mostrabetim\/wp-content\/uploads\/sites\/5\/2025\/10\/Lorena-Ortiz_.jpg 1080w\" sizes=\"(max-width: 1024px) 100vw, 1024px\" \/>\t\t\t\t\t\t\t\t\t\t\t\t\t\t\t<\/div>\n\t\t\t\t<\/div>\n\t\t\t\t<div class=\"elementor-element elementor-element-6932d96 elementor-widget elementor-widget-toggle\" data-id=\"6932d96\" data-element_type=\"widget\" data-e-type=\"widget\" data-widget_type=\"toggle.default\">\n\t\t\t\t<div class=\"elementor-widget-container\">\n\t\t\t\t\t\t\t<div class=\"elementor-toggle\">\n\t\t\t\t\t\t\t<div class=\"elementor-toggle-item\">\n\t\t\t\t\t<div id=\"elementor-tab-title-1101\" class=\"elementor-tab-title\" data-tab=\"1\" role=\"button\" aria-controls=\"elementor-tab-content-1101\" aria-expanded=\"false\">\n\t\t\t\t\t\t\t\t\t\t\t\t<span class=\"elementor-toggle-icon elementor-toggle-icon-left\" aria-hidden=\"true\">\n\t\t\t\t\t\t\t\t\t\t\t\t\t\t\t<span class=\"elementor-toggle-icon-closed\"><i class=\"auxicon auxicon-plus\"><\/i><\/span>\n\t\t\t\t\t\t\t\t<span class=\"elementor-toggle-icon-opened\"><i class=\"elementor-toggle-icon-opened auxicon auxicon-dash\"><\/i><\/span>\n\t\t\t\t\t\t\t\t\t\t\t\t\t<\/span>\n\t\t\t\t\t\t\t\t\t\t\t\t<a class=\"elementor-toggle-title\" tabindex=\"0\">Ministrante: <b>Lorena Ortiz<\/b><\/a>\n\t\t\t\t\t<\/div>\n\n\t\t\t\t\t<div id=\"elementor-tab-content-1101\" class=\"elementor-tab-content elementor-clearfix\" data-tab=\"1\" role=\"region\" aria-labelledby=\"elementor-tab-title-1101\"><p><span style=\"font-weight: 400;\"><strong>Lorena Ortiz<\/strong> \u00e9 colombiana residente no Brasil desde 2008, estudou na Universidade de Cinema de Buenos Aires e fez uma s\u00e9rie de workshops de t\u00e9cnica cinematogr\u00e1fica no SICA (Sindicato de la Ind\u00fastria Cinematogr\u00e1fica Argentina). Atualmente trabalha como montadora, curadora e diretora art\u00edstica de longas-metragens, curtas e s\u00e9ries. <\/span><\/p><p><span style=\"font-weight: 400;\">Entre as produ\u00e7\u00f5es, se destacam filmes premiados em diversos festivais nacionais e internacionais: \u201cElena\u201d de Petra Costa, \u201cMy name is now, Elza Soares&#8221; de Elizabete Martins Campos, &#8220;Noites Alien\u00edgenas\u201d e \u201cEmpate\u201d do Sergio de Carvalho, \u201cTudo que voc\u00ea podia ser\u201d de Ricardo Alves J\u00fanior, Maria da Liberdade de Rodrigo Campos e Marcos Vinicius, \u201cO corpo quer ir embora\u201d de Rodrigo Oliveira, entre outras. <\/span><\/p><p><span style=\"font-weight: 400;\">Lorena ainda possui trabalhos como curadora de festivais, entre eles: Festival Llatinoamericano de curtas En Transe (Bs As &#8211; Argentina), Pachamama cinema de fronteira (Rio Branco, AC), I Mostra delas de cinema do Norte (Rio Branco, AC), e da I e II edi\u00e7\u00e3o da Mostra de Cinema de Betim (Betim, MG).<\/span><\/p><\/div>\n\t\t\t\t<\/div>\n\t\t\t\t\t\t\t\t<\/div>\n\t\t\t\t\t\t<\/div>\n\t\t\t\t<\/div>\n\t\t\t\t\t<\/div>\n\t\t<\/div>\n\t\t\t\t\t<\/div>\n\t\t<\/section>\n\t\t\t\t<section class=\"elementor-section elementor-inner-section elementor-element elementor-element-1ed7012 elementor-section-full_width elementor-section-height-default elementor-section-height-default\" data-id=\"1ed7012\" data-element_type=\"section\" data-e-type=\"section\">\n\t\t\t\t\t\t<div class=\"elementor-container elementor-column-gap-default\">\n\t\t\t\t\t<div class=\"aux-parallax-section elementor-column elementor-col-100 elementor-inner-column elementor-element elementor-element-7d06aa1\" data-id=\"7d06aa1\" data-element_type=\"column\" data-e-type=\"column\">\n\t\t\t<div class=\"elementor-widget-wrap elementor-element-populated\">\n\t\t\t\t\t\t<div class=\"elementor-element elementor-element-32c8f6a elementor-widget elementor-widget-aux_divider\" data-id=\"32c8f6a\" data-element_type=\"widget\" data-e-type=\"widget\" data-widget_type=\"aux_divider.default\">\n\t\t\t\t<div class=\"elementor-widget-container\">\n\t\t\t\t\t<hr class=\"aux-divider-center\" >\t\t\t\t<\/div>\n\t\t\t\t<\/div>\n\t\t\t\t\t<\/div>\n\t\t<\/div>\n\t\t\t\t\t<\/div>\n\t\t<\/section>\n\t\t\t\t\t<\/div>\n\t\t<\/div>\n\t\t\t\t\t<\/div>\n\t\t<\/section>\n\t\t\t\t<section class=\"elementor-section elementor-top-section elementor-element elementor-element-f380b5c elementor-section-boxed elementor-section-height-default elementor-section-height-default\" data-id=\"f380b5c\" data-element_type=\"section\" data-e-type=\"section\" data-settings=\"{&quot;background_background&quot;:&quot;classic&quot;}\">\n\t\t\t\t\t\t\t<div class=\"elementor-background-overlay\"><\/div>\n\t\t\t\t\t\t\t<div class=\"elementor-container elementor-column-gap-default\">\n\t\t\t\t\t<div class=\"aux-parallax-section elementor-column elementor-col-100 elementor-top-column elementor-element elementor-element-bd87cd9\" data-id=\"bd87cd9\" data-element_type=\"column\" data-e-type=\"column\">\n\t\t\t<div class=\"elementor-widget-wrap elementor-element-populated\">\n\t\t\t\t\t\t<section class=\"elementor-section elementor-inner-section elementor-element elementor-element-dc33db2 elementor-section-full_width elementor-section-height-default elementor-section-height-default\" data-id=\"dc33db2\" data-element_type=\"section\" data-e-type=\"section\">\n\t\t\t\t\t\t<div class=\"elementor-container elementor-column-gap-default\">\n\t\t\t\t\t<div class=\"aux-parallax-section elementor-column elementor-col-100 elementor-inner-column elementor-element elementor-element-04598cc\" data-id=\"04598cc\" data-element_type=\"column\" data-e-type=\"column\">\n\t\t\t<div class=\"elementor-widget-wrap elementor-element-populated\">\n\t\t\t\t\t\t<div class=\"elementor-element elementor-element-ef23d26 elementor-widget__width-initial elementor-widget elementor-widget-heading\" data-id=\"ef23d26\" data-element_type=\"widget\" data-e-type=\"widget\" data-widget_type=\"heading.default\">\n\t\t\t\t<div class=\"elementor-widget-container\">\n\t\t\t\t\t<h2 class=\"elementor-heading-title elementor-size-default\">Introdu\u00e7\u00e3o \u00e0 difus\u00e3o, distribui\u00e7\u00e3o e exibi\u00e7\u00e3o<\/h2>\t\t\t\t<\/div>\n\t\t\t\t<\/div>\n\t\t\t\t\t<\/div>\n\t\t<\/div>\n\t\t\t\t\t<\/div>\n\t\t<\/section>\n\t\t\t\t<section class=\"elementor-section elementor-inner-section elementor-element elementor-element-b9ecdaa elementor-section-full_width elementor-section-height-default elementor-section-height-default\" data-id=\"b9ecdaa\" data-element_type=\"section\" data-e-type=\"section\">\n\t\t\t\t\t\t<div class=\"elementor-container elementor-column-gap-default\">\n\t\t\t\t\t<div class=\"aux-parallax-section elementor-column elementor-col-50 elementor-inner-column elementor-element elementor-element-6ee6407\" data-id=\"6ee6407\" data-element_type=\"column\" data-e-type=\"column\">\n\t\t\t<div class=\"elementor-widget-wrap elementor-element-populated\">\n\t\t\t\t\t\t<div class=\"elementor-element elementor-element-384df9d elementor-widget__width-initial elementor-widget elementor-widget-text-editor\" data-id=\"384df9d\" data-element_type=\"widget\" data-e-type=\"widget\" data-widget_type=\"text-editor.default\">\n\t\t\t\t<div class=\"elementor-widget-container\">\n\t\t\t\t\t\t\t\t\t<p><span style=\"font-weight: 400;\">O mercado de difus\u00e3o e divulga\u00e7\u00e3o de filmes \u00e9 um dos mais importantes na cadeia cinematogr\u00e1fica. Nesta oficina, voc\u00ea ter\u00e1 acesso a informa\u00e7\u00f5es sobre o mercado de distribui\u00e7\u00e3o e exibi\u00e7\u00e3o no Brasil, para filmes nacionais de perfil mais autoral\/ independente, a partir da experi\u00eancia da distribuidora Emba\u00faba Filmes. Ser\u00e3o abordados os desafios e oportunidades nas diferentes janelas de exibi\u00e7\u00e3o e tra\u00e7ado um panorama do cen\u00e1rio atual, buscando estimular a reflex\u00e3o sobre os caminhos poss\u00edveis para que os filmes ampliem sua circula\u00e7\u00e3o.\u00a0<\/span><\/p>\t\t\t\t\t\t\t\t<\/div>\n\t\t\t\t<\/div>\n\t\t\t\t<div class=\"elementor-element elementor-element-a2817be elementor-widget__width-initial elementor-widget elementor-widget-text-editor\" data-id=\"a2817be\" data-element_type=\"widget\" data-e-type=\"widget\" data-widget_type=\"text-editor.default\">\n\t\t\t\t<div class=\"elementor-widget-container\">\n\t\t\t\t\t\t\t\t\t<p><b>P\u00fablico-alvo<\/b><span style=\"font-weight: 400;\">: Cineastas, filmmakers, produtores audiovisuais, exibidores, cineclubistas, influenciadores, empres\u00e1rios, investidores, executivos,economistas, contadores, administradores, professores, estudantes, entusiastas do cinema e do audiovisual.<\/span><\/p>\t\t\t\t\t\t\t\t<\/div>\n\t\t\t\t<\/div>\n\t\t\t\t<div class=\"elementor-element elementor-element-5ff21f8 elementor-widget__width-initial elementor-widget elementor-widget-text-editor\" data-id=\"5ff21f8\" data-element_type=\"widget\" data-e-type=\"widget\" data-widget_type=\"text-editor.default\">\n\t\t\t\t<div class=\"elementor-widget-container\">\n\t\t\t\t\t\t\t\t\t<p><b>Data: <\/b><span style=\"font-weight: 400;\">28 de novembro (sexta-feira)<br \/><\/span><b>Hor\u00e1rio: <\/b><span style=\"font-weight: 400;\">16h \u00e0s 19h<br \/><\/span><b>Local: <\/b><span style=\"font-weight: 400;\">Espa\u00e7o Mostra de Cinema de Betim ( Monte Carmo Shopping<\/span><b> &#8211; <\/b><span style=\"font-weight: 400;\">Av. Juiz Marco T\u00falio Isaac, 1119 &#8211; Ing\u00e1 Alto, Betim &#8211; MG, 32604-345)<\/span><\/p>\t\t\t\t\t\t\t\t<\/div>\n\t\t\t\t<\/div>\n\t\t\t\t<div class=\"elementor-element elementor-element-1f5313c elementor-widget__width-inherit elementor-widget elementor-widget-text-editor\" data-id=\"1f5313c\" data-element_type=\"widget\" data-e-type=\"widget\" data-widget_type=\"text-editor.default\">\n\t\t\t\t<div class=\"elementor-widget-container\">\n\t\t\t\t\t\t\t\t\t<p><span style=\"font-weight: 400;\">Gratuito. Vagas limitadas.<\/span><\/p>\t\t\t\t\t\t\t\t<\/div>\n\t\t\t\t<\/div>\n\t\t\t\t\t<\/div>\n\t\t<\/div>\n\t\t\t\t<div class=\"aux-parallax-section elementor-column elementor-col-50 elementor-inner-column elementor-element elementor-element-1645235\" data-id=\"1645235\" data-element_type=\"column\" data-e-type=\"column\">\n\t\t\t<div class=\"elementor-widget-wrap elementor-element-populated\">\n\t\t\t\t\t\t<div class=\"elementor-element elementor-element-d208f69 elementor-widget elementor-widget-image\" data-id=\"d208f69\" data-element_type=\"widget\" data-e-type=\"widget\" data-widget_type=\"image.default\">\n\t\t\t\t<div class=\"elementor-widget-container\">\n\t\t\t\t\t\t\t\t\t\t\t\t\t\t\t<img loading=\"lazy\" decoding=\"async\" width=\"1024\" height=\"1024\" src=\"https:\/\/itfilmes.com.br\/mostrabetim\/wp-content\/uploads\/sites\/5\/2025\/10\/Daniel-Queiroz_-1024x1024.jpg\" class=\"attachment-large size-large wp-image-4912\" alt=\"Daniel Queiroz\" srcset=\"https:\/\/itfilmes.com.br\/mostrabetim\/wp-content\/uploads\/sites\/5\/2025\/10\/Daniel-Queiroz_-1024x1024.jpg 1024w, https:\/\/itfilmes.com.br\/mostrabetim\/wp-content\/uploads\/sites\/5\/2025\/10\/Daniel-Queiroz_-300x300.jpg 300w, https:\/\/itfilmes.com.br\/mostrabetim\/wp-content\/uploads\/sites\/5\/2025\/10\/Daniel-Queiroz_-150x150.jpg 150w, https:\/\/itfilmes.com.br\/mostrabetim\/wp-content\/uploads\/sites\/5\/2025\/10\/Daniel-Queiroz_-768x768.jpg 768w, https:\/\/itfilmes.com.br\/mostrabetim\/wp-content\/uploads\/sites\/5\/2025\/10\/Daniel-Queiroz_-200x200.jpg 200w, https:\/\/itfilmes.com.br\/mostrabetim\/wp-content\/uploads\/sites\/5\/2025\/10\/Daniel-Queiroz_.jpg 1080w\" sizes=\"(max-width: 1024px) 100vw, 1024px\" \/>\t\t\t\t\t\t\t\t\t\t\t\t\t\t\t<\/div>\n\t\t\t\t<\/div>\n\t\t\t\t<div class=\"elementor-element elementor-element-2e224dc elementor-widget elementor-widget-toggle\" data-id=\"2e224dc\" data-element_type=\"widget\" data-e-type=\"widget\" data-widget_type=\"toggle.default\">\n\t\t\t\t<div class=\"elementor-widget-container\">\n\t\t\t\t\t\t\t<div class=\"elementor-toggle\">\n\t\t\t\t\t\t\t<div class=\"elementor-toggle-item\">\n\t\t\t\t\t<div id=\"elementor-tab-title-4831\" class=\"elementor-tab-title\" data-tab=\"1\" role=\"button\" aria-controls=\"elementor-tab-content-4831\" aria-expanded=\"false\">\n\t\t\t\t\t\t\t\t\t\t\t\t<span class=\"elementor-toggle-icon elementor-toggle-icon-left\" aria-hidden=\"true\">\n\t\t\t\t\t\t\t\t\t\t\t\t\t\t\t<span class=\"elementor-toggle-icon-closed\"><i class=\"auxicon auxicon-plus\"><\/i><\/span>\n\t\t\t\t\t\t\t\t<span class=\"elementor-toggle-icon-opened\"><i class=\"elementor-toggle-icon-opened auxicon auxicon-dash\"><\/i><\/span>\n\t\t\t\t\t\t\t\t\t\t\t\t\t<\/span>\n\t\t\t\t\t\t\t\t\t\t\t\t<a class=\"elementor-toggle-title\" tabindex=\"0\">Ministrante: <b>Daniel Queiroz<\/b><\/a>\n\t\t\t\t\t<\/div>\n\n\t\t\t\t\t<div id=\"elementor-tab-content-4831\" class=\"elementor-tab-content elementor-clearfix\" data-tab=\"1\" role=\"region\" aria-labelledby=\"elementor-tab-title-4831\"><p style=\"text-align: left;\"><span style=\"font-weight: 400;\"><strong>Daniel Queiroz<\/strong> \u00e9 diretor da distribuidora\u00a0 mineira Emba\u00faba Filmes e\u00a0 da plataforma de <\/span><span style=\"font-weight: 400;\">streaming Emba\u00faba Play, especializadas em cinema brasileiro contempor\u00e2neo. <\/span><\/p><p style=\"text-align: left;\"><span style=\"font-weight: 400;\">Iniciou <\/span><span style=\"font-weight: 400;\">sua trajet\u00f3ria no cineclubismo, na d\u00e9cada de 1990. <\/span><\/p><p style=\"text-align: left;\"><span style=\"font-weight: 400;\">Foi coordenador e programador de <\/span><span style=\"font-weight: 400;\">duas importantes salas de cinema de Belo Horizonte, o Cine Humberto Mauro e o Cine<\/span><span style=\"font-weight: 400;\">104 e curador de diversas mostras e festivais, com destaque para o Festival <\/span><span style=\"font-weight: 400;\">Internacional de Curtas de Belo Horizonte e a Semana dos Realizadores, no Rio de <\/span><span style=\"font-weight: 400;\">Janeiro.<\/span><\/p><p style=\"text-align: left;\">Foto: Rafael Conde<\/p><\/div>\n\t\t\t\t<\/div>\n\t\t\t\t\t\t\t\t<\/div>\n\t\t\t\t\t\t<\/div>\n\t\t\t\t<\/div>\n\t\t\t\t\t<\/div>\n\t\t<\/div>\n\t\t\t\t\t<\/div>\n\t\t<\/section>\n\t\t\t\t<section class=\"elementor-section elementor-inner-section elementor-element elementor-element-25d6c3b elementor-section-full_width elementor-section-height-default elementor-section-height-default\" data-id=\"25d6c3b\" data-element_type=\"section\" data-e-type=\"section\">\n\t\t\t\t\t\t<div class=\"elementor-container elementor-column-gap-default\">\n\t\t\t\t\t<div class=\"aux-parallax-section elementor-column elementor-col-100 elementor-inner-column elementor-element elementor-element-75730d4\" data-id=\"75730d4\" data-element_type=\"column\" data-e-type=\"column\">\n\t\t\t<div class=\"elementor-widget-wrap elementor-element-populated\">\n\t\t\t\t\t\t<div class=\"elementor-element elementor-element-e36d73e elementor-widget elementor-widget-aux_divider\" data-id=\"e36d73e\" data-element_type=\"widget\" data-e-type=\"widget\" data-widget_type=\"aux_divider.default\">\n\t\t\t\t<div class=\"elementor-widget-container\">\n\t\t\t\t\t<hr class=\"aux-divider-center\" >\t\t\t\t<\/div>\n\t\t\t\t<\/div>\n\t\t\t\t\t<\/div>\n\t\t<\/div>\n\t\t\t\t\t<\/div>\n\t\t<\/section>\n\t\t\t\t\t<\/div>\n\t\t<\/div>\n\t\t\t\t\t<\/div>\n\t\t<\/section>\n\t\t\t\t<section class=\"elementor-section elementor-top-section elementor-element elementor-element-12cb3a9 elementor-section-boxed elementor-section-height-default elementor-section-height-default\" data-id=\"12cb3a9\" data-element_type=\"section\" data-e-type=\"section\" data-settings=\"{&quot;background_background&quot;:&quot;classic&quot;}\">\n\t\t\t\t\t\t\t<div class=\"elementor-background-overlay\"><\/div>\n\t\t\t\t\t\t\t<div class=\"elementor-container elementor-column-gap-default\">\n\t\t\t\t\t<div class=\"aux-parallax-section elementor-column elementor-col-100 elementor-top-column elementor-element elementor-element-f42e9d4\" data-id=\"f42e9d4\" data-element_type=\"column\" data-e-type=\"column\">\n\t\t\t<div class=\"elementor-widget-wrap elementor-element-populated\">\n\t\t\t\t\t\t<section class=\"elementor-section elementor-inner-section elementor-element elementor-element-5394c16 elementor-section-full_width elementor-section-height-default elementor-section-height-default\" data-id=\"5394c16\" data-element_type=\"section\" data-e-type=\"section\">\n\t\t\t\t\t\t<div class=\"elementor-container elementor-column-gap-default\">\n\t\t\t\t\t<div class=\"aux-parallax-section elementor-column elementor-col-100 elementor-inner-column elementor-element elementor-element-0049c34\" data-id=\"0049c34\" data-element_type=\"column\" data-e-type=\"column\">\n\t\t\t<div class=\"elementor-widget-wrap elementor-element-populated\">\n\t\t\t\t\t\t<div class=\"elementor-element elementor-element-5e76b81 elementor-widget__width-initial elementor-widget elementor-widget-heading\" data-id=\"5e76b81\" data-element_type=\"widget\" data-e-type=\"widget\" data-widget_type=\"heading.default\">\n\t\t\t\t<div class=\"elementor-widget-container\">\n\t\t\t\t\t<h2 class=\"elementor-heading-title elementor-size-default\">Dire\u00e7\u00e3o cinematogr\u00e1fica para iniciantes<\/h2>\t\t\t\t<\/div>\n\t\t\t\t<\/div>\n\t\t\t\t\t<\/div>\n\t\t<\/div>\n\t\t\t\t\t<\/div>\n\t\t<\/section>\n\t\t\t\t<section class=\"elementor-section elementor-inner-section elementor-element elementor-element-df290b0 elementor-section-full_width elementor-section-height-default elementor-section-height-default\" data-id=\"df290b0\" data-element_type=\"section\" data-e-type=\"section\">\n\t\t\t\t\t\t<div class=\"elementor-container elementor-column-gap-default\">\n\t\t\t\t\t<div class=\"aux-parallax-section elementor-column elementor-col-50 elementor-inner-column elementor-element elementor-element-9fe53e3\" data-id=\"9fe53e3\" data-element_type=\"column\" data-e-type=\"column\">\n\t\t\t<div class=\"elementor-widget-wrap elementor-element-populated\">\n\t\t\t\t\t\t<div class=\"elementor-element elementor-element-b85fbff elementor-widget__width-initial elementor-widget elementor-widget-text-editor\" data-id=\"b85fbff\" data-element_type=\"widget\" data-e-type=\"widget\" data-widget_type=\"text-editor.default\">\n\t\t\t\t<div class=\"elementor-widget-container\">\n\t\t\t\t\t\t\t\t\t<p><span style=\"font-weight: 400;\">Um dos principais elementos que faz de um filme uma obra inesquec\u00edvel \u00e9 sem d\u00favida a dire\u00e7\u00e3o cinematogr\u00e1fica. Nesta oficina imersiva voc\u00ea vai ter acesso a informa\u00e7\u00f5es de quais s\u00e3o os pap\u00e9is do diretor(a) cinematogr\u00e1fico, nas diferentes etapas: pr\u00e9-produ\u00e7\u00e3o (desenvolvimento do conceito, est\u00e9tica, decupagem de roteiro, sele\u00e7\u00e3o de elenco e localiza\u00e7\u00f5es), a filmagem (dire\u00e7\u00e3o de cena, atores, entrevistados,\u00a0 t\u00e9cnicos, supervis\u00e3o da ilumina\u00e7\u00e3o, som e fotografia) e a p\u00f3s-produ\u00e7\u00e3o (orienta\u00e7\u00e3o da edi\u00e7\u00e3o e montagem).<\/span><\/p><p><span style=\"font-weight: 400;\">O objetivo \u00e9 despertar e aprimorar habilidades de dire\u00e7\u00e3o, colaborando para preparar voc\u00ea para liderar uma equipe e transformar um roteiro em um filme. Bora assumir o controle do set?<\/span><\/p>\t\t\t\t\t\t\t\t<\/div>\n\t\t\t\t<\/div>\n\t\t\t\t<div class=\"elementor-element elementor-element-bf710d3 elementor-widget__width-initial elementor-widget elementor-widget-text-editor\" data-id=\"bf710d3\" data-element_type=\"widget\" data-e-type=\"widget\" data-widget_type=\"text-editor.default\">\n\t\t\t\t<div class=\"elementor-widget-container\">\n\t\t\t\t\t\t\t\t\t<p><b>P\u00fablico Alvo:<\/b><span style=\"font-weight: 400;\"> Profissionais e iniciantes do audiovisual, cineastas, roteiristas, diretores, assistentes de dire\u00e7\u00e3o, escritores, jornalistas,\u00a0 criadores de conte\u00fados, influencer,\u00a0 videomakers,\u00a0 publicit\u00e1rios, atrizes, atores, produtores culturais, professores, historiadores, soci\u00f3logos,\u00a0 estudantes, professores, amantes da s\u00e9tima arte.\u00a0 <\/span><b>A partir dos 18 anos.<\/b><\/p>\t\t\t\t\t\t\t\t<\/div>\n\t\t\t\t<\/div>\n\t\t\t\t<div class=\"elementor-element elementor-element-ae347b5 elementor-widget__width-initial elementor-widget elementor-widget-text-editor\" data-id=\"ae347b5\" data-element_type=\"widget\" data-e-type=\"widget\" data-widget_type=\"text-editor.default\">\n\t\t\t\t<div class=\"elementor-widget-container\">\n\t\t\t\t\t\t\t\t\t<p><b>Data: <\/b><span style=\"font-weight: 400;\">26 (quarta-feira), 27 (quinta-feira),28 (sexta-feira) de novembro<br \/><\/span><b>Hor\u00e1rio: <\/b><span style=\"font-weight: 400;\">17h \u00e0s 19h<br \/><\/span><b>Local:<\/b><span style=\"font-weight: 400;\"> Espa\u00e7o da Mostra de Cinema (Monte Carmo Shopping <\/span><b>&#8211; <\/b><span style=\"font-weight: 400;\">Av. Juiz Marco T\u00falio Isaac, 1119 &#8211; Ing\u00e1 Alto, Betim &#8211; MG, 32604-345)<\/span><\/p>\t\t\t\t\t\t\t\t<\/div>\n\t\t\t\t<\/div>\n\t\t\t\t<div class=\"elementor-element elementor-element-117b5e0 elementor-widget__width-inherit elementor-widget elementor-widget-text-editor\" data-id=\"117b5e0\" data-element_type=\"widget\" data-e-type=\"widget\" data-widget_type=\"text-editor.default\">\n\t\t\t\t<div class=\"elementor-widget-container\">\n\t\t\t\t\t\t\t\t\t<p><span style=\"font-weight: 400;\">Gratuito. Vagas limitadas.<\/span><\/p>\t\t\t\t\t\t\t\t<\/div>\n\t\t\t\t<\/div>\n\t\t\t\t\t<\/div>\n\t\t<\/div>\n\t\t\t\t<div class=\"aux-parallax-section elementor-column elementor-col-50 elementor-inner-column elementor-element elementor-element-f8802f3\" data-id=\"f8802f3\" data-element_type=\"column\" data-e-type=\"column\">\n\t\t\t<div class=\"elementor-widget-wrap elementor-element-populated\">\n\t\t\t\t\t\t<div class=\"elementor-element elementor-element-ba44322 elementor-widget elementor-widget-image\" data-id=\"ba44322\" data-element_type=\"widget\" data-e-type=\"widget\" data-widget_type=\"image.default\">\n\t\t\t\t<div class=\"elementor-widget-container\">\n\t\t\t\t\t\t\t\t\t\t\t\t\t\t\t<img loading=\"lazy\" decoding=\"async\" width=\"1024\" height=\"1024\" src=\"https:\/\/itfilmes.com.br\/mostrabetim\/wp-content\/uploads\/sites\/5\/2025\/10\/Joana-Oliveira-1024x1024.png\" class=\"attachment-large size-large wp-image-4903\" alt=\"Joana Oliveira\" srcset=\"https:\/\/itfilmes.com.br\/mostrabetim\/wp-content\/uploads\/sites\/5\/2025\/10\/Joana-Oliveira-1024x1024.png 1024w, https:\/\/itfilmes.com.br\/mostrabetim\/wp-content\/uploads\/sites\/5\/2025\/10\/Joana-Oliveira-300x300.png 300w, https:\/\/itfilmes.com.br\/mostrabetim\/wp-content\/uploads\/sites\/5\/2025\/10\/Joana-Oliveira-150x150.png 150w, https:\/\/itfilmes.com.br\/mostrabetim\/wp-content\/uploads\/sites\/5\/2025\/10\/Joana-Oliveira-768x768.png 768w, https:\/\/itfilmes.com.br\/mostrabetim\/wp-content\/uploads\/sites\/5\/2025\/10\/Joana-Oliveira-1536x1536.png 1536w, https:\/\/itfilmes.com.br\/mostrabetim\/wp-content\/uploads\/sites\/5\/2025\/10\/Joana-Oliveira-200x200.png 200w, https:\/\/itfilmes.com.br\/mostrabetim\/wp-content\/uploads\/sites\/5\/2025\/10\/Joana-Oliveira.png 1600w\" sizes=\"(max-width: 1024px) 100vw, 1024px\" \/>\t\t\t\t\t\t\t\t\t\t\t\t\t\t\t<\/div>\n\t\t\t\t<\/div>\n\t\t\t\t<div class=\"elementor-element elementor-element-11cfe13 elementor-widget elementor-widget-toggle\" data-id=\"11cfe13\" data-element_type=\"widget\" data-e-type=\"widget\" data-widget_type=\"toggle.default\">\n\t\t\t\t<div class=\"elementor-widget-container\">\n\t\t\t\t\t\t\t<div class=\"elementor-toggle\">\n\t\t\t\t\t\t\t<div class=\"elementor-toggle-item\">\n\t\t\t\t\t<div id=\"elementor-tab-title-1861\" class=\"elementor-tab-title\" data-tab=\"1\" role=\"button\" aria-controls=\"elementor-tab-content-1861\" aria-expanded=\"false\">\n\t\t\t\t\t\t\t\t\t\t\t\t<span class=\"elementor-toggle-icon elementor-toggle-icon-left\" aria-hidden=\"true\">\n\t\t\t\t\t\t\t\t\t\t\t\t\t\t\t<span class=\"elementor-toggle-icon-closed\"><i class=\"auxicon auxicon-plus\"><\/i><\/span>\n\t\t\t\t\t\t\t\t<span class=\"elementor-toggle-icon-opened\"><i class=\"elementor-toggle-icon-opened auxicon auxicon-dash\"><\/i><\/span>\n\t\t\t\t\t\t\t\t\t\t\t\t\t<\/span>\n\t\t\t\t\t\t\t\t\t\t\t\t<a class=\"elementor-toggle-title\" tabindex=\"0\">Ministrante: <b>Joana Oliveira<\/b><\/a>\n\t\t\t\t\t<\/div>\n\n\t\t\t\t\t<div id=\"elementor-tab-content-1861\" class=\"elementor-tab-content elementor-clearfix\" data-tab=\"1\" role=\"region\" aria-labelledby=\"elementor-tab-title-1861\"><p><b>Joana Oliveira <\/b><span style=\"font-weight: 400;\">\u00e9 roteirista e diretora mineira. Mestre em Cinema pela UFMG e graduada em dire\u00e7\u00e3o pela EICTV, Cuba, e Talent do festival BERLINALE, Alemanha. Dirigiu curtas e programas de TV. Roteirizou s\u00e9ries e longas. Realizou, como diretora, 2 longas documentais: \u201cKevin\u201d (2021) e \u201cMorada\u201d (2010). Seus filmes j\u00e1 foram selecionados para festivais como Festival de Cartagena, RIDM, FrauenFilmFest, Huesca, Habana, Mostra de Tiradentes, Gramado. \u00c9 professora e script doctor. S\u00f3cia da Bukaya Filmes.<\/span><\/p><\/div>\n\t\t\t\t<\/div>\n\t\t\t\t\t\t\t\t<\/div>\n\t\t\t\t\t\t<\/div>\n\t\t\t\t<\/div>\n\t\t\t\t\t<\/div>\n\t\t<\/div>\n\t\t\t\t\t<\/div>\n\t\t<\/section>\n\t\t\t\t<section class=\"elementor-section elementor-inner-section elementor-element elementor-element-7168d40 elementor-section-full_width elementor-section-height-default elementor-section-height-default\" data-id=\"7168d40\" data-element_type=\"section\" data-e-type=\"section\">\n\t\t\t\t\t\t<div class=\"elementor-container elementor-column-gap-default\">\n\t\t\t\t\t<div class=\"aux-parallax-section elementor-column elementor-col-100 elementor-inner-column elementor-element elementor-element-a87486a\" data-id=\"a87486a\" data-element_type=\"column\" data-e-type=\"column\">\n\t\t\t<div class=\"elementor-widget-wrap elementor-element-populated\">\n\t\t\t\t\t\t<div class=\"elementor-element elementor-element-a7e902f elementor-widget elementor-widget-aux_divider\" data-id=\"a7e902f\" data-element_type=\"widget\" data-e-type=\"widget\" data-widget_type=\"aux_divider.default\">\n\t\t\t\t<div class=\"elementor-widget-container\">\n\t\t\t\t\t<hr class=\"aux-divider-center\" >\t\t\t\t<\/div>\n\t\t\t\t<\/div>\n\t\t\t\t\t<\/div>\n\t\t<\/div>\n\t\t\t\t\t<\/div>\n\t\t<\/section>\n\t\t\t\t\t<\/div>\n\t\t<\/div>\n\t\t\t\t\t<\/div>\n\t\t<\/section>\n\t\t\t\t<section class=\"elementor-section elementor-top-section elementor-element elementor-element-6b3449c elementor-section-boxed elementor-section-height-default elementor-section-height-default\" data-id=\"6b3449c\" data-element_type=\"section\" data-e-type=\"section\" data-settings=\"{&quot;background_background&quot;:&quot;classic&quot;}\">\n\t\t\t\t\t\t\t<div class=\"elementor-background-overlay\"><\/div>\n\t\t\t\t\t\t\t<div class=\"elementor-container elementor-column-gap-default\">\n\t\t\t\t\t<div class=\"aux-parallax-section elementor-column elementor-col-100 elementor-top-column elementor-element elementor-element-1bda2d3\" data-id=\"1bda2d3\" data-element_type=\"column\" data-e-type=\"column\">\n\t\t\t<div class=\"elementor-widget-wrap elementor-element-populated\">\n\t\t\t\t\t\t<section class=\"elementor-section elementor-inner-section elementor-element elementor-element-b4c10f8 elementor-section-full_width elementor-section-height-default elementor-section-height-default\" data-id=\"b4c10f8\" data-element_type=\"section\" data-e-type=\"section\">\n\t\t\t\t\t\t<div class=\"elementor-container elementor-column-gap-default\">\n\t\t\t\t\t<div class=\"aux-parallax-section elementor-column elementor-col-100 elementor-inner-column elementor-element elementor-element-fe3750a\" data-id=\"fe3750a\" data-element_type=\"column\" data-e-type=\"column\">\n\t\t\t<div class=\"elementor-widget-wrap elementor-element-populated\">\n\t\t\t\t\t\t<div class=\"elementor-element elementor-element-fceafd6 elementor-widget__width-initial elementor-widget elementor-widget-heading\" data-id=\"fceafd6\" data-element_type=\"widget\" data-e-type=\"widget\" data-widget_type=\"heading.default\">\n\t\t\t\t<div class=\"elementor-widget-container\">\n\t\t\t\t\t<h2 class=\"elementor-heading-title elementor-size-default\">Som para o audiovisual<\/h2>\t\t\t\t<\/div>\n\t\t\t\t<\/div>\n\t\t\t\t\t<\/div>\n\t\t<\/div>\n\t\t\t\t\t<\/div>\n\t\t<\/section>\n\t\t\t\t<section class=\"elementor-section elementor-inner-section elementor-element elementor-element-3732b66 elementor-section-full_width elementor-section-height-default elementor-section-height-default\" data-id=\"3732b66\" data-element_type=\"section\" data-e-type=\"section\">\n\t\t\t\t\t\t<div class=\"elementor-container elementor-column-gap-default\">\n\t\t\t\t\t<div class=\"aux-parallax-section elementor-column elementor-col-50 elementor-inner-column elementor-element elementor-element-e2895c5\" data-id=\"e2895c5\" data-element_type=\"column\" data-e-type=\"column\">\n\t\t\t<div class=\"elementor-widget-wrap elementor-element-populated\">\n\t\t\t\t\t\t<div class=\"elementor-element elementor-element-dd25341 elementor-widget__width-initial elementor-widget elementor-widget-text-editor\" data-id=\"dd25341\" data-element_type=\"widget\" data-e-type=\"widget\" data-widget_type=\"text-editor.default\">\n\t\t\t\t<div class=\"elementor-widget-container\">\n\t\t\t\t\t\t\t\t\t<p><span style=\"font-weight: 400;\">Al\u00e9m da imagem, o som \u00e9 um dos elementos mais poderosos e imersivos da linguagem audiovisual. Nesta oficina, voc\u00ea aprender\u00e1 os conceitos b\u00e1sicos, sobre os principais equipamentos, t\u00e9cnicas de grava\u00e7\u00e3o, edi\u00e7\u00e3o e desenho de som (<\/span><i><span style=\"font-weight: 400;\">sound design<\/span><\/i><span style=\"font-weight: 400;\">), que revelam o que a imagem n\u00e3o mostra. Da capta\u00e7\u00e3o do \u00e1udio ao desenho de som e finaliza\u00e7\u00e3o na p\u00f3s-produ\u00e7\u00e3o, venha descobrir as\u00a0 ferramentas para fazer com que seu filme n\u00e3o seja apenas visto, mas profundamente sentido.<\/span><\/p>\t\t\t\t\t\t\t\t<\/div>\n\t\t\t\t<\/div>\n\t\t\t\t<div class=\"elementor-element elementor-element-ceb5ffe elementor-widget__width-initial elementor-widget elementor-widget-text-editor\" data-id=\"ceb5ffe\" data-element_type=\"widget\" data-e-type=\"widget\" data-widget_type=\"text-editor.default\">\n\t\t\t\t<div class=\"elementor-widget-container\">\n\t\t\t\t\t\t\t\t\t<p><b>P\u00fablico-alvo: <\/b><span style=\"font-weight: 400;\">t\u00e9cnico de som, microfonista de som<\/span><b>, <\/b><span style=\"font-weight: 400;\">\u00a0sonoplasta, engenheiro de som, operador de audio\/som, sound designer\/designer de som, microfonista, <\/span><b>\u00a0<\/b><span style=\"font-weight: 400;\">Dj &#8216;s, m\u00fasicos.. <\/span><b>A partir dos 18 anos.<\/b><\/p>\t\t\t\t\t\t\t\t<\/div>\n\t\t\t\t<\/div>\n\t\t\t\t<div class=\"elementor-element elementor-element-b76c434 elementor-widget__width-initial elementor-widget elementor-widget-text-editor\" data-id=\"b76c434\" data-element_type=\"widget\" data-e-type=\"widget\" data-widget_type=\"text-editor.default\">\n\t\t\t\t<div class=\"elementor-widget-container\">\n\t\t\t\t\t\t\t\t\t<p><b>Data: <\/b><span style=\"font-weight: 400;\">13 (quinta-feira) e 14 (sexta-feira) de\u00a0 Novembro<\/span> <span style=\"font-weight: 400;\">13h \u00e0s 16h<br \/><\/span><b>Hor\u00e1rio:<\/b><span style=\"font-weight: 400;\"> 13h \u00e0s 16h<br \/><\/span><b>Local: <\/b><span style=\"font-weight: 400;\">Instituto Ramacrisna<\/span> <span style=\"font-weight: 400;\">(R. S\u00e3o Paulo, 379 &#8211; Santo Afonso, Betim)<\/span><\/p>\t\t\t\t\t\t\t\t<\/div>\n\t\t\t\t<\/div>\n\t\t\t\t<div class=\"elementor-element elementor-element-a2fadbb elementor-widget__width-inherit elementor-widget elementor-widget-text-editor\" data-id=\"a2fadbb\" data-element_type=\"widget\" data-e-type=\"widget\" data-widget_type=\"text-editor.default\">\n\t\t\t\t<div class=\"elementor-widget-container\">\n\t\t\t\t\t\t\t\t\t<p><span style=\"font-weight: 400;\">Gratuito. Vagas limitadas.<\/span><\/p>\t\t\t\t\t\t\t\t<\/div>\n\t\t\t\t<\/div>\n\t\t\t\t\t<\/div>\n\t\t<\/div>\n\t\t\t\t<div class=\"aux-parallax-section elementor-column elementor-col-50 elementor-inner-column elementor-element elementor-element-2d0a3fd\" data-id=\"2d0a3fd\" data-element_type=\"column\" data-e-type=\"column\">\n\t\t\t<div class=\"elementor-widget-wrap elementor-element-populated\">\n\t\t\t\t\t\t<div class=\"elementor-element elementor-element-103de0d elementor-widget elementor-widget-image\" data-id=\"103de0d\" data-element_type=\"widget\" data-e-type=\"widget\" data-widget_type=\"image.default\">\n\t\t\t\t<div class=\"elementor-widget-container\">\n\t\t\t\t\t\t\t\t\t\t\t\t\t\t\t<img loading=\"lazy\" decoding=\"async\" width=\"1024\" height=\"1024\" src=\"https:\/\/itfilmes.com.br\/mostrabetim\/wp-content\/uploads\/sites\/5\/2025\/10\/Pablo-Lamar_-1024x1024.jpg\" class=\"attachment-large size-large wp-image-4902\" alt=\"Pablo Lamar\" srcset=\"https:\/\/itfilmes.com.br\/mostrabetim\/wp-content\/uploads\/sites\/5\/2025\/10\/Pablo-Lamar_-1024x1024.jpg 1024w, https:\/\/itfilmes.com.br\/mostrabetim\/wp-content\/uploads\/sites\/5\/2025\/10\/Pablo-Lamar_-300x300.jpg 300w, https:\/\/itfilmes.com.br\/mostrabetim\/wp-content\/uploads\/sites\/5\/2025\/10\/Pablo-Lamar_-150x150.jpg 150w, https:\/\/itfilmes.com.br\/mostrabetim\/wp-content\/uploads\/sites\/5\/2025\/10\/Pablo-Lamar_-768x768.jpg 768w, https:\/\/itfilmes.com.br\/mostrabetim\/wp-content\/uploads\/sites\/5\/2025\/10\/Pablo-Lamar_-200x200.jpg 200w, https:\/\/itfilmes.com.br\/mostrabetim\/wp-content\/uploads\/sites\/5\/2025\/10\/Pablo-Lamar_.jpg 1080w\" sizes=\"(max-width: 1024px) 100vw, 1024px\" \/>\t\t\t\t\t\t\t\t\t\t\t\t\t\t\t<\/div>\n\t\t\t\t<\/div>\n\t\t\t\t<div class=\"elementor-element elementor-element-7400a73 elementor-widget elementor-widget-toggle\" data-id=\"7400a73\" data-element_type=\"widget\" data-e-type=\"widget\" data-widget_type=\"toggle.default\">\n\t\t\t\t<div class=\"elementor-widget-container\">\n\t\t\t\t\t\t\t<div class=\"elementor-toggle\">\n\t\t\t\t\t\t\t<div class=\"elementor-toggle-item\">\n\t\t\t\t\t<div id=\"elementor-tab-title-1211\" class=\"elementor-tab-title\" data-tab=\"1\" role=\"button\" aria-controls=\"elementor-tab-content-1211\" aria-expanded=\"false\">\n\t\t\t\t\t\t\t\t\t\t\t\t<span class=\"elementor-toggle-icon elementor-toggle-icon-left\" aria-hidden=\"true\">\n\t\t\t\t\t\t\t\t\t\t\t\t\t\t\t<span class=\"elementor-toggle-icon-closed\"><i class=\"auxicon auxicon-plus\"><\/i><\/span>\n\t\t\t\t\t\t\t\t<span class=\"elementor-toggle-icon-opened\"><i class=\"elementor-toggle-icon-opened auxicon auxicon-dash\"><\/i><\/span>\n\t\t\t\t\t\t\t\t\t\t\t\t\t<\/span>\n\t\t\t\t\t\t\t\t\t\t\t\t<a class=\"elementor-toggle-title\" tabindex=\"0\">Ministrante: <b>Pablo Lamar<\/b><\/a>\n\t\t\t\t\t<\/div>\n\n\t\t\t\t\t<div id=\"elementor-tab-content-1211\" class=\"elementor-tab-content elementor-clearfix\" data-tab=\"1\" role=\"region\" aria-labelledby=\"elementor-tab-title-1211\"><p><b>Pablo Lamar<\/b><span style=\"font-weight: 400;\"> estudou Dire\u00e7\u00e3o cinematogr\u00e1fica na Universidad del Cine de Buenos Aires entre 2005 e 2010, onde tamb\u00e9m trabalhou no est\u00fadio de som. Em 2011 mudou-se para o Brasil onde trabalhou na \u00e1rea de som com importantes realizadores locais.\u00a0<\/span><\/p><p><span style=\"font-weight: 400;\">Como roteirista e diretor realizou os curtas-metragens Ahendu nde sapukai\u00a0 \u2018Ou\u00e7o o seu grito\u2019 (2008) e Noche adentro \u2018Noite adentro\u2019 (2009), ambos estreados na Semana da cr\u00edtica,\u00a0 Festival de Cannes em 2008 e 2009 respectivamente.<\/span><\/p><p><span style=\"font-weight: 400;\">\u2018La \u00faltima tierra\u2019 (2016), seu primeiro longa-metragem, recebeu o Hivos Tiger &#8211; Jury Award no International Film Festival Rotterdam 2016, Pr\u00eamio Descoberta da Cr\u00edtica Francesa do Cinel\u00e1tino Festival de Toulouse 2016, Pr\u00eamio de Contribui\u00e7\u00e3o Art\u00edstica do Festival Internacional del Nuevo Cine Latinoamericano 2016, Premio da Cr\u00edtica no Festival da Fronteira, Bag\u00e9 2016, , Men\u00e7\u00e3o Especial do J\u00fari Jovem no REC Tarragona 2016, Men\u00e7\u00e3o Honrosa no Panorama Coisa de Cinema 2016.<\/span><\/p><p><span style=\"font-weight: 400;\">Na produ\u00e7\u00e3o e dire\u00e7\u00e3o sonora, Lamar acumula dezenas de obras e premia\u00e7\u00f5es. Entre os destaques est\u00e3o: \u2018Amanh\u00e3\u2019 (2025), \u2018Su\u00e7uarana\u2019 (2025), vencedor de Melhor Edi\u00e7\u00e3o de Som no Festival de Bras\u00edlia de 2024 e no Festival de Mar\u00edlia de 2025; \u2018My name is now\u2019 (2014), vencedor do pr\u00eamio de Melhor Trilha Sonora no Grande Pr\u00eamio do Cinema Brasileiro de 2019; \u2018O som ao redor\u2019 (2012), pr\u00eamio de Melhor Desenho de Som no Festival de Gramado de 2012 e de Melhor Desenho Sonoro no Festival Cinem\u00fasica de 2013; \u2018Dia estrelado\u2019 (2011), pr\u00eamio de Melhor Edi\u00e7\u00e3o de Som no CinePE de 2012 e de Melhor Desenho Sonoro no Festival Cinem\u00fasica de 2013.<\/span><\/p><\/div>\n\t\t\t\t<\/div>\n\t\t\t\t\t\t\t\t<\/div>\n\t\t\t\t\t\t<\/div>\n\t\t\t\t<\/div>\n\t\t\t\t\t<\/div>\n\t\t<\/div>\n\t\t\t\t\t<\/div>\n\t\t<\/section>\n\t\t\t\t<section class=\"elementor-section elementor-inner-section elementor-element elementor-element-aa46f64 elementor-section-full_width elementor-section-height-default elementor-section-height-default\" data-id=\"aa46f64\" data-element_type=\"section\" data-e-type=\"section\">\n\t\t\t\t\t\t<div class=\"elementor-container elementor-column-gap-default\">\n\t\t\t\t\t<div class=\"aux-parallax-section elementor-column elementor-col-100 elementor-inner-column elementor-element elementor-element-7ec3c0e\" data-id=\"7ec3c0e\" data-element_type=\"column\" data-e-type=\"column\">\n\t\t\t<div class=\"elementor-widget-wrap elementor-element-populated\">\n\t\t\t\t\t\t<div class=\"elementor-element elementor-element-bc2866d elementor-widget elementor-widget-aux_divider\" data-id=\"bc2866d\" data-element_type=\"widget\" data-e-type=\"widget\" data-widget_type=\"aux_divider.default\">\n\t\t\t\t<div class=\"elementor-widget-container\">\n\t\t\t\t\t<hr class=\"aux-divider-center\" >\t\t\t\t<\/div>\n\t\t\t\t<\/div>\n\t\t\t\t\t<\/div>\n\t\t<\/div>\n\t\t\t\t\t<\/div>\n\t\t<\/section>\n\t\t\t\t\t<\/div>\n\t\t<\/div>\n\t\t\t\t\t<\/div>\n\t\t<\/section>\n\t\t\t\t<section class=\"elementor-section elementor-top-section elementor-element elementor-element-09ac476 elementor-section-boxed elementor-section-height-default elementor-section-height-default\" data-id=\"09ac476\" data-element_type=\"section\" data-e-type=\"section\" data-settings=\"{&quot;background_background&quot;:&quot;classic&quot;}\">\n\t\t\t\t\t\t\t<div class=\"elementor-background-overlay\"><\/div>\n\t\t\t\t\t\t\t<div class=\"elementor-container elementor-column-gap-default\">\n\t\t\t\t\t<div class=\"aux-parallax-section elementor-column elementor-col-100 elementor-top-column elementor-element elementor-element-f4cd331\" data-id=\"f4cd331\" data-element_type=\"column\" data-e-type=\"column\">\n\t\t\t<div class=\"elementor-widget-wrap elementor-element-populated\">\n\t\t\t\t\t\t<section class=\"elementor-section elementor-inner-section elementor-element elementor-element-f6d45e1 elementor-section-full_width elementor-section-height-default elementor-section-height-default\" data-id=\"f6d45e1\" data-element_type=\"section\" data-e-type=\"section\">\n\t\t\t\t\t\t<div class=\"elementor-container elementor-column-gap-default\">\n\t\t\t\t\t<div class=\"aux-parallax-section elementor-column elementor-col-100 elementor-inner-column elementor-element elementor-element-942e2d2\" data-id=\"942e2d2\" data-element_type=\"column\" data-e-type=\"column\">\n\t\t\t<div class=\"elementor-widget-wrap elementor-element-populated\">\n\t\t\t\t\t\t<div class=\"elementor-element elementor-element-183fcaf elementor-widget__width-initial elementor-widget elementor-widget-heading\" data-id=\"183fcaf\" data-element_type=\"widget\" data-e-type=\"widget\" data-widget_type=\"heading.default\">\n\t\t\t\t<div class=\"elementor-widget-container\">\n\t\t\t\t\t<h2 class=\"elementor-heading-title elementor-size-default\">Dire\u00e7\u00e3o de fotografia <\/h2>\t\t\t\t<\/div>\n\t\t\t\t<\/div>\n\t\t\t\t\t<\/div>\n\t\t<\/div>\n\t\t\t\t\t<\/div>\n\t\t<\/section>\n\t\t\t\t<section class=\"elementor-section elementor-inner-section elementor-element elementor-element-efb624c elementor-section-full_width elementor-section-height-default elementor-section-height-default\" data-id=\"efb624c\" data-element_type=\"section\" data-e-type=\"section\">\n\t\t\t\t\t\t<div class=\"elementor-container elementor-column-gap-default\">\n\t\t\t\t\t<div class=\"aux-parallax-section elementor-column elementor-col-50 elementor-inner-column elementor-element elementor-element-220a6fa\" data-id=\"220a6fa\" data-element_type=\"column\" data-e-type=\"column\">\n\t\t\t<div class=\"elementor-widget-wrap elementor-element-populated\">\n\t\t\t\t\t\t<div class=\"elementor-element elementor-element-0abdb18 elementor-widget__width-initial elementor-widget elementor-widget-text-editor\" data-id=\"0abdb18\" data-element_type=\"widget\" data-e-type=\"widget\" data-widget_type=\"text-editor.default\">\n\t\t\t\t<div class=\"elementor-widget-container\">\n\t\t\t\t\t\t\t\t\t<p><span style=\"font-weight: 400;\">Esta oficina oferece uma introdu\u00e7\u00e3o intensiva aos fundamentos da Dire\u00e7\u00e3o de Fotografia (DF), a alma visual do cinema. O objetivo principal \u00e9 colaborar para capacitar os participantes, explorando ferramentas e t\u00e9cnicas essenciais para a constru\u00e7\u00e3o da linguagem visual de um filme ou v\u00eddeo, estimulando a criatividade na cria\u00e7\u00e3o de imagens impactantes.\u00a0\u00a0<\/span><\/p><p><span style=\"font-weight: 400;\">O conte\u00fado introduz fundamentos da imagem cinematogr\u00e1fica, passando por luz, sombra, exposi\u00e7\u00e3o, temperatura de cor e balan\u00e7o de branco, continuidade visual e o <\/span><i><span style=\"font-weight: 400;\">corte, e<\/span><\/i><span style=\"font-weight: 400;\">quipamentos e t\u00e9cnicas de Ilumina\u00e7\u00e3o, tipos de c\u00e2meras, lentes e dicas de esquemas b\u00e1sicos de ilumina\u00e7\u00e3o.<\/span><\/p>\t\t\t\t\t\t\t\t<\/div>\n\t\t\t\t<\/div>\n\t\t\t\t<div class=\"elementor-element elementor-element-aebec50 elementor-widget__width-initial elementor-widget elementor-widget-text-editor\" data-id=\"aebec50\" data-element_type=\"widget\" data-e-type=\"widget\" data-widget_type=\"text-editor.default\">\n\t\t\t\t<div class=\"elementor-widget-container\">\n\t\t\t\t\t\t\t\t\t<p><b>P\u00fablico Alvo:<\/b> <span style=\"font-weight: 400;\">Profissionais e iniciantes de cinema e v\u00eddeo, fot\u00f3grafos, operador de c\u00e2mera, assistente de c\u00e2mera,\u00a0 eletricistas, maquinista, cineasta, logger, diretor de arte, produtor de v\u00eddeo, design, jornalistas, publicit\u00e1rios, social media, influencer, <\/span><span style=\"font-weight: 400;\">atrizes, atores, produtores culturais, professores, <\/span><span style=\"font-weight: 400;\">entre outros.<\/span><\/p>\t\t\t\t\t\t\t\t<\/div>\n\t\t\t\t<\/div>\n\t\t\t\t<div class=\"elementor-element elementor-element-072d074 elementor-widget__width-initial elementor-widget elementor-widget-text-editor\" data-id=\"072d074\" data-element_type=\"widget\" data-e-type=\"widget\" data-widget_type=\"text-editor.default\">\n\t\t\t\t<div class=\"elementor-widget-container\">\n\t\t\t\t\t\t\t\t\t<p><b>Data<\/b><span style=\"font-weight: 400;\">: 11 (ter\u00e7a-feira) e 12 (quarta-feira)<br \/><\/span><b>Hor\u00e1rio<\/b><span style=\"font-weight: 400;\">: 17h \u00e0s 20h<br \/><\/span><b>Loca<\/b><span style=\"font-weight: 400;\">l: Studio Cerri &#8211; <\/span><span style=\"font-weight: 400;\">R. Catanduva, 548 &#8211; Filad\u00e9lfia, Betim &#8211; MG, 32670-196<\/span> <\/p>\t\t\t\t\t\t\t\t<\/div>\n\t\t\t\t<\/div>\n\t\t\t\t<div class=\"elementor-element elementor-element-9a0c786 elementor-widget__width-inherit elementor-widget elementor-widget-text-editor\" data-id=\"9a0c786\" data-element_type=\"widget\" data-e-type=\"widget\" data-widget_type=\"text-editor.default\">\n\t\t\t\t<div class=\"elementor-widget-container\">\n\t\t\t\t\t\t\t\t\t<p><span style=\"font-weight: 400;\">Gratuito. Vagas limitadas.<\/span><\/p>\t\t\t\t\t\t\t\t<\/div>\n\t\t\t\t<\/div>\n\t\t\t\t\t<\/div>\n\t\t<\/div>\n\t\t\t\t<div class=\"aux-parallax-section elementor-column elementor-col-50 elementor-inner-column elementor-element elementor-element-5c44d6a\" data-id=\"5c44d6a\" data-element_type=\"column\" data-e-type=\"column\">\n\t\t\t<div class=\"elementor-widget-wrap elementor-element-populated\">\n\t\t\t\t\t\t<div class=\"elementor-element elementor-element-d2048fb elementor-widget elementor-widget-image\" data-id=\"d2048fb\" data-element_type=\"widget\" data-e-type=\"widget\" data-widget_type=\"image.default\">\n\t\t\t\t<div class=\"elementor-widget-container\">\n\t\t\t\t\t\t\t\t\t\t\t\t\t\t\t<img loading=\"lazy\" decoding=\"async\" width=\"1024\" height=\"1024\" src=\"https:\/\/itfilmes.com.br\/mostrabetim\/wp-content\/uploads\/sites\/5\/2025\/10\/Ciro-Thielmann_-1024x1024.jpg\" class=\"attachment-large size-large wp-image-4898\" alt=\"Ciro Thielmann\" srcset=\"https:\/\/itfilmes.com.br\/mostrabetim\/wp-content\/uploads\/sites\/5\/2025\/10\/Ciro-Thielmann_-1024x1024.jpg 1024w, https:\/\/itfilmes.com.br\/mostrabetim\/wp-content\/uploads\/sites\/5\/2025\/10\/Ciro-Thielmann_-300x300.jpg 300w, https:\/\/itfilmes.com.br\/mostrabetim\/wp-content\/uploads\/sites\/5\/2025\/10\/Ciro-Thielmann_-150x150.jpg 150w, https:\/\/itfilmes.com.br\/mostrabetim\/wp-content\/uploads\/sites\/5\/2025\/10\/Ciro-Thielmann_-768x768.jpg 768w, https:\/\/itfilmes.com.br\/mostrabetim\/wp-content\/uploads\/sites\/5\/2025\/10\/Ciro-Thielmann_-200x200.jpg 200w, https:\/\/itfilmes.com.br\/mostrabetim\/wp-content\/uploads\/sites\/5\/2025\/10\/Ciro-Thielmann_.jpg 1080w\" sizes=\"(max-width: 1024px) 100vw, 1024px\" \/>\t\t\t\t\t\t\t\t\t\t\t\t\t\t\t<\/div>\n\t\t\t\t<\/div>\n\t\t\t\t<div class=\"elementor-element elementor-element-f77a53e elementor-widget elementor-widget-toggle\" data-id=\"f77a53e\" data-element_type=\"widget\" data-e-type=\"widget\" data-widget_type=\"toggle.default\">\n\t\t\t\t<div class=\"elementor-widget-container\">\n\t\t\t\t\t\t\t<div class=\"elementor-toggle\">\n\t\t\t\t\t\t\t<div class=\"elementor-toggle-item\">\n\t\t\t\t\t<div id=\"elementor-tab-title-2591\" class=\"elementor-tab-title\" data-tab=\"1\" role=\"button\" aria-controls=\"elementor-tab-content-2591\" aria-expanded=\"false\">\n\t\t\t\t\t\t\t\t\t\t\t\t<span class=\"elementor-toggle-icon elementor-toggle-icon-left\" aria-hidden=\"true\">\n\t\t\t\t\t\t\t\t\t\t\t\t\t\t\t<span class=\"elementor-toggle-icon-closed\"><i class=\"auxicon auxicon-plus\"><\/i><\/span>\n\t\t\t\t\t\t\t\t<span class=\"elementor-toggle-icon-opened\"><i class=\"elementor-toggle-icon-opened auxicon auxicon-dash\"><\/i><\/span>\n\t\t\t\t\t\t\t\t\t\t\t\t\t<\/span>\n\t\t\t\t\t\t\t\t\t\t\t\t<a class=\"elementor-toggle-title\" tabindex=\"0\">Ministrante: <b>Ciro Thielmann<\/b><\/a>\n\t\t\t\t\t<\/div>\n\n\t\t\t\t\t<div id=\"elementor-tab-content-2591\" class=\"elementor-tab-content elementor-clearfix\" data-tab=\"1\" role=\"region\" aria-labelledby=\"elementor-tab-title-2591\"><p><span style=\"font-weight: 400;\"><strong>Ciro Thielmann<\/strong> \u00e9 diretor de fotografia, formado em Comunica\u00e7\u00e3o Social pela UFMG e em M\u00eddia e Artes (Media und Kunst) pela Universidade Bauhaus, em Weimar, Alemanha. Com uma carreira diversificada, atua em projetos audiovisuais que abrangem cinema fic\u00e7\u00e3o e document\u00e1rio, videoclipes e filmes publicit\u00e1rios.<\/span><\/p><p><span style=\"font-weight: 400;\">\u00c9 co-criador do coletivo audiovisual Paisagem Lava, onde colabora como diretor de fotografia em diversas produ\u00e7\u00f5es. Ciro tamb\u00e9m assina a dire\u00e7\u00e3o de fotografia de dois longas-metragens dirigidos por Ricardo Alves Jr.: \u2018Tudo o que Voc\u00ea Podia Ser\u2019 e \u2018Parque de Divers\u00f5es\u2019, vencedor do pr\u00eamio Abraccine de Melhor Filme na 28\u00aa Mostra de Cinema de Tiradentes. Assina tamb\u00e9m a dire\u00e7\u00e3o de fotografia do longa \u201cAlegria Brasil, estrelando Maria Alcina&#8221;, de Elizabete Martins Campos e da s\u00e9rie \u201cO Natal dos Silva&#8221;,\u00a0 da Filmes de Pl\u00e1stico, que estr\u00e9ia no final de 2025 no Canal Brasil.<\/span><\/p><p><span style=\"font-weight: 400;\">Entre outros trabalhos destacados, est\u00e1 o curta \u2018Aragem\u2019, que teve ampla circula\u00e7\u00e3o em festivais como Leiden Shorts 2022 (Holanda), Kinoforum 2022 (SP) e a 26\u00aa Mostra de Tiradentes, al\u00e9m do longa \u2018O Corpo quer ir embora\u2019, dirigido por Rodrigo Oliveira, atualmente em fase de finaliza\u00e7\u00e3o.<\/span><\/p><p><span style=\"font-weight: 400;\">Ciro foi premiado como Melhor Dire\u00e7\u00e3o de Fotografia pelo curta \u201cComida de Quintal\u201d, dirigido por Lu\u00edsa Macedo, nos festivais Sambur\u00e1 de Cinema e Cultura do Mar e Cibo Corto Festival Internazionale.<\/span><\/p><\/div>\n\t\t\t\t<\/div>\n\t\t\t\t\t\t\t\t<\/div>\n\t\t\t\t\t\t<\/div>\n\t\t\t\t<\/div>\n\t\t\t\t\t<\/div>\n\t\t<\/div>\n\t\t\t\t\t<\/div>\n\t\t<\/section>\n\t\t\t\t<section class=\"elementor-section elementor-inner-section elementor-element elementor-element-a0460fd elementor-section-full_width elementor-section-height-default elementor-section-height-default\" data-id=\"a0460fd\" data-element_type=\"section\" data-e-type=\"section\">\n\t\t\t\t\t\t<div class=\"elementor-container elementor-column-gap-default\">\n\t\t\t\t\t<div class=\"aux-parallax-section elementor-column elementor-col-100 elementor-inner-column elementor-element elementor-element-b3a3d60\" data-id=\"b3a3d60\" data-element_type=\"column\" data-e-type=\"column\">\n\t\t\t<div class=\"elementor-widget-wrap elementor-element-populated\">\n\t\t\t\t\t\t<div class=\"elementor-element elementor-element-0b90543 elementor-widget elementor-widget-aux_divider\" data-id=\"0b90543\" data-element_type=\"widget\" data-e-type=\"widget\" data-widget_type=\"aux_divider.default\">\n\t\t\t\t<div class=\"elementor-widget-container\">\n\t\t\t\t\t<hr class=\"aux-divider-center\" >\t\t\t\t<\/div>\n\t\t\t\t<\/div>\n\t\t\t\t\t<\/div>\n\t\t<\/div>\n\t\t\t\t\t<\/div>\n\t\t<\/section>\n\t\t\t\t\t<\/div>\n\t\t<\/div>\n\t\t\t\t\t<\/div>\n\t\t<\/section>\n\t\t\t\t<section class=\"elementor-section elementor-top-section elementor-element elementor-element-bdf7a5a elementor-section-boxed elementor-section-height-default elementor-section-height-default\" data-id=\"bdf7a5a\" data-element_type=\"section\" data-e-type=\"section\" data-settings=\"{&quot;background_background&quot;:&quot;classic&quot;}\">\n\t\t\t\t\t\t\t<div class=\"elementor-background-overlay\"><\/div>\n\t\t\t\t\t\t\t<div class=\"elementor-container elementor-column-gap-default\">\n\t\t\t\t\t<div class=\"aux-parallax-section elementor-column elementor-col-100 elementor-top-column elementor-element elementor-element-f288381\" data-id=\"f288381\" data-element_type=\"column\" data-e-type=\"column\">\n\t\t\t<div class=\"elementor-widget-wrap elementor-element-populated\">\n\t\t\t\t\t\t<section class=\"elementor-section elementor-inner-section elementor-element elementor-element-3e4034e elementor-section-full_width elementor-section-height-default elementor-section-height-default\" data-id=\"3e4034e\" data-element_type=\"section\" data-e-type=\"section\">\n\t\t\t\t\t\t<div class=\"elementor-container elementor-column-gap-default\">\n\t\t\t\t\t<div class=\"aux-parallax-section elementor-column elementor-col-100 elementor-inner-column elementor-element elementor-element-ad2dd8c\" data-id=\"ad2dd8c\" data-element_type=\"column\" data-e-type=\"column\">\n\t\t\t<div class=\"elementor-widget-wrap elementor-element-populated\">\n\t\t\t\t\t\t<div class=\"elementor-element elementor-element-00b6cd2 elementor-widget__width-initial elementor-widget elementor-widget-heading\" data-id=\"00b6cd2\" data-element_type=\"widget\" data-e-type=\"widget\" data-widget_type=\"heading.default\">\n\t\t\t\t<div class=\"elementor-widget-container\">\n\t\t\t\t\t<h2 class=\"elementor-heading-title elementor-size-default\">Roteiro para iniciantes: da ideia ao roteiro <\/h2>\t\t\t\t<\/div>\n\t\t\t\t<\/div>\n\t\t\t\t\t<\/div>\n\t\t<\/div>\n\t\t\t\t\t<\/div>\n\t\t<\/section>\n\t\t\t\t<section class=\"elementor-section elementor-inner-section elementor-element elementor-element-b5b58a3 elementor-section-full_width elementor-section-height-default elementor-section-height-default\" data-id=\"b5b58a3\" data-element_type=\"section\" data-e-type=\"section\">\n\t\t\t\t\t\t<div class=\"elementor-container elementor-column-gap-default\">\n\t\t\t\t\t<div class=\"aux-parallax-section elementor-column elementor-col-50 elementor-inner-column elementor-element elementor-element-6b86a3b\" data-id=\"6b86a3b\" data-element_type=\"column\" data-e-type=\"column\">\n\t\t\t<div class=\"elementor-widget-wrap elementor-element-populated\">\n\t\t\t\t\t\t<div class=\"elementor-element elementor-element-efbe066 elementor-widget__width-initial elementor-widget elementor-widget-text-editor\" data-id=\"efbe066\" data-element_type=\"widget\" data-e-type=\"widget\" data-widget_type=\"text-editor.default\">\n\t\t\t\t<div class=\"elementor-widget-container\">\n\t\t\t\t\t\t\t\t\t<p><span style=\"font-weight: 400;\">Toda grande hist\u00f3ria do cinema nasce de uma boa escrita. Esta oficina intensiva tem como objetivo fundamental introduzir os participantes aos <\/span><b>conceitos b\u00e1sicos do roteiro audiovisual<\/b><span style=\"font-weight: 400;\"> e gui\u00e1-los pelas etapas essenciais para construir uma narrativa estruturada e envolvente. Por meio de <\/span><b>exerc\u00edcios pr\u00e1ticos<\/b><span style=\"font-weight: 400;\">, a oficina busca estimular iniciantes na escrita criativa audiovisual, capacitando-os a contar e formatar suas pr\u00f3prias hist\u00f3rias.<\/span><\/p><p><span style=\"font-weight: 400;\">O que \u00e9 e qual a fun\u00e7\u00e3o um roteiro audiovisual? Quais etapas do desenvolvimento de um roteiro: da ideia inicial ao roteiro final.\u00a0 ideia: Como identificar uma boa ideia. Logline: a s\u00edntese da hist\u00f3ria em uma frase. Storyline e sinopse: Construindo o esqueleto da narrativa. Perfil dos personagens: desenvolvendo camadas e motiva\u00e7\u00f5es. Argumento: expandindo a ideia para um texto coeso. Estrutura ou escaleta: a organiza\u00e7\u00e3o da narrativa em blocos. Roteiro: elementos b\u00e1sicos de formata\u00e7\u00e3o e estrutura. Passando pela import\u00e2ncia do storyboards e moodboards.<\/span><\/p>\t\t\t\t\t\t\t\t<\/div>\n\t\t\t\t<\/div>\n\t\t\t\t<div class=\"elementor-element elementor-element-5af927b elementor-widget__width-initial elementor-widget elementor-widget-text-editor\" data-id=\"5af927b\" data-element_type=\"widget\" data-e-type=\"widget\" data-widget_type=\"text-editor.default\">\n\t\t\t\t<div class=\"elementor-widget-container\">\n\t\t\t\t\t\t\t\t\t<p><b>P\u00fablico-alvo<\/b><span style=\"font-weight: 400;\">: <\/span><b><span style=\"font-weight: 400;\">Oficina realizada em parceria com a Escola Estadual Jo\u00e3o Guimar\u00e3es Rosa, exclusiva para os alunos.<\/span><\/b><\/p>\t\t\t\t\t\t\t\t<\/div>\n\t\t\t\t<\/div>\n\t\t\t\t<div class=\"elementor-element elementor-element-5c8dc5d elementor-widget__width-initial elementor-widget elementor-widget-text-editor\" data-id=\"5c8dc5d\" data-element_type=\"widget\" data-e-type=\"widget\" data-widget_type=\"text-editor.default\">\n\t\t\t\t<div class=\"elementor-widget-container\">\n\t\t\t\t\t\t\t\t\t<p><b>Data:<\/b><span style=\"font-weight: 400;\"> 06 (quinta-feira) e 07 (sexta-feira) de novembro<br \/><\/span><b>Hor\u00e1rio:<\/b><span style=\"font-weight: 400;\">19h \u00e0s 22h<br \/><\/span><b>Local:<\/b> <span style=\"font-weight: 400;\">Escola Estadual Jo\u00e3o Guimar\u00e3es Rosa<\/span><\/p>\t\t\t\t\t\t\t\t<\/div>\n\t\t\t\t<\/div>\n\t\t\t\t\t<\/div>\n\t\t<\/div>\n\t\t\t\t<div class=\"aux-parallax-section elementor-column elementor-col-50 elementor-inner-column elementor-element elementor-element-ec4a77d\" data-id=\"ec4a77d\" data-element_type=\"column\" data-e-type=\"column\">\n\t\t\t<div class=\"elementor-widget-wrap elementor-element-populated\">\n\t\t\t\t\t\t<div class=\"elementor-element elementor-element-3ac71b5 elementor-widget elementor-widget-image\" data-id=\"3ac71b5\" data-element_type=\"widget\" data-e-type=\"widget\" data-widget_type=\"image.default\">\n\t\t\t\t<div class=\"elementor-widget-container\">\n\t\t\t\t\t\t\t\t\t\t\t\t\t\t\t<img loading=\"lazy\" decoding=\"async\" width=\"1024\" height=\"1024\" src=\"https:\/\/itfilmes.com.br\/mostrabetim\/wp-content\/uploads\/sites\/5\/2025\/10\/savio-leite_-1024x1024.jpg\" class=\"attachment-large size-large wp-image-4891\" alt=\"S\u00e1vio Leite\" srcset=\"https:\/\/itfilmes.com.br\/mostrabetim\/wp-content\/uploads\/sites\/5\/2025\/10\/savio-leite_-1024x1024.jpg 1024w, https:\/\/itfilmes.com.br\/mostrabetim\/wp-content\/uploads\/sites\/5\/2025\/10\/savio-leite_-300x300.jpg 300w, https:\/\/itfilmes.com.br\/mostrabetim\/wp-content\/uploads\/sites\/5\/2025\/10\/savio-leite_-150x150.jpg 150w, https:\/\/itfilmes.com.br\/mostrabetim\/wp-content\/uploads\/sites\/5\/2025\/10\/savio-leite_-768x768.jpg 768w, https:\/\/itfilmes.com.br\/mostrabetim\/wp-content\/uploads\/sites\/5\/2025\/10\/savio-leite_-200x200.jpg 200w, https:\/\/itfilmes.com.br\/mostrabetim\/wp-content\/uploads\/sites\/5\/2025\/10\/savio-leite_.jpg 1080w\" sizes=\"(max-width: 1024px) 100vw, 1024px\" \/>\t\t\t\t\t\t\t\t\t\t\t\t\t\t\t<\/div>\n\t\t\t\t<\/div>\n\t\t\t\t<div class=\"elementor-element elementor-element-09f82cd elementor-widget elementor-widget-toggle\" data-id=\"09f82cd\" data-element_type=\"widget\" data-e-type=\"widget\" data-widget_type=\"toggle.default\">\n\t\t\t\t<div class=\"elementor-widget-container\">\n\t\t\t\t\t\t\t<div class=\"elementor-toggle\">\n\t\t\t\t\t\t\t<div class=\"elementor-toggle-item\">\n\t\t\t\t\t<div id=\"elementor-tab-title-1041\" class=\"elementor-tab-title\" data-tab=\"1\" role=\"button\" aria-controls=\"elementor-tab-content-1041\" aria-expanded=\"false\">\n\t\t\t\t\t\t\t\t\t\t\t\t<span class=\"elementor-toggle-icon elementor-toggle-icon-left\" aria-hidden=\"true\">\n\t\t\t\t\t\t\t\t\t\t\t\t\t\t\t<span class=\"elementor-toggle-icon-closed\"><i class=\"auxicon auxicon-plus\"><\/i><\/span>\n\t\t\t\t\t\t\t\t<span class=\"elementor-toggle-icon-opened\"><i class=\"elementor-toggle-icon-opened auxicon auxicon-dash\"><\/i><\/span>\n\t\t\t\t\t\t\t\t\t\t\t\t\t<\/span>\n\t\t\t\t\t\t\t\t\t\t\t\t<a class=\"elementor-toggle-title\" tabindex=\"0\">Ministrante: <b>S\u00e1vio Leite<\/b><\/a>\n\t\t\t\t\t<\/div>\n\n\t\t\t\t\t<div id=\"elementor-tab-content-1041\" class=\"elementor-tab-content elementor-clearfix\" data-tab=\"1\" role=\"region\" aria-labelledby=\"elementor-tab-title-1041\"><p><b>S\u00e1vio Leite <\/b><span style=\"font-weight: 400;\">\u00e9 um comunicador, cineasta, professor e curador mineiro. Com gradua\u00e7\u00e3o (Newton Paiva) e mestrado (UFMG) na \u00e1rea de Comunica\u00e7\u00e3o e Artes Visuais, ele se especializou em cinema de anima\u00e7\u00e3o, disciplina que leciona no Centro Universit\u00e1rio UNA e na UEMG \u2013 Cataguases (Universidade do Estado de Minas Gerais). Como diretor, S\u00e1vio tem curtas-metragens premiados em festivais nacionais e internacionais e, em 2018, venceu o Grande Pr\u00eamio do Cinema Brasileiro na categoria Melhor Curta.<\/span><\/p><p><span style=\"font-weight: 400;\">Leite tamb\u00e9m \u00e9 criador e coordenador da MUMIA \u2013 Mostra Udigrudi Mundial de Anima\u00e7\u00e3o e do TIMELINE \u2013 Festival Internacional de Arte Eletr\u00f4nica de Belo Horizonte. \u00c9 curador do CINE DESIGN &#8211; Mostra Internazionale di Audiovisivo Sperimentale e Film de Animazione di Vigevano \/ It\u00e1lia e j\u00e1 atuou como jurado em diversos festivais dentro e fora do Brasil. No mercado editorial, organizou os livros &#8220;Subversivos: o desenvolvimento do cinema de anima\u00e7\u00e3o em Minas Gerais&#8221; (2013), &#8220;Maldita Anima\u00e7\u00e3o Brasileira&#8221; (2015) e &#8220;Diversidade na Anima\u00e7\u00e3o Brasileira&#8221; (2018). Em 2017, lan\u00e7ou a colet\u00e2nea em DVD &#8220;MUMIA de Anima\u00e7\u00f5es Mineiras&#8221; em comemora\u00e7\u00e3o ao centen\u00e1rio da anima\u00e7\u00e3o brasileira. Traduziu os livros &#8220;Jorge Sanjin\u00e9s e Grupo Ukamau \u2013 Teoria e pr\u00e1tica de um cinema junto ao povo&#8221; (2018), &#8220;A forma realizada: o cinema de anima\u00e7\u00e3o&#8221; (2020) e &#8220;Marta Rodriguez: Uma vida frente \u00e0 c\u00e2mera&#8221; (2025). Al\u00e9m disso, editou o livro &#8220;Uma introdu\u00e7\u00e3o ao Cinema Underground americano&#8221; (2022), de Sheldon Renan.<\/span><\/p><\/div>\n\t\t\t\t<\/div>\n\t\t\t\t\t\t\t\t<\/div>\n\t\t\t\t\t\t<\/div>\n\t\t\t\t<\/div>\n\t\t\t\t\t<\/div>\n\t\t<\/div>\n\t\t\t\t\t<\/div>\n\t\t<\/section>\n\t\t\t\t<section class=\"elementor-section elementor-inner-section elementor-element elementor-element-6ac01f2 elementor-section-full_width elementor-section-height-default elementor-section-height-default\" data-id=\"6ac01f2\" data-element_type=\"section\" data-e-type=\"section\">\n\t\t\t\t\t\t<div class=\"elementor-container elementor-column-gap-default\">\n\t\t\t\t\t<div class=\"aux-parallax-section elementor-column elementor-col-100 elementor-inner-column elementor-element elementor-element-82700ff\" data-id=\"82700ff\" data-element_type=\"column\" data-e-type=\"column\">\n\t\t\t<div class=\"elementor-widget-wrap elementor-element-populated\">\n\t\t\t\t\t\t<div class=\"elementor-element elementor-element-65b3b71 elementor-widget elementor-widget-aux_divider\" data-id=\"65b3b71\" data-element_type=\"widget\" data-e-type=\"widget\" data-widget_type=\"aux_divider.default\">\n\t\t\t\t<div class=\"elementor-widget-container\">\n\t\t\t\t\t<hr class=\"aux-divider-center\" >\t\t\t\t<\/div>\n\t\t\t\t<\/div>\n\t\t\t\t\t<\/div>\n\t\t<\/div>\n\t\t\t\t\t<\/div>\n\t\t<\/section>\n\t\t\t\t\t<\/div>\n\t\t<\/div>\n\t\t\t\t\t<\/div>\n\t\t<\/section>\n\t\t\t\t<section class=\"elementor-section elementor-top-section elementor-element elementor-element-0789028 elementor-section-boxed elementor-section-height-default elementor-section-height-default\" data-id=\"0789028\" data-element_type=\"section\" data-e-type=\"section\" data-settings=\"{&quot;background_background&quot;:&quot;classic&quot;}\">\n\t\t\t\t\t\t\t<div class=\"elementor-background-overlay\"><\/div>\n\t\t\t\t\t\t\t<div class=\"elementor-container elementor-column-gap-default\">\n\t\t\t\t\t<div class=\"aux-parallax-section elementor-column elementor-col-100 elementor-top-column elementor-element elementor-element-ce50458\" data-id=\"ce50458\" data-element_type=\"column\" data-e-type=\"column\">\n\t\t\t<div class=\"elementor-widget-wrap elementor-element-populated\">\n\t\t\t\t\t\t<section class=\"elementor-section elementor-inner-section elementor-element elementor-element-d644e83 elementor-section-full_width elementor-section-height-default elementor-section-height-default\" data-id=\"d644e83\" data-element_type=\"section\" data-e-type=\"section\">\n\t\t\t\t\t\t<div class=\"elementor-container elementor-column-gap-default\">\n\t\t\t\t\t<div class=\"aux-parallax-section elementor-column elementor-col-100 elementor-inner-column elementor-element elementor-element-5b183a8\" data-id=\"5b183a8\" data-element_type=\"column\" data-e-type=\"column\">\n\t\t\t<div class=\"elementor-widget-wrap elementor-element-populated\">\n\t\t\t\t\t\t<div class=\"elementor-element elementor-element-657083d elementor-widget__width-initial elementor-widget elementor-widget-heading\" data-id=\"657083d\" data-element_type=\"widget\" data-e-type=\"widget\" data-widget_type=\"heading.default\">\n\t\t\t\t<div class=\"elementor-widget-container\">\n\t\t\t\t\t<h2 class=\"elementor-heading-title elementor-size-default\">Anima\u00e7\u00e3o para iniciantes<\/h2>\t\t\t\t<\/div>\n\t\t\t\t<\/div>\n\t\t\t\t\t<\/div>\n\t\t<\/div>\n\t\t\t\t\t<\/div>\n\t\t<\/section>\n\t\t\t\t<section class=\"elementor-section elementor-inner-section elementor-element elementor-element-3966a40 elementor-section-full_width elementor-section-height-default elementor-section-height-default\" data-id=\"3966a40\" data-element_type=\"section\" data-e-type=\"section\">\n\t\t\t\t\t\t<div class=\"elementor-container elementor-column-gap-default\">\n\t\t\t\t\t<div class=\"aux-parallax-section elementor-column elementor-col-50 elementor-inner-column elementor-element elementor-element-4004fe3\" data-id=\"4004fe3\" data-element_type=\"column\" data-e-type=\"column\">\n\t\t\t<div class=\"elementor-widget-wrap elementor-element-populated\">\n\t\t\t\t\t\t<div class=\"elementor-element elementor-element-fb21690 elementor-widget__width-initial elementor-widget elementor-widget-text-editor\" data-id=\"fb21690\" data-element_type=\"widget\" data-e-type=\"widget\" data-widget_type=\"text-editor.default\">\n\t\t\t\t<div class=\"elementor-widget-container\">\n\t\t\t\t\t\t\t\t\t<p><span style=\"font-weight: 400;\">Essa oficina estimula a experimenta\u00e7\u00e3o e a cria\u00e7\u00e3o, apresentando um panorama das diversas t\u00e9cnicas de anima\u00e7\u00e3o, do tradicional ao digital. A proposta inclui um exerc\u00edcio pr\u00e1tico, e ao final os participantes criar\u00e3o sua pr\u00f3pria pe\u00e7a animada a partir de fotos e\/ou imagens est\u00e1ticas, explorando os princ\u00edpios fundamentais do movimento em contar hist\u00f3rias quadro a quadro.<\/span><\/p>\t\t\t\t\t\t\t\t<\/div>\n\t\t\t\t<\/div>\n\t\t\t\t<div class=\"elementor-element elementor-element-4aae3be elementor-widget__width-initial elementor-widget elementor-widget-text-editor\" data-id=\"4aae3be\" data-element_type=\"widget\" data-e-type=\"widget\" data-widget_type=\"text-editor.default\">\n\t\t\t\t<div class=\"elementor-widget-container\">\n\t\t\t\t\t\t\t\t\t<p><b>P\u00fablico-alvo: <span style=\"font-weight: 400;\">Oficina realizada em parceria com a Escola Municipal Raul Saraiva, exclusiva para os alunos.<\/span><\/b><\/p>\t\t\t\t\t\t\t\t<\/div>\n\t\t\t\t<\/div>\n\t\t\t\t<div class=\"elementor-element elementor-element-3106ff0 elementor-widget__width-initial elementor-widget elementor-widget-text-editor\" data-id=\"3106ff0\" data-element_type=\"widget\" data-e-type=\"widget\" data-widget_type=\"text-editor.default\">\n\t\t\t\t<div class=\"elementor-widget-container\">\n\t\t\t\t\t\t\t\t\t<p><b>Data:<\/b><span style=\"font-weight: 400;\"> 04 (ter\u00e7a-feira),05 (quarta-feira) e 06 (quinta-feira) de novembro<br \/><\/span><b>Hor\u00e1rio: <\/b><span style=\"font-weight: 400;\">7h \u00e0s 9h<br \/><\/span><b>Local: <\/b><span style=\"font-weight: 400;\">Escola Municipal Raul Saraiva<\/span><\/p>\t\t\t\t\t\t\t\t<\/div>\n\t\t\t\t<\/div>\n\t\t\t\t\t<\/div>\n\t\t<\/div>\n\t\t\t\t<div class=\"aux-parallax-section elementor-column elementor-col-50 elementor-inner-column elementor-element elementor-element-719aec1\" data-id=\"719aec1\" data-element_type=\"column\" data-e-type=\"column\">\n\t\t\t<div class=\"elementor-widget-wrap elementor-element-populated\">\n\t\t\t\t\t\t<div class=\"elementor-element elementor-element-4972f5a elementor-widget elementor-widget-image\" data-id=\"4972f5a\" data-element_type=\"widget\" data-e-type=\"widget\" data-widget_type=\"image.default\">\n\t\t\t\t<div class=\"elementor-widget-container\">\n\t\t\t\t\t\t\t\t\t\t\t\t\t\t\t<img loading=\"lazy\" decoding=\"async\" width=\"1024\" height=\"1024\" src=\"https:\/\/itfilmes.com.br\/mostrabetim\/wp-content\/uploads\/sites\/5\/2025\/10\/Bianca-Rodrigues-Pacheco_-1024x1024.jpg\" class=\"attachment-large size-large wp-image-4887\" alt=\"Bianca Rodrigues Pacheco\" srcset=\"https:\/\/itfilmes.com.br\/mostrabetim\/wp-content\/uploads\/sites\/5\/2025\/10\/Bianca-Rodrigues-Pacheco_-1024x1024.jpg 1024w, https:\/\/itfilmes.com.br\/mostrabetim\/wp-content\/uploads\/sites\/5\/2025\/10\/Bianca-Rodrigues-Pacheco_-300x300.jpg 300w, https:\/\/itfilmes.com.br\/mostrabetim\/wp-content\/uploads\/sites\/5\/2025\/10\/Bianca-Rodrigues-Pacheco_-150x150.jpg 150w, https:\/\/itfilmes.com.br\/mostrabetim\/wp-content\/uploads\/sites\/5\/2025\/10\/Bianca-Rodrigues-Pacheco_-768x768.jpg 768w, https:\/\/itfilmes.com.br\/mostrabetim\/wp-content\/uploads\/sites\/5\/2025\/10\/Bianca-Rodrigues-Pacheco_-200x200.jpg 200w, https:\/\/itfilmes.com.br\/mostrabetim\/wp-content\/uploads\/sites\/5\/2025\/10\/Bianca-Rodrigues-Pacheco_.jpg 1080w\" sizes=\"(max-width: 1024px) 100vw, 1024px\" \/>\t\t\t\t\t\t\t\t\t\t\t\t\t\t\t<\/div>\n\t\t\t\t<\/div>\n\t\t\t\t<div class=\"elementor-element elementor-element-187a439 elementor-widget elementor-widget-toggle\" data-id=\"187a439\" data-element_type=\"widget\" data-e-type=\"widget\" data-widget_type=\"toggle.default\">\n\t\t\t\t<div class=\"elementor-widget-container\">\n\t\t\t\t\t\t\t<div class=\"elementor-toggle\">\n\t\t\t\t\t\t\t<div class=\"elementor-toggle-item\">\n\t\t\t\t\t<div id=\"elementor-tab-title-2561\" class=\"elementor-tab-title\" data-tab=\"1\" role=\"button\" aria-controls=\"elementor-tab-content-2561\" aria-expanded=\"false\">\n\t\t\t\t\t\t\t\t\t\t\t\t<span class=\"elementor-toggle-icon elementor-toggle-icon-left\" aria-hidden=\"true\">\n\t\t\t\t\t\t\t\t\t\t\t\t\t\t\t<span class=\"elementor-toggle-icon-closed\"><i class=\"auxicon auxicon-plus\"><\/i><\/span>\n\t\t\t\t\t\t\t\t<span class=\"elementor-toggle-icon-opened\"><i class=\"elementor-toggle-icon-opened auxicon auxicon-dash\"><\/i><\/span>\n\t\t\t\t\t\t\t\t\t\t\t\t\t<\/span>\n\t\t\t\t\t\t\t\t\t\t\t\t<a class=\"elementor-toggle-title\" tabindex=\"0\">Ministrante: <b>Bianca Rodrigues Pacheco<\/b><\/a>\n\t\t\t\t\t<\/div>\n\n\t\t\t\t\t<div id=\"elementor-tab-content-2561\" class=\"elementor-tab-content elementor-clearfix\" data-tab=\"1\" role=\"region\" aria-labelledby=\"elementor-tab-title-2561\"><p><span style=\"font-weight: 400;\"><strong>Bianca Rodrigues Pacheco<\/strong> \u00e9<\/span> <span style=\"font-weight: 400;\">ilustradora freelancer com conhecimento em artes digitais e tradicionais. Atual estudante de gradua\u00e7\u00e3o em Cinema de Anima\u00e7\u00e3o e Artes Digitais pela UFMG. Experi\u00eancia em palestras e oficinas educacionais.<\/span><\/p><\/div>\n\t\t\t\t<\/div>\n\t\t\t\t\t\t\t\t<\/div>\n\t\t\t\t\t\t<\/div>\n\t\t\t\t<\/div>\n\t\t\t\t\t<\/div>\n\t\t<\/div>\n\t\t\t\t\t<\/div>\n\t\t<\/section>\n\t\t\t\t<section class=\"elementor-section elementor-inner-section elementor-element elementor-element-bcb5240 elementor-section-full_width elementor-section-height-default elementor-section-height-default\" data-id=\"bcb5240\" data-element_type=\"section\" data-e-type=\"section\">\n\t\t\t\t\t\t<div class=\"elementor-container elementor-column-gap-default\">\n\t\t\t\t\t<div class=\"aux-parallax-section elementor-column elementor-col-100 elementor-inner-column elementor-element elementor-element-553cee4\" data-id=\"553cee4\" data-element_type=\"column\" data-e-type=\"column\">\n\t\t\t<div class=\"elementor-widget-wrap elementor-element-populated\">\n\t\t\t\t\t\t<div class=\"elementor-element elementor-element-313a21b elementor-widget elementor-widget-aux_divider\" data-id=\"313a21b\" data-element_type=\"widget\" data-e-type=\"widget\" data-widget_type=\"aux_divider.default\">\n\t\t\t\t<div class=\"elementor-widget-container\">\n\t\t\t\t\t<hr class=\"aux-divider-center\" >\t\t\t\t<\/div>\n\t\t\t\t<\/div>\n\t\t\t\t\t<\/div>\n\t\t<\/div>\n\t\t\t\t\t<\/div>\n\t\t<\/section>\n\t\t\t\t\t<\/div>\n\t\t<\/div>\n\t\t\t\t\t<\/div>\n\t\t<\/section>\n\t\t\t\t<section class=\"elementor-section elementor-top-section elementor-element elementor-element-a6c4f1b elementor-section-boxed elementor-section-height-default elementor-section-height-default\" data-id=\"a6c4f1b\" data-element_type=\"section\" data-e-type=\"section\" data-settings=\"{&quot;background_background&quot;:&quot;classic&quot;}\">\n\t\t\t\t\t\t\t<div class=\"elementor-background-overlay\"><\/div>\n\t\t\t\t\t\t\t<div class=\"elementor-container elementor-column-gap-default\">\n\t\t\t\t\t<div class=\"aux-parallax-section elementor-column elementor-col-100 elementor-top-column elementor-element elementor-element-8bc1761\" data-id=\"8bc1761\" data-element_type=\"column\" data-e-type=\"column\">\n\t\t\t<div class=\"elementor-widget-wrap elementor-element-populated\">\n\t\t\t\t\t\t<section class=\"elementor-section elementor-inner-section elementor-element elementor-element-d8308fe elementor-section-full_width elementor-section-height-default elementor-section-height-default\" data-id=\"d8308fe\" data-element_type=\"section\" data-e-type=\"section\">\n\t\t\t\t\t\t<div class=\"elementor-container elementor-column-gap-default\">\n\t\t\t\t\t<div class=\"aux-parallax-section elementor-column elementor-col-100 elementor-inner-column elementor-element elementor-element-e365d56\" data-id=\"e365d56\" data-element_type=\"column\" data-e-type=\"column\">\n\t\t\t<div class=\"elementor-widget-wrap elementor-element-populated\">\n\t\t\t\t\t\t<div class=\"elementor-element elementor-element-19cbe04 elementor-widget__width-initial elementor-widget elementor-widget-heading\" data-id=\"19cbe04\" data-element_type=\"widget\" data-e-type=\"widget\" data-widget_type=\"heading.default\">\n\t\t\t\t<div class=\"elementor-widget-container\">\n\t\t\t\t\t<h2 class=\"elementor-heading-title elementor-size-default\">Jogos eletr\u00f4nicos <\/h2>\t\t\t\t<\/div>\n\t\t\t\t<\/div>\n\t\t\t\t\t<\/div>\n\t\t<\/div>\n\t\t\t\t\t<\/div>\n\t\t<\/section>\n\t\t\t\t<section class=\"elementor-section elementor-inner-section elementor-element elementor-element-684e0b2 elementor-section-full_width elementor-section-height-default elementor-section-height-default\" data-id=\"684e0b2\" data-element_type=\"section\" data-e-type=\"section\">\n\t\t\t\t\t\t<div class=\"elementor-container elementor-column-gap-default\">\n\t\t\t\t\t<div class=\"aux-parallax-section elementor-column elementor-col-50 elementor-inner-column elementor-element elementor-element-196b98d\" data-id=\"196b98d\" data-element_type=\"column\" data-e-type=\"column\">\n\t\t\t<div class=\"elementor-widget-wrap elementor-element-populated\">\n\t\t\t\t\t\t<div class=\"elementor-element elementor-element-42b5086 elementor-widget__width-initial elementor-widget elementor-widget-text-editor\" data-id=\"42b5086\" data-element_type=\"widget\" data-e-type=\"widget\" data-widget_type=\"text-editor.default\">\n\t\t\t\t<div class=\"elementor-widget-container\">\n\t\t\t\t\t\t\t\t\t<p><span style=\"font-weight: 400;\">Que tal parar de apenas jogar e fazer seus pr\u00f3prios jogos eletr\u00f4nicos? Nesta oficina, os participantes v\u00e3o mergulhar no universo do desenvolvimento de jogos eletr\u00f4nicos de uma maneira descomplicada e divertida. Vamos explorar os fundamentos da cria\u00e7\u00e3o de games como mec\u00e2nicas de jogo, desenvolvimento de recursos gr\u00e1ficos e game design. Al\u00e9m de claro,<\/span> <span style=\"font-weight: 400;\">colocar a m\u00e3o na massa para desenvolver uma pequena experi\u00eancia interativa. Um espa\u00e7o para misturar criatividade e tecnologia.<\/span><\/p>\t\t\t\t\t\t\t\t<\/div>\n\t\t\t\t<\/div>\n\t\t\t\t<div class=\"elementor-element elementor-element-6fd9e66 elementor-widget__width-initial elementor-widget elementor-widget-text-editor\" data-id=\"6fd9e66\" data-element_type=\"widget\" data-e-type=\"widget\" data-widget_type=\"text-editor.default\">\n\t\t\t\t<div class=\"elementor-widget-container\">\n\t\t\t\t\t\t\t\t\t<p><b>P\u00fablico Alvo: <\/b><span style=\"font-weight: 400;\">Oficina realizada em parceria com o Instituto \u00c1rvore da Vida, exclusiva para os alunos.<\/span><\/p>\t\t\t\t\t\t\t\t<\/div>\n\t\t\t\t<\/div>\n\t\t\t\t<div class=\"elementor-element elementor-element-5d5c94e elementor-widget__width-initial elementor-widget elementor-widget-text-editor\" data-id=\"5d5c94e\" data-element_type=\"widget\" data-e-type=\"widget\" data-widget_type=\"text-editor.default\">\n\t\t\t\t<div class=\"elementor-widget-container\">\n\t\t\t\t\t\t\t\t\t<p><b>Data:<\/b><span style=\"font-weight: 400;\"> 04 (ter\u00e7a-feira), 05 (quarta-feira) e 06 (quinta-feira) de novembro<br \/><\/span><b>Hor\u00e1rio:<\/b><span style=\"font-weight: 400;\"> 14h \u00e0s 16h\u00a0<br \/><\/span><b>Local:\u00a0 <\/b>\u00c1rvore da Vida<\/p>\t\t\t\t\t\t\t\t<\/div>\n\t\t\t\t<\/div>\n\t\t\t\t\t<\/div>\n\t\t<\/div>\n\t\t\t\t<div class=\"aux-parallax-section elementor-column elementor-col-50 elementor-inner-column elementor-element elementor-element-9233794\" data-id=\"9233794\" data-element_type=\"column\" data-e-type=\"column\">\n\t\t\t<div class=\"elementor-widget-wrap elementor-element-populated\">\n\t\t\t\t\t\t<div class=\"elementor-element elementor-element-68a1e31 elementor-widget elementor-widget-image\" data-id=\"68a1e31\" data-element_type=\"widget\" data-e-type=\"widget\" data-widget_type=\"image.default\">\n\t\t\t\t<div class=\"elementor-widget-container\">\n\t\t\t\t\t\t\t\t\t\t\t\t\t\t\t<img loading=\"lazy\" decoding=\"async\" width=\"1024\" height=\"1024\" src=\"https:\/\/itfilmes.com.br\/mostrabetim\/wp-content\/uploads\/sites\/5\/2025\/10\/Lucas-Diego-Goncalves-da-Costa_-1024x1024.jpg\" class=\"attachment-large size-large wp-image-4868\" alt=\"Lucas Diego Gonc\u0327alves da Costa\" srcset=\"https:\/\/itfilmes.com.br\/mostrabetim\/wp-content\/uploads\/sites\/5\/2025\/10\/Lucas-Diego-Goncalves-da-Costa_-1024x1024.jpg 1024w, https:\/\/itfilmes.com.br\/mostrabetim\/wp-content\/uploads\/sites\/5\/2025\/10\/Lucas-Diego-Goncalves-da-Costa_-300x300.jpg 300w, https:\/\/itfilmes.com.br\/mostrabetim\/wp-content\/uploads\/sites\/5\/2025\/10\/Lucas-Diego-Goncalves-da-Costa_-150x150.jpg 150w, https:\/\/itfilmes.com.br\/mostrabetim\/wp-content\/uploads\/sites\/5\/2025\/10\/Lucas-Diego-Goncalves-da-Costa_-768x768.jpg 768w, https:\/\/itfilmes.com.br\/mostrabetim\/wp-content\/uploads\/sites\/5\/2025\/10\/Lucas-Diego-Goncalves-da-Costa_-200x200.jpg 200w, https:\/\/itfilmes.com.br\/mostrabetim\/wp-content\/uploads\/sites\/5\/2025\/10\/Lucas-Diego-Goncalves-da-Costa_.jpg 1080w\" sizes=\"(max-width: 1024px) 100vw, 1024px\" \/>\t\t\t\t\t\t\t\t\t\t\t\t\t\t\t<\/div>\n\t\t\t\t<\/div>\n\t\t\t\t<div class=\"elementor-element elementor-element-759fe0b elementor-widget elementor-widget-toggle\" data-id=\"759fe0b\" data-element_type=\"widget\" data-e-type=\"widget\" data-widget_type=\"toggle.default\">\n\t\t\t\t<div class=\"elementor-widget-container\">\n\t\t\t\t\t\t\t<div class=\"elementor-toggle\">\n\t\t\t\t\t\t\t<div class=\"elementor-toggle-item\">\n\t\t\t\t\t<div id=\"elementor-tab-title-1231\" class=\"elementor-tab-title\" data-tab=\"1\" role=\"button\" aria-controls=\"elementor-tab-content-1231\" aria-expanded=\"false\">\n\t\t\t\t\t\t\t\t\t\t\t\t<span class=\"elementor-toggle-icon elementor-toggle-icon-left\" aria-hidden=\"true\">\n\t\t\t\t\t\t\t\t\t\t\t\t\t\t\t<span class=\"elementor-toggle-icon-closed\"><i class=\"auxicon auxicon-plus\"><\/i><\/span>\n\t\t\t\t\t\t\t\t<span class=\"elementor-toggle-icon-opened\"><i class=\"elementor-toggle-icon-opened auxicon auxicon-dash\"><\/i><\/span>\n\t\t\t\t\t\t\t\t\t\t\t\t\t<\/span>\n\t\t\t\t\t\t\t\t\t\t\t\t<a class=\"elementor-toggle-title\" tabindex=\"0\">Ministrante: <b>Lucas Diego Gon\u00e7alves da Costa<\/b><\/a>\n\t\t\t\t\t<\/div>\n\n\t\t\t\t\t<div id=\"elementor-tab-content-1231\" class=\"elementor-tab-content elementor-clearfix\" data-tab=\"1\" role=\"region\" aria-labelledby=\"elementor-tab-title-1231\"><p style=\"text-align: left;\"><b>Lucas Diego Gon\u00e7alves da Costa <\/b><span style=\"font-weight: 400;\">\u00e9 Mestre e doutorando em Estudos de Linguagens pelo CEFET-MG, pesquisador na \u00e1rea de Literatura, Cultura e Tecnologia. Professor da Universidade FUMEC, atua nos cursos de Ci\u00eancia da Computa\u00e7\u00e3o, Computa\u00e7\u00e3o Gr\u00e1fica e Design de Games. Leciona disciplinas de desenvolvimento de games, gest\u00e3o de projetos, l\u00f3gica de programa\u00e7\u00e3o, realidade virtual, projetos de interfaces e intera\u00e7\u00e3o homem-m\u00e1quina. Foi s\u00f3cio da Waytaxi, onde tamb\u00e9m atuou com pesquisa e desenvolvimento. Participou como desenvolvedor e consultor de diversos projetos relacionados \u00e0 jogos digitais e computa\u00e7\u00e3o gr\u00e1fica. Integrou o projeto Aladim, na UFMG, voltado para a cria\u00e7\u00e3o de jogos para alfabetiza\u00e7\u00e3o e letramento de crian\u00e7as.<\/span><\/p><\/div>\n\t\t\t\t<\/div>\n\t\t\t\t\t\t\t\t<\/div>\n\t\t\t\t\t\t<\/div>\n\t\t\t\t<\/div>\n\t\t\t\t\t<\/div>\n\t\t<\/div>\n\t\t\t\t\t<\/div>\n\t\t<\/section>\n\t\t\t\t<section class=\"elementor-section elementor-inner-section elementor-element elementor-element-f95e681 elementor-section-full_width elementor-section-height-default elementor-section-height-default\" data-id=\"f95e681\" data-element_type=\"section\" data-e-type=\"section\">\n\t\t\t\t\t\t<div class=\"elementor-container elementor-column-gap-default\">\n\t\t\t\t\t<div class=\"aux-parallax-section elementor-column elementor-col-100 elementor-inner-column elementor-element elementor-element-0bf3d72\" data-id=\"0bf3d72\" data-element_type=\"column\" data-e-type=\"column\">\n\t\t\t<div class=\"elementor-widget-wrap elementor-element-populated\">\n\t\t\t\t\t\t<div class=\"elementor-element elementor-element-bf7e7e9 elementor-widget elementor-widget-aux_divider\" data-id=\"bf7e7e9\" data-element_type=\"widget\" data-e-type=\"widget\" data-widget_type=\"aux_divider.default\">\n\t\t\t\t<div class=\"elementor-widget-container\">\n\t\t\t\t\t<hr class=\"aux-divider-center\" >\t\t\t\t<\/div>\n\t\t\t\t<\/div>\n\t\t\t\t\t<\/div>\n\t\t<\/div>\n\t\t\t\t\t<\/div>\n\t\t<\/section>\n\t\t\t\t\t<\/div>\n\t\t<\/div>\n\t\t\t\t\t<\/div>\n\t\t<\/section>\n\t\t\t\t<section class=\"elementor-section elementor-top-section elementor-element elementor-element-b42bdce elementor-section-boxed elementor-section-height-default elementor-section-height-default\" data-id=\"b42bdce\" data-element_type=\"section\" data-e-type=\"section\" data-settings=\"{&quot;background_background&quot;:&quot;classic&quot;}\">\n\t\t\t\t\t\t\t<div class=\"elementor-background-overlay\"><\/div>\n\t\t\t\t\t\t\t<div class=\"elementor-container elementor-column-gap-default\">\n\t\t\t\t\t<div class=\"aux-parallax-section elementor-column elementor-col-100 elementor-top-column elementor-element elementor-element-d4c4a9d\" data-id=\"d4c4a9d\" data-element_type=\"column\" data-e-type=\"column\">\n\t\t\t<div class=\"elementor-widget-wrap elementor-element-populated\">\n\t\t\t\t\t\t<section class=\"elementor-section elementor-inner-section elementor-element elementor-element-8e3fdfd elementor-section-full_width elementor-section-height-default elementor-section-height-default\" data-id=\"8e3fdfd\" data-element_type=\"section\" data-e-type=\"section\">\n\t\t\t\t\t\t<div class=\"elementor-container elementor-column-gap-default\">\n\t\t\t\t\t<div class=\"aux-parallax-section elementor-column elementor-col-100 elementor-inner-column elementor-element elementor-element-57d1301\" data-id=\"57d1301\" data-element_type=\"column\" data-e-type=\"column\">\n\t\t\t<div class=\"elementor-widget-wrap elementor-element-populated\">\n\t\t\t\t\t\t<div class=\"elementor-element elementor-element-14a01d9 elementor-widget__width-initial elementor-widget elementor-widget-heading\" data-id=\"14a01d9\" data-element_type=\"widget\" data-e-type=\"widget\" data-widget_type=\"heading.default\">\n\t\t\t\t<div class=\"elementor-widget-container\">\n\t\t\t\t\t<h2 class=\"elementor-heading-title elementor-size-default\">Introdu\u00e7\u00e3o ao document\u00e1rio<\/h2>\t\t\t\t<\/div>\n\t\t\t\t<\/div>\n\t\t\t\t\t<\/div>\n\t\t<\/div>\n\t\t\t\t\t<\/div>\n\t\t<\/section>\n\t\t\t\t<section class=\"elementor-section elementor-inner-section elementor-element elementor-element-d61bf52 elementor-section-full_width elementor-section-height-default elementor-section-height-default\" data-id=\"d61bf52\" data-element_type=\"section\" data-e-type=\"section\">\n\t\t\t\t\t\t<div class=\"elementor-container elementor-column-gap-default\">\n\t\t\t\t\t<div class=\"aux-parallax-section elementor-column elementor-col-50 elementor-inner-column elementor-element elementor-element-a97fe6d\" data-id=\"a97fe6d\" data-element_type=\"column\" data-e-type=\"column\">\n\t\t\t<div class=\"elementor-widget-wrap elementor-element-populated\">\n\t\t\t\t\t\t<div class=\"elementor-element elementor-element-8e121fe elementor-widget__width-inherit elementor-widget elementor-widget-text-editor\" data-id=\"8e121fe\" data-element_type=\"widget\" data-e-type=\"widget\" data-widget_type=\"text-editor.default\">\n\t\t\t\t<div class=\"elementor-widget-container\">\n\t\t\t\t\t\t\t\t\t<p><span style=\"font-weight: 400;\">O mundo ao seu redor est\u00e1 cheio de hist\u00f3rias esperando para serem contadas. <br \/>Que tal aprender a transform\u00e1-las em um filme? Nesta oficina, os participantes ser\u00e3o introduzidos ao universo do document\u00e1rio, com aulas pr\u00e1ticas referentes as etapas que envolvem realizar um filme documental: pesquisa, projeto e roteiro, pr\u00e9-produ\u00e7\u00e3o: da ideia inicial ao planejamento da log\u00edstica, equipe e or\u00e7amento, produ\u00e7\u00e3o e filmagem: t\u00e9cnicas de capta\u00e7\u00e3o de imagem e som, p\u00f3s-produ\u00e7\u00e3o: introdu\u00e7\u00e3o \u00e0\u00a0 montagem final e finaliza\u00e7\u00e3o.\u00a0<\/span><\/p><p><span style=\"font-weight: 400;\">A oficina incentiva a produ\u00e7\u00e3o de um curta documental, como resultados das aulas pr\u00e1ticas.<\/span><\/p><p><span style=\"font-weight: 400;\">Inscreva-se e descubra o poder de documentar a realidade e contar hist\u00f3rias!<\/span><\/p>\t\t\t\t\t\t\t\t<\/div>\n\t\t\t\t<\/div>\n\t\t\t\t<div class=\"elementor-element elementor-element-cfd91dd elementor-widget__width-inherit elementor-widget elementor-widget-text-editor\" data-id=\"cfd91dd\" data-element_type=\"widget\" data-e-type=\"widget\" data-widget_type=\"text-editor.default\">\n\t\t\t\t<div class=\"elementor-widget-container\">\n\t\t\t\t\t\t\t\t\t<p><b>P\u00fablico Alvo: <\/b><span style=\"font-weight: 400;\">Profissionais e iniciantes do audiovisual, cineastas, roteiristas, escritores, diretores, assistentes de dire\u00e7\u00e3o, escritores, jornalistas,\u00a0 criadores de conte\u00fados, influencer,\u00a0 videomakers,\u00a0 publicit\u00e1rios, atrizes, atores, produtores culturais, professores, historiadores, soci\u00f3logos,\u00a0 estudantes, amantes da s\u00e9tima arte.\u00a0 <\/span><b>A partir dos 18 anos<\/b><\/p>\t\t\t\t\t\t\t\t<\/div>\n\t\t\t\t<\/div>\n\t\t\t\t<div class=\"elementor-element elementor-element-29397cd elementor-widget__width-inherit elementor-widget elementor-widget-text-editor\" data-id=\"29397cd\" data-element_type=\"widget\" data-e-type=\"widget\" data-widget_type=\"text-editor.default\">\n\t\t\t\t<div class=\"elementor-widget-container\">\n\t\t\t\t\t\t\t\t\t<p><b>Data<\/b><span style=\"font-weight: 400;\">: 29 (quarta), 30 (quinta) e 31 (sexta) de outubro\u00a0<br \/><\/span><b>Hor\u00e1rio<\/b><span style=\"font-weight: 400;\">: 14h \u00e0s 16h<br \/><\/span><b>Loca<\/b><span style=\"font-weight: 400;\">l: IT Filmes (R. Rio Paraopeba, 95 &#8211; Laranjeiras, Betim &#8211; MG, 32676<\/span><span style=\"font-weight: 400;\">-276)<\/span><\/p>\t\t\t\t\t\t\t\t<\/div>\n\t\t\t\t<\/div>\n\t\t\t\t<div class=\"elementor-element elementor-element-ed600a1 elementor-widget__width-inherit elementor-widget elementor-widget-text-editor\" data-id=\"ed600a1\" data-element_type=\"widget\" data-e-type=\"widget\" data-widget_type=\"text-editor.default\">\n\t\t\t\t<div class=\"elementor-widget-container\">\n\t\t\t\t\t\t\t\t\t<p><span style=\"font-weight: 400;\">Gratuito. Vagas limitadas.<\/span><\/p>\t\t\t\t\t\t\t\t<\/div>\n\t\t\t\t<\/div>\n\t\t\t\t\t<\/div>\n\t\t<\/div>\n\t\t\t\t<div class=\"aux-parallax-section elementor-column elementor-col-50 elementor-inner-column elementor-element elementor-element-d80a1e6\" data-id=\"d80a1e6\" data-element_type=\"column\" data-e-type=\"column\">\n\t\t\t<div class=\"elementor-widget-wrap elementor-element-populated\">\n\t\t\t\t\t\t<div class=\"elementor-element elementor-element-074e37c elementor-widget elementor-widget-image\" data-id=\"074e37c\" data-element_type=\"widget\" data-e-type=\"widget\" data-widget_type=\"image.default\">\n\t\t\t\t<div class=\"elementor-widget-container\">\n\t\t\t\t\t\t\t\t\t\t\t\t\t\t\t<img loading=\"lazy\" decoding=\"async\" width=\"1024\" height=\"1024\" src=\"https:\/\/itfilmes.com.br\/mostrabetim\/wp-content\/uploads\/sites\/5\/2025\/10\/Fred-Tonucci_-1024x1024.jpg\" class=\"attachment-large size-large wp-image-4866\" alt=\"Fred Tonucci\" srcset=\"https:\/\/itfilmes.com.br\/mostrabetim\/wp-content\/uploads\/sites\/5\/2025\/10\/Fred-Tonucci_-1024x1024.jpg 1024w, https:\/\/itfilmes.com.br\/mostrabetim\/wp-content\/uploads\/sites\/5\/2025\/10\/Fred-Tonucci_-300x300.jpg 300w, https:\/\/itfilmes.com.br\/mostrabetim\/wp-content\/uploads\/sites\/5\/2025\/10\/Fred-Tonucci_-150x150.jpg 150w, https:\/\/itfilmes.com.br\/mostrabetim\/wp-content\/uploads\/sites\/5\/2025\/10\/Fred-Tonucci_-768x768.jpg 768w, https:\/\/itfilmes.com.br\/mostrabetim\/wp-content\/uploads\/sites\/5\/2025\/10\/Fred-Tonucci_-200x200.jpg 200w, https:\/\/itfilmes.com.br\/mostrabetim\/wp-content\/uploads\/sites\/5\/2025\/10\/Fred-Tonucci_.jpg 1080w\" sizes=\"(max-width: 1024px) 100vw, 1024px\" \/>\t\t\t\t\t\t\t\t\t\t\t\t\t\t\t<\/div>\n\t\t\t\t<\/div>\n\t\t\t\t<div class=\"elementor-element elementor-element-3805c54 elementor-widget elementor-widget-toggle\" data-id=\"3805c54\" data-element_type=\"widget\" data-e-type=\"widget\" data-widget_type=\"toggle.default\">\n\t\t\t\t<div class=\"elementor-widget-container\">\n\t\t\t\t\t\t\t<div class=\"elementor-toggle\">\n\t\t\t\t\t\t\t<div class=\"elementor-toggle-item\">\n\t\t\t\t\t<div id=\"elementor-tab-title-5871\" class=\"elementor-tab-title\" data-tab=\"1\" role=\"button\" aria-controls=\"elementor-tab-content-5871\" aria-expanded=\"false\">\n\t\t\t\t\t\t\t\t\t\t\t\t<span class=\"elementor-toggle-icon elementor-toggle-icon-left\" aria-hidden=\"true\">\n\t\t\t\t\t\t\t\t\t\t\t\t\t\t\t<span class=\"elementor-toggle-icon-closed\"><i class=\"auxicon auxicon-plus\"><\/i><\/span>\n\t\t\t\t\t\t\t\t<span class=\"elementor-toggle-icon-opened\"><i class=\"elementor-toggle-icon-opened auxicon auxicon-dash\"><\/i><\/span>\n\t\t\t\t\t\t\t\t\t\t\t\t\t<\/span>\n\t\t\t\t\t\t\t\t\t\t\t\t<a class=\"elementor-toggle-title\" tabindex=\"0\">Ministrante: <b>Fred Tonucci<\/b><\/a>\n\t\t\t\t\t<\/div>\n\n\t\t\t\t\t<div id=\"elementor-tab-content-5871\" class=\"elementor-tab-content elementor-clearfix\" data-tab=\"1\" role=\"region\" aria-labelledby=\"elementor-tab-title-5871\"><p><span style=\"font-weight: 400;\"><strong>Fred Tonucci<\/strong> \u00e9 formado em jornalismo pelo Centro Universit\u00e1rio de Belo Horizonte. Iniciou sua carreira audiovisual na Rede Minas de Televis\u00e3o. Na TV Justi\u00e7a, foi diretor na s\u00e9rie documental \u201cJusti\u00e7a Seja Feita\u201d (18 epis\u00f3dios), produzida pela Aldeia Produ\u00e7\u00f5es. Em parceria com o artista pl\u00e1stico Carlos Bracher, dirigiu a trilogia documental \u201cNos Passos de Aleijadinho, Minas seu Nome \u00e9 Liberdade\u201d e a \u201cS\u00e9rie BH\u201d.<\/span><\/p><\/div>\n\t\t\t\t<\/div>\n\t\t\t\t\t\t\t\t<\/div>\n\t\t\t\t\t\t<\/div>\n\t\t\t\t<\/div>\n\t\t\t\t\t<\/div>\n\t\t<\/div>\n\t\t\t\t\t<\/div>\n\t\t<\/section>\n\t\t\t\t<section class=\"elementor-section elementor-inner-section elementor-element elementor-element-06138f4 elementor-section-full_width elementor-section-height-default elementor-section-height-default\" data-id=\"06138f4\" data-element_type=\"section\" data-e-type=\"section\">\n\t\t\t\t\t\t<div class=\"elementor-container elementor-column-gap-default\">\n\t\t\t\t\t<div class=\"aux-parallax-section elementor-column elementor-col-100 elementor-inner-column elementor-element elementor-element-478f807\" data-id=\"478f807\" data-element_type=\"column\" data-e-type=\"column\">\n\t\t\t<div class=\"elementor-widget-wrap elementor-element-populated\">\n\t\t\t\t\t\t<div class=\"elementor-element elementor-element-2a6656d elementor-widget elementor-widget-aux_divider\" data-id=\"2a6656d\" data-element_type=\"widget\" data-e-type=\"widget\" data-widget_type=\"aux_divider.default\">\n\t\t\t\t<div class=\"elementor-widget-container\">\n\t\t\t\t\t<hr class=\"aux-divider-center\" >\t\t\t\t<\/div>\n\t\t\t\t<\/div>\n\t\t\t\t\t<\/div>\n\t\t<\/div>\n\t\t\t\t\t<\/div>\n\t\t<\/section>\n\t\t\t\t\t<\/div>\n\t\t<\/div>\n\t\t\t\t\t<\/div>\n\t\t<\/section>\n\t\t\t\t<section class=\"elementor-section elementor-top-section elementor-element elementor-element-466e6ee elementor-section-boxed elementor-section-height-default elementor-section-height-default\" data-id=\"466e6ee\" data-element_type=\"section\" data-e-type=\"section\" data-settings=\"{&quot;background_background&quot;:&quot;classic&quot;}\">\n\t\t\t\t\t\t\t<div class=\"elementor-background-overlay\"><\/div>\n\t\t\t\t\t\t\t<div class=\"elementor-container elementor-column-gap-default\">\n\t\t\t\t\t<div class=\"aux-parallax-section elementor-column elementor-col-100 elementor-top-column elementor-element elementor-element-62a9748\" data-id=\"62a9748\" data-element_type=\"column\" data-e-type=\"column\">\n\t\t\t<div class=\"elementor-widget-wrap elementor-element-populated\">\n\t\t\t\t\t\t<section class=\"elementor-section elementor-inner-section elementor-element elementor-element-6a744c9 elementor-section-full_width elementor-section-height-default elementor-section-height-default\" data-id=\"6a744c9\" data-element_type=\"section\" data-e-type=\"section\">\n\t\t\t\t\t\t<div class=\"elementor-container elementor-column-gap-default\">\n\t\t\t\t\t<div class=\"aux-parallax-section elementor-column elementor-col-100 elementor-inner-column elementor-element elementor-element-dc2611a\" data-id=\"dc2611a\" data-element_type=\"column\" data-e-type=\"column\">\n\t\t\t<div class=\"elementor-widget-wrap elementor-element-populated\">\n\t\t\t\t\t\t<div class=\"elementor-element elementor-element-49f5e7f elementor-widget__width-initial elementor-widget elementor-widget-heading\" data-id=\"49f5e7f\" data-element_type=\"widget\" data-e-type=\"widget\" data-widget_type=\"heading.default\">\n\t\t\t\t<div class=\"elementor-widget-container\">\n\t\t\t\t\t<h2 class=\"elementor-heading-title elementor-size-default\">Planejamento, elabora\u00e7\u00e3o e mecanismos de financiamento para audiovisual <\/h2>\t\t\t\t<\/div>\n\t\t\t\t<\/div>\n\t\t\t\t\t<\/div>\n\t\t<\/div>\n\t\t\t\t\t<\/div>\n\t\t<\/section>\n\t\t\t\t<section class=\"elementor-section elementor-inner-section elementor-element elementor-element-1109270 elementor-section-full_width elementor-section-height-default elementor-section-height-default\" data-id=\"1109270\" data-element_type=\"section\" data-e-type=\"section\">\n\t\t\t\t\t\t<div class=\"elementor-container elementor-column-gap-default\">\n\t\t\t\t\t<div class=\"aux-parallax-section elementor-column elementor-col-50 elementor-inner-column elementor-element elementor-element-cf62912\" data-id=\"cf62912\" data-element_type=\"column\" data-e-type=\"column\">\n\t\t\t<div class=\"elementor-widget-wrap elementor-element-populated\">\n\t\t\t\t\t\t<div class=\"elementor-element elementor-element-48d7252 elementor-widget__width-inherit elementor-widget elementor-widget-text-editor\" data-id=\"48d7252\" data-element_type=\"widget\" data-e-type=\"widget\" data-widget_type=\"text-editor.default\">\n\t\t\t\t<div class=\"elementor-widget-container\">\n\t\t\t\t\t\t\t\t\t<p>Voc\u00ea tem uma grande ideia para um filme ou s\u00e9rie, mas n\u00e3o sabe por onde come\u00e7ar? Essa oficina \u00e9 o seu ponto de partida. Vamos desvendar juntos o ciclo de vida de um projeto audiovisual.<\/p><p>Com foco em profissionais e iniciantes que pretendem desenvolver seus pr\u00f3prios projetos audiovisuais, adquirir conhecimento e criar networking, a ementa engloba do planejamento aos caminhos pr\u00e1ticos para elaborar e financiar sua obra.<\/p><p>Al\u00e9m de acumular conhecimentos necess\u00e1rios para come\u00e7ar profissionalmente seu projeto audiovisual, os interessados poder\u00e3o ser selecionados para uma mentoria exclusiva no CIRCULABIT &#8211; incubadora de projetos audiovisuais ligados \u00e0 produtora It Filmes.<\/p><p>Venha aprender a estruturar seu projeto e come\u00e7ar a coloc\u00e1-lo em pr\u00e1tica.<\/p>\t\t\t\t\t\t\t\t<\/div>\n\t\t\t\t<\/div>\n\t\t\t\t<div class=\"elementor-element elementor-element-b659206 elementor-widget__width-inherit elementor-widget elementor-widget-text-editor\" data-id=\"b659206\" data-element_type=\"widget\" data-e-type=\"widget\" data-widget_type=\"text-editor.default\">\n\t\t\t\t<div class=\"elementor-widget-container\">\n\t\t\t\t\t\t\t\t\t<p><b>P\u00fablico Alvo:<\/b><span style=\"font-weight: 400;\"> Profissionais e iniciantes do audiovisual, cineastas, roteiristas, escritores, diretores, assistentes de dire\u00e7\u00e3o, jornalistas,\u00a0 criadores de conte\u00fados, influencer,\u00a0 videomakers,\u00a0 publicit\u00e1rios, atrizes, atores, produtores culturais, professores, historiadores, soci\u00f3logos,\u00a0 estudantes, amantes da s\u00e9tima arte. <\/span><b>A partir dos 18 anos<\/b><\/p>\t\t\t\t\t\t\t\t<\/div>\n\t\t\t\t<\/div>\n\t\t\t\t<div class=\"elementor-element elementor-element-b99cbc8 elementor-widget__width-inherit elementor-widget elementor-widget-text-editor\" data-id=\"b99cbc8\" data-element_type=\"widget\" data-e-type=\"widget\" data-widget_type=\"text-editor.default\">\n\t\t\t\t<div class=\"elementor-widget-container\">\n\t\t\t\t\t\t\t\t\t<p><b>Data: <\/b><span style=\"font-weight: 400;\">29 (quarta-feira) e 30 (quinta-feira), 31 (sexta-feira) de outubro<br \/><\/span><b><\/b><b>Hor\u00e1rio: <\/b><span style=\"font-weight: 400;\">19h \u00e0s 21h<br \/><\/span><b>Local: <\/b><span style=\"font-weight: 400;\">Espa\u00e7o Mostra de Cinema de Betim <\/span><span style=\"font-weight: 400;\">(Monte Carmo Shopping<\/span><b> &#8211; <\/b><span style=\"font-weight: 400;\">Av. Juiz Marco T\u00falio Isaac, 1119 &#8211; Ing\u00e1 Alto, Betim &#8211; MG, 32604-345)<\/span><\/p>\t\t\t\t\t\t\t\t<\/div>\n\t\t\t\t<\/div>\n\t\t\t\t<div class=\"elementor-element elementor-element-fce115e elementor-widget__width-inherit elementor-widget elementor-widget-text-editor\" data-id=\"fce115e\" data-element_type=\"widget\" data-e-type=\"widget\" data-widget_type=\"text-editor.default\">\n\t\t\t\t<div class=\"elementor-widget-container\">\n\t\t\t\t\t\t\t\t\t<p><span style=\"font-weight: 400;\">Gratuito. Vagas limitadas.<\/span><\/p>\t\t\t\t\t\t\t\t<\/div>\n\t\t\t\t<\/div>\n\t\t\t\t\t<\/div>\n\t\t<\/div>\n\t\t\t\t<div class=\"aux-parallax-section elementor-column elementor-col-50 elementor-inner-column elementor-element elementor-element-ee7a29f\" data-id=\"ee7a29f\" data-element_type=\"column\" data-e-type=\"column\">\n\t\t\t<div class=\"elementor-widget-wrap elementor-element-populated\">\n\t\t\t\t\t\t<div class=\"elementor-element elementor-element-6e42a74 elementor-widget elementor-widget-image\" data-id=\"6e42a74\" data-element_type=\"widget\" data-e-type=\"widget\" data-widget_type=\"image.default\">\n\t\t\t\t<div class=\"elementor-widget-container\">\n\t\t\t\t\t\t\t\t\t\t\t\t\t\t\t<img loading=\"lazy\" decoding=\"async\" width=\"1024\" height=\"1024\" src=\"https:\/\/itfilmes.com.br\/mostrabetim\/wp-content\/uploads\/sites\/5\/2025\/10\/luiz-guimaraes-1024x1024.jpg\" class=\"attachment-large size-large wp-image-4849\" alt=\"Luiz Guimar\u00e3es\" srcset=\"https:\/\/itfilmes.com.br\/mostrabetim\/wp-content\/uploads\/sites\/5\/2025\/10\/luiz-guimaraes-1024x1024.jpg 1024w, https:\/\/itfilmes.com.br\/mostrabetim\/wp-content\/uploads\/sites\/5\/2025\/10\/luiz-guimaraes-300x300.jpg 300w, https:\/\/itfilmes.com.br\/mostrabetim\/wp-content\/uploads\/sites\/5\/2025\/10\/luiz-guimaraes-150x150.jpg 150w, https:\/\/itfilmes.com.br\/mostrabetim\/wp-content\/uploads\/sites\/5\/2025\/10\/luiz-guimaraes-768x768.jpg 768w\" sizes=\"(max-width: 1024px) 100vw, 1024px\" \/>\t\t\t\t\t\t\t\t\t\t\t\t\t\t\t<\/div>\n\t\t\t\t<\/div>\n\t\t\t\t<div class=\"elementor-element elementor-element-e298c74 elementor-widget elementor-widget-toggle\" data-id=\"e298c74\" data-element_type=\"widget\" data-e-type=\"widget\" data-widget_type=\"toggle.default\">\n\t\t\t\t<div class=\"elementor-widget-container\">\n\t\t\t\t\t\t\t<div class=\"elementor-toggle\">\n\t\t\t\t\t\t\t<div class=\"elementor-toggle-item\">\n\t\t\t\t\t<div id=\"elementor-tab-title-2371\" class=\"elementor-tab-title\" data-tab=\"1\" role=\"button\" aria-controls=\"elementor-tab-content-2371\" aria-expanded=\"false\">\n\t\t\t\t\t\t\t\t\t\t\t\t<span class=\"elementor-toggle-icon elementor-toggle-icon-left\" aria-hidden=\"true\">\n\t\t\t\t\t\t\t\t\t\t\t\t\t\t\t<span class=\"elementor-toggle-icon-closed\"><i class=\"auxicon auxicon-plus\"><\/i><\/span>\n\t\t\t\t\t\t\t\t<span class=\"elementor-toggle-icon-opened\"><i class=\"elementor-toggle-icon-opened auxicon auxicon-dash\"><\/i><\/span>\n\t\t\t\t\t\t\t\t\t\t\t\t\t<\/span>\n\t\t\t\t\t\t\t\t\t\t\t\t<a class=\"elementor-toggle-title\" tabindex=\"0\">Ministrante: <b>Luiz Guimar\u00e3es<\/b><\/a>\n\t\t\t\t\t<\/div>\n\n\t\t\t\t\t<div id=\"elementor-tab-content-2371\" class=\"elementor-tab-content elementor-clearfix\" data-tab=\"1\" role=\"region\" aria-labelledby=\"elementor-tab-title-2371\"><p><b>Luiz Guimar\u00e3es<\/b><span style=\"font-weight: 400;\"> \u00e9 s\u00f3cio fundador da empresa Casa Sete Produ\u00e7\u00e3o Audiovisual. Formado em Cinema e Audiovisual pelo Centro Universit\u00e1rio\u00a0 (UNA), ingressou na secretaria de Estado de Cultura e Turismo de Minas Gerais, onde atuou por 9 anos na diretoria de fomento cultural. Participou ativamente da comiss\u00e3o de an\u00e1lise do Estado de Minas Gerais, representando a \u00e1rea II &#8211; audiovisual, abrangendo cinema, v\u00eddeo, novas m\u00eddias e \u00e1reas afins. Durante esse per\u00edodo assumiu a presid\u00eancia da comiss\u00e3o por um mandato. Atualmente, atua no longa-metragem \u201cAlegria Brasil, estrelando Maria Alcina&#8221;, dirigido por Elizabete Martins Campos, no curta-metragem Ac\u00eddia, dirigido por F\u00e1bio Geraldo e na dire\u00e7\u00e3o do curta-metragem N\u00e9voas em fase de finaliza\u00e7\u00e3o.\u00a0<\/span><\/p><\/div>\n\t\t\t\t<\/div>\n\t\t\t\t\t\t\t\t<\/div>\n\t\t\t\t\t\t<\/div>\n\t\t\t\t<\/div>\n\t\t\t\t\t<\/div>\n\t\t<\/div>\n\t\t\t\t\t<\/div>\n\t\t<\/section>\n\t\t\t\t\t<\/div>\n\t\t<\/div>\n\t\t\t\t\t<\/div>\n\t\t<\/section>\n\t\t\t\t<\/div>\n\t\t","protected":false},"excerpt":{"rendered":"<p>Apostando no presente e investindo no futuro a Mostra oferece 10 OFICINAS DE CAPACITA\u00c7\u00c3O AUDIOVISUAL, com formatos pr\u00e1ticos e intensivos. Cada oficina \u00e9 uma porta de entrada para novas habilidades e um passo concreto para o desenvolvimento, com seis horas de dura\u00e7\u00e3o e 20 vagas dispon\u00edveis por turma.<\/p>\n","protected":false},"author":1,"featured_media":4617,"parent":0,"menu_order":0,"comment_status":"closed","ping_status":"closed","template":"templates\/page-builder-content.php","meta":{"_joinchat":[],"footnotes":""},"class_list":["post-4431","page","type-page","status-publish","has-post-thumbnail","hentry"],"yoast_head":"<!-- This site is optimized with the Yoast SEO plugin v27.4 - https:\/\/yoast.com\/product\/yoast-seo-wordpress\/ -->\n<title>Oficinas 2\u00aa Mostra de Cinema de Betim<\/title>\n<meta name=\"description\" content=\"Apostando no presente e investindo no futuro a Mostra oferece 10 OFICINAS DE CAPACITA\u00c7\u00c3O AUDIOVISUAL, com formatos pr\u00e1ticos e intensivos. Cada oficina \u00e9 uma porta de entrada para novas habilidades e um passo concreto para o desenvolvimento, com seis horas de dura\u00e7\u00e3o e 20 vagas dispon\u00edveis por turma.\" \/>\n<meta name=\"robots\" content=\"index, follow, max-snippet:-1, max-image-preview:large, max-video-preview:-1\" \/>\n<link rel=\"canonical\" href=\"https:\/\/itfilmes.com.br\/mostrabetim\/oficinas\/\" \/>\n<meta property=\"og:locale\" content=\"pt_BR\" \/>\n<meta property=\"og:type\" content=\"article\" \/>\n<meta property=\"og:title\" content=\"Oficinas 2\u00aa Mostra de Cinema de Betim\" \/>\n<meta property=\"og:description\" content=\"Apostando no presente e investindo no futuro a Mostra oferece 10 OFICINAS DE CAPACITA\u00c7\u00c3O AUDIOVISUAL, com formatos pr\u00e1ticos e intensivos. Cada oficina \u00e9 uma porta de entrada para novas habilidades e um passo concreto para o desenvolvimento, com seis horas de dura\u00e7\u00e3o e 20 vagas dispon\u00edveis por turma.\" \/>\n<meta property=\"og:url\" content=\"https:\/\/itfilmes.com.br\/mostrabetim\/oficinas\/\" \/>\n<meta property=\"og:site_name\" content=\"Mostra Betim\" \/>\n<meta property=\"article:publisher\" content=\"https:\/\/www.facebook.com\/profile.php?id=61556514621076\" \/>\n<meta property=\"article:modified_time\" content=\"2025-12-01T16:37:49+00:00\" \/>\n<meta property=\"og:image\" content=\"https:\/\/itfilmes.com.br\/mostrabetim\/wp-content\/uploads\/sites\/5\/2025\/10\/oficinas-2mb.jpg\" \/>\n\t<meta property=\"og:image:width\" content=\"1350\" \/>\n\t<meta property=\"og:image:height\" content=\"1350\" \/>\n\t<meta property=\"og:image:type\" content=\"image\/jpeg\" \/>\n<meta name=\"twitter:card\" content=\"summary_large_image\" \/>\n<script type=\"application\/ld+json\" class=\"yoast-schema-graph\">{\"@context\":\"https:\\\/\\\/schema.org\",\"@graph\":[{\"@type\":\"WebPage\",\"@id\":\"https:\\\/\\\/itfilmes.com.br\\\/mostrabetim\\\/oficinas\\\/\",\"url\":\"https:\\\/\\\/itfilmes.com.br\\\/mostrabetim\\\/oficinas\\\/\",\"name\":\"Oficinas 2\u00aa Mostra de Cinema de Betim\",\"isPartOf\":{\"@id\":\"https:\\\/\\\/itfilmes.com.br\\\/mostrabetim\\\/#website\"},\"primaryImageOfPage\":{\"@id\":\"https:\\\/\\\/itfilmes.com.br\\\/mostrabetim\\\/oficinas\\\/#primaryimage\"},\"image\":{\"@id\":\"https:\\\/\\\/itfilmes.com.br\\\/mostrabetim\\\/oficinas\\\/#primaryimage\"},\"thumbnailUrl\":\"https:\\\/\\\/itfilmes.com.br\\\/mostrabetim\\\/wp-content\\\/uploads\\\/sites\\\/5\\\/2025\\\/10\\\/oficinas-2mb.jpg\",\"datePublished\":\"2025-10-04T13:04:00+00:00\",\"dateModified\":\"2025-12-01T16:37:49+00:00\",\"description\":\"Apostando no presente e investindo no futuro a Mostra oferece 10 OFICINAS DE CAPACITA\u00c7\u00c3O AUDIOVISUAL, com formatos pr\u00e1ticos e intensivos. Cada oficina \u00e9 uma porta de entrada para novas habilidades e um passo concreto para o desenvolvimento, com seis horas de dura\u00e7\u00e3o e 20 vagas dispon\u00edveis por turma.\",\"breadcrumb\":{\"@id\":\"https:\\\/\\\/itfilmes.com.br\\\/mostrabetim\\\/oficinas\\\/#breadcrumb\"},\"inLanguage\":\"pt-BR\",\"potentialAction\":[{\"@type\":\"ReadAction\",\"target\":[\"https:\\\/\\\/itfilmes.com.br\\\/mostrabetim\\\/oficinas\\\/\"]}]},{\"@type\":\"ImageObject\",\"inLanguage\":\"pt-BR\",\"@id\":\"https:\\\/\\\/itfilmes.com.br\\\/mostrabetim\\\/oficinas\\\/#primaryimage\",\"url\":\"https:\\\/\\\/itfilmes.com.br\\\/mostrabetim\\\/wp-content\\\/uploads\\\/sites\\\/5\\\/2025\\\/10\\\/oficinas-2mb.jpg\",\"contentUrl\":\"https:\\\/\\\/itfilmes.com.br\\\/mostrabetim\\\/wp-content\\\/uploads\\\/sites\\\/5\\\/2025\\\/10\\\/oficinas-2mb.jpg\",\"width\":1350,\"height\":1350,\"caption\":\"Oficinas Mostra Betim\"},{\"@type\":\"BreadcrumbList\",\"@id\":\"https:\\\/\\\/itfilmes.com.br\\\/mostrabetim\\\/oficinas\\\/#breadcrumb\",\"itemListElement\":[{\"@type\":\"ListItem\",\"position\":1,\"name\":\"In\u00edcio\",\"item\":\"https:\\\/\\\/itfilmes.com.br\\\/mostrabetim\\\/\"},{\"@type\":\"ListItem\",\"position\":2,\"name\":\"Oficinas\"}]},{\"@type\":\"WebSite\",\"@id\":\"https:\\\/\\\/itfilmes.com.br\\\/mostrabetim\\\/#website\",\"url\":\"https:\\\/\\\/itfilmes.com.br\\\/mostrabetim\\\/\",\"name\":\"2\u00aa Mostra Betim - IT Filmes\",\"description\":\"Cinema pra todos\",\"publisher\":{\"@id\":\"https:\\\/\\\/itfilmes.com.br\\\/mostrabetim\\\/#organization\"},\"alternateName\":\"2\u00aa Mostra Betim - IT Filmes\",\"potentialAction\":[{\"@type\":\"SearchAction\",\"target\":{\"@type\":\"EntryPoint\",\"urlTemplate\":\"https:\\\/\\\/itfilmes.com.br\\\/mostrabetim\\\/?s={search_term_string}\"},\"query-input\":{\"@type\":\"PropertyValueSpecification\",\"valueRequired\":true,\"valueName\":\"search_term_string\"}}],\"inLanguage\":\"pt-BR\"},{\"@type\":\"Organization\",\"@id\":\"https:\\\/\\\/itfilmes.com.br\\\/mostrabetim\\\/#organization\",\"name\":\"Mostra Betim - IT Filmes\",\"url\":\"https:\\\/\\\/itfilmes.com.br\\\/mostrabetim\\\/\",\"logo\":{\"@type\":\"ImageObject\",\"inLanguage\":\"pt-BR\",\"@id\":\"https:\\\/\\\/itfilmes.com.br\\\/mostrabetim\\\/#\\\/schema\\\/logo\\\/image\\\/\",\"url\":\"https:\\\/\\\/itfilmes.com.br\\\/mostrabetim\\\/wp-content\\\/uploads\\\/sites\\\/5\\\/2020\\\/05\\\/II-mb@3x.png\",\"contentUrl\":\"https:\\\/\\\/itfilmes.com.br\\\/mostrabetim\\\/wp-content\\\/uploads\\\/sites\\\/5\\\/2020\\\/05\\\/II-mb@3x.png\",\"width\":1078,\"height\":303,\"caption\":\"Mostra Betim - IT Filmes\"},\"image\":{\"@id\":\"https:\\\/\\\/itfilmes.com.br\\\/mostrabetim\\\/#\\\/schema\\\/logo\\\/image\\\/\"},\"sameAs\":[\"https:\\\/\\\/www.facebook.com\\\/profile.php?id=61556514621076\",\"https:\\\/\\\/www.instagram.com\\\/mostradecinemadebetim\\\/\",\"https:\\\/\\\/www.youtube.com\\\/@MidiasMostraBetim\"]}]}<\/script>\n<!-- \/ Yoast SEO plugin. -->","yoast_head_json":{"title":"Oficinas 2\u00aa Mostra de Cinema de Betim","description":"Apostando no presente e investindo no futuro a Mostra oferece 10 OFICINAS DE CAPACITA\u00c7\u00c3O AUDIOVISUAL, com formatos pr\u00e1ticos e intensivos. Cada oficina \u00e9 uma porta de entrada para novas habilidades e um passo concreto para o desenvolvimento, com seis horas de dura\u00e7\u00e3o e 20 vagas dispon\u00edveis por turma.","robots":{"index":"index","follow":"follow","max-snippet":"max-snippet:-1","max-image-preview":"max-image-preview:large","max-video-preview":"max-video-preview:-1"},"canonical":"https:\/\/itfilmes.com.br\/mostrabetim\/oficinas\/","og_locale":"pt_BR","og_type":"article","og_title":"Oficinas 2\u00aa Mostra de Cinema de Betim","og_description":"Apostando no presente e investindo no futuro a Mostra oferece 10 OFICINAS DE CAPACITA\u00c7\u00c3O AUDIOVISUAL, com formatos pr\u00e1ticos e intensivos. Cada oficina \u00e9 uma porta de entrada para novas habilidades e um passo concreto para o desenvolvimento, com seis horas de dura\u00e7\u00e3o e 20 vagas dispon\u00edveis por turma.","og_url":"https:\/\/itfilmes.com.br\/mostrabetim\/oficinas\/","og_site_name":"Mostra Betim","article_publisher":"https:\/\/www.facebook.com\/profile.php?id=61556514621076","article_modified_time":"2025-12-01T16:37:49+00:00","og_image":[{"width":1350,"height":1350,"url":"https:\/\/itfilmes.com.br\/mostrabetim\/wp-content\/uploads\/sites\/5\/2025\/10\/oficinas-2mb.jpg","type":"image\/jpeg"}],"twitter_card":"summary_large_image","schema":{"@context":"https:\/\/schema.org","@graph":[{"@type":"WebPage","@id":"https:\/\/itfilmes.com.br\/mostrabetim\/oficinas\/","url":"https:\/\/itfilmes.com.br\/mostrabetim\/oficinas\/","name":"Oficinas 2\u00aa Mostra de Cinema de Betim","isPartOf":{"@id":"https:\/\/itfilmes.com.br\/mostrabetim\/#website"},"primaryImageOfPage":{"@id":"https:\/\/itfilmes.com.br\/mostrabetim\/oficinas\/#primaryimage"},"image":{"@id":"https:\/\/itfilmes.com.br\/mostrabetim\/oficinas\/#primaryimage"},"thumbnailUrl":"https:\/\/itfilmes.com.br\/mostrabetim\/wp-content\/uploads\/sites\/5\/2025\/10\/oficinas-2mb.jpg","datePublished":"2025-10-04T13:04:00+00:00","dateModified":"2025-12-01T16:37:49+00:00","description":"Apostando no presente e investindo no futuro a Mostra oferece 10 OFICINAS DE CAPACITA\u00c7\u00c3O AUDIOVISUAL, com formatos pr\u00e1ticos e intensivos. Cada oficina \u00e9 uma porta de entrada para novas habilidades e um passo concreto para o desenvolvimento, com seis horas de dura\u00e7\u00e3o e 20 vagas dispon\u00edveis por turma.","breadcrumb":{"@id":"https:\/\/itfilmes.com.br\/mostrabetim\/oficinas\/#breadcrumb"},"inLanguage":"pt-BR","potentialAction":[{"@type":"ReadAction","target":["https:\/\/itfilmes.com.br\/mostrabetim\/oficinas\/"]}]},{"@type":"ImageObject","inLanguage":"pt-BR","@id":"https:\/\/itfilmes.com.br\/mostrabetim\/oficinas\/#primaryimage","url":"https:\/\/itfilmes.com.br\/mostrabetim\/wp-content\/uploads\/sites\/5\/2025\/10\/oficinas-2mb.jpg","contentUrl":"https:\/\/itfilmes.com.br\/mostrabetim\/wp-content\/uploads\/sites\/5\/2025\/10\/oficinas-2mb.jpg","width":1350,"height":1350,"caption":"Oficinas Mostra Betim"},{"@type":"BreadcrumbList","@id":"https:\/\/itfilmes.com.br\/mostrabetim\/oficinas\/#breadcrumb","itemListElement":[{"@type":"ListItem","position":1,"name":"In\u00edcio","item":"https:\/\/itfilmes.com.br\/mostrabetim\/"},{"@type":"ListItem","position":2,"name":"Oficinas"}]},{"@type":"WebSite","@id":"https:\/\/itfilmes.com.br\/mostrabetim\/#website","url":"https:\/\/itfilmes.com.br\/mostrabetim\/","name":"2\u00aa Mostra Betim - IT Filmes","description":"Cinema pra todos","publisher":{"@id":"https:\/\/itfilmes.com.br\/mostrabetim\/#organization"},"alternateName":"2\u00aa Mostra Betim - IT Filmes","potentialAction":[{"@type":"SearchAction","target":{"@type":"EntryPoint","urlTemplate":"https:\/\/itfilmes.com.br\/mostrabetim\/?s={search_term_string}"},"query-input":{"@type":"PropertyValueSpecification","valueRequired":true,"valueName":"search_term_string"}}],"inLanguage":"pt-BR"},{"@type":"Organization","@id":"https:\/\/itfilmes.com.br\/mostrabetim\/#organization","name":"Mostra Betim - IT Filmes","url":"https:\/\/itfilmes.com.br\/mostrabetim\/","logo":{"@type":"ImageObject","inLanguage":"pt-BR","@id":"https:\/\/itfilmes.com.br\/mostrabetim\/#\/schema\/logo\/image\/","url":"https:\/\/itfilmes.com.br\/mostrabetim\/wp-content\/uploads\/sites\/5\/2020\/05\/II-mb@3x.png","contentUrl":"https:\/\/itfilmes.com.br\/mostrabetim\/wp-content\/uploads\/sites\/5\/2020\/05\/II-mb@3x.png","width":1078,"height":303,"caption":"Mostra Betim - IT Filmes"},"image":{"@id":"https:\/\/itfilmes.com.br\/mostrabetim\/#\/schema\/logo\/image\/"},"sameAs":["https:\/\/www.facebook.com\/profile.php?id=61556514621076","https:\/\/www.instagram.com\/mostradecinemadebetim\/","https:\/\/www.youtube.com\/@MidiasMostraBetim"]}]}},"_links":{"self":[{"href":"https:\/\/itfilmes.com.br\/mostrabetim\/wp-json\/wp\/v2\/pages\/4431","targetHints":{"allow":["GET"]}}],"collection":[{"href":"https:\/\/itfilmes.com.br\/mostrabetim\/wp-json\/wp\/v2\/pages"}],"about":[{"href":"https:\/\/itfilmes.com.br\/mostrabetim\/wp-json\/wp\/v2\/types\/page"}],"author":[{"embeddable":true,"href":"https:\/\/itfilmes.com.br\/mostrabetim\/wp-json\/wp\/v2\/users\/1"}],"replies":[{"embeddable":true,"href":"https:\/\/itfilmes.com.br\/mostrabetim\/wp-json\/wp\/v2\/comments?post=4431"}],"version-history":[{"count":341,"href":"https:\/\/itfilmes.com.br\/mostrabetim\/wp-json\/wp\/v2\/pages\/4431\/revisions"}],"predecessor-version":[{"id":7651,"href":"https:\/\/itfilmes.com.br\/mostrabetim\/wp-json\/wp\/v2\/pages\/4431\/revisions\/7651"}],"wp:featuredmedia":[{"embeddable":true,"href":"https:\/\/itfilmes.com.br\/mostrabetim\/wp-json\/wp\/v2\/media\/4617"}],"wp:attachment":[{"href":"https:\/\/itfilmes.com.br\/mostrabetim\/wp-json\/wp\/v2\/media?parent=4431"}],"curies":[{"name":"wp","href":"https:\/\/api.w.org\/{rel}","templated":true}]}}