{"id":5234,"date":"2025-11-19T07:58:30","date_gmt":"2025-11-19T10:58:30","guid":{"rendered":"https:\/\/itfilmes.com.br\/mostrabetim\/?page_id=5234"},"modified":"2026-01-21T08:32:31","modified_gmt":"2026-01-21T11:32:31","slug":"resultados","status":"publish","type":"page","link":"https:\/\/itfilmes.com.br\/mostrabetim\/resultados\/","title":{"rendered":"Resultados"},"content":{"rendered":"\t\t<div data-elementor-type=\"wp-page\" data-elementor-id=\"5234\" class=\"elementor elementor-5234\">\n\t\t\t\t\t\t<section class=\"elementor-section elementor-top-section elementor-element elementor-element-435d327 elementor-section-full_width elementor-section-height-default elementor-section-height-default\" data-id=\"435d327\" data-element_type=\"section\" data-e-type=\"section\" data-settings=\"{&quot;background_background&quot;:&quot;classic&quot;}\">\n\t\t\t\t\t\t\t<div class=\"elementor-background-overlay\"><\/div>\n\t\t\t\t\t\t\t<div class=\"elementor-container elementor-column-gap-default\">\n\t\t\t\t\t<div class=\"aux-parallax-section elementor-column elementor-col-100 elementor-top-column elementor-element elementor-element-303fc88\" data-id=\"303fc88\" data-element_type=\"column\" data-e-type=\"column\" data-settings=\"{&quot;background_background&quot;:&quot;classic&quot;}\">\n\t\t\t<div class=\"elementor-widget-wrap elementor-element-populated\">\n\t\t\t\t\t<div class=\"elementor-background-overlay\"><\/div>\n\t\t\t\t\t\t<section class=\"elementor-section elementor-inner-section elementor-element elementor-element-cc8f218 elementor-section-boxed elementor-section-height-default elementor-section-height-default\" data-id=\"cc8f218\" data-element_type=\"section\" data-e-type=\"section\">\n\t\t\t\t\t\t<div class=\"elementor-container elementor-column-gap-default\">\n\t\t\t\t\t<div class=\"aux-parallax-section elementor-column elementor-col-50 elementor-inner-column elementor-element elementor-element-02c0b57\" data-id=\"02c0b57\" data-element_type=\"column\" data-e-type=\"column\">\n\t\t\t<div class=\"elementor-widget-wrap elementor-element-populated\">\n\t\t\t\t\t\t<section class=\"elementor-section elementor-inner-section elementor-element elementor-element-1c64dfa elementor-section-boxed elementor-section-height-default elementor-section-height-default\" data-id=\"1c64dfa\" data-element_type=\"section\" data-e-type=\"section\" data-settings=\"{&quot;background_background&quot;:&quot;classic&quot;}\">\n\t\t\t\t\t\t<div class=\"elementor-container elementor-column-gap-default\">\n\t\t\t\t\t<div class=\"aux-parallax-section elementor-column elementor-col-100 elementor-inner-column elementor-element elementor-element-c040a6f\" data-id=\"c040a6f\" data-element_type=\"column\" data-e-type=\"column\" data-settings=\"{&quot;background_background&quot;:&quot;classic&quot;}\">\n\t\t\t<div class=\"elementor-widget-wrap elementor-element-populated\">\n\t\t\t\t\t\t<div class=\"elementor-element elementor-element-9ae6837 aux-appear-watch-animation aux-fade-in-left elementor-widget elementor-widget-heading\" data-id=\"9ae6837\" data-element_type=\"widget\" data-e-type=\"widget\" data-widget_type=\"heading.default\">\n\t\t\t\t<div class=\"elementor-widget-container\">\n\t\t\t\t\t<h2 class=\"elementor-heading-title elementor-size-default\">2\u00aa Mostra de Cinema<br>de Betim<\/h2>\t\t\t\t<\/div>\n\t\t\t\t<\/div>\n\t\t\t\t<div class=\"elementor-element elementor-element-384f4e8 aux-appear-watch-animation aux-fade-in-right-1 elementor-widget elementor-widget-text-editor\" data-id=\"384f4e8\" data-element_type=\"widget\" data-e-type=\"widget\" data-widget_type=\"text-editor.default\">\n\t\t\t\t<div class=\"elementor-widget-container\">\n\t\t\t\t\t\t\t\t\t<p><span style=\"font-weight: 400;\">Cinema Brasileiro expandido. <br \/>Impactos al\u00e9m da tela.<\/span><\/p>\t\t\t\t\t\t\t\t<\/div>\n\t\t\t\t<\/div>\n\t\t\t\t<div class=\"elementor-element elementor-element-c252c48 elementor-widget__width-auto aux-appear-watch-animation aux-fade-in elementor-widget elementor-widget-aux_counter\" data-id=\"c252c48\" data-element_type=\"widget\" data-e-type=\"widget\" data-widget_type=\"aux_counter.default\">\n\t\t\t\t<div class=\"elementor-widget-container\">\n\t\t\t\t\t\t\t<div class=\"aux-counter\">\n\t\t\t<div class=\"aux-counter-number-wrapper\">\n\t\t\t\t<span class=\"aux-counter-number-prefix\"><\/span>\n\t\t\t\t<span class=\"aux-counter-number\" data-duration=\"2000\" data-to-value=\"2000000\" data-from-value=\"10000000\" data-delay=\"0\" data-easing=\"\" data-delimiter=\".\">10000000<\/span>\n\t\t\t\t<span class=\"aux-counter-number-suffix\">*<\/span>\n\t\t\t<\/div>\n\t\t\t\t\t\t\t<div class=\"aux-counter-title\">alcance expandido<\/div>\n\t\t\t\t\t<\/div>\n\t\t\t\t\t\t<\/div>\n\t\t\t\t<\/div>\n\t\t\t\t<div class=\"elementor-element elementor-element-6f48c75 elementor-widget elementor-widget-text-editor\" data-id=\"6f48c75\" data-element_type=\"widget\" data-e-type=\"widget\" data-widget_type=\"text-editor.default\">\n\t\t\t\t<div class=\"elementor-widget-container\">\n\t\t\t\t\t\t\t\t\t<p>*P\u00fablico atingido nas m\u00eddias.<\/p>\t\t\t\t\t\t\t\t<\/div>\n\t\t\t\t<\/div>\n\t\t\t\t\t<\/div>\n\t\t<\/div>\n\t\t\t\t\t<\/div>\n\t\t<\/section>\n\t\t\t\t\t<\/div>\n\t\t<\/div>\n\t\t\t\t<div class=\"aux-parallax-section elementor-column elementor-col-50 elementor-inner-column elementor-element elementor-element-0ebb33c\" data-id=\"0ebb33c\" data-element_type=\"column\" data-e-type=\"column\">\n\t\t\t<div class=\"elementor-widget-wrap elementor-element-populated\">\n\t\t\t\t\t\t<div class=\"elementor-element elementor-element-df1d2bc aux-appear-watch-animation aux-fade-in-right-2 e-transform elementor-widget elementor-widget-image\" data-id=\"df1d2bc\" data-element_type=\"widget\" data-e-type=\"widget\" data-settings=\"{&quot;_transform_flipX_effect&quot;:&quot;transform&quot;}\" data-widget_type=\"image.default\">\n\t\t\t\t<div class=\"elementor-widget-container\">\n\t\t\t\t\t\t\t\t\t\t\t\t\t\t\t<img decoding=\"async\" src=\"https:\/\/itfilmes.com.br\/mostrabetim\/wp-content\/uploads\/sites\/5\/2025\/10\/mulher-filma-oficinas_1.png\" title=\"2\u00aa MOSTRA DE CINEMA DE BETIM\" alt=\"2\u00aa MOSTRA DE CINEMA DE BETIM\" loading=\"lazy\" \/>\t\t\t\t\t\t\t\t\t\t\t\t\t\t\t<\/div>\n\t\t\t\t<\/div>\n\t\t\t\t\t<\/div>\n\t\t<\/div>\n\t\t\t\t\t<\/div>\n\t\t<\/section>\n\t\t\t\t\t<\/div>\n\t\t<\/div>\n\t\t\t\t\t<\/div>\n\t\t<\/section>\n\t\t\t\t<section class=\"elementor-section elementor-top-section elementor-element elementor-element-d4f7ec9 elementor-section-boxed elementor-section-height-default elementor-section-height-default\" data-id=\"d4f7ec9\" data-element_type=\"section\" data-e-type=\"section\" data-settings=\"{&quot;background_background&quot;:&quot;classic&quot;}\">\n\t\t\t\t\t\t\t<div class=\"elementor-background-overlay\"><\/div>\n\t\t\t\t\t\t\t<div class=\"elementor-container elementor-column-gap-default\">\n\t\t\t\t\t<div class=\"aux-parallax-section elementor-column elementor-col-100 elementor-top-column elementor-element elementor-element-fefac44\" data-id=\"fefac44\" data-element_type=\"column\" data-e-type=\"column\">\n\t\t\t<div class=\"elementor-widget-wrap elementor-element-populated\">\n\t\t\t\t\t\t<div class=\"elementor-element elementor-element-b390a27 elementor-widget elementor-widget-heading\" data-id=\"b390a27\" data-element_type=\"widget\" data-e-type=\"widget\" data-widget_type=\"heading.default\">\n\t\t\t\t<div class=\"elementor-widget-container\">\n\t\t\t\t\t<h2 class=\"elementor-heading-title elementor-size-default\">Vis\u00e3o geral e impacto<\/h2>\t\t\t\t<\/div>\n\t\t\t\t<\/div>\n\t\t\t\t<section class=\"elementor-section elementor-inner-section elementor-element elementor-element-43a55f9 elementor-section-boxed elementor-section-height-default elementor-section-height-default\" data-id=\"43a55f9\" data-element_type=\"section\" data-e-type=\"section\">\n\t\t\t\t\t\t<div class=\"elementor-container elementor-column-gap-default\">\n\t\t\t\t\t<div class=\"aux-parallax-section elementor-column elementor-col-100 elementor-inner-column elementor-element elementor-element-e2c1a82\" data-id=\"e2c1a82\" data-element_type=\"column\" data-e-type=\"column\">\n\t\t\t<div class=\"elementor-widget-wrap elementor-element-populated\">\n\t\t\t\t\t\t<div class=\"elementor-element elementor-element-d375e2f elementor-widget elementor-widget-text-editor\" data-id=\"d375e2f\" data-element_type=\"widget\" data-e-type=\"widget\" data-widget_type=\"text-editor.default\">\n\t\t\t\t<div class=\"elementor-widget-container\">\n\t\t\t\t\t\t\t\t\t<p><span style=\"font-weight: 400;\">A <\/span><b>2\u00aa Mostra de Cinema de Betim<\/b><span style=\"font-weight: 400;\"> encerrou suas atividades consolidando-se como um vetor no entretenimento, capacita\u00e7\u00e3o profissional e desenvolvimento do setor criativo em Betim e regi\u00e3o. <\/span><span style=\"font-weight: 400;\">O evento superou as metas estabelecidas e teve protagonismo no cen\u00e1rio cultural local e nacional, entre os meses de outubro e novembro de 2025, oferecendo uma programa\u00e7\u00e3o diversificada e totalmente gratuita, movimentando a economia da cidade, gerando empregos e renda.<\/span><\/p>\t\t\t\t\t\t\t\t<\/div>\n\t\t\t\t<\/div>\n\t\t\t\t\t<\/div>\n\t\t<\/div>\n\t\t\t\t\t<\/div>\n\t\t<\/section>\n\t\t\t\t<div class=\"elementor-element elementor-element-7dc0c15 elementor-widget elementor-widget-text-editor\" data-id=\"7dc0c15\" data-element_type=\"widget\" data-e-type=\"widget\" data-widget_type=\"text-editor.default\">\n\t\t\t\t<div class=\"elementor-widget-container\">\n\t\t\t\t\t\t\t\t\t<p><span style=\"font-weight: 400;\">Mais que imagens em movimento, <br \/>um movimento que move a cidade e regi\u00e3o:<\/span><\/p>\t\t\t\t\t\t\t\t<\/div>\n\t\t\t\t<\/div>\n\t\t\t\t<section class=\"elementor-section elementor-inner-section elementor-element elementor-element-c271e3d elementor-section-boxed elementor-section-height-default elementor-section-height-default\" data-id=\"c271e3d\" data-element_type=\"section\" data-e-type=\"section\" data-settings=\"{&quot;background_background&quot;:&quot;classic&quot;}\">\n\t\t\t\t\t\t<div class=\"elementor-container elementor-column-gap-default\">\n\t\t\t\t\t<div class=\"aux-parallax-section elementor-column elementor-col-100 elementor-inner-column elementor-element elementor-element-32a3004\" data-id=\"32a3004\" data-element_type=\"column\" data-e-type=\"column\">\n\t\t\t<div class=\"elementor-widget-wrap elementor-element-populated\">\n\t\t\t\t\t\t<section class=\"elementor-section elementor-inner-section elementor-element elementor-element-c6d466c elementor-section-boxed elementor-section-height-default elementor-section-height-default\" data-id=\"c6d466c\" data-element_type=\"section\" data-e-type=\"section\" data-settings=\"{&quot;background_background&quot;:&quot;classic&quot;}\">\n\t\t\t\t\t\t<div class=\"elementor-container elementor-column-gap-default\">\n\t\t\t\t\t<div class=\"aux-parallax-section elementor-column elementor-col-100 elementor-inner-column elementor-element elementor-element-b500a08\" data-id=\"b500a08\" data-element_type=\"column\" data-e-type=\"column\" data-settings=\"{&quot;background_background&quot;:&quot;classic&quot;}\">\n\t\t\t<div class=\"elementor-widget-wrap elementor-element-populated\">\n\t\t\t\t\t\t<section class=\"elementor-section elementor-inner-section elementor-element elementor-element-25da54a elementor-section-full_width elementor-section-content-top elementor-section-height-default elementor-section-height-default\" data-id=\"25da54a\" data-element_type=\"section\" data-e-type=\"section\" data-settings=\"{&quot;background_background&quot;:&quot;classic&quot;}\">\n\t\t\t\t\t\t<div class=\"elementor-container elementor-column-gap-no\">\n\t\t\t\t\t<div class=\"aux-parallax-section elementor-column elementor-col-100 elementor-inner-column elementor-element elementor-element-34deb34\" data-id=\"34deb34\" data-element_type=\"column\" data-e-type=\"column\">\n\t\t\t<div class=\"elementor-widget-wrap elementor-element-populated\">\n\t\t\t\t\t\t<div class=\"elementor-element elementor-element-ee5387f elementor-widget__width-auto aux-appear-watch-animation aux-fade-in elementor-widget-mobile__width-inherit elementor-widget elementor-widget-aux_counter\" data-id=\"ee5387f\" data-element_type=\"widget\" data-e-type=\"widget\" data-widget_type=\"aux_counter.default\">\n\t\t\t\t<div class=\"elementor-widget-container\">\n\t\t\t\t\t\t\t<div class=\"aux-counter\">\n\t\t\t<div class=\"aux-counter-number-wrapper\">\n\t\t\t\t<span class=\"aux-counter-number-prefix\"><\/span>\n\t\t\t\t<span class=\"aux-counter-number\" data-duration=\"2000\" data-to-value=\"4700\" data-from-value=\"40000\" data-delay=\"0\" data-easing=\"\" data-delimiter=\".\">40000<\/span>\n\t\t\t\t<span class=\"aux-counter-number-suffix\"><\/span>\n\t\t\t<\/div>\n\t\t\t\t\t\t\t<div class=\"aux-counter-title\">p\u00fablico direto<\/div>\n\t\t\t\t\t<\/div>\n\t\t\t\t\t\t<\/div>\n\t\t\t\t<\/div>\n\t\t\t\t<div class=\"elementor-element elementor-element-f8e53c4 elementor-widget__width-auto aux-appear-watch-animation aux-fade-in elementor-widget-mobile__width-inherit elementor-widget elementor-widget-aux_counter\" data-id=\"f8e53c4\" data-element_type=\"widget\" data-e-type=\"widget\" data-widget_type=\"aux_counter.default\">\n\t\t\t\t<div class=\"elementor-widget-container\">\n\t\t\t\t\t\t\t<div class=\"aux-counter\">\n\t\t\t<div class=\"aux-counter-number-wrapper\">\n\t\t\t\t<span class=\"aux-counter-number-prefix\"><\/span>\n\t\t\t\t<span class=\"aux-counter-number\" data-duration=\"2000\" data-to-value=\"38\" data-from-value=\"0\" data-delay=\"0\" data-easing=\"\" data-delimiter=\",\">0<\/span>\n\t\t\t\t<span class=\"aux-counter-number-suffix\"><\/span>\n\t\t\t<\/div>\n\t\t\t\t\t\t\t<div class=\"aux-counter-title\">filmes<\/div>\n\t\t\t\t\t<\/div>\n\t\t\t\t\t\t<\/div>\n\t\t\t\t<\/div>\n\t\t\t\t<div class=\"elementor-element elementor-element-d3c9ad8 elementor-widget__width-auto aux-appear-watch-animation aux-fade-in elementor-widget-mobile__width-inherit elementor-widget elementor-widget-aux_counter\" data-id=\"d3c9ad8\" data-element_type=\"widget\" data-e-type=\"widget\" data-widget_type=\"aux_counter.default\">\n\t\t\t\t<div class=\"elementor-widget-container\">\n\t\t\t\t\t\t\t<div class=\"aux-counter\">\n\t\t\t<div class=\"aux-counter-number-wrapper\">\n\t\t\t\t<span class=\"aux-counter-number-prefix\"><\/span>\n\t\t\t\t<span class=\"aux-counter-number\" data-duration=\"2000\" data-to-value=\"25\" data-from-value=\"0\" data-delay=\"0\" data-easing=\"\" data-delimiter=\",\">0<\/span>\n\t\t\t\t<span class=\"aux-counter-number-suffix\"><\/span>\n\t\t\t<\/div>\n\t\t\t\t\t\t\t<div class=\"aux-counter-title\"> dias de atividades  <\/div>\n\t\t\t\t\t<\/div>\n\t\t\t\t\t\t<\/div>\n\t\t\t\t<\/div>\n\t\t\t\t<div class=\"elementor-element elementor-element-3b4e122 elementor-widget__width-auto aux-appear-watch-animation aux-fade-in elementor-widget-mobile__width-inherit elementor-widget elementor-widget-aux_counter\" data-id=\"3b4e122\" data-element_type=\"widget\" data-e-type=\"widget\" data-widget_type=\"aux_counter.default\">\n\t\t\t\t<div class=\"elementor-widget-container\">\n\t\t\t\t\t\t\t<div class=\"aux-counter\">\n\t\t\t<div class=\"aux-counter-number-wrapper\">\n\t\t\t\t<span class=\"aux-counter-number-prefix\"><\/span>\n\t\t\t\t<span class=\"aux-counter-number\" data-duration=\"2000\" data-to-value=\"5\" data-from-value=\"0\" data-delay=\"0\" data-easing=\"\" data-delimiter=\",\">0<\/span>\n\t\t\t\t<span class=\"aux-counter-number-suffix\"><\/span>\n\t\t\t<\/div>\n\t\t\t\t\t\t\t<div class=\"aux-counter-title\">dias de mostra<\/div>\n\t\t\t\t\t<\/div>\n\t\t\t\t\t\t<\/div>\n\t\t\t\t<\/div>\n\t\t\t\t<div class=\"elementor-element elementor-element-547c7b7 elementor-widget__width-auto aux-appear-watch-animation aux-fade-in elementor-widget-mobile__width-inherit elementor-widget elementor-widget-aux_counter\" data-id=\"547c7b7\" data-element_type=\"widget\" data-e-type=\"widget\" data-widget_type=\"aux_counter.default\">\n\t\t\t\t<div class=\"elementor-widget-container\">\n\t\t\t\t\t\t\t<div class=\"aux-counter\">\n\t\t\t<div class=\"aux-counter-number-wrapper\">\n\t\t\t\t<span class=\"aux-counter-number-prefix\"><\/span>\n\t\t\t\t<span class=\"aux-counter-number\" data-duration=\"2000\" data-to-value=\"1\" data-from-value=\"0\" data-delay=\"0\" data-easing=\"\" data-delimiter=\",\">0<\/span>\n\t\t\t\t<span class=\"aux-counter-number-suffix\"><\/span>\n\t\t\t<\/div>\n\t\t\t\t\t\t\t<div class=\"aux-counter-title\">dia de semin\u00e1rio<\/div>\n\t\t\t\t\t<\/div>\n\t\t\t\t\t\t<\/div>\n\t\t\t\t<\/div>\n\t\t\t\t\t<\/div>\n\t\t<\/div>\n\t\t\t\t\t<\/div>\n\t\t<\/section>\n\t\t\t\t\t<\/div>\n\t\t<\/div>\n\t\t\t\t\t<\/div>\n\t\t<\/section>\n\t\t\t\t\t<\/div>\n\t\t<\/div>\n\t\t\t\t\t<\/div>\n\t\t<\/section>\n\t\t\t\t<section class=\"elementor-section elementor-inner-section elementor-element elementor-element-84611f5 elementor-section-boxed elementor-section-height-default elementor-section-height-default\" data-id=\"84611f5\" data-element_type=\"section\" data-e-type=\"section\" data-settings=\"{&quot;background_background&quot;:&quot;classic&quot;}\">\n\t\t\t\t\t\t<div class=\"elementor-container elementor-column-gap-default\">\n\t\t\t\t\t<div class=\"aux-parallax-section elementor-column elementor-col-100 elementor-inner-column elementor-element elementor-element-cbea08d\" data-id=\"cbea08d\" data-element_type=\"column\" data-e-type=\"column\">\n\t\t\t<div class=\"elementor-widget-wrap elementor-element-populated\">\n\t\t\t\t\t\t<div class=\"elementor-element elementor-element-930c13b elementor-arrows-position-inside elementor-widget elementor-widget-image-carousel\" data-id=\"930c13b\" data-element_type=\"widget\" data-e-type=\"widget\" data-settings=\"{&quot;slides_to_show&quot;:&quot;1&quot;,&quot;navigation&quot;:&quot;arrows&quot;,&quot;autoplay&quot;:&quot;yes&quot;,&quot;pause_on_hover&quot;:&quot;yes&quot;,&quot;pause_on_interaction&quot;:&quot;yes&quot;,&quot;autoplay_speed&quot;:5000,&quot;infinite&quot;:&quot;yes&quot;,&quot;effect&quot;:&quot;slide&quot;,&quot;speed&quot;:500}\" data-widget_type=\"image-carousel.default\">\n\t\t\t\t<div class=\"elementor-widget-container\">\n\t\t\t\t\t\t\t<div class=\"elementor-image-carousel-wrapper swiper\" role=\"region\" aria-roledescription=\"carousel\" aria-label=\"Carrossel de imagens\" dir=\"ltr\">\n\t\t\t<div class=\"elementor-image-carousel swiper-wrapper swiper-image-stretch\" aria-live=\"off\">\n\t\t\t\t\t\t\t\t<div class=\"swiper-slide\" role=\"group\" aria-roledescription=\"slide\" aria-label=\"1 de 12\"><a data-elementor-open-lightbox=\"yes\" data-elementor-lightbox-slideshow=\"930c13b\" data-elementor-lightbox-title=\"IMG_2025\" data-e-action-hash=\"#elementor-action%3Aaction%3Dlightbox%26settings%3DeyJpZCI6NzY5OSwidXJsIjoiaHR0cHM6XC9cL2l0ZmlsbWVzLmNvbS5iclwvbW9zdHJhYmV0aW1cL3dwLWNvbnRlbnRcL3VwbG9hZHNcL3NpdGVzXC81XC8yMDI2XC8wMVwvSU1HXzIwMjUuanBnIiwic2xpZGVzaG93IjoiOTMwYzEzYiJ9\" href=\"https:\/\/itfilmes.com.br\/mostrabetim\/wp-content\/uploads\/sites\/5\/2026\/01\/IMG_2025.jpg\"><figure class=\"swiper-slide-inner\"><img decoding=\"async\" class=\"swiper-slide-image\" src=\"https:\/\/itfilmes.com.br\/mostrabetim\/wp-content\/uploads\/sites\/5\/2026\/01\/IMG_2025.jpg\" alt=\"Um dos destaques foi a programa\u00e7\u00e3o infantil que lotou as sess\u00f5es na sala de cinema\" \/><figcaption class=\"elementor-image-carousel-caption\">Um dos destaques foi a programa\u00e7\u00e3o infantil que lotou as sess\u00f5es na sala de cinema <\/figcaption><\/figure><\/a><\/div><div class=\"swiper-slide\" role=\"group\" aria-roledescription=\"slide\" aria-label=\"2 de 12\"><a data-elementor-open-lightbox=\"yes\" data-elementor-lightbox-slideshow=\"930c13b\" data-elementor-lightbox-title=\"IMG_2067\" data-e-action-hash=\"#elementor-action%3Aaction%3Dlightbox%26settings%3DeyJpZCI6NzY5NiwidXJsIjoiaHR0cHM6XC9cL2l0ZmlsbWVzLmNvbS5iclwvbW9zdHJhYmV0aW1cL3dwLWNvbnRlbnRcL3VwbG9hZHNcL3NpdGVzXC81XC8yMDI2XC8wMVwvSU1HXzIwNjcuanBnIiwic2xpZGVzaG93IjoiOTMwYzEzYiJ9\" href=\"https:\/\/itfilmes.com.br\/mostrabetim\/wp-content\/uploads\/sites\/5\/2026\/01\/IMG_2067.jpg\"><figure class=\"swiper-slide-inner\"><img decoding=\"async\" class=\"swiper-slide-image\" src=\"https:\/\/itfilmes.com.br\/mostrabetim\/wp-content\/uploads\/sites\/5\/2026\/01\/IMG_2067.jpg\" alt=\"Um dos destaques foi a programa\u00e7\u00e3o infantil que lotou as sess\u00f5es na sala de cinema\" \/><figcaption class=\"elementor-image-carousel-caption\">Um dos destaques foi a programa\u00e7\u00e3o infantil que lotou as sess\u00f5es na sala de cinema <\/figcaption><\/figure><\/a><\/div><div class=\"swiper-slide\" role=\"group\" aria-roledescription=\"slide\" aria-label=\"3 de 12\"><a data-elementor-open-lightbox=\"yes\" data-elementor-lightbox-slideshow=\"930c13b\" data-elementor-lightbox-title=\"IMG_2069\" data-e-action-hash=\"#elementor-action%3Aaction%3Dlightbox%26settings%3DeyJpZCI6NzY5NywidXJsIjoiaHR0cHM6XC9cL2l0ZmlsbWVzLmNvbS5iclwvbW9zdHJhYmV0aW1cL3dwLWNvbnRlbnRcL3VwbG9hZHNcL3NpdGVzXC81XC8yMDI2XC8wMVwvSU1HXzIwNjkuanBnIiwic2xpZGVzaG93IjoiOTMwYzEzYiJ9\" href=\"https:\/\/itfilmes.com.br\/mostrabetim\/wp-content\/uploads\/sites\/5\/2026\/01\/IMG_2069.jpg\"><figure class=\"swiper-slide-inner\"><img decoding=\"async\" class=\"swiper-slide-image\" src=\"https:\/\/itfilmes.com.br\/mostrabetim\/wp-content\/uploads\/sites\/5\/2026\/01\/IMG_2069.jpg\" alt=\"Um dos destaques foi a programa\u00e7\u00e3o infantil que lotou as sess\u00f5es na sala de cinema\" \/><figcaption class=\"elementor-image-carousel-caption\">Um dos destaques foi a programa\u00e7\u00e3o infantil que lotou as sess\u00f5es na sala de cinema <\/figcaption><\/figure><\/a><\/div><div class=\"swiper-slide\" role=\"group\" aria-roledescription=\"slide\" aria-label=\"4 de 12\"><a data-elementor-open-lightbox=\"yes\" data-elementor-lightbox-slideshow=\"930c13b\" data-elementor-lightbox-title=\"IMG_2047\" data-e-action-hash=\"#elementor-action%3Aaction%3Dlightbox%26settings%3DeyJpZCI6NzY5OCwidXJsIjoiaHR0cHM6XC9cL2l0ZmlsbWVzLmNvbS5iclwvbW9zdHJhYmV0aW1cL3dwLWNvbnRlbnRcL3VwbG9hZHNcL3NpdGVzXC81XC8yMDI2XC8wMVwvSU1HXzIwNDcuanBnIiwic2xpZGVzaG93IjoiOTMwYzEzYiJ9\" href=\"https:\/\/itfilmes.com.br\/mostrabetim\/wp-content\/uploads\/sites\/5\/2026\/01\/IMG_2047.jpg\"><figure class=\"swiper-slide-inner\"><img decoding=\"async\" class=\"swiper-slide-image\" src=\"https:\/\/itfilmes.com.br\/mostrabetim\/wp-content\/uploads\/sites\/5\/2026\/01\/IMG_2047.jpg\" alt=\"IMG_2047\" \/><\/figure><\/a><\/div><div class=\"swiper-slide\" role=\"group\" aria-roledescription=\"slide\" aria-label=\"5 de 12\"><a data-elementor-open-lightbox=\"yes\" data-elementor-lightbox-slideshow=\"930c13b\" data-elementor-lightbox-title=\"IMG_2058\" data-e-action-hash=\"#elementor-action%3Aaction%3Dlightbox%26settings%3DeyJpZCI6NzcwMCwidXJsIjoiaHR0cHM6XC9cL2l0ZmlsbWVzLmNvbS5iclwvbW9zdHJhYmV0aW1cL3dwLWNvbnRlbnRcL3VwbG9hZHNcL3NpdGVzXC81XC8yMDI2XC8wMVwvSU1HXzIwNTguanBnIiwic2xpZGVzaG93IjoiOTMwYzEzYiJ9\" href=\"https:\/\/itfilmes.com.br\/mostrabetim\/wp-content\/uploads\/sites\/5\/2026\/01\/IMG_2058.jpg\"><figure class=\"swiper-slide-inner\"><img decoding=\"async\" class=\"swiper-slide-image\" src=\"https:\/\/itfilmes.com.br\/mostrabetim\/wp-content\/uploads\/sites\/5\/2026\/01\/IMG_2058.jpg\" alt=\"Um dos destaques foi a programa\u00e7\u00e3o infantil que lotou as sess\u00f5es na sala de cinema\" \/><figcaption class=\"elementor-image-carousel-caption\">Um dos destaques foi a programa\u00e7\u00e3o infantil que lotou as sess\u00f5es na sala de cinema <\/figcaption><\/figure><\/a><\/div><div class=\"swiper-slide\" role=\"group\" aria-roledescription=\"slide\" aria-label=\"6 de 12\"><a data-elementor-open-lightbox=\"yes\" data-elementor-lightbox-slideshow=\"930c13b\" data-elementor-lightbox-title=\"IMG_2050\" data-e-action-hash=\"#elementor-action%3Aaction%3Dlightbox%26settings%3DeyJpZCI6NzcwMSwidXJsIjoiaHR0cHM6XC9cL2l0ZmlsbWVzLmNvbS5iclwvbW9zdHJhYmV0aW1cL3dwLWNvbnRlbnRcL3VwbG9hZHNcL3NpdGVzXC81XC8yMDI2XC8wMVwvSU1HXzIwNTAuanBnIiwic2xpZGVzaG93IjoiOTMwYzEzYiJ9\" href=\"https:\/\/itfilmes.com.br\/mostrabetim\/wp-content\/uploads\/sites\/5\/2026\/01\/IMG_2050.jpg\"><figure class=\"swiper-slide-inner\"><img decoding=\"async\" class=\"swiper-slide-image\" src=\"https:\/\/itfilmes.com.br\/mostrabetim\/wp-content\/uploads\/sites\/5\/2026\/01\/IMG_2050.jpg\" alt=\"Um dos destaques foi a programa\u00e7\u00e3o infantil que lotou as sess\u00f5es na sala de cinema\" \/><figcaption class=\"elementor-image-carousel-caption\">Um dos destaques foi a programa\u00e7\u00e3o infantil que lotou as sess\u00f5es na sala de cinema <\/figcaption><\/figure><\/a><\/div><div class=\"swiper-slide\" role=\"group\" aria-roledescription=\"slide\" aria-label=\"7 de 12\"><a data-elementor-open-lightbox=\"yes\" data-elementor-lightbox-slideshow=\"930c13b\" data-elementor-lightbox-title=\"IMG_2146\" data-e-action-hash=\"#elementor-action%3Aaction%3Dlightbox%26settings%3DeyJpZCI6NzcwMiwidXJsIjoiaHR0cHM6XC9cL2l0ZmlsbWVzLmNvbS5iclwvbW9zdHJhYmV0aW1cL3dwLWNvbnRlbnRcL3VwbG9hZHNcL3NpdGVzXC81XC8yMDI2XC8wMVwvSU1HXzIxNDYucG5nIiwic2xpZGVzaG93IjoiOTMwYzEzYiJ9\" href=\"https:\/\/itfilmes.com.br\/mostrabetim\/wp-content\/uploads\/sites\/5\/2026\/01\/IMG_2146.png\"><figure class=\"swiper-slide-inner\"><img decoding=\"async\" class=\"swiper-slide-image\" src=\"https:\/\/itfilmes.com.br\/mostrabetim\/wp-content\/uploads\/sites\/5\/2026\/01\/IMG_2146.png\" alt=\"Um dos destaques foi a programa\u00e7\u00e3o infantil que lotou as sess\u00f5es na sala de cinema\" \/><figcaption class=\"elementor-image-carousel-caption\">Um dos destaques foi a programa\u00e7\u00e3o infantil que lotou as sess\u00f5es na sala de cinema <\/figcaption><\/figure><\/a><\/div><div class=\"swiper-slide\" role=\"group\" aria-roledescription=\"slide\" aria-label=\"8 de 12\"><a data-elementor-open-lightbox=\"yes\" data-elementor-lightbox-slideshow=\"930c13b\" data-elementor-lightbox-title=\"IMG_2123\" data-e-action-hash=\"#elementor-action%3Aaction%3Dlightbox%26settings%3DeyJpZCI6NzcwMywidXJsIjoiaHR0cHM6XC9cL2l0ZmlsbWVzLmNvbS5iclwvbW9zdHJhYmV0aW1cL3dwLWNvbnRlbnRcL3VwbG9hZHNcL3NpdGVzXC81XC8yMDI2XC8wMVwvSU1HXzIxMjMuanBnIiwic2xpZGVzaG93IjoiOTMwYzEzYiJ9\" href=\"https:\/\/itfilmes.com.br\/mostrabetim\/wp-content\/uploads\/sites\/5\/2026\/01\/IMG_2123.jpg\"><figure class=\"swiper-slide-inner\"><img decoding=\"async\" class=\"swiper-slide-image\" src=\"https:\/\/itfilmes.com.br\/mostrabetim\/wp-content\/uploads\/sites\/5\/2026\/01\/IMG_2123.jpg\" alt=\"Um dos destaques foi a programa\u00e7\u00e3o infantil que lotou as sess\u00f5es na sala de cinema\" \/><figcaption class=\"elementor-image-carousel-caption\">Um dos destaques foi a programa\u00e7\u00e3o infantil que lotou as sess\u00f5es na sala de cinema <\/figcaption><\/figure><\/a><\/div><div class=\"swiper-slide\" role=\"group\" aria-roledescription=\"slide\" aria-label=\"9 de 12\"><a data-elementor-open-lightbox=\"yes\" data-elementor-lightbox-slideshow=\"930c13b\" data-elementor-lightbox-title=\"IMG_2106\" data-e-action-hash=\"#elementor-action%3Aaction%3Dlightbox%26settings%3DeyJpZCI6NzcwNCwidXJsIjoiaHR0cHM6XC9cL2l0ZmlsbWVzLmNvbS5iclwvbW9zdHJhYmV0aW1cL3dwLWNvbnRlbnRcL3VwbG9hZHNcL3NpdGVzXC81XC8yMDI2XC8wMVwvSU1HXzIxMDYuanBnIiwic2xpZGVzaG93IjoiOTMwYzEzYiJ9\" href=\"https:\/\/itfilmes.com.br\/mostrabetim\/wp-content\/uploads\/sites\/5\/2026\/01\/IMG_2106.jpg\"><figure class=\"swiper-slide-inner\"><img decoding=\"async\" class=\"swiper-slide-image\" src=\"https:\/\/itfilmes.com.br\/mostrabetim\/wp-content\/uploads\/sites\/5\/2026\/01\/IMG_2106.jpg\" alt=\"Um dos destaques foi a programa\u00e7\u00e3o infantil que lotou as sess\u00f5es na sala de cinema\" \/><figcaption class=\"elementor-image-carousel-caption\">Um dos destaques foi a programa\u00e7\u00e3o infantil que lotou as sess\u00f5es na sala de cinema <\/figcaption><\/figure><\/a><\/div><div class=\"swiper-slide\" role=\"group\" aria-roledescription=\"slide\" aria-label=\"10 de 12\"><a data-elementor-open-lightbox=\"yes\" data-elementor-lightbox-slideshow=\"930c13b\" data-elementor-lightbox-title=\"IMG_2122\" data-e-action-hash=\"#elementor-action%3Aaction%3Dlightbox%26settings%3DeyJpZCI6NzcwNiwidXJsIjoiaHR0cHM6XC9cL2l0ZmlsbWVzLmNvbS5iclwvbW9zdHJhYmV0aW1cL3dwLWNvbnRlbnRcL3VwbG9hZHNcL3NpdGVzXC81XC8yMDI2XC8wMVwvSU1HXzIxMjIuanBnIiwic2xpZGVzaG93IjoiOTMwYzEzYiJ9\" href=\"https:\/\/itfilmes.com.br\/mostrabetim\/wp-content\/uploads\/sites\/5\/2026\/01\/IMG_2122.jpg\"><figure class=\"swiper-slide-inner\"><img decoding=\"async\" class=\"swiper-slide-image\" src=\"https:\/\/itfilmes.com.br\/mostrabetim\/wp-content\/uploads\/sites\/5\/2026\/01\/IMG_2122.jpg\" alt=\"Um dos destaques foi a programa\u00e7\u00e3o infantil que lotou as sess\u00f5es na sala de cinema\" \/><figcaption class=\"elementor-image-carousel-caption\">Um dos destaques foi a programa\u00e7\u00e3o infantil que lotou as sess\u00f5es na sala de cinema <\/figcaption><\/figure><\/a><\/div><div class=\"swiper-slide\" role=\"group\" aria-roledescription=\"slide\" aria-label=\"11 de 12\"><a data-elementor-open-lightbox=\"yes\" data-elementor-lightbox-slideshow=\"930c13b\" data-elementor-lightbox-title=\"IMG_2160\" data-e-action-hash=\"#elementor-action%3Aaction%3Dlightbox%26settings%3DeyJpZCI6NzcwNywidXJsIjoiaHR0cHM6XC9cL2l0ZmlsbWVzLmNvbS5iclwvbW9zdHJhYmV0aW1cL3dwLWNvbnRlbnRcL3VwbG9hZHNcL3NpdGVzXC81XC8yMDI2XC8wMVwvSU1HXzIxNjAuanBnIiwic2xpZGVzaG93IjoiOTMwYzEzYiJ9\" href=\"https:\/\/itfilmes.com.br\/mostrabetim\/wp-content\/uploads\/sites\/5\/2026\/01\/IMG_2160.jpg\"><figure class=\"swiper-slide-inner\"><img decoding=\"async\" class=\"swiper-slide-image\" src=\"https:\/\/itfilmes.com.br\/mostrabetim\/wp-content\/uploads\/sites\/5\/2026\/01\/IMG_2160.jpg\" alt=\"Um dos destaques foi a programa\u00e7\u00e3o infantil que lotou as sess\u00f5es na sala de cinema\" \/><figcaption class=\"elementor-image-carousel-caption\">Um dos destaques foi a programa\u00e7\u00e3o infantil que lotou as sess\u00f5es na sala de cinema <\/figcaption><\/figure><\/a><\/div><div class=\"swiper-slide\" role=\"group\" aria-roledescription=\"slide\" aria-label=\"12 de 12\"><a data-elementor-open-lightbox=\"yes\" data-elementor-lightbox-slideshow=\"930c13b\" data-elementor-lightbox-title=\"IMG_2021\" data-e-action-hash=\"#elementor-action%3Aaction%3Dlightbox%26settings%3DeyJpZCI6NzcwOCwidXJsIjoiaHR0cHM6XC9cL2l0ZmlsbWVzLmNvbS5iclwvbW9zdHJhYmV0aW1cL3dwLWNvbnRlbnRcL3VwbG9hZHNcL3NpdGVzXC81XC8yMDI2XC8wMVwvSU1HXzIwMjEuanBnIiwic2xpZGVzaG93IjoiOTMwYzEzYiJ9\" href=\"https:\/\/itfilmes.com.br\/mostrabetim\/wp-content\/uploads\/sites\/5\/2026\/01\/IMG_2021.jpg\"><figure class=\"swiper-slide-inner\"><img decoding=\"async\" class=\"swiper-slide-image\" src=\"https:\/\/itfilmes.com.br\/mostrabetim\/wp-content\/uploads\/sites\/5\/2026\/01\/IMG_2021.jpg\" alt=\"Um dos destaques foi a programa\u00e7\u00e3o infantil que lotou as sess\u00f5es na sala de cinema\" \/><figcaption class=\"elementor-image-carousel-caption\">Um dos destaques foi a programa\u00e7\u00e3o infantil que lotou as sess\u00f5es na sala de cinema <\/figcaption><\/figure><\/a><\/div>\t\t\t<\/div>\n\t\t\t\t\t\t\t\t\t\t\t\t<div class=\"elementor-swiper-button elementor-swiper-button-prev\" role=\"button\" tabindex=\"0\">\n\t\t\t\t\t\t<i aria-hidden=\"true\" class=\"eicon-chevron-left\"><\/i>\t\t\t\t\t<\/div>\n\t\t\t\t\t<div class=\"elementor-swiper-button elementor-swiper-button-next\" role=\"button\" tabindex=\"0\">\n\t\t\t\t\t\t<i aria-hidden=\"true\" class=\"eicon-chevron-right\"><\/i>\t\t\t\t\t<\/div>\n\t\t\t\t\n\t\t\t\t\t\t\t\t\t<\/div>\n\t\t\t\t\t\t<\/div>\n\t\t\t\t<\/div>\n\t\t\t\t\t<\/div>\n\t\t<\/div>\n\t\t\t\t\t<\/div>\n\t\t<\/section>\n\t\t\t\t\t<\/div>\n\t\t<\/div>\n\t\t\t\t\t<\/div>\n\t\t<\/section>\n\t\t\t\t<section class=\"elementor-section elementor-top-section elementor-element elementor-element-c924d96 elementor-section-boxed elementor-section-height-default elementor-section-height-default\" data-id=\"c924d96\" data-element_type=\"section\" data-e-type=\"section\" data-settings=\"{&quot;background_background&quot;:&quot;classic&quot;}\">\n\t\t\t\t\t\t\t<div class=\"elementor-background-overlay\"><\/div>\n\t\t\t\t\t\t\t<div class=\"elementor-container elementor-column-gap-default\">\n\t\t\t\t\t<div class=\"aux-parallax-section elementor-column elementor-col-100 elementor-top-column elementor-element elementor-element-6d78559\" data-id=\"6d78559\" data-element_type=\"column\" data-e-type=\"column\">\n\t\t\t<div class=\"elementor-widget-wrap elementor-element-populated\">\n\t\t\t\t\t\t<div class=\"elementor-element elementor-element-914fc66 elementor-widget elementor-widget-heading\" data-id=\"914fc66\" data-element_type=\"widget\" data-e-type=\"widget\" data-widget_type=\"heading.default\">\n\t\t\t\t<div class=\"elementor-widget-container\">\n\t\t\t\t\t<h2 class=\"elementor-heading-title elementor-size-default\">Destaques da programa\u00e7\u00e3o e curadoria<\/h2>\t\t\t\t<\/div>\n\t\t\t\t<\/div>\n\t\t\t\t<div class=\"elementor-element elementor-element-630c2f3 elementor-widget elementor-widget-text-editor\" data-id=\"630c2f3\" data-element_type=\"widget\" data-e-type=\"widget\" data-widget_type=\"text-editor.default\">\n\t\t\t\t<div class=\"elementor-widget-container\">\n\t\t\t\t\t\t\t\t\t<p><span style=\"font-weight: 400;\">Com um olhar atento \u00e0 diversidade e \u00e0 representatividade, a Mostra contou com uma <\/span><b>curadoria 100% feminina<\/b><span style=\"font-weight: 400;\"> e exibiu 38 filmes, entre longas, m\u00e9dias e curtas, fic\u00e7\u00e3o, anima\u00e7\u00e3o e document\u00e1rio, expandindo a sele\u00e7\u00e3o inicial e apresentando obras nacionais e locais, algumas que ainda n\u00e3o estrearam em salas de cinema e outras que t\u00eam tido destaque em festivais mundiais.<\/span><\/p>\t\t\t\t\t\t\t\t<\/div>\n\t\t\t\t<\/div>\n\t\t\t\t\t<\/div>\n\t\t<\/div>\n\t\t\t\t\t<\/div>\n\t\t<\/section>\n\t\t\t\t<section class=\"elementor-section elementor-top-section elementor-element elementor-element-ff3dbf5 elementor-section-boxed elementor-section-height-default elementor-section-height-default\" data-id=\"ff3dbf5\" data-element_type=\"section\" data-e-type=\"section\">\n\t\t\t\t\t\t\t<div class=\"elementor-background-overlay\"><\/div>\n\t\t\t\t\t\t\t<div class=\"elementor-container elementor-column-gap-default\">\n\t\t\t\t\t<div class=\"aux-parallax-section elementor-column elementor-col-100 elementor-top-column elementor-element elementor-element-f6d94d7\" data-id=\"f6d94d7\" data-element_type=\"column\" data-e-type=\"column\" data-settings=\"{&quot;background_background&quot;:&quot;classic&quot;}\">\n\t\t\t<div class=\"elementor-widget-wrap elementor-element-populated\">\n\t\t\t\t\t\t<div class=\"elementor-element elementor-element-4a1686b elementor-arrows-position-inside elementor-widget elementor-widget-image-carousel\" data-id=\"4a1686b\" data-element_type=\"widget\" data-e-type=\"widget\" data-settings=\"{&quot;slides_to_show&quot;:&quot;1&quot;,&quot;navigation&quot;:&quot;arrows&quot;,&quot;autoplay_speed&quot;:3000,&quot;autoplay&quot;:&quot;yes&quot;,&quot;pause_on_hover&quot;:&quot;yes&quot;,&quot;pause_on_interaction&quot;:&quot;yes&quot;,&quot;infinite&quot;:&quot;yes&quot;,&quot;effect&quot;:&quot;slide&quot;,&quot;speed&quot;:500}\" data-widget_type=\"image-carousel.default\">\n\t\t\t\t<div class=\"elementor-widget-container\">\n\t\t\t\t\t\t\t<div class=\"elementor-image-carousel-wrapper swiper\" role=\"region\" aria-roledescription=\"carousel\" aria-label=\"Carrossel de imagens\" dir=\"ltr\">\n\t\t\t<div class=\"elementor-image-carousel swiper-wrapper swiper-image-stretch\" aria-live=\"off\">\n\t\t\t\t\t\t\t\t<div class=\"swiper-slide\" role=\"group\" aria-roledescription=\"slide\" aria-label=\"1 de 3\"><a data-elementor-open-lightbox=\"yes\" data-elementor-lightbox-slideshow=\"4a1686b\" data-elementor-lightbox-title=\"O agente secreto\" data-e-action-hash=\"#elementor-action%3Aaction%3Dlightbox%26settings%3DeyJpZCI6NjU1NSwidXJsIjoiaHR0cHM6XC9cL2l0ZmlsbWVzLmNvbS5iclwvbW9zdHJhYmV0aW1cL3dwLWNvbnRlbnRcL3VwbG9hZHNcL3NpdGVzXC81XC8yMDI1XC8xMVwvby1hZ2VudGUtc2VjcmV0by1jYXJ0YXotMTA4MC5qcGciLCJzbGlkZXNob3ciOiI0YTE2ODZiIn0%3D\" href=\"https:\/\/itfilmes.com.br\/mostrabetim\/wp-content\/uploads\/sites\/5\/2025\/11\/o-agente-secreto-cartaz-1080.jpg\"><figure class=\"swiper-slide-inner\"><img decoding=\"async\" class=\"swiper-slide-image\" src=\"https:\/\/itfilmes.com.br\/mostrabetim\/wp-content\/uploads\/sites\/5\/2025\/11\/o-agente-secreto-cartaz-1080.jpg\" alt=\"O agente secreto\" \/><figcaption class=\"elementor-image-carousel-caption\">O agente secreto<\/figcaption><\/figure><\/a><\/div><div class=\"swiper-slide\" role=\"group\" aria-roledescription=\"slide\" aria-label=\"2 de 3\"><a data-elementor-open-lightbox=\"yes\" data-elementor-lightbox-slideshow=\"4a1686b\" data-elementor-lightbox-title=\"Morte e vida madalena\" data-e-action-hash=\"#elementor-action%3Aaction%3Dlightbox%26settings%3DeyJpZCI6NjUxNiwidXJsIjoiaHR0cHM6XC9cL2l0ZmlsbWVzLmNvbS5iclwvbW9zdHJhYmV0aW1cL3dwLWNvbnRlbnRcL3VwbG9hZHNcL3NpdGVzXC81XC8yMDI1XC8xMVwvTW9ydGUtZS12aWRhLU1hZGFsZW5hXzEwODAuanBnIiwic2xpZGVzaG93IjoiNGExNjg2YiJ9\" href=\"https:\/\/itfilmes.com.br\/mostrabetim\/wp-content\/uploads\/sites\/5\/2025\/11\/Morte-e-vida-Madalena_1080.jpg\"><figure class=\"swiper-slide-inner\"><img decoding=\"async\" class=\"swiper-slide-image\" src=\"https:\/\/itfilmes.com.br\/mostrabetim\/wp-content\/uploads\/sites\/5\/2025\/11\/Morte-e-vida-Madalena_1080.jpg\" alt=\"Morte e vida madalena\" \/><figcaption class=\"elementor-image-carousel-caption\">Morte e vida madalena <\/figcaption><\/figure><\/a><\/div><div class=\"swiper-slide\" role=\"group\" aria-roledescription=\"slide\" aria-label=\"3 de 3\"><a data-elementor-open-lightbox=\"yes\" data-elementor-lightbox-slideshow=\"4a1686b\" data-elementor-lightbox-title=\"Um dia antes de todos os outros\" data-e-action-hash=\"#elementor-action%3Aaction%3Dlightbox%26settings%3DeyJpZCI6NjY5MSwidXJsIjoiaHR0cHM6XC9cL2l0ZmlsbWVzLmNvbS5iclwvbW9zdHJhYmV0aW1cL3dwLWNvbnRlbnRcL3VwbG9hZHNcL3NpdGVzXC81XC8yMDI1XC8xMVwvVW0tZGlhLWFudGVzX2NhcnRhel8xMDgwLmpwZyIsInNsaWRlc2hvdyI6IjRhMTY4NmIifQ%3D%3D\" href=\"https:\/\/itfilmes.com.br\/mostrabetim\/wp-content\/uploads\/sites\/5\/2025\/11\/Um-dia-antes_cartaz_1080.jpg\"><figure class=\"swiper-slide-inner\"><img decoding=\"async\" class=\"swiper-slide-image\" src=\"https:\/\/itfilmes.com.br\/mostrabetim\/wp-content\/uploads\/sites\/5\/2025\/11\/Um-dia-antes_cartaz_1080.jpg\" alt=\"Um dia antes de todos os outros\" \/><figcaption class=\"elementor-image-carousel-caption\">Um dia antes de todos os outros <\/figcaption><\/figure><\/a><\/div>\t\t\t<\/div>\n\t\t\t\t\t\t\t\t\t\t\t\t<div class=\"elementor-swiper-button elementor-swiper-button-prev\" role=\"button\" tabindex=\"0\">\n\t\t\t\t\t\t<i aria-hidden=\"true\" class=\"eicon-chevron-left\"><\/i>\t\t\t\t\t<\/div>\n\t\t\t\t\t<div class=\"elementor-swiper-button elementor-swiper-button-next\" role=\"button\" tabindex=\"0\">\n\t\t\t\t\t\t<i aria-hidden=\"true\" class=\"eicon-chevron-right\"><\/i>\t\t\t\t\t<\/div>\n\t\t\t\t\n\t\t\t\t\t\t\t\t\t<\/div>\n\t\t\t\t\t\t<\/div>\n\t\t\t\t<\/div>\n\t\t\t\t\t<\/div>\n\t\t<\/div>\n\t\t\t\t\t<\/div>\n\t\t<\/section>\n\t\t\t\t<section class=\"elementor-section elementor-top-section elementor-element elementor-element-e22f7b6 elementor-section-boxed elementor-section-height-default elementor-section-height-default\" data-id=\"e22f7b6\" data-element_type=\"section\" data-e-type=\"section\">\n\t\t\t\t\t\t\t<div class=\"elementor-background-overlay\"><\/div>\n\t\t\t\t\t\t\t<div class=\"elementor-container elementor-column-gap-default\">\n\t\t\t\t\t<div class=\"aux-parallax-section elementor-column elementor-col-50 elementor-top-column elementor-element elementor-element-0d77166\" data-id=\"0d77166\" data-element_type=\"column\" data-e-type=\"column\">\n\t\t\t<div class=\"elementor-widget-wrap elementor-element-populated\">\n\t\t\t\t\t\t<div class=\"elementor-element elementor-element-1b52a9e elementor-widget elementor-widget-heading\" data-id=\"1b52a9e\" data-element_type=\"widget\" data-e-type=\"widget\" data-widget_type=\"heading.default\">\n\t\t\t\t<div class=\"elementor-widget-container\">\n\t\t\t\t\t<h2 class=\"elementor-heading-title elementor-size-default\">Cinema de qualidade e homenagens merecidas<\/h2>\t\t\t\t<\/div>\n\t\t\t\t<\/div>\n\t\t\t\t<div class=\"elementor-element elementor-element-00894c2 elementor-widget elementor-widget-text-editor\" data-id=\"00894c2\" data-element_type=\"widget\" data-e-type=\"widget\" data-widget_type=\"text-editor.default\">\n\t\t\t\t<div class=\"elementor-widget-container\">\n\t\t\t\t\t\t\t\t\t<p><span style=\"font-weight: 400;\">Entre os grandes sucessos, estiveram filmes in\u00e9ditos como \u201cMorte e Vida Madalena\u201d, de Guto Parente e \u201cUm dia antes de todos os outros\u201d, de Valentina Homem e Fernanda Bond, al\u00e9m de obras aclamadas como o indicado ao Oscar \u201cO Agente Secreto, de Kleber Mendon\u00e7a e os infantis \u201cChico Bento e a Goiabeira Maravi\u00f3sa\u201d, de Fernando Fraiha (em homenagem aos 90 anos de Maur\u00edcio de Sousa), \u201cO Menino e o Mundo\u201d, de Al\u00ea Abreu e \u201cA Mensagem de Jequi\u201d, dire\u00e7\u00e3o Igor Amin.<\/span><\/p>\t\t\t\t\t\t\t\t<\/div>\n\t\t\t\t<\/div>\n\t\t\t\t\t<\/div>\n\t\t<\/div>\n\t\t\t\t<div class=\"aux-parallax-section elementor-column elementor-col-50 elementor-top-column elementor-element elementor-element-96c6f18\" data-id=\"96c6f18\" data-element_type=\"column\" data-e-type=\"column\">\n\t\t\t<div class=\"elementor-widget-wrap elementor-element-populated\">\n\t\t\t\t\t\t<div class=\"elementor-element elementor-element-070b09b elementor-arrows-position-inside elementor-widget elementor-widget-image-carousel\" data-id=\"070b09b\" data-element_type=\"widget\" data-e-type=\"widget\" data-settings=\"{&quot;slides_to_show&quot;:&quot;1&quot;,&quot;navigation&quot;:&quot;arrows&quot;,&quot;autoplay&quot;:&quot;yes&quot;,&quot;pause_on_hover&quot;:&quot;yes&quot;,&quot;pause_on_interaction&quot;:&quot;yes&quot;,&quot;autoplay_speed&quot;:5000,&quot;infinite&quot;:&quot;yes&quot;,&quot;effect&quot;:&quot;slide&quot;,&quot;speed&quot;:500}\" data-widget_type=\"image-carousel.default\">\n\t\t\t\t<div class=\"elementor-widget-container\">\n\t\t\t\t\t\t\t<div class=\"elementor-image-carousel-wrapper swiper\" role=\"region\" aria-roledescription=\"carousel\" aria-label=\"Carrossel de imagens\" dir=\"ltr\">\n\t\t\t<div class=\"elementor-image-carousel swiper-wrapper swiper-image-stretch\" aria-live=\"off\">\n\t\t\t\t\t\t\t\t<div class=\"swiper-slide\" role=\"group\" aria-roledescription=\"slide\" aria-label=\"1 de 3\"><a data-elementor-open-lightbox=\"yes\" data-elementor-lightbox-slideshow=\"070b09b\" data-elementor-lightbox-title=\"Chico Bento e a goiabeira maravi\u00f3sa\" data-e-action-hash=\"#elementor-action%3Aaction%3Dlightbox%26settings%3DeyJpZCI6NjM5MCwidXJsIjoiaHR0cHM6XC9cL2l0ZmlsbWVzLmNvbS5iclwvbW9zdHJhYmV0aW1cL3dwLWNvbnRlbnRcL3VwbG9hZHNcL3NpdGVzXC81XC8yMDI1XC8xMVwvQ0hJQ09fQkVOVE9fQ0FSVEFaLTIuanBnIiwic2xpZGVzaG93IjoiMDcwYjA5YiJ9\" href=\"https:\/\/itfilmes.com.br\/mostrabetim\/wp-content\/uploads\/sites\/5\/2025\/11\/CHICO_BENTO_CARTAZ-2.jpg\"><figure class=\"swiper-slide-inner\"><img decoding=\"async\" class=\"swiper-slide-image\" src=\"https:\/\/itfilmes.com.br\/mostrabetim\/wp-content\/uploads\/sites\/5\/2025\/11\/CHICO_BENTO_CARTAZ-2-768x768.jpg\" alt=\"Chico Bento e a goiabeira maravi\u00f3sa\" \/><figcaption class=\"elementor-image-carousel-caption\">Chico Bento e a goiabeira maravi\u00f3sa<\/figcaption><\/figure><\/a><\/div><div class=\"swiper-slide\" role=\"group\" aria-roledescription=\"slide\" aria-label=\"2 de 3\"><a data-elementor-open-lightbox=\"yes\" data-elementor-lightbox-slideshow=\"070b09b\" data-elementor-lightbox-title=\"O menino e o mundo\" data-e-action-hash=\"#elementor-action%3Aaction%3Dlightbox%26settings%3DeyJpZCI6NjI5NSwidXJsIjoiaHR0cHM6XC9cL2l0ZmlsbWVzLmNvbS5iclwvbW9zdHJhYmV0aW1cL3dwLWNvbnRlbnRcL3VwbG9hZHNcL3NpdGVzXC81XC8yMDI1XC8xMVwvT01lbmlub0VPTXVuZG8tMTA4MC5qcGciLCJzbGlkZXNob3ciOiIwNzBiMDliIn0%3D\" href=\"https:\/\/itfilmes.com.br\/mostrabetim\/wp-content\/uploads\/sites\/5\/2025\/11\/OMeninoEOMundo-1080.jpg\"><figure class=\"swiper-slide-inner\"><img decoding=\"async\" class=\"swiper-slide-image\" src=\"https:\/\/itfilmes.com.br\/mostrabetim\/wp-content\/uploads\/sites\/5\/2025\/11\/OMeninoEOMundo-1080-768x768.jpg\" alt=\"O menino e o mundo\" \/><figcaption class=\"elementor-image-carousel-caption\">O menino e o mundo\n<\/figcaption><\/figure><\/a><\/div><div class=\"swiper-slide\" role=\"group\" aria-roledescription=\"slide\" aria-label=\"3 de 3\"><a data-elementor-open-lightbox=\"yes\" data-elementor-lightbox-slideshow=\"070b09b\" data-elementor-lightbox-title=\"A Mensagem de Jequi\" data-e-action-hash=\"#elementor-action%3Aaction%3Dlightbox%26settings%3DeyJpZCI6NTg5OCwidXJsIjoiaHR0cHM6XC9cL2l0ZmlsbWVzLmNvbS5iclwvbW9zdHJhYmV0aW1cL3dwLWNvbnRlbnRcL3VwbG9hZHNcL3NpdGVzXC81XC8yMDI1XC8xMVwvamVxdWlfMTA4MHgxNTg2LmpwZyIsInNsaWRlc2hvdyI6IjA3MGIwOWIifQ%3D%3D\" href=\"https:\/\/itfilmes.com.br\/mostrabetim\/wp-content\/uploads\/sites\/5\/2025\/11\/jequi_1080x1586.jpg\"><figure class=\"swiper-slide-inner\"><img decoding=\"async\" class=\"swiper-slide-image\" src=\"https:\/\/itfilmes.com.br\/mostrabetim\/wp-content\/uploads\/sites\/5\/2025\/11\/jequi_1080x1586-768x768.jpg\" alt=\"A Mensagem de Jequi\" \/><figcaption class=\"elementor-image-carousel-caption\">A Mensagem de Jequi<\/figcaption><\/figure><\/a><\/div>\t\t\t<\/div>\n\t\t\t\t\t\t\t\t\t\t\t\t<div class=\"elementor-swiper-button elementor-swiper-button-prev\" role=\"button\" tabindex=\"0\">\n\t\t\t\t\t\t<i aria-hidden=\"true\" class=\"eicon-chevron-left\"><\/i>\t\t\t\t\t<\/div>\n\t\t\t\t\t<div class=\"elementor-swiper-button elementor-swiper-button-next\" role=\"button\" tabindex=\"0\">\n\t\t\t\t\t\t<i aria-hidden=\"true\" class=\"eicon-chevron-right\"><\/i>\t\t\t\t\t<\/div>\n\t\t\t\t\n\t\t\t\t\t\t\t\t\t<\/div>\n\t\t\t\t\t\t<\/div>\n\t\t\t\t<\/div>\n\t\t\t\t\t<\/div>\n\t\t<\/div>\n\t\t\t\t\t<\/div>\n\t\t<\/section>\n\t\t\t\t<section class=\"elementor-section elementor-top-section elementor-element elementor-element-9bb1b5b elementor-section-boxed elementor-section-height-default elementor-section-height-default\" data-id=\"9bb1b5b\" data-element_type=\"section\" data-e-type=\"section\" data-settings=\"{&quot;background_background&quot;:&quot;classic&quot;}\">\n\t\t\t\t\t\t\t<div class=\"elementor-background-overlay\"><\/div>\n\t\t\t\t\t\t\t<div class=\"elementor-container elementor-column-gap-default\">\n\t\t\t\t\t<div class=\"aux-parallax-section elementor-column elementor-col-50 elementor-top-column elementor-element elementor-element-01fad79\" data-id=\"01fad79\" data-element_type=\"column\" data-e-type=\"column\">\n\t\t\t<div class=\"elementor-widget-wrap elementor-element-populated\">\n\t\t\t\t\t\t<div class=\"elementor-element elementor-element-3aa75e6 elementor-arrows-position-inside elementor-widget elementor-widget-image-carousel\" data-id=\"3aa75e6\" data-element_type=\"widget\" data-e-type=\"widget\" data-settings=\"{&quot;slides_to_show&quot;:&quot;1&quot;,&quot;navigation&quot;:&quot;arrows&quot;,&quot;autoplay_speed&quot;:6000,&quot;autoplay&quot;:&quot;yes&quot;,&quot;pause_on_hover&quot;:&quot;yes&quot;,&quot;pause_on_interaction&quot;:&quot;yes&quot;,&quot;infinite&quot;:&quot;yes&quot;,&quot;effect&quot;:&quot;slide&quot;,&quot;speed&quot;:500}\" data-widget_type=\"image-carousel.default\">\n\t\t\t\t<div class=\"elementor-widget-container\">\n\t\t\t\t\t\t\t<div class=\"elementor-image-carousel-wrapper swiper\" role=\"region\" aria-roledescription=\"carousel\" aria-label=\"Carrossel de imagens\" dir=\"ltr\">\n\t\t\t<div class=\"elementor-image-carousel swiper-wrapper swiper-image-stretch\" aria-live=\"off\">\n\t\t\t\t\t\t\t\t<div class=\"swiper-slide\" role=\"group\" aria-roledescription=\"slide\" aria-label=\"1 de 5\"><a data-elementor-open-lightbox=\"yes\" data-elementor-lightbox-slideshow=\"3aa75e6\" data-elementor-lightbox-title=\"IMG_0757\" data-e-action-hash=\"#elementor-action%3Aaction%3Dlightbox%26settings%3DeyJpZCI6Nzk2NywidXJsIjoiaHR0cHM6XC9cL2l0ZmlsbWVzLmNvbS5iclwvbW9zdHJhYmV0aW1cL3dwLWNvbnRlbnRcL3VwbG9hZHNcL3NpdGVzXC81XC8yMDI2XC8wMVwvSU1HXzA3NTcuanBnIiwic2xpZGVzaG93IjoiM2FhNzVlNiJ9\" href=\"https:\/\/itfilmes.com.br\/mostrabetim\/wp-content\/uploads\/sites\/5\/2026\/01\/IMG_0757.jpg\"><figure class=\"swiper-slide-inner\"><img decoding=\"async\" class=\"swiper-slide-image\" src=\"https:\/\/itfilmes.com.br\/mostrabetim\/wp-content\/uploads\/sites\/5\/2026\/01\/IMG_0757-768x768.jpg\" alt=\"S\u00e9rginho Olly - violonista, cantor e compositor \/ Marilton Borges - um dos mentores do Clube da Esquina com Elizabete Martins Campos - IT Filmes\" \/><figcaption class=\"elementor-image-carousel-caption\">S\u00e9rginho Olly - violonista, cantor e compositor \/ Marilton Borges - um dos mentores do Clube da Esquina com Elizabete Martins Campos - IT Filmes<\/figcaption><\/figure><\/a><\/div><div class=\"swiper-slide\" role=\"group\" aria-roledescription=\"slide\" aria-label=\"2 de 5\"><a data-elementor-open-lightbox=\"yes\" data-elementor-lightbox-slideshow=\"3aa75e6\" data-elementor-lightbox-title=\"homenagem-loborges-001\" data-e-action-hash=\"#elementor-action%3Aaction%3Dlightbox%26settings%3DeyJpZCI6Nzk5MiwidXJsIjoiaHR0cHM6XC9cL2l0ZmlsbWVzLmNvbS5iclwvbW9zdHJhYmV0aW1cL3dwLWNvbnRlbnRcL3VwbG9hZHNcL3NpdGVzXC81XC8yMDI2XC8wMVwvaG9tZW5hZ2VtLWxvYm9yZ2VzLTAwMS5qcGciLCJzbGlkZXNob3ciOiIzYWE3NWU2In0%3D\" href=\"https:\/\/itfilmes.com.br\/mostrabetim\/wp-content\/uploads\/sites\/5\/2026\/01\/homenagem-loborges-001.jpg\"><figure class=\"swiper-slide-inner\"><img decoding=\"async\" class=\"swiper-slide-image\" src=\"https:\/\/itfilmes.com.br\/mostrabetim\/wp-content\/uploads\/sites\/5\/2026\/01\/homenagem-loborges-001-768x768.jpg\" alt=\"A homenagem ao m\u00fasico L\u00f4 Borges, com a apresenta\u00e7\u00e3o do irm\u00e3o dele, o m\u00fasico Marilton Borges, um dos mentores do Clube da Esquina, acompanhado do violonista, cantor e compositor S\u00e9rginho Olly, emocionou o p\u00fablico presente na abertura do filme \u201cNada ser\u00e1 como antes\u201d\" \/><figcaption class=\"elementor-image-carousel-caption\">A homenagem ao m\u00fasico L\u00f4 Borges, com  a apresenta\u00e7\u00e3o do irm\u00e3o dele, o m\u00fasico Marilton Borges, um dos mentores do Clube da Esquina, acompanhado do violonista, cantor e compositor S\u00e9rginho Olly, emocionou o p\u00fablico presente na abertura do filme \u201cNada ser\u00e1 como antes\u201d<\/figcaption><\/figure><\/a><\/div><div class=\"swiper-slide\" role=\"group\" aria-roledescription=\"slide\" aria-label=\"3 de 5\"><a data-elementor-open-lightbox=\"yes\" data-elementor-lightbox-slideshow=\"3aa75e6\" data-elementor-lightbox-title=\"homenagem-loborges-002\" data-e-action-hash=\"#elementor-action%3Aaction%3Dlightbox%26settings%3DeyJpZCI6Nzk5MSwidXJsIjoiaHR0cHM6XC9cL2l0ZmlsbWVzLmNvbS5iclwvbW9zdHJhYmV0aW1cL3dwLWNvbnRlbnRcL3VwbG9hZHNcL3NpdGVzXC81XC8yMDI2XC8wMVwvaG9tZW5hZ2VtLWxvYm9yZ2VzLTAwMi5qcGciLCJzbGlkZXNob3ciOiIzYWE3NWU2In0%3D\" href=\"https:\/\/itfilmes.com.br\/mostrabetim\/wp-content\/uploads\/sites\/5\/2026\/01\/homenagem-loborges-002.jpg\"><figure class=\"swiper-slide-inner\"><img decoding=\"async\" class=\"swiper-slide-image\" src=\"https:\/\/itfilmes.com.br\/mostrabetim\/wp-content\/uploads\/sites\/5\/2026\/01\/homenagem-loborges-002-768x768.jpg\" alt=\"Marilton Borges, um dos mentores do Clube da Esquina\" \/><figcaption class=\"elementor-image-carousel-caption\">Marilton Borges, um dos mentores do Clube da Esquina<\/figcaption><\/figure><\/a><\/div><div class=\"swiper-slide\" role=\"group\" aria-roledescription=\"slide\" aria-label=\"4 de 5\"><a data-elementor-open-lightbox=\"yes\" data-elementor-lightbox-slideshow=\"3aa75e6\" data-elementor-lightbox-title=\"Nada Ser\u00e1 Como Antes\" data-e-action-hash=\"#elementor-action%3Aaction%3Dlightbox%26settings%3DeyJpZCI6NjIwMSwidXJsIjoiaHR0cHM6XC9cL2l0ZmlsbWVzLmNvbS5iclwvbW9zdHJhYmV0aW1cL3dwLWNvbnRlbnRcL3VwbG9hZHNcL3NpdGVzXC81XC8yMDI1XC8xMVwvTmFkYVNlcmFDb21vQW50ZXNfMTA4MC5qcGciLCJzbGlkZXNob3ciOiIzYWE3NWU2In0%3D\" href=\"https:\/\/itfilmes.com.br\/mostrabetim\/wp-content\/uploads\/sites\/5\/2025\/11\/NadaSeraComoAntes_1080.jpg\"><figure class=\"swiper-slide-inner\"><img decoding=\"async\" class=\"swiper-slide-image\" src=\"https:\/\/itfilmes.com.br\/mostrabetim\/wp-content\/uploads\/sites\/5\/2025\/11\/NadaSeraComoAntes_1080-768x768.jpg\" alt=\"Nada Ser\u00e1 Como Antes\" \/><figcaption class=\"elementor-image-carousel-caption\">Exibi\u00e7\u00e3o: Nada Ser\u00e1 Como Antes<\/figcaption><\/figure><\/a><\/div><div class=\"swiper-slide\" role=\"group\" aria-roledescription=\"slide\" aria-label=\"5 de 5\"><a data-elementor-open-lightbox=\"yes\" data-elementor-lightbox-slideshow=\"3aa75e6\" data-elementor-lightbox-title=\"Milton Bituca Nascimento\" data-e-action-hash=\"#elementor-action%3Aaction%3Dlightbox%26settings%3DeyJpZCI6NjE1NSwidXJsIjoiaHR0cHM6XC9cL2l0ZmlsbWVzLmNvbS5iclwvbW9zdHJhYmV0aW1cL3dwLWNvbnRlbnRcL3VwbG9hZHNcL3NpdGVzXC81XC8yMDI1XC8xMVwvQ0FSVEFaLUJJVFVDQS5qcGciLCJzbGlkZXNob3ciOiIzYWE3NWU2In0%3D\" href=\"https:\/\/itfilmes.com.br\/mostrabetim\/wp-content\/uploads\/sites\/5\/2025\/11\/CARTAZ-BITUCA.jpg\"><figure class=\"swiper-slide-inner\"><img decoding=\"async\" class=\"swiper-slide-image\" src=\"https:\/\/itfilmes.com.br\/mostrabetim\/wp-content\/uploads\/sites\/5\/2025\/11\/CARTAZ-BITUCA-768x768.jpg\" alt=\"Milton Bituca Nascimento\" \/><figcaption class=\"elementor-image-carousel-caption\">Exibi\u00e7\u00e3o: Milton Bituca Nascimento<\/figcaption><\/figure><\/a><\/div>\t\t\t<\/div>\n\t\t\t\t\t\t\t\t\t\t\t\t<div class=\"elementor-swiper-button elementor-swiper-button-prev\" role=\"button\" tabindex=\"0\">\n\t\t\t\t\t\t<i aria-hidden=\"true\" class=\"eicon-chevron-left\"><\/i>\t\t\t\t\t<\/div>\n\t\t\t\t\t<div class=\"elementor-swiper-button elementor-swiper-button-next\" role=\"button\" tabindex=\"0\">\n\t\t\t\t\t\t<i aria-hidden=\"true\" class=\"eicon-chevron-right\"><\/i>\t\t\t\t\t<\/div>\n\t\t\t\t\n\t\t\t\t\t\t\t\t\t<\/div>\n\t\t\t\t\t\t<\/div>\n\t\t\t\t<\/div>\n\t\t\t\t\t<\/div>\n\t\t<\/div>\n\t\t\t\t<div class=\"aux-parallax-section elementor-column elementor-col-50 elementor-top-column elementor-element elementor-element-397a5c3\" data-id=\"397a5c3\" data-element_type=\"column\" data-e-type=\"column\">\n\t\t\t<div class=\"elementor-widget-wrap elementor-element-populated\">\n\t\t\t\t\t\t<div class=\"elementor-element elementor-element-0e91f5e elementor-widget elementor-widget-text-editor\" data-id=\"0e91f5e\" data-element_type=\"widget\" data-e-type=\"widget\" data-widget_type=\"text-editor.default\">\n\t\t\t\t<div class=\"elementor-widget-container\">\n\t\t\t\t\t\t\t\t\t<p><span style=\"font-weight: 400;\">A Mostra prestou emocionantes homenagens a figuras ic\u00f4nicas: L\u00f4 Borges, do Clube da Esquina, e Maur\u00edcio de Sousa, um dos principais cartunistas do Brasil. L\u00f4 Borges e Milton Nascimento foram celebrados com as exibi\u00e7\u00f5es dos longas &#8220;Nada Ser\u00e1 Como Antes&#8221;, de Ana Rieper e \u201cMilton Bituca Nascimento\u201d, de Fl\u00e1via Moraes. A programa\u00e7\u00e3o dedicou uma \u201cSess\u00e3o Especial: Igualdade Racial\u201d ao filme \u201cOtelo, O Grande\u201d, de Lucas H. Ros<\/span><\/p>\t\t\t\t\t\t\t\t<\/div>\n\t\t\t\t<\/div>\n\t\t\t\t\t<\/div>\n\t\t<\/div>\n\t\t\t\t\t<\/div>\n\t\t<\/section>\n\t\t\t\t<section class=\"elementor-section elementor-top-section elementor-element elementor-element-d9df76b elementor-section-boxed elementor-section-height-default elementor-section-height-default\" data-id=\"d9df76b\" data-element_type=\"section\" data-e-type=\"section\" data-settings=\"{&quot;background_background&quot;:&quot;classic&quot;}\">\n\t\t\t\t\t\t\t<div class=\"elementor-background-overlay\"><\/div>\n\t\t\t\t\t\t\t<div class=\"elementor-container elementor-column-gap-default\">\n\t\t\t\t\t<div class=\"aux-parallax-section elementor-column elementor-col-50 elementor-top-column elementor-element elementor-element-f5d4393\" data-id=\"f5d4393\" data-element_type=\"column\" data-e-type=\"column\">\n\t\t\t<div class=\"elementor-widget-wrap elementor-element-populated\">\n\t\t\t\t\t\t<div class=\"elementor-element elementor-element-127245c elementor-widget elementor-widget-heading\" data-id=\"127245c\" data-element_type=\"widget\" data-e-type=\"widget\" data-widget_type=\"heading.default\">\n\t\t\t\t<div class=\"elementor-widget-container\">\n\t\t\t\t\t<h2 class=\"elementor-heading-title elementor-size-default\">Cinema da samba<br>\nSamba d\u00e1 cinema<\/h2>\t\t\t\t<\/div>\n\t\t\t\t<\/div>\n\t\t\t\t<div class=\"elementor-element elementor-element-30c3d83 elementor-widget elementor-widget-text-editor\" data-id=\"30c3d83\" data-element_type=\"widget\" data-e-type=\"widget\" data-widget_type=\"text-editor.default\">\n\t\t\t\t<div class=\"elementor-widget-container\">\n\t\t\t\t\t\t\t\t\t<p><span style=\"font-weight: 400;\">No \u00faltimo dia da Mostra, 30 de novembro, para abrir a sess\u00e3o dos filmes, realizados por artistas de Betim, foi promovida a interven\u00e7\u00e3o art\u00edstica com uma roda de samba, composta por\u00a0 m\u00fasicos de document\u00e1rios protagonizados por eles e que foram exibidos na Mostra.<\/span><\/p>\n<p><span style=\"font-weight: 400;\">Alinhada \u00e0s celebra\u00e7\u00f5es do M\u00eas da Consci\u00eancia Negra, a atividade prestou uma homenagem especial \u00e0 Dona Zilda, \u00edcone do samba de Betim e personagem do document\u00e1rio do m\u00fasico betinense e seu neto Robert Vin\u00edcius, que estreou na Mostra e que traz para a tela a viv\u00eancia de quem cresceu testemunhando o legado de sua av\u00f3 no fomento ao samba local. <\/span><\/p>\t\t\t\t\t\t\t\t<\/div>\n\t\t\t\t<\/div>\n\t\t\t\t\t<\/div>\n\t\t<\/div>\n\t\t\t\t<div class=\"aux-parallax-section elementor-column elementor-col-50 elementor-top-column elementor-element elementor-element-a828c8f\" data-id=\"a828c8f\" data-element_type=\"column\" data-e-type=\"column\">\n\t\t\t<div class=\"elementor-widget-wrap elementor-element-populated\">\n\t\t\t\t\t\t<div class=\"elementor-element elementor-element-836a16f elementor-arrows-position-inside elementor-widget elementor-widget-image-carousel\" data-id=\"836a16f\" data-element_type=\"widget\" data-e-type=\"widget\" data-settings=\"{&quot;slides_to_show&quot;:&quot;1&quot;,&quot;navigation&quot;:&quot;arrows&quot;,&quot;autoplay_speed&quot;:7000,&quot;autoplay&quot;:&quot;yes&quot;,&quot;pause_on_hover&quot;:&quot;yes&quot;,&quot;pause_on_interaction&quot;:&quot;yes&quot;,&quot;infinite&quot;:&quot;yes&quot;,&quot;effect&quot;:&quot;slide&quot;,&quot;speed&quot;:500}\" data-widget_type=\"image-carousel.default\">\n\t\t\t\t<div class=\"elementor-widget-container\">\n\t\t\t\t\t\t\t<div class=\"elementor-image-carousel-wrapper swiper\" role=\"region\" aria-roledescription=\"carousel\" aria-label=\"Carrossel de imagens\" dir=\"ltr\">\n\t\t\t<div class=\"elementor-image-carousel swiper-wrapper swiper-image-stretch\" aria-live=\"off\">\n\t\t\t\t\t\t\t\t<div class=\"swiper-slide\" role=\"group\" aria-roledescription=\"slide\" aria-label=\"1 de 4\"><a data-elementor-open-lightbox=\"yes\" data-elementor-lightbox-slideshow=\"836a16f\" data-elementor-lightbox-title=\"IMG_2370-web\" data-e-action-hash=\"#elementor-action%3Aaction%3Dlightbox%26settings%3DeyJpZCI6Nzk2OCwidXJsIjoiaHR0cHM6XC9cL2l0ZmlsbWVzLmNvbS5iclwvbW9zdHJhYmV0aW1cL3dwLWNvbnRlbnRcL3VwbG9hZHNcL3NpdGVzXC81XC8yMDI2XC8wMVwvSU1HXzIzNzAtd2ViLmpwZyIsInNsaWRlc2hvdyI6IjgzNmExNmYifQ%3D%3D\" href=\"https:\/\/itfilmes.com.br\/mostrabetim\/wp-content\/uploads\/sites\/5\/2026\/01\/IMG_2370-web.jpg\"><figure class=\"swiper-slide-inner\"><img decoding=\"async\" class=\"swiper-slide-image\" src=\"https:\/\/itfilmes.com.br\/mostrabetim\/wp-content\/uploads\/sites\/5\/2026\/01\/IMG_2370-web-768x720.jpg\" alt=\"Dona Zilda, \u00edcone do samba de Betim\" \/><figcaption class=\"elementor-image-carousel-caption\">Dona Zilda, \u00edcone do samba de Betim<\/figcaption><\/figure><\/a><\/div><div class=\"swiper-slide\" role=\"group\" aria-roledescription=\"slide\" aria-label=\"2 de 4\"><a data-elementor-open-lightbox=\"yes\" data-elementor-lightbox-slideshow=\"836a16f\" data-elementor-lightbox-title=\"IMG_2384\" data-e-action-hash=\"#elementor-action%3Aaction%3Dlightbox%26settings%3DeyJpZCI6NzcxMCwidXJsIjoiaHR0cHM6XC9cL2l0ZmlsbWVzLmNvbS5iclwvbW9zdHJhYmV0aW1cL3dwLWNvbnRlbnRcL3VwbG9hZHNcL3NpdGVzXC81XC8yMDI2XC8wMVwvSU1HXzIzODQuanBnIiwic2xpZGVzaG93IjoiODM2YTE2ZiJ9\" href=\"https:\/\/itfilmes.com.br\/mostrabetim\/wp-content\/uploads\/sites\/5\/2026\/01\/IMG_2384.jpg\"><figure class=\"swiper-slide-inner\"><img decoding=\"async\" class=\"swiper-slide-image\" src=\"https:\/\/itfilmes.com.br\/mostrabetim\/wp-content\/uploads\/sites\/5\/2026\/01\/IMG_2384-768x720.jpg\" alt=\"Elizabete Martins Campos - IT Filmes e Dona Zilda, \u00edcone do samba de Betim\" \/><figcaption class=\"elementor-image-carousel-caption\">Elizabete Martins Campos - IT Filmes e Dona Zilda, \u00edcone do samba de Betim<\/figcaption><\/figure><\/a><\/div><div class=\"swiper-slide\" role=\"group\" aria-roledescription=\"slide\" aria-label=\"3 de 4\"><a data-elementor-open-lightbox=\"yes\" data-elementor-lightbox-slideshow=\"836a16f\" data-elementor-lightbox-title=\"IMG_2361\" data-e-action-hash=\"#elementor-action%3Aaction%3Dlightbox%26settings%3DeyJpZCI6NzcxMywidXJsIjoiaHR0cHM6XC9cL2l0ZmlsbWVzLmNvbS5iclwvbW9zdHJhYmV0aW1cL3dwLWNvbnRlbnRcL3VwbG9hZHNcL3NpdGVzXC81XC8yMDI2XC8wMVwvSU1HXzIzNjEuanBnIiwic2xpZGVzaG93IjoiODM2YTE2ZiJ9\" href=\"https:\/\/itfilmes.com.br\/mostrabetim\/wp-content\/uploads\/sites\/5\/2026\/01\/IMG_2361.jpg\"><figure class=\"swiper-slide-inner\"><img decoding=\"async\" class=\"swiper-slide-image\" src=\"https:\/\/itfilmes.com.br\/mostrabetim\/wp-content\/uploads\/sites\/5\/2026\/01\/IMG_2361-768x720.jpg\" alt=\"IMG_2361\" \/><\/figure><\/a><\/div><div class=\"swiper-slide\" role=\"group\" aria-roledescription=\"slide\" aria-label=\"4 de 4\"><a data-elementor-open-lightbox=\"yes\" data-elementor-lightbox-slideshow=\"836a16f\" data-elementor-lightbox-title=\"IMG_2381-web\" data-e-action-hash=\"#elementor-action%3Aaction%3Dlightbox%26settings%3DeyJpZCI6Nzk2OSwidXJsIjoiaHR0cHM6XC9cL2l0ZmlsbWVzLmNvbS5iclwvbW9zdHJhYmV0aW1cL3dwLWNvbnRlbnRcL3VwbG9hZHNcL3NpdGVzXC81XC8yMDI2XC8wMVwvSU1HXzIzODEtd2ViLS5qcGciLCJzbGlkZXNob3ciOiI4MzZhMTZmIn0%3D\" href=\"https:\/\/itfilmes.com.br\/mostrabetim\/wp-content\/uploads\/sites\/5\/2026\/01\/IMG_2381-web-.jpg\"><figure class=\"swiper-slide-inner\"><img decoding=\"async\" class=\"swiper-slide-image\" src=\"https:\/\/itfilmes.com.br\/mostrabetim\/wp-content\/uploads\/sites\/5\/2026\/01\/IMG_2381-web--768x720.jpg\" alt=\"IMG_2381-web\" \/><\/figure><\/a><\/div>\t\t\t<\/div>\n\t\t\t\t\t\t\t\t\t\t\t\t<div class=\"elementor-swiper-button elementor-swiper-button-prev\" role=\"button\" tabindex=\"0\">\n\t\t\t\t\t\t<i aria-hidden=\"true\" class=\"eicon-chevron-left\"><\/i>\t\t\t\t\t<\/div>\n\t\t\t\t\t<div class=\"elementor-swiper-button elementor-swiper-button-next\" role=\"button\" tabindex=\"0\">\n\t\t\t\t\t\t<i aria-hidden=\"true\" class=\"eicon-chevron-right\"><\/i>\t\t\t\t\t<\/div>\n\t\t\t\t\n\t\t\t\t\t\t\t\t\t<\/div>\n\t\t\t\t\t\t<\/div>\n\t\t\t\t<\/div>\n\t\t\t\t\t<\/div>\n\t\t<\/div>\n\t\t\t\t\t<\/div>\n\t\t<\/section>\n\t\t\t\t<section class=\"elementor-section elementor-top-section elementor-element elementor-element-6349970 elementor-section-boxed elementor-section-height-default elementor-section-height-default\" data-id=\"6349970\" data-element_type=\"section\" data-e-type=\"section\" data-settings=\"{&quot;background_background&quot;:&quot;gradient&quot;}\">\n\t\t\t\t\t\t<div class=\"elementor-container elementor-column-gap-default\">\n\t\t\t\t\t<div class=\"aux-parallax-section elementor-column elementor-col-100 elementor-top-column elementor-element elementor-element-b326437\" data-id=\"b326437\" data-element_type=\"column\" data-e-type=\"column\">\n\t\t\t<div class=\"elementor-widget-wrap elementor-element-populated\">\n\t\t\t\t\t\t<div class=\"elementor-element elementor-element-6b6f1f9 elementor-widget elementor-widget-heading\" data-id=\"6b6f1f9\" data-element_type=\"widget\" data-e-type=\"widget\" data-widget_type=\"heading.default\">\n\t\t\t\t<div class=\"elementor-widget-container\">\n\t\t\t\t\t<h2 class=\"elementor-heading-title elementor-size-default\">Betim nas telas de cinema<\/h2>\t\t\t\t<\/div>\n\t\t\t\t<\/div>\n\t\t\t\t<div class=\"elementor-element elementor-element-e1abcc7 elementor-widget elementor-widget-text-editor\" data-id=\"e1abcc7\" data-element_type=\"widget\" data-e-type=\"widget\" data-widget_type=\"text-editor.default\">\n\t\t\t\t<div class=\"elementor-widget-container\">\n\t\t\t\t\t\t\t\t\t<p><span style=\"font-weight: 400;\">A programa\u00e7\u00e3o potencializou filmes, artistas e produtores de Betim, mostrando seus trabalhos, a maior parte deles, pela primeira vez em sala de cinema,\u00a0 com lan\u00e7amento dos document\u00e1rios <\/span><span style=\"font-weight: 400;\">\u201cHist\u00f3rias que o Povo Conta: O Samba em Betim&#8221;,<\/span> <span style=\"font-weight: 400;\">de<\/span> <span style=\"font-weight: 400;\">Robert Vin\u00edcius e Rafael Aquino e<\/span><span style=\"font-weight: 400;\"> &#8220;Solitude\u201d, dire\u00e7\u00e3o de Miguel dos Anjos e Elizabete Martins Campos, exibi\u00e7\u00e3o do document\u00e1rio \u201cCelso Moretti &#8211; Favela Negra\u201d, dire\u00e7\u00e3o Sebastian G\u00f3mez,\u00a0 <\/span><span style=\"font-weight: 400;\">e dos curtas de<\/span><span style=\"font-weight: 400;\"> fic\u00e7\u00e3o, &#8220;M\u00e3e D\u2019ouro\u201d, de <\/span><span style=\"font-weight: 400;\">Maick Hannder; &#8220;Fia&#8221;, de Pris Garcia.<\/span><\/p>\t\t\t\t\t\t\t\t<\/div>\n\t\t\t\t<\/div>\n\t\t\t\t<div class=\"elementor-element elementor-element-8455630 elementor-widget__width-auto elementor-widget-mobile__width-auto elementor-widget elementor-widget-button\" data-id=\"8455630\" data-element_type=\"widget\" data-e-type=\"widget\" data-widget_type=\"button.default\">\n\t\t\t\t<div class=\"elementor-widget-container\">\n\t\t\t\t\t\t\t\t\t<div class=\"elementor-button-wrapper\">\n\t\t\t\t\t<a class=\"elementor-button elementor-button-link elementor-size-sm\" href=\"https:\/\/itfilmes.com.br\/mostrabetim\/programacao\/\" target=\"_blank\">\n\t\t\t\t\t\t<span class=\"elementor-button-content-wrapper\">\n\t\t\t\t\t\t<span class=\"elementor-button-icon\">\n\t\t\t\t<i aria-hidden=\"true\" class=\"auxicon auxicon-eye-1\"><\/i>\t\t\t<\/span>\n\t\t\t\t\t\t\t\t\t<span class=\"elementor-button-text\">Programa\u00e7\u00e3o completa<\/span>\n\t\t\t\t\t<\/span>\n\t\t\t\t\t<\/a>\n\t\t\t\t<\/div>\n\t\t\t\t\t\t\t\t<\/div>\n\t\t\t\t<\/div>\n\t\t\t\t\t<\/div>\n\t\t<\/div>\n\t\t\t\t\t<\/div>\n\t\t<\/section>\n\t\t\t\t<section class=\"elementor-section elementor-top-section elementor-element elementor-element-1d371e6 elementor-section-boxed elementor-section-height-default elementor-section-height-default\" data-id=\"1d371e6\" data-element_type=\"section\" data-e-type=\"section\" data-settings=\"{&quot;background_background&quot;:&quot;gradient&quot;}\">\n\t\t\t\t\t\t<div class=\"elementor-container elementor-column-gap-default\">\n\t\t\t\t\t<div class=\"aux-parallax-section elementor-column elementor-col-100 elementor-top-column elementor-element elementor-element-27387ce\" data-id=\"27387ce\" data-element_type=\"column\" data-e-type=\"column\" data-settings=\"{&quot;background_background&quot;:&quot;classic&quot;}\">\n\t\t\t<div class=\"elementor-widget-wrap elementor-element-populated\">\n\t\t\t\t\t\t<div class=\"elementor-element elementor-element-63cc42b elementor-widget elementor-widget-heading\" data-id=\"63cc42b\" data-element_type=\"widget\" data-e-type=\"widget\" data-widget_type=\"heading.default\">\n\t\t\t\t<div class=\"elementor-widget-container\">\n\t\t\t\t\t<h1 class=\"elementor-heading-title elementor-size-default\">O cora\u00e7\u00e3o da mostra: acesso, forma\u00e7\u00e3o de novas plateias e capacita\u00e7\u00e3o profissional<\/h1>\t\t\t\t<\/div>\n\t\t\t\t<\/div>\n\t\t\t\t<div class=\"elementor-element elementor-element-19dbd2b elementor-widget elementor-widget-text-editor\" data-id=\"19dbd2b\" data-element_type=\"widget\" data-e-type=\"widget\" data-widget_type=\"text-editor.default\">\n\t\t\t\t<div class=\"elementor-widget-container\">\n\t\t\t\t\t\t\t\t\t<p class=\"p1\"><span style=\"font-weight: 400;\">As oficinas audiovisuais representam o <\/span><b>DNA estrat\u00e9gico<\/b><span style=\"font-weight: 400;\"> da Mostra de Cinema de Betim. Nesta 2\u00aa edi\u00e7\u00e3o, elas foram alicerces fundamentais para a forma\u00e7\u00e3o de novos p\u00fablicos. Ao iniciar o ciclo em 29 de outubro, antecedendo a exibi\u00e7\u00e3o dos filmes, a Mostra preparou o olhar da comunidade, transformando espectadores passivos em agentes cr\u00edticos e criativos.<\/span><\/p>\t\t\t\t\t\t\t\t<\/div>\n\t\t\t\t<\/div>\n\t\t\t\t<div class=\"elementor-element elementor-element-0d89583 elementor-arrows-position-inside elementor-widget elementor-widget-image-carousel\" data-id=\"0d89583\" data-element_type=\"widget\" data-e-type=\"widget\" data-settings=\"{&quot;slides_to_show&quot;:&quot;1&quot;,&quot;navigation&quot;:&quot;arrows&quot;,&quot;autoplay&quot;:&quot;yes&quot;,&quot;pause_on_hover&quot;:&quot;yes&quot;,&quot;pause_on_interaction&quot;:&quot;yes&quot;,&quot;autoplay_speed&quot;:5000,&quot;infinite&quot;:&quot;yes&quot;,&quot;effect&quot;:&quot;slide&quot;,&quot;speed&quot;:500}\" data-widget_type=\"image-carousel.default\">\n\t\t\t\t<div class=\"elementor-widget-container\">\n\t\t\t\t\t\t\t<div class=\"elementor-image-carousel-wrapper swiper\" role=\"region\" aria-roledescription=\"carousel\" aria-label=\"Carrossel de imagens\" dir=\"ltr\">\n\t\t\t<div class=\"elementor-image-carousel swiper-wrapper swiper-image-stretch\" aria-live=\"off\">\n\t\t\t\t\t\t\t\t<div class=\"swiper-slide\" role=\"group\" aria-roledescription=\"slide\" aria-label=\"1 de 18\"><a data-elementor-open-lightbox=\"yes\" data-elementor-lightbox-slideshow=\"0d89583\" data-elementor-lightbox-title=\"IMG_9814-direcao-fotografia\" data-e-action-hash=\"#elementor-action%3Aaction%3Dlightbox%26settings%3DeyJpZCI6Nzg4NSwidXJsIjoiaHR0cHM6XC9cL2l0ZmlsbWVzLmNvbS5iclwvbW9zdHJhYmV0aW1cL3dwLWNvbnRlbnRcL3VwbG9hZHNcL3NpdGVzXC81XC8yMDI2XC8wMVwvSU1HXzk4MTQtZGlyZWNhby1mb3RvZ3JhZmlhLmpwZyIsInNsaWRlc2hvdyI6IjBkODk1ODMifQ%3D%3D\" href=\"https:\/\/itfilmes.com.br\/mostrabetim\/wp-content\/uploads\/sites\/5\/2026\/01\/IMG_9814-direcao-fotografia.jpg\"><figure class=\"swiper-slide-inner\"><img decoding=\"async\" class=\"swiper-slide-image\" src=\"https:\/\/itfilmes.com.br\/mostrabetim\/wp-content\/uploads\/sites\/5\/2026\/01\/IMG_9814-direcao-fotografia.jpg\" alt=\"Dire\u00e7\u00e3o de Fotografia\" \/><figcaption class=\"elementor-image-carousel-caption\">Dire\u00e7\u00e3o de Fotografia<\/figcaption><\/figure><\/a><\/div><div class=\"swiper-slide\" role=\"group\" aria-roledescription=\"slide\" aria-label=\"2 de 18\"><a data-elementor-open-lightbox=\"yes\" data-elementor-lightbox-slideshow=\"0d89583\" data-elementor-lightbox-title=\"jogos-2\" data-e-action-hash=\"#elementor-action%3Aaction%3Dlightbox%26settings%3DeyJpZCI6Nzg2OCwidXJsIjoiaHR0cHM6XC9cL2l0ZmlsbWVzLmNvbS5iclwvbW9zdHJhYmV0aW1cL3dwLWNvbnRlbnRcL3VwbG9hZHNcL3NpdGVzXC81XC8yMDI2XC8wMVwvam9nb3MtMi5qcGciLCJzbGlkZXNob3ciOiIwZDg5NTgzIn0%3D\" href=\"https:\/\/itfilmes.com.br\/mostrabetim\/wp-content\/uploads\/sites\/5\/2026\/01\/jogos-2.jpg\"><figure class=\"swiper-slide-inner\"><img decoding=\"async\" class=\"swiper-slide-image\" src=\"https:\/\/itfilmes.com.br\/mostrabetim\/wp-content\/uploads\/sites\/5\/2026\/01\/jogos-2.jpg\" alt=\"Jogos Eletr\u00f4nicos\" \/><figcaption class=\"elementor-image-carousel-caption\">Jogos Eletr\u00f4nicos<\/figcaption><\/figure><\/a><\/div><div class=\"swiper-slide\" role=\"group\" aria-roledescription=\"slide\" aria-label=\"3 de 18\"><a data-elementor-open-lightbox=\"yes\" data-elementor-lightbox-slideshow=\"0d89583\" data-elementor-lightbox-title=\"jogos-1\" data-e-action-hash=\"#elementor-action%3Aaction%3Dlightbox%26settings%3DeyJpZCI6Nzg2OSwidXJsIjoiaHR0cHM6XC9cL2l0ZmlsbWVzLmNvbS5iclwvbW9zdHJhYmV0aW1cL3dwLWNvbnRlbnRcL3VwbG9hZHNcL3NpdGVzXC81XC8yMDI2XC8wMVwvam9nb3MtMS5qcGciLCJzbGlkZXNob3ciOiIwZDg5NTgzIn0%3D\" href=\"https:\/\/itfilmes.com.br\/mostrabetim\/wp-content\/uploads\/sites\/5\/2026\/01\/jogos-1.jpg\"><figure class=\"swiper-slide-inner\"><img decoding=\"async\" class=\"swiper-slide-image\" src=\"https:\/\/itfilmes.com.br\/mostrabetim\/wp-content\/uploads\/sites\/5\/2026\/01\/jogos-1.jpg\" alt=\"Jogos Eletr\u00f4nicos\" \/><figcaption class=\"elementor-image-carousel-caption\">Jogos Eletr\u00f4nicos<\/figcaption><\/figure><\/a><\/div><div class=\"swiper-slide\" role=\"group\" aria-roledescription=\"slide\" aria-label=\"4 de 18\"><a data-elementor-open-lightbox=\"yes\" data-elementor-lightbox-slideshow=\"0d89583\" data-elementor-lightbox-title=\"animacao-2\" data-e-action-hash=\"#elementor-action%3Aaction%3Dlightbox%26settings%3DeyJpZCI6Nzg3MCwidXJsIjoiaHR0cHM6XC9cL2l0ZmlsbWVzLmNvbS5iclwvbW9zdHJhYmV0aW1cL3dwLWNvbnRlbnRcL3VwbG9hZHNcL3NpdGVzXC81XC8yMDI2XC8wMVwvYW5pbWFjYW8tMi5qcGciLCJzbGlkZXNob3ciOiIwZDg5NTgzIn0%3D\" href=\"https:\/\/itfilmes.com.br\/mostrabetim\/wp-content\/uploads\/sites\/5\/2026\/01\/animacao-2.jpg\"><figure class=\"swiper-slide-inner\"><img decoding=\"async\" class=\"swiper-slide-image\" src=\"https:\/\/itfilmes.com.br\/mostrabetim\/wp-content\/uploads\/sites\/5\/2026\/01\/animacao-2.jpg\" alt=\"Anima\u00e7\u00e3o\" \/><figcaption class=\"elementor-image-carousel-caption\">Anima\u00e7\u00e3o<\/figcaption><\/figure><\/a><\/div><div class=\"swiper-slide\" role=\"group\" aria-roledescription=\"slide\" aria-label=\"5 de 18\"><a data-elementor-open-lightbox=\"yes\" data-elementor-lightbox-slideshow=\"0d89583\" data-elementor-lightbox-title=\"animacao-1\" data-e-action-hash=\"#elementor-action%3Aaction%3Dlightbox%26settings%3DeyJpZCI6Nzg3MSwidXJsIjoiaHR0cHM6XC9cL2l0ZmlsbWVzLmNvbS5iclwvbW9zdHJhYmV0aW1cL3dwLWNvbnRlbnRcL3VwbG9hZHNcL3NpdGVzXC81XC8yMDI2XC8wMVwvYW5pbWFjYW8tMS5qcGciLCJzbGlkZXNob3ciOiIwZDg5NTgzIn0%3D\" href=\"https:\/\/itfilmes.com.br\/mostrabetim\/wp-content\/uploads\/sites\/5\/2026\/01\/animacao-1.jpg\"><figure class=\"swiper-slide-inner\"><img decoding=\"async\" class=\"swiper-slide-image\" src=\"https:\/\/itfilmes.com.br\/mostrabetim\/wp-content\/uploads\/sites\/5\/2026\/01\/animacao-1.jpg\" alt=\"Anima\u00e7\u00e3o\" \/><figcaption class=\"elementor-image-carousel-caption\">Anima\u00e7\u00e3o<\/figcaption><\/figure><\/a><\/div><div class=\"swiper-slide\" role=\"group\" aria-roledescription=\"slide\" aria-label=\"6 de 18\"><a data-elementor-open-lightbox=\"yes\" data-elementor-lightbox-slideshow=\"0d89583\" data-elementor-lightbox-title=\"documentario\" data-e-action-hash=\"#elementor-action%3Aaction%3Dlightbox%26settings%3DeyJpZCI6Nzg3MiwidXJsIjoiaHR0cHM6XC9cL2l0ZmlsbWVzLmNvbS5iclwvbW9zdHJhYmV0aW1cL3dwLWNvbnRlbnRcL3VwbG9hZHNcL3NpdGVzXC81XC8yMDI2XC8wMVwvZG9jdW1lbnRhcmlvLmpwZyIsInNsaWRlc2hvdyI6IjBkODk1ODMifQ%3D%3D\" href=\"https:\/\/itfilmes.com.br\/mostrabetim\/wp-content\/uploads\/sites\/5\/2026\/01\/documentario.jpg\"><figure class=\"swiper-slide-inner\"><img decoding=\"async\" class=\"swiper-slide-image\" src=\"https:\/\/itfilmes.com.br\/mostrabetim\/wp-content\/uploads\/sites\/5\/2026\/01\/documentario.jpg\" alt=\"Document\u00e1rio\" \/><figcaption class=\"elementor-image-carousel-caption\">Document\u00e1rio<\/figcaption><\/figure><\/a><\/div><div class=\"swiper-slide\" role=\"group\" aria-roledescription=\"slide\" aria-label=\"7 de 18\"><a data-elementor-open-lightbox=\"yes\" data-elementor-lightbox-slideshow=\"0d89583\" data-elementor-lightbox-title=\"direcao-3\" data-e-action-hash=\"#elementor-action%3Aaction%3Dlightbox%26settings%3DeyJpZCI6Nzg3MywidXJsIjoiaHR0cHM6XC9cL2l0ZmlsbWVzLmNvbS5iclwvbW9zdHJhYmV0aW1cL3dwLWNvbnRlbnRcL3VwbG9hZHNcL3NpdGVzXC81XC8yMDI2XC8wMVwvZGlyZWNhby0zLmpwZyIsInNsaWRlc2hvdyI6IjBkODk1ODMifQ%3D%3D\" href=\"https:\/\/itfilmes.com.br\/mostrabetim\/wp-content\/uploads\/sites\/5\/2026\/01\/direcao-3.jpg\"><figure class=\"swiper-slide-inner\"><img decoding=\"async\" class=\"swiper-slide-image\" src=\"https:\/\/itfilmes.com.br\/mostrabetim\/wp-content\/uploads\/sites\/5\/2026\/01\/direcao-3.jpg\" alt=\"Dire\u00e7\u00e3o\" \/><figcaption class=\"elementor-image-carousel-caption\">Dire\u00e7\u00e3o<\/figcaption><\/figure><\/a><\/div><div class=\"swiper-slide\" role=\"group\" aria-roledescription=\"slide\" aria-label=\"8 de 18\"><a data-elementor-open-lightbox=\"yes\" data-elementor-lightbox-slideshow=\"0d89583\" data-elementor-lightbox-title=\"direcao-2\" data-e-action-hash=\"#elementor-action%3Aaction%3Dlightbox%26settings%3DeyJpZCI6Nzg3NCwidXJsIjoiaHR0cHM6XC9cL2l0ZmlsbWVzLmNvbS5iclwvbW9zdHJhYmV0aW1cL3dwLWNvbnRlbnRcL3VwbG9hZHNcL3NpdGVzXC81XC8yMDI2XC8wMVwvZGlyZWNhby0yLmpwZyIsInNsaWRlc2hvdyI6IjBkODk1ODMifQ%3D%3D\" href=\"https:\/\/itfilmes.com.br\/mostrabetim\/wp-content\/uploads\/sites\/5\/2026\/01\/direcao-2.jpg\"><figure class=\"swiper-slide-inner\"><img decoding=\"async\" class=\"swiper-slide-image\" src=\"https:\/\/itfilmes.com.br\/mostrabetim\/wp-content\/uploads\/sites\/5\/2026\/01\/direcao-2.jpg\" alt=\"Dire\u00e7\u00e3o\" \/><figcaption class=\"elementor-image-carousel-caption\">Dire\u00e7\u00e3o<\/figcaption><\/figure><\/a><\/div><div class=\"swiper-slide\" role=\"group\" aria-roledescription=\"slide\" aria-label=\"9 de 18\"><a data-elementor-open-lightbox=\"yes\" data-elementor-lightbox-slideshow=\"0d89583\" data-elementor-lightbox-title=\"direcao-1\" data-e-action-hash=\"#elementor-action%3Aaction%3Dlightbox%26settings%3DeyJpZCI6Nzg3NSwidXJsIjoiaHR0cHM6XC9cL2l0ZmlsbWVzLmNvbS5iclwvbW9zdHJhYmV0aW1cL3dwLWNvbnRlbnRcL3VwbG9hZHNcL3NpdGVzXC81XC8yMDI2XC8wMVwvZGlyZWNhby0xLmpwZyIsInNsaWRlc2hvdyI6IjBkODk1ODMifQ%3D%3D\" href=\"https:\/\/itfilmes.com.br\/mostrabetim\/wp-content\/uploads\/sites\/5\/2026\/01\/direcao-1.jpg\"><figure class=\"swiper-slide-inner\"><img decoding=\"async\" class=\"swiper-slide-image\" src=\"https:\/\/itfilmes.com.br\/mostrabetim\/wp-content\/uploads\/sites\/5\/2026\/01\/direcao-1.jpg\" alt=\"Dire\u00e7\u00e3o\" \/><figcaption class=\"elementor-image-carousel-caption\">Dire\u00e7\u00e3o<\/figcaption><\/figure><\/a><\/div><div class=\"swiper-slide\" role=\"group\" aria-roledescription=\"slide\" aria-label=\"10 de 18\"><a data-elementor-open-lightbox=\"yes\" data-elementor-lightbox-slideshow=\"0d89583\" data-elementor-lightbox-title=\"som-1\" data-e-action-hash=\"#elementor-action%3Aaction%3Dlightbox%26settings%3DeyJpZCI6Nzg3NiwidXJsIjoiaHR0cHM6XC9cL2l0ZmlsbWVzLmNvbS5iclwvbW9zdHJhYmV0aW1cL3dwLWNvbnRlbnRcL3VwbG9hZHNcL3NpdGVzXC81XC8yMDI2XC8wMVwvc29tLTEuanBnIiwic2xpZGVzaG93IjoiMGQ4OTU4MyJ9\" href=\"https:\/\/itfilmes.com.br\/mostrabetim\/wp-content\/uploads\/sites\/5\/2026\/01\/som-1.jpg\"><figure class=\"swiper-slide-inner\"><img decoding=\"async\" class=\"swiper-slide-image\" src=\"https:\/\/itfilmes.com.br\/mostrabetim\/wp-content\/uploads\/sites\/5\/2026\/01\/som-1.jpg\" alt=\"Som\" \/><figcaption class=\"elementor-image-carousel-caption\">Som <\/figcaption><\/figure><\/a><\/div><div class=\"swiper-slide\" role=\"group\" aria-roledescription=\"slide\" aria-label=\"11 de 18\"><a data-elementor-open-lightbox=\"yes\" data-elementor-lightbox-slideshow=\"0d89583\" data-elementor-lightbox-title=\"pos-producao-2\" data-e-action-hash=\"#elementor-action%3Aaction%3Dlightbox%26settings%3DeyJpZCI6Nzg3NywidXJsIjoiaHR0cHM6XC9cL2l0ZmlsbWVzLmNvbS5iclwvbW9zdHJhYmV0aW1cL3dwLWNvbnRlbnRcL3VwbG9hZHNcL3NpdGVzXC81XC8yMDI2XC8wMVwvcG9zLXByb2R1Y2FvLTIuanBnIiwic2xpZGVzaG93IjoiMGQ4OTU4MyJ9\" href=\"https:\/\/itfilmes.com.br\/mostrabetim\/wp-content\/uploads\/sites\/5\/2026\/01\/pos-producao-2.jpg\"><figure class=\"swiper-slide-inner\"><img decoding=\"async\" class=\"swiper-slide-image\" src=\"https:\/\/itfilmes.com.br\/mostrabetim\/wp-content\/uploads\/sites\/5\/2026\/01\/pos-producao-2.jpg\" alt=\"P\u00f3s-produ\u00e7\u00e3o\" \/><figcaption class=\"elementor-image-carousel-caption\">P\u00f3s-produ\u00e7\u00e3o<\/figcaption><\/figure><\/a><\/div><div class=\"swiper-slide\" role=\"group\" aria-roledescription=\"slide\" aria-label=\"12 de 18\"><a data-elementor-open-lightbox=\"yes\" data-elementor-lightbox-slideshow=\"0d89583\" data-elementor-lightbox-title=\"pos-producao-1\" data-e-action-hash=\"#elementor-action%3Aaction%3Dlightbox%26settings%3DeyJpZCI6Nzg3OCwidXJsIjoiaHR0cHM6XC9cL2l0ZmlsbWVzLmNvbS5iclwvbW9zdHJhYmV0aW1cL3dwLWNvbnRlbnRcL3VwbG9hZHNcL3NpdGVzXC81XC8yMDI2XC8wMVwvcG9zLXByb2R1Y2FvLTEuanBnIiwic2xpZGVzaG93IjoiMGQ4OTU4MyJ9\" href=\"https:\/\/itfilmes.com.br\/mostrabetim\/wp-content\/uploads\/sites\/5\/2026\/01\/pos-producao-1.jpg\"><figure class=\"swiper-slide-inner\"><img decoding=\"async\" class=\"swiper-slide-image\" src=\"https:\/\/itfilmes.com.br\/mostrabetim\/wp-content\/uploads\/sites\/5\/2026\/01\/pos-producao-1.jpg\" alt=\"P\u00f3s-produ\u00e7\u00e3o\" \/><figcaption class=\"elementor-image-carousel-caption\">P\u00f3s-produ\u00e7\u00e3o<\/figcaption><\/figure><\/a><\/div><div class=\"swiper-slide\" role=\"group\" aria-roledescription=\"slide\" aria-label=\"13 de 18\"><a data-elementor-open-lightbox=\"yes\" data-elementor-lightbox-slideshow=\"0d89583\" data-elementor-lightbox-title=\"oficina difusao-1\" data-e-action-hash=\"#elementor-action%3Aaction%3Dlightbox%26settings%3DeyJpZCI6Nzg3OSwidXJsIjoiaHR0cHM6XC9cL2l0ZmlsbWVzLmNvbS5iclwvbW9zdHJhYmV0aW1cL3dwLWNvbnRlbnRcL3VwbG9hZHNcL3NpdGVzXC81XC8yMDI2XC8wMVwvb2ZpY2luYS1kaWZ1c2FvLTEuanBnIiwic2xpZGVzaG93IjoiMGQ4OTU4MyJ9\" href=\"https:\/\/itfilmes.com.br\/mostrabetim\/wp-content\/uploads\/sites\/5\/2026\/01\/oficina-difusao-1.jpg\"><figure class=\"swiper-slide-inner\"><img decoding=\"async\" class=\"swiper-slide-image\" src=\"https:\/\/itfilmes.com.br\/mostrabetim\/wp-content\/uploads\/sites\/5\/2026\/01\/oficina-difusao-1.jpg\" alt=\"Difus\u00e3o\" \/><figcaption class=\"elementor-image-carousel-caption\">Difus\u00e3o<\/figcaption><\/figure><\/a><\/div><div class=\"swiper-slide\" role=\"group\" aria-roledescription=\"slide\" aria-label=\"14 de 18\"><a data-elementor-open-lightbox=\"yes\" data-elementor-lightbox-slideshow=\"0d89583\" data-elementor-lightbox-title=\"planejamento-elaboracao-2\" data-e-action-hash=\"#elementor-action%3Aaction%3Dlightbox%26settings%3DeyJpZCI6Nzg4MCwidXJsIjoiaHR0cHM6XC9cL2l0ZmlsbWVzLmNvbS5iclwvbW9zdHJhYmV0aW1cL3dwLWNvbnRlbnRcL3VwbG9hZHNcL3NpdGVzXC81XC8yMDI2XC8wMVwvcGxhbmVqYW1lbnRvLWVsYWJvcmFjYW8tMi5wbmciLCJzbGlkZXNob3ciOiIwZDg5NTgzIn0%3D\" href=\"https:\/\/itfilmes.com.br\/mostrabetim\/wp-content\/uploads\/sites\/5\/2026\/01\/planejamento-elaboracao-2.png\"><figure class=\"swiper-slide-inner\"><img decoding=\"async\" class=\"swiper-slide-image\" src=\"https:\/\/itfilmes.com.br\/mostrabetim\/wp-content\/uploads\/sites\/5\/2026\/01\/planejamento-elaboracao-2.png\" alt=\"Planejamento\" \/><figcaption class=\"elementor-image-carousel-caption\">Planejamento<\/figcaption><\/figure><\/a><\/div><div class=\"swiper-slide\" role=\"group\" aria-roledescription=\"slide\" aria-label=\"15 de 18\"><a data-elementor-open-lightbox=\"yes\" data-elementor-lightbox-slideshow=\"0d89583\" data-elementor-lightbox-title=\"planejamento-elaboracao-1\" data-e-action-hash=\"#elementor-action%3Aaction%3Dlightbox%26settings%3DeyJpZCI6Nzg4MSwidXJsIjoiaHR0cHM6XC9cL2l0ZmlsbWVzLmNvbS5iclwvbW9zdHJhYmV0aW1cL3dwLWNvbnRlbnRcL3VwbG9hZHNcL3NpdGVzXC81XC8yMDI2XC8wMVwvcGxhbmVqYW1lbnRvLWVsYWJvcmFjYW8tMS5wbmciLCJzbGlkZXNob3ciOiIwZDg5NTgzIn0%3D\" href=\"https:\/\/itfilmes.com.br\/mostrabetim\/wp-content\/uploads\/sites\/5\/2026\/01\/planejamento-elaboracao-1.png\"><figure class=\"swiper-slide-inner\"><img decoding=\"async\" class=\"swiper-slide-image\" src=\"https:\/\/itfilmes.com.br\/mostrabetim\/wp-content\/uploads\/sites\/5\/2026\/01\/planejamento-elaboracao-1.png\" alt=\"Planejamento\" \/><figcaption class=\"elementor-image-carousel-caption\">Planejamento<\/figcaption><\/figure><\/a><\/div><div class=\"swiper-slide\" role=\"group\" aria-roledescription=\"slide\" aria-label=\"16 de 18\"><a data-elementor-open-lightbox=\"yes\" data-elementor-lightbox-slideshow=\"0d89583\" data-elementor-lightbox-title=\"oficina de roteiro_02\" data-e-action-hash=\"#elementor-action%3Aaction%3Dlightbox%26settings%3DeyJpZCI6Nzg4MiwidXJsIjoiaHR0cHM6XC9cL2l0ZmlsbWVzLmNvbS5iclwvbW9zdHJhYmV0aW1cL3dwLWNvbnRlbnRcL3VwbG9hZHNcL3NpdGVzXC81XC8yMDI2XC8wMVwvb2ZpY2luYS1kZS1yb3RlaXJvXzAyLnBuZyIsInNsaWRlc2hvdyI6IjBkODk1ODMifQ%3D%3D\" href=\"https:\/\/itfilmes.com.br\/mostrabetim\/wp-content\/uploads\/sites\/5\/2026\/01\/oficina-de-roteiro_02.png\"><figure class=\"swiper-slide-inner\"><img decoding=\"async\" class=\"swiper-slide-image\" src=\"https:\/\/itfilmes.com.br\/mostrabetim\/wp-content\/uploads\/sites\/5\/2026\/01\/oficina-de-roteiro_02.png\" alt=\"Roteiro\" \/><figcaption class=\"elementor-image-carousel-caption\">Roteiro<\/figcaption><\/figure><\/a><\/div><div class=\"swiper-slide\" role=\"group\" aria-roledescription=\"slide\" aria-label=\"17 de 18\"><a data-elementor-open-lightbox=\"yes\" data-elementor-lightbox-slideshow=\"0d89583\" data-elementor-lightbox-title=\"oficina roteiro\" data-e-action-hash=\"#elementor-action%3Aaction%3Dlightbox%26settings%3DeyJpZCI6Nzg4MywidXJsIjoiaHR0cHM6XC9cL2l0ZmlsbWVzLmNvbS5iclwvbW9zdHJhYmV0aW1cL3dwLWNvbnRlbnRcL3VwbG9hZHNcL3NpdGVzXC81XC8yMDI2XC8wMVwvb2ZpY2luYS1yb3RlaXJvLnBuZyIsInNsaWRlc2hvdyI6IjBkODk1ODMifQ%3D%3D\" href=\"https:\/\/itfilmes.com.br\/mostrabetim\/wp-content\/uploads\/sites\/5\/2026\/01\/oficina-roteiro.png\"><figure class=\"swiper-slide-inner\"><img decoding=\"async\" class=\"swiper-slide-image\" src=\"https:\/\/itfilmes.com.br\/mostrabetim\/wp-content\/uploads\/sites\/5\/2026\/01\/oficina-roteiro.png\" alt=\"Roteiro\" \/><figcaption class=\"elementor-image-carousel-caption\">Roteiro<\/figcaption><\/figure><\/a><\/div><div class=\"swiper-slide\" role=\"group\" aria-roledescription=\"slide\" aria-label=\"18 de 18\"><a data-elementor-open-lightbox=\"yes\" data-elementor-lightbox-slideshow=\"0d89583\" data-elementor-lightbox-title=\"IMG_9752-direcao-fotografia\" data-e-action-hash=\"#elementor-action%3Aaction%3Dlightbox%26settings%3DeyJpZCI6Nzg4NCwidXJsIjoiaHR0cHM6XC9cL2l0ZmlsbWVzLmNvbS5iclwvbW9zdHJhYmV0aW1cL3dwLWNvbnRlbnRcL3VwbG9hZHNcL3NpdGVzXC81XC8yMDI2XC8wMVwvSU1HXzk3NTItZGlyZWNhby1mb3RvZ3JhZmlhLmpwZyIsInNsaWRlc2hvdyI6IjBkODk1ODMifQ%3D%3D\" href=\"https:\/\/itfilmes.com.br\/mostrabetim\/wp-content\/uploads\/sites\/5\/2026\/01\/IMG_9752-direcao-fotografia.jpg\"><figure class=\"swiper-slide-inner\"><img decoding=\"async\" class=\"swiper-slide-image\" src=\"https:\/\/itfilmes.com.br\/mostrabetim\/wp-content\/uploads\/sites\/5\/2026\/01\/IMG_9752-direcao-fotografia.jpg\" alt=\"Dire\u00e7\u00e3o de fotografia\" \/><figcaption class=\"elementor-image-carousel-caption\">Dire\u00e7\u00e3o de fotografia<\/figcaption><\/figure><\/a><\/div>\t\t\t<\/div>\n\t\t\t\t\t\t\t\t\t\t\t\t<div class=\"elementor-swiper-button elementor-swiper-button-prev\" role=\"button\" tabindex=\"0\">\n\t\t\t\t\t\t<i aria-hidden=\"true\" class=\"eicon-chevron-left\"><\/i>\t\t\t\t\t<\/div>\n\t\t\t\t\t<div class=\"elementor-swiper-button elementor-swiper-button-next\" role=\"button\" tabindex=\"0\">\n\t\t\t\t\t\t<i aria-hidden=\"true\" class=\"eicon-chevron-right\"><\/i>\t\t\t\t\t<\/div>\n\t\t\t\t\n\t\t\t\t\t\t\t\t\t<\/div>\n\t\t\t\t\t\t<\/div>\n\t\t\t\t<\/div>\n\t\t\t\t<div class=\"elementor-element elementor-element-005c7b3 elementor-widget elementor-widget-heading\" data-id=\"005c7b3\" data-element_type=\"widget\" data-e-type=\"widget\" data-widget_type=\"heading.default\">\n\t\t\t\t<div class=\"elementor-widget-container\">\n\t\t\t\t\t<h1 class=\"elementor-heading-title elementor-size-default\">Forma\u00e7\u00e3o, di\u00e1logo e impacto social ampliado<\/h1>\t\t\t\t<\/div>\n\t\t\t\t<\/div>\n\t\t\t\t<section class=\"elementor-section elementor-inner-section elementor-element elementor-element-ad7135f elementor-section-boxed elementor-section-height-default elementor-section-height-default\" data-id=\"ad7135f\" data-element_type=\"section\" data-e-type=\"section\">\n\t\t\t\t\t\t<div class=\"elementor-container elementor-column-gap-default\">\n\t\t\t\t\t<div class=\"aux-parallax-section elementor-column elementor-col-100 elementor-inner-column elementor-element elementor-element-bb83d59\" data-id=\"bb83d59\" data-element_type=\"column\" data-e-type=\"column\">\n\t\t\t<div class=\"elementor-widget-wrap elementor-element-populated\">\n\t\t\t\t\t\t<div class=\"elementor-element elementor-element-411ad85 elementor-widget__width-auto aux-appear-watch-animation aux-fade-in elementor-widget-mobile__width-inherit elementor-widget elementor-widget-aux_counter\" data-id=\"411ad85\" data-element_type=\"widget\" data-e-type=\"widget\" data-widget_type=\"aux_counter.default\">\n\t\t\t\t<div class=\"elementor-widget-container\">\n\t\t\t\t\t\t\t<div class=\"aux-counter\">\n\t\t\t<div class=\"aux-counter-number-wrapper\">\n\t\t\t\t<span class=\"aux-counter-number-prefix\"><\/span>\n\t\t\t\t<span class=\"aux-counter-number\" data-duration=\"2000\" data-to-value=\"200\" data-from-value=\"0\" data-delay=\"0\" data-easing=\"\" data-delimiter=\",\">0<\/span>\n\t\t\t\t<span class=\"aux-counter-number-suffix\"><\/span>\n\t\t\t<\/div>\n\t\t\t\t\t\t\t<div class=\"aux-counter-title\">alunos certificados<\/div>\n\t\t\t\t\t<\/div>\n\t\t\t\t\t\t<\/div>\n\t\t\t\t<\/div>\n\t\t\t\t<div class=\"elementor-element elementor-element-d028d25 elementor-widget__width-auto aux-appear-watch-animation aux-fade-in elementor-widget-mobile__width-inherit elementor-widget elementor-widget-aux_counter\" data-id=\"d028d25\" data-element_type=\"widget\" data-e-type=\"widget\" data-widget_type=\"aux_counter.default\">\n\t\t\t\t<div class=\"elementor-widget-container\">\n\t\t\t\t\t\t\t<div class=\"aux-counter\">\n\t\t\t<div class=\"aux-counter-number-wrapper\">\n\t\t\t\t<span class=\"aux-counter-number-prefix\"><\/span>\n\t\t\t\t<span class=\"aux-counter-number\" data-duration=\"2000\" data-to-value=\"19\" data-from-value=\"0\" data-delay=\"0\" data-easing=\"\" data-delimiter=\",\">0<\/span>\n\t\t\t\t<span class=\"aux-counter-number-suffix\"><\/span>\n\t\t\t<\/div>\n\t\t\t\t\t\t\t<div class=\"aux-counter-title\">dias de forma\u00e7\u00e3o<\/div>\n\t\t\t\t\t<\/div>\n\t\t\t\t\t\t<\/div>\n\t\t\t\t<\/div>\n\t\t\t\t<div class=\"elementor-element elementor-element-0077c92 elementor-widget__width-auto aux-appear-watch-animation aux-fade-in elementor-widget-mobile__width-inherit elementor-widget elementor-widget-aux_counter\" data-id=\"0077c92\" data-element_type=\"widget\" data-e-type=\"widget\" data-widget_type=\"aux_counter.default\">\n\t\t\t\t<div class=\"elementor-widget-container\">\n\t\t\t\t\t\t\t<div class=\"aux-counter\">\n\t\t\t<div class=\"aux-counter-number-wrapper\">\n\t\t\t\t<span class=\"aux-counter-number-prefix\"><\/span>\n\t\t\t\t<span class=\"aux-counter-number\" data-duration=\"2000\" data-to-value=\"10\" data-from-value=\"0\" data-delay=\"0\" data-easing=\"\" data-delimiter=\",\">0<\/span>\n\t\t\t\t<span class=\"aux-counter-number-suffix\"><\/span>\n\t\t\t<\/div>\n\t\t\t\t\t\t\t<div class=\"aux-counter-title\">oficinas<\/div>\n\t\t\t\t\t<\/div>\n\t\t\t\t\t\t<\/div>\n\t\t\t\t<\/div>\n\t\t\t\t<div class=\"elementor-element elementor-element-42ccf52 elementor-widget__width-auto aux-appear-watch-animation aux-fade-in elementor-widget-mobile__width-inherit elementor-widget elementor-widget-aux_counter\" data-id=\"42ccf52\" data-element_type=\"widget\" data-e-type=\"widget\" data-widget_type=\"aux_counter.default\">\n\t\t\t\t<div class=\"elementor-widget-container\">\n\t\t\t\t\t\t\t<div class=\"aux-counter\">\n\t\t\t<div class=\"aux-counter-number-wrapper\">\n\t\t\t\t<span class=\"aux-counter-number-prefix\"><\/span>\n\t\t\t\t<span class=\"aux-counter-number\" data-duration=\"2000\" data-to-value=\"60\" data-from-value=\"0\" data-delay=\"0\" data-easing=\"\" data-delimiter=\",\">0<\/span>\n\t\t\t\t<span class=\"aux-counter-number-suffix\"><\/span>\n\t\t\t<\/div>\n\t\t\t\t\t\t\t<div class=\"aux-counter-title\">horas aulas<\/div>\n\t\t\t\t\t<\/div>\n\t\t\t\t\t\t<\/div>\n\t\t\t\t<\/div>\n\t\t\t\t<div class=\"elementor-element elementor-element-3611dcd elementor-widget__width-auto aux-appear-watch-animation aux-fade-in elementor-widget-mobile__width-inherit elementor-widget elementor-widget-aux_counter\" data-id=\"3611dcd\" data-element_type=\"widget\" data-e-type=\"widget\" data-widget_type=\"aux_counter.default\">\n\t\t\t\t<div class=\"elementor-widget-container\">\n\t\t\t\t\t\t\t<div class=\"aux-counter\">\n\t\t\t<div class=\"aux-counter-number-wrapper\">\n\t\t\t\t<span class=\"aux-counter-number-prefix\"><\/span>\n\t\t\t\t<span class=\"aux-counter-number\" data-duration=\"2000\" data-to-value=\"3\" data-from-value=\"0\" data-delay=\"0\" data-easing=\"\" data-delimiter=\",\">0<\/span>\n\t\t\t\t<span class=\"aux-counter-number-suffix\"><\/span>\n\t\t\t<\/div>\n\t\t\t\t\t\t\t<div class=\"aux-counter-title\">curtas oficinas<\/div>\n\t\t\t\t\t<\/div>\n\t\t\t\t\t\t<\/div>\n\t\t\t\t<\/div>\n\t\t\t\t\t<\/div>\n\t\t<\/div>\n\t\t\t\t\t<\/div>\n\t\t<\/section>\n\t\t\t\t<div class=\"elementor-element elementor-element-8be16dd elementor-widget elementor-widget-text-editor\" data-id=\"8be16dd\" data-element_type=\"widget\" data-e-type=\"widget\" data-widget_type=\"text-editor.default\">\n\t\t\t\t<div class=\"elementor-widget-container\">\n\t\t\t\t\t\t\t\t\t<p><span style=\"font-weight: 400;\">Por meio de <\/span><b>10 oficinas estrat\u00e9gicas<\/b><span style=\"font-weight: 400;\">, o pilar educacional da 2\u00aa Mostra consolidou-se como um motor de transforma\u00e7\u00e3o para Betim e regi\u00e3o. O evento capacitou ou introduziu <\/span><b>200 novas pessoas no audiovisual<\/b><span style=\"font-weight: 400;\">, cobrindo o trip\u00e9 fundamental do setor: <\/span><b>Cria\u00e7\u00e3o, Produ\u00e7\u00e3o e Difus\u00e3o<\/b><span style=\"font-weight: 400;\">.<\/span><\/p><p><span style=\"font-weight: 400;\">De ponta a ponta, do roteiro \u00e0 distribui\u00e7\u00e3o, a Mostra al\u00e9m de exibir filmes, colaborou para profissionalizar a cadeia produtiva local, convertendo paix\u00e3o em qualifica\u00e7\u00e3o t\u00e9cnica e colaborando para preparar novos talentos para o mercado audiovisual nacional e introduzindo crian\u00e7as e adolescentes como ferramenta educacional.<\/span><\/p>\t\t\t\t\t\t\t\t<\/div>\n\t\t\t\t<\/div>\n\t\t\t\t<div class=\"elementor-element elementor-element-ef905a4 elementor-widget elementor-widget-text-editor\" data-id=\"ef905a4\" data-element_type=\"widget\" data-e-type=\"widget\" data-widget_type=\"text-editor.default\">\n\t\t\t\t<div class=\"elementor-widget-container\">\n\t\t\t\t\t\t\t\t\t<h3><span style=\"font-weight: 400;\">Oficinas realizadas:<\/span><\/h3>\t\t\t\t\t\t\t\t<\/div>\n\t\t\t\t<\/div>\n\t\t\t\t<div class=\"elementor-element elementor-element-67098c5 elementor-icon-list--layout-traditional elementor-list-item-link-full_width elementor-widget elementor-widget-icon-list\" data-id=\"67098c5\" data-element_type=\"widget\" data-e-type=\"widget\" data-widget_type=\"icon-list.default\">\n\t\t\t\t<div class=\"elementor-widget-container\">\n\t\t\t\t\t\t\t<ul class=\"elementor-icon-list-items\">\n\t\t\t\t\t\t\t<li class=\"elementor-icon-list-item\">\n\t\t\t\t\t\t\t\t\t\t\t<span class=\"elementor-icon-list-icon\">\n\t\t\t\t\t\t\t<i aria-hidden=\"true\" class=\"fas fa-check\"><\/i>\t\t\t\t\t\t<\/span>\n\t\t\t\t\t\t\t\t\t\t<span class=\"elementor-icon-list-text\">Planejamento, Elabora\u00e7\u00e3o e Mecanismos de Financiamento<\/span>\n\t\t\t\t\t\t\t\t\t<\/li>\n\t\t\t\t\t\t\t\t<li class=\"elementor-icon-list-item\">\n\t\t\t\t\t\t\t\t\t\t\t<span class=\"elementor-icon-list-icon\">\n\t\t\t\t\t\t\t<i aria-hidden=\"true\" class=\"fas fa-check\"><\/i>\t\t\t\t\t\t<\/span>\n\t\t\t\t\t\t\t\t\t\t<span class=\"elementor-icon-list-text\">Introdu\u00e7\u00e3o ao Document\u00e1rio<\/span>\n\t\t\t\t\t\t\t\t\t<\/li>\n\t\t\t\t\t\t\t\t<li class=\"elementor-icon-list-item\">\n\t\t\t\t\t\t\t\t\t\t\t<span class=\"elementor-icon-list-icon\">\n\t\t\t\t\t\t\t<i aria-hidden=\"true\" class=\"fas fa-check\"><\/i>\t\t\t\t\t\t<\/span>\n\t\t\t\t\t\t\t\t\t\t<span class=\"elementor-icon-list-text\">Jogos Eletr\u00f4nicos<\/span>\n\t\t\t\t\t\t\t\t\t<\/li>\n\t\t\t\t\t\t\t\t<li class=\"elementor-icon-list-item\">\n\t\t\t\t\t\t\t\t\t\t\t<span class=\"elementor-icon-list-icon\">\n\t\t\t\t\t\t\t<i aria-hidden=\"true\" class=\"fas fa-check\"><\/i>\t\t\t\t\t\t<\/span>\n\t\t\t\t\t\t\t\t\t\t<span class=\"elementor-icon-list-text\">Anima\u00e7\u00e3o para Iniciantes<\/span>\n\t\t\t\t\t\t\t\t\t<\/li>\n\t\t\t\t\t\t\t\t<li class=\"elementor-icon-list-item\">\n\t\t\t\t\t\t\t\t\t\t\t<span class=\"elementor-icon-list-icon\">\n\t\t\t\t\t\t\t<i aria-hidden=\"true\" class=\"fas fa-check\"><\/i>\t\t\t\t\t\t<\/span>\n\t\t\t\t\t\t\t\t\t\t<span class=\"elementor-icon-list-text\">Roteiro: Da Ideia ao Roteiro<\/span>\n\t\t\t\t\t\t\t\t\t<\/li>\n\t\t\t\t\t\t\t\t<li class=\"elementor-icon-list-item\">\n\t\t\t\t\t\t\t\t\t\t\t<span class=\"elementor-icon-list-icon\">\n\t\t\t\t\t\t\t<i aria-hidden=\"true\" class=\"fas fa-check\"><\/i>\t\t\t\t\t\t<\/span>\n\t\t\t\t\t\t\t\t\t\t<span class=\"elementor-icon-list-text\">Dire\u00e7\u00e3o Cinematogr\u00e1fica<\/span>\n\t\t\t\t\t\t\t\t\t<\/li>\n\t\t\t\t\t\t\t\t<li class=\"elementor-icon-list-item\">\n\t\t\t\t\t\t\t\t\t\t\t<span class=\"elementor-icon-list-icon\">\n\t\t\t\t\t\t\t<i aria-hidden=\"true\" class=\"fas fa-check\"><\/i>\t\t\t\t\t\t<\/span>\n\t\t\t\t\t\t\t\t\t\t<span class=\"elementor-icon-list-text\">Som para o Audiovisual<\/span>\n\t\t\t\t\t\t\t\t\t<\/li>\n\t\t\t\t\t\t\t\t<li class=\"elementor-icon-list-item\">\n\t\t\t\t\t\t\t\t\t\t\t<span class=\"elementor-icon-list-icon\">\n\t\t\t\t\t\t\t<i aria-hidden=\"true\" class=\"fas fa-check\"><\/i>\t\t\t\t\t\t<\/span>\n\t\t\t\t\t\t\t\t\t\t<span class=\"elementor-icon-list-text\">Difus\u00e3o, Divulga\u00e7\u00e3o, Distribui\u00e7\u00e3o e Exibi\u00e7\u00e3o<\/span>\n\t\t\t\t\t\t\t\t\t<\/li>\n\t\t\t\t\t\t\t\t<li class=\"elementor-icon-list-item\">\n\t\t\t\t\t\t\t\t\t\t\t<span class=\"elementor-icon-list-icon\">\n\t\t\t\t\t\t\t<i aria-hidden=\"true\" class=\"fas fa-check\"><\/i>\t\t\t\t\t\t<\/span>\n\t\t\t\t\t\t\t\t\t\t<span class=\"elementor-icon-list-text\">P\u00f3s-Produ\u00e7\u00e3o<\/span>\n\t\t\t\t\t\t\t\t\t<\/li>\n\t\t\t\t\t\t<\/ul>\n\t\t\t\t\t\t<\/div>\n\t\t\t\t<\/div>\n\t\t\t\t<div class=\"elementor-element elementor-element-dea758d elementor-widget elementor-widget-text-editor\" data-id=\"dea758d\" data-element_type=\"widget\" data-e-type=\"widget\" data-widget_type=\"text-editor.default\">\n\t\t\t\t<div class=\"elementor-widget-container\">\n\t\t\t\t\t\t\t\t\t<p><span style=\"font-weight: 400;\">Com uma log\u00edstica de <\/span><b>descentraliza\u00e7\u00e3o cultural<\/b><span style=\"font-weight: 400;\">, a <\/span><b>2\u00aa Mostra de Cinema de Betim<\/b><span style=\"font-weight: 400;\"> rompeu barreiras geogr\u00e1ficas e ocupou diferentes territ\u00f3rios de Betim. A itiner\u00e2ncia do conhecimento percorreu espa\u00e7os vitais da cidade, estabelecendo pontes entre as t\u00e9cnicas cinematogr\u00e1ficas e\u00a0 realidades locais:<\/span><\/p>\t\t\t\t\t\t\t\t<\/div>\n\t\t\t\t<\/div>\n\t\t\t\t<div class=\"elementor-element elementor-element-3194bfd elementor-widget elementor-widget-text-editor\" data-id=\"3194bfd\" data-element_type=\"widget\" data-e-type=\"widget\" data-widget_type=\"text-editor.default\">\n\t\t\t\t<div class=\"elementor-widget-container\">\n\t\t\t\t\t\t\t\t\t<p><b>Jardim Teres\u00f3polis:<\/b><span style=\"font-weight: 400;\">\u00a0 No Instituto \u00c1rvore da Vida aconteceu a oficina de jogos eletr\u00f4nicos.<\/span><\/p><p><b>Imbiru\u00e7u:<\/b><span style=\"font-weight: 400;\"> Em parceria com<\/span><b> a <\/b><span style=\"font-weight: 400;\">Organiza\u00e7\u00e3o Caminhar com Igualdade aconteceu a oficina de introdu\u00e7\u00e3o ao document\u00e1rio, tendo como resultado um curta-metragem sobre meio ambiente.<\/span><\/p><p><b>Vian\u00f3polis:<\/b><span style=\"font-weight: 400;\"> A sede do <\/span><b>Instituto Ramacrisna <\/b><span style=\"font-weight: 400;\">tornou-se o epicentro de duas a\u00e7\u00f5es fundamentais da Mostra. Primeiro, com a realiza\u00e7\u00e3o da <\/span><b>Oficina de Introdu\u00e7\u00e3o ao Som para Cinema<\/b><span style=\"font-weight: 400;\">, que qualificou talentos.\u00a0 A Institui\u00e7\u00e3o tamb\u00e9m sediou o <\/span><b>&#8220;Encontro de Gigantes&#8221;<\/b><span style=\"font-weight: 400;\">, que marcou a visita institucional do <\/span><b>Instituto Energisa<\/b><span style=\"font-weight: 400;\"> a Betim. Este interc\u00e2mbio foi celebrado com uma <\/span><b>Mostra Especial de Filmes<\/b><span style=\"font-weight: 400;\"> produzidos no \u00e2mbito do Polo Audiovisual da Zona da Mata Mineira, conectando a expertise de Cataguases \u00e0 for\u00e7a social de Betim.<\/span><\/p><p><b>Icaivera:<\/b><span style=\"font-weight: 400;\"> Na Escola Estadual Jo\u00e3o Guimar\u00e3es Rosa foi realizada a oficina de roteiro, tendo como resultado um curta de fic\u00e7\u00e3o.<\/span><\/p><p><b>Regi\u00e3o Central:<\/b><span style=\"font-weight: 400;\"> Na Escola Municipal Raul Saraiva, os alunos participaram da oficina de anima\u00e7\u00e3o, que teve como resultado um curta-metragem.\u00a0<\/span><\/p><p><span style=\"font-weight: 400;\"><strong>Monte Carmo Shopping:<\/strong> Aconteceram oficinas, semin\u00e1rio e a mostra de filmes na sala de cinema Cineart.<\/span><\/p>\t\t\t\t\t\t\t\t<\/div>\n\t\t\t\t<\/div>\n\t\t\t\t\t<\/div>\n\t\t<\/div>\n\t\t\t\t\t<\/div>\n\t\t<\/section>\n\t\t\t\t<section class=\"elementor-section elementor-top-section elementor-element elementor-element-312cfe3 elementor-section-height-min-height elementor-section-stretched elementor-section-items-bottom elementor-section-boxed elementor-section-height-default\" data-id=\"312cfe3\" data-element_type=\"section\" data-e-type=\"section\" data-settings=\"{&quot;stretch_section&quot;:&quot;section-stretched&quot;}\">\n\t\t\t\t\t\t\t<div class=\"elementor-background-overlay\"><\/div>\n\t\t\t\t\t\t\t<div class=\"elementor-container elementor-column-gap-no\">\n\t\t\t\t\t<div class=\"aux-parallax-section elementor-column elementor-col-100 elementor-top-column elementor-element elementor-element-4f64822\" data-id=\"4f64822\" data-element_type=\"column\" data-e-type=\"column\" data-settings=\"{&quot;background_background&quot;:&quot;classic&quot;}\">\n\t\t\t<div class=\"elementor-widget-wrap elementor-element-populated\">\n\t\t\t\t\t<div class=\"elementor-background-overlay\"><\/div>\n\t\t\t\t\t\t<div class=\"elementor-element elementor-element-fbfa267 elementor-widget elementor-widget-text-editor\" data-id=\"fbfa267\" data-element_type=\"widget\" data-e-type=\"widget\" data-widget_type=\"text-editor.default\">\n\t\t\t\t<div class=\"elementor-widget-container\">\n\t\t\t\t\t\t\t\t\t<h6><span style=\"font-weight: 400; color: #ffffff;\">Essa ocupa\u00e7\u00e3o estrat\u00e9gica garantiu a Mostra uma experi\u00eancia viva que pulsou nos bairros, nas escolas e nas institui\u00e7\u00f5es, democratizando o acesso ao fazer cinema e garantindo salas cheias de um p\u00fablico que agora se reconhece na tela.<\/span><\/h6>\t\t\t\t\t\t\t\t<\/div>\n\t\t\t\t<\/div>\n\t\t\t\t\t<\/div>\n\t\t<\/div>\n\t\t\t\t\t<\/div>\n\t\t<\/section>\n\t\t\t\t<section class=\"elementor-section elementor-top-section elementor-element elementor-element-ce48dec elementor-section-boxed elementor-section-height-default elementor-section-height-default\" data-id=\"ce48dec\" data-element_type=\"section\" data-e-type=\"section\" data-settings=\"{&quot;background_background&quot;:&quot;classic&quot;}\">\n\t\t\t\t\t\t\t<div class=\"elementor-background-overlay\"><\/div>\n\t\t\t\t\t\t\t<div class=\"elementor-container elementor-column-gap-default\">\n\t\t\t\t\t<div class=\"aux-parallax-section elementor-column elementor-col-100 elementor-top-column elementor-element elementor-element-c915b03\" data-id=\"c915b03\" data-element_type=\"column\" data-e-type=\"column\" data-settings=\"{&quot;background_background&quot;:&quot;classic&quot;}\">\n\t\t\t<div class=\"elementor-widget-wrap elementor-element-populated\">\n\t\t\t\t\t\t<div class=\"elementor-element elementor-element-55f8c40 elementor-widget elementor-widget-heading\" data-id=\"55f8c40\" data-element_type=\"widget\" data-e-type=\"widget\" data-widget_type=\"heading.default\">\n\t\t\t\t<div class=\"elementor-widget-container\">\n\t\t\t\t\t<h1 class=\"elementor-heading-title elementor-size-default\">Do aprendizado \u00e0 tela: o ciclo completo da cria\u00e7\u00e3o<\/h1>\t\t\t\t<\/div>\n\t\t\t\t<\/div>\n\t\t\t\t<div class=\"elementor-element elementor-element-4d665bf elementor-widget elementor-widget-text-editor\" data-id=\"4d665bf\" data-element_type=\"widget\" data-e-type=\"widget\" data-widget_type=\"text-editor.default\">\n\t\t\t\t<div class=\"elementor-widget-container\">\n\t\t\t\t\t\t\t\t\t<p><span style=\"font-weight: 400;\">O apogeu da Mostra foi marcado pela materializa\u00e7\u00e3o do conhecimento, democratiza\u00e7\u00e3o e forma\u00e7\u00e3o de novos p\u00fablicos com a converg\u00eancia entre teoria e pr\u00e1tica do fazer audiovisual e a exibi\u00e7\u00e3o, que\u00a0 culminou na estreia,\u00a0 em tela grande de tr\u00eas curtas-metragens, resultados das oficinas de introdu\u00e7\u00e3o ao document\u00e1rio, roteiro e anima\u00e7\u00e3o, celebrando o protagonismo de crian\u00e7as, jovens e adultos que, de alunos, tornaram-se realizadores presentes na sala de cinema assistindo seus trabalhos.<\/span><\/p><h3><span style=\"font-weight: 400;\">Curtas Resultados das Oficinas<\/span><\/h3>\t\t\t\t\t\t\t\t<\/div>\n\t\t\t\t<\/div>\n\t\t\t\t<section class=\"elementor-section elementor-inner-section elementor-element elementor-element-5c2dfa8 elementor-section-boxed elementor-section-height-default elementor-section-height-default\" data-id=\"5c2dfa8\" data-element_type=\"section\" data-e-type=\"section\">\n\t\t\t\t\t\t<div class=\"elementor-container elementor-column-gap-default\">\n\t\t\t\t\t<div class=\"aux-parallax-section elementor-column elementor-col-33 elementor-inner-column elementor-element elementor-element-6f7622f\" data-id=\"6f7622f\" data-element_type=\"column\" data-e-type=\"column\">\n\t\t\t<div class=\"elementor-widget-wrap elementor-element-populated\">\n\t\t\t\t\t\t<div class=\"elementor-element elementor-element-904f974 elementor-widget elementor-widget-video\" data-id=\"904f974\" data-element_type=\"widget\" data-e-type=\"widget\" data-settings=\"{&quot;youtube_url&quot;:&quot;https:\\\/\\\/youtu.be\\\/4_wRePpm5SQ?si=SLCfYhdazDXToOH5&quot;,&quot;video_type&quot;:&quot;youtube&quot;,&quot;controls&quot;:&quot;yes&quot;}\" data-widget_type=\"video.default\">\n\t\t\t\t<div class=\"elementor-widget-container\">\n\t\t\t\t\t\t\t<div class=\"elementor-wrapper elementor-open-inline\">\n\t\t\t<div class=\"elementor-video\"><\/div>\t\t<\/div>\n\t\t\t\t\t\t<\/div>\n\t\t\t\t<\/div>\n\t\t\t\t\t<\/div>\n\t\t<\/div>\n\t\t\t\t<div class=\"aux-parallax-section elementor-column elementor-col-33 elementor-inner-column elementor-element elementor-element-02a225f\" data-id=\"02a225f\" data-element_type=\"column\" data-e-type=\"column\">\n\t\t\t<div class=\"elementor-widget-wrap elementor-element-populated\">\n\t\t\t\t\t\t<div class=\"elementor-element elementor-element-fff534d elementor-widget elementor-widget-video\" data-id=\"fff534d\" data-element_type=\"widget\" data-e-type=\"widget\" data-settings=\"{&quot;youtube_url&quot;:&quot;https:\\\/\\\/youtu.be\\\/0TNYZ0LxDo4?si=ZEvuP-7gKS4623Lv&quot;,&quot;video_type&quot;:&quot;youtube&quot;,&quot;controls&quot;:&quot;yes&quot;}\" data-widget_type=\"video.default\">\n\t\t\t\t<div class=\"elementor-widget-container\">\n\t\t\t\t\t\t\t<div class=\"elementor-wrapper elementor-open-inline\">\n\t\t\t<div class=\"elementor-video\"><\/div>\t\t<\/div>\n\t\t\t\t\t\t<\/div>\n\t\t\t\t<\/div>\n\t\t\t\t\t<\/div>\n\t\t<\/div>\n\t\t\t\t<div class=\"aux-parallax-section elementor-column elementor-col-33 elementor-inner-column elementor-element elementor-element-b7bc449\" data-id=\"b7bc449\" data-element_type=\"column\" data-e-type=\"column\">\n\t\t\t<div class=\"elementor-widget-wrap elementor-element-populated\">\n\t\t\t\t\t\t<div class=\"elementor-element elementor-element-eeeaa94 elementor-widget elementor-widget-video\" data-id=\"eeeaa94\" data-element_type=\"widget\" data-e-type=\"widget\" data-settings=\"{&quot;youtube_url&quot;:&quot;https:\\\/\\\/youtu.be\\\/gbMMObF_v1I?si=0tYxWynTZv5tnD5Z&quot;,&quot;video_type&quot;:&quot;youtube&quot;,&quot;controls&quot;:&quot;yes&quot;}\" data-widget_type=\"video.default\">\n\t\t\t\t<div class=\"elementor-widget-container\">\n\t\t\t\t\t\t\t<div class=\"elementor-wrapper elementor-open-inline\">\n\t\t\t<div class=\"elementor-video\"><\/div>\t\t<\/div>\n\t\t\t\t\t\t<\/div>\n\t\t\t\t<\/div>\n\t\t\t\t\t<\/div>\n\t\t<\/div>\n\t\t\t\t\t<\/div>\n\t\t<\/section>\n\t\t\t\t<div class=\"elementor-element elementor-element-756cd05 elementor-widget__width-auto elementor-widget-mobile__width-auto elementor-widget elementor-widget-button\" data-id=\"756cd05\" data-element_type=\"widget\" data-e-type=\"widget\" data-widget_type=\"button.default\">\n\t\t\t\t<div class=\"elementor-widget-container\">\n\t\t\t\t\t\t\t\t\t<div class=\"elementor-button-wrapper\">\n\t\t\t\t\t<a class=\"elementor-button elementor-button-link elementor-size-sm\" href=\"https:\/\/itfilmes.com.br\/mostrabetim\/oficinas\/\" target=\"_blank\">\n\t\t\t\t\t\t<span class=\"elementor-button-content-wrapper\">\n\t\t\t\t\t\t<span class=\"elementor-button-icon\">\n\t\t\t\t<i aria-hidden=\"true\" class=\"auxicon auxicon-eye-1\"><\/i>\t\t\t<\/span>\n\t\t\t\t\t\t\t\t\t<span class=\"elementor-button-text\">Oficinas<\/span>\n\t\t\t\t\t<\/span>\n\t\t\t\t\t<\/a>\n\t\t\t\t<\/div>\n\t\t\t\t\t\t\t\t<\/div>\n\t\t\t\t<\/div>\n\t\t\t\t\t<\/div>\n\t\t<\/div>\n\t\t\t\t\t<\/div>\n\t\t<\/section>\n\t\t\t\t<section class=\"elementor-section elementor-top-section elementor-element elementor-element-1332556 elementor-section-full_width elementor-section-height-default elementor-section-height-default\" data-id=\"1332556\" data-element_type=\"section\" data-e-type=\"section\" data-settings=\"{&quot;background_background&quot;:&quot;classic&quot;}\">\n\t\t\t\t\t\t\t<div class=\"elementor-background-overlay\"><\/div>\n\t\t\t\t\t\t\t<div class=\"elementor-container elementor-column-gap-default\">\n\t\t\t\t\t<div class=\"aux-parallax-section elementor-column elementor-col-100 elementor-top-column elementor-element elementor-element-ae366c8\" data-id=\"ae366c8\" data-element_type=\"column\" data-e-type=\"column\" data-settings=\"{&quot;background_background&quot;:&quot;classic&quot;}\">\n\t\t\t<div class=\"elementor-widget-wrap elementor-element-populated\">\n\t\t\t\t\t<div class=\"elementor-background-overlay\"><\/div>\n\t\t\t\t\t\t<section class=\"elementor-section elementor-inner-section elementor-element elementor-element-ac5b7c2 elementor-section-boxed elementor-section-height-default elementor-section-height-default\" data-id=\"ac5b7c2\" data-element_type=\"section\" data-e-type=\"section\">\n\t\t\t\t\t\t<div class=\"elementor-container elementor-column-gap-default\">\n\t\t\t\t\t<div class=\"aux-parallax-section elementor-column elementor-col-50 elementor-inner-column elementor-element elementor-element-d5ce39a\" data-id=\"d5ce39a\" data-element_type=\"column\" data-e-type=\"column\">\n\t\t\t<div class=\"elementor-widget-wrap elementor-element-populated\">\n\t\t\t\t\t\t<section class=\"elementor-section elementor-inner-section elementor-element elementor-element-a223d1b aux-appear-watch-animation aux-mask-from-left elementor-section-boxed elementor-section-height-default elementor-section-height-default\" data-id=\"a223d1b\" data-element_type=\"section\" data-e-type=\"section\" data-settings=\"{&quot;background_background&quot;:&quot;classic&quot;}\">\n\t\t\t\t\t\t<div class=\"elementor-container elementor-column-gap-default\">\n\t\t\t\t\t<div class=\"aux-parallax-section elementor-column elementor-col-100 elementor-inner-column elementor-element elementor-element-2e90d8b\" data-id=\"2e90d8b\" data-element_type=\"column\" data-e-type=\"column\" data-settings=\"{&quot;background_background&quot;:&quot;classic&quot;}\">\n\t\t\t<div class=\"elementor-widget-wrap elementor-element-populated\">\n\t\t\t\t\t\t<div class=\"elementor-element elementor-element-8638e21 elementor-widget elementor-widget-heading\" data-id=\"8638e21\" data-element_type=\"widget\" data-e-type=\"widget\" data-widget_type=\"heading.default\">\n\t\t\t\t<div class=\"elementor-widget-container\">\n\t\t\t\t\t<h2 class=\"elementor-heading-title elementor-size-default\">Semin\u00e1rio Betim ind\u00fastria criativa - desafios e caminhos poss\u00edveis<\/h2>\t\t\t\t<\/div>\n\t\t\t\t<\/div>\n\t\t\t\t<div class=\"elementor-element elementor-element-1b79429 elementor-widget elementor-widget-text-editor\" data-id=\"1b79429\" data-element_type=\"widget\" data-e-type=\"widget\" data-widget_type=\"text-editor.default\">\n\t\t\t\t<div class=\"elementor-widget-container\">\n\t\t\t\t\t\t\t\t\t<p><span style=\"font-weight: 400;\">O\u00a0 <\/span><b>Semin\u00e1rio \u201cBetim ind\u00fastria criativa &#8211; desafios e caminhos poss\u00edveis\u201d, <\/b><span style=\"font-weight: 400;\">consolidou-se como um f\u00f3rum de alto n\u00edvel para o debate sobre fomento, economia criativa e parcerias estrat\u00e9gicas. <\/span><\/p><p><span style=\"font-weight: 400;\">O encontro reuniu os principais atores da cadeia produtiva e institucional para discutir o futuro do setor.<\/span><\/p>\t\t\t\t\t\t\t\t<\/div>\n\t\t\t\t<\/div>\n\t\t\t\t\t<\/div>\n\t\t<\/div>\n\t\t\t\t\t<\/div>\n\t\t<\/section>\n\t\t\t\t<div class=\"elementor-element elementor-element-759a7a8 elementor-widget__width-auto elementor-widget-mobile__width-auto elementor-widget elementor-widget-button\" data-id=\"759a7a8\" data-element_type=\"widget\" data-e-type=\"widget\" data-widget_type=\"button.default\">\n\t\t\t\t<div class=\"elementor-widget-container\">\n\t\t\t\t\t\t\t\t\t<div class=\"elementor-button-wrapper\">\n\t\t\t\t\t<a class=\"elementor-button elementor-button-link elementor-size-sm\" href=\"https:\/\/itfilmes.com.br\/mostrabetim\/seminario-betim-industria-criativa-desafios-e-caminhos-possiveis\/\" target=\"_blank\">\n\t\t\t\t\t\t<span class=\"elementor-button-content-wrapper\">\n\t\t\t\t\t\t<span class=\"elementor-button-icon\">\n\t\t\t\t<i aria-hidden=\"true\" class=\"auxicon auxicon-eye-1\"><\/i>\t\t\t<\/span>\n\t\t\t\t\t\t\t\t\t<span class=\"elementor-button-text\"> Um convite \u00e0 reflex\u00e3o e a\u00e7\u00e3o<\/span>\n\t\t\t\t\t<\/span>\n\t\t\t\t\t<\/a>\n\t\t\t\t<\/div>\n\t\t\t\t\t\t\t\t<\/div>\n\t\t\t\t<\/div>\n\t\t\t\t\t<\/div>\n\t\t<\/div>\n\t\t\t\t<div class=\"aux-parallax-section elementor-column elementor-col-50 elementor-inner-column elementor-element elementor-element-bf082af\" data-id=\"bf082af\" data-element_type=\"column\" data-e-type=\"column\">\n\t\t\t<div class=\"elementor-widget-wrap elementor-element-populated\">\n\t\t\t\t\t\t<div class=\"elementor-element elementor-element-f9fb046 e-transform aux-appear-watch-animation aux-fade-in-down-2 elementor-widget elementor-widget-image\" data-id=\"f9fb046\" data-element_type=\"widget\" data-e-type=\"widget\" data-settings=\"{&quot;_transform_scale_effect_mobile&quot;:{&quot;unit&quot;:&quot;px&quot;,&quot;size&quot;:1.3,&quot;sizes&quot;:[]},&quot;_transform_scale_effect&quot;:{&quot;unit&quot;:&quot;px&quot;,&quot;size&quot;:1.1,&quot;sizes&quot;:[]},&quot;_transform_scale_effect_tablet&quot;:{&quot;unit&quot;:&quot;px&quot;,&quot;size&quot;:&quot;&quot;,&quot;sizes&quot;:[]}}\" data-widget_type=\"image.default\">\n\t\t\t\t<div class=\"elementor-widget-container\">\n\t\t\t\t\t\t\t\t\t\t\t\t\t\t\t<img fetchpriority=\"high\" decoding=\"async\" width=\"1024\" height=\"1024\" src=\"https:\/\/itfilmes.com.br\/mostrabetim\/wp-content\/uploads\/sites\/5\/2025\/11\/Ativo-2-1024x1024.png\" class=\"attachment-large size-large wp-image-5145\" alt=\"SEMIN\u00c1RIO \u201cBETIM IND\u00daSTRIA CRIATIVA - DESAFIOS E CAMINHOS POSS\u00cdVEIS&quot;\" srcset=\"https:\/\/itfilmes.com.br\/mostrabetim\/wp-content\/uploads\/sites\/5\/2025\/11\/Ativo-2-1024x1024.png 1024w, https:\/\/itfilmes.com.br\/mostrabetim\/wp-content\/uploads\/sites\/5\/2025\/11\/Ativo-2-300x300.png 300w, https:\/\/itfilmes.com.br\/mostrabetim\/wp-content\/uploads\/sites\/5\/2025\/11\/Ativo-2-150x150.png 150w, https:\/\/itfilmes.com.br\/mostrabetim\/wp-content\/uploads\/sites\/5\/2025\/11\/Ativo-2-768x768.png 768w\" sizes=\"(max-width: 1024px) 100vw, 1024px\" \/>\t\t\t\t\t\t\t\t\t\t\t\t\t\t\t<\/div>\n\t\t\t\t<\/div>\n\t\t\t\t\t<\/div>\n\t\t<\/div>\n\t\t\t\t\t<\/div>\n\t\t<\/section>\n\t\t\t\t<section class=\"elementor-section elementor-inner-section elementor-element elementor-element-353ad00 elementor-section-boxed elementor-section-height-default elementor-section-height-default\" data-id=\"353ad00\" data-element_type=\"section\" data-e-type=\"section\">\n\t\t\t\t\t\t\t<div class=\"elementor-background-overlay\"><\/div>\n\t\t\t\t\t\t\t<div class=\"elementor-container elementor-column-gap-default\">\n\t\t\t\t\t<div class=\"aux-parallax-section elementor-column elementor-col-100 elementor-inner-column elementor-element elementor-element-35df139\" data-id=\"35df139\" data-element_type=\"column\" data-e-type=\"column\">\n\t\t\t<div class=\"elementor-widget-wrap elementor-element-populated\">\n\t\t\t\t\t\t<section class=\"elementor-section elementor-inner-section elementor-element elementor-element-1014cc2 aux-appear-watch-animation aux-mask-from-left elementor-section-boxed elementor-section-height-default elementor-section-height-default\" data-id=\"1014cc2\" data-element_type=\"section\" data-e-type=\"section\" data-settings=\"{&quot;background_background&quot;:&quot;classic&quot;}\">\n\t\t\t\t\t\t<div class=\"elementor-container elementor-column-gap-default\">\n\t\t\t\t\t<div class=\"aux-parallax-section elementor-column elementor-col-100 elementor-inner-column elementor-element elementor-element-8be2449\" data-id=\"8be2449\" data-element_type=\"column\" data-e-type=\"column\">\n\t\t\t<div class=\"elementor-widget-wrap elementor-element-populated\">\n\t\t\t\t\t\t<div class=\"elementor-element elementor-element-f25f612 elementor-widget elementor-widget-heading\" data-id=\"f25f612\" data-element_type=\"widget\" data-e-type=\"widget\" data-widget_type=\"heading.default\">\n\t\t\t\t<div class=\"elementor-widget-container\">\n\t\t\t\t\t<h2 class=\"elementor-heading-title elementor-size-default\">Painel de especialistas e refer\u00eancias do setor<\/h2>\t\t\t\t<\/div>\n\t\t\t\t<\/div>\n\t\t\t\t<div class=\"elementor-element elementor-element-8ecae04 elementor-widget elementor-widget-text-editor\" data-id=\"8ecae04\" data-element_type=\"widget\" data-e-type=\"widget\" data-widget_type=\"text-editor.default\">\n\t\t\t\t<div class=\"elementor-widget-container\">\n\t\t\t\t\t\t\t\t\t<p><span style=\"font-weight: 400;\">A abertura do Semin\u00e1rio foi conduzida pela cineasta e jornalista Elizabete\u00a0 Martins Campos, idealizadora da Mostra e fundadora da IT Filmes, produtora realizadora do evento. Em sua fala, ela detalhou os eixos estruturantes da 2\u00aa edi\u00e7\u00e3o, ressaltando a <\/span><b>diversidade cultural, art\u00edstica e est\u00e9tica<\/b><span style=\"font-weight: 400;\"> que comp\u00f4s a grade de filmes selecionados pela curadoria. Elizabete enfatizou o papel vital das oficinas,\u00a0 do semin\u00e1rio como espa\u00e7os de conflu\u00eancia, aprendizado, reflex\u00e3o e f\u00f3rum de mobiliza\u00e7\u00e3o para a constru\u00e7\u00e3o de solu\u00e7\u00f5es integradas que busquem impulsionar o desenvolvimento audiovisual em Betim e regi\u00e3o.<\/span><\/p><p><span style=\"font-weight: 400;\">A palestra de <\/span><b>Leonardo Edde<\/b><span style=\"font-weight: 400;\">, presidente da <\/span><b>RioFilme<\/b><span style=\"font-weight: 400;\">, trouxe uma vis\u00e3o macro sobre o mercado audiovisual brasileiro, apresentando os resultados positivos do setor. Edde destacou o crescimento da \u00e1rea e validou o potencial de Betim para se consolidar como um <\/span><b>polo de refer\u00eancia no cinema nacional<\/b><span style=\"font-weight: 400;\">. Em sua an\u00e1lise, a pot\u00eancia econ\u00f4mica do munic\u00edpio, somada ao seu grande parque industrial e localiza\u00e7\u00e3o log\u00edstica estrat\u00e9gica, posicionam a cidade como um terreno f\u00e9rtil para a expans\u00e3o da ind\u00fastria criativa e atra\u00e7\u00e3o de novos investimentos.<\/span><\/p><p><span style=\"font-weight: 400;\">O audiovisual encontra-se dentro da cadeia da Ind\u00fastria Criativa, que engloba segmentos de m\u00eddia, cultura, tecnologia e consumo, e que j\u00e1 representa 3,59% do PIB nacional, assim totalizado R$ 393,3 bilh\u00f5es de reais no ano de 2023, segundo o \u201cMapeamento da Ind\u00fastria Criativa\u201d, resultado dos estudos que a Federa\u00e7\u00e3o das Ind\u00fastrias do Estado do Rio de Janeiro (Firjan), realizou em 2025.<\/span><\/p>\t\t\t\t\t\t\t\t<\/div>\n\t\t\t\t<\/div>\n\t\t\t\t<div class=\"elementor-element elementor-element-878ff11 elementor-arrows-position-inside elementor-widget elementor-widget-image-carousel\" data-id=\"878ff11\" data-element_type=\"widget\" data-e-type=\"widget\" data-settings=\"{&quot;slides_to_show&quot;:&quot;1&quot;,&quot;navigation&quot;:&quot;arrows&quot;,&quot;autoplay&quot;:&quot;yes&quot;,&quot;pause_on_hover&quot;:&quot;yes&quot;,&quot;pause_on_interaction&quot;:&quot;yes&quot;,&quot;autoplay_speed&quot;:5000,&quot;infinite&quot;:&quot;yes&quot;,&quot;effect&quot;:&quot;slide&quot;,&quot;speed&quot;:500}\" data-widget_type=\"image-carousel.default\">\n\t\t\t\t<div class=\"elementor-widget-container\">\n\t\t\t\t\t\t\t<div class=\"elementor-image-carousel-wrapper swiper\" role=\"region\" aria-roledescription=\"carousel\" aria-label=\"Carrossel de imagens\" dir=\"ltr\">\n\t\t\t<div class=\"elementor-image-carousel swiper-wrapper swiper-image-stretch\" aria-live=\"off\">\n\t\t\t\t\t\t\t\t<div class=\"swiper-slide\" role=\"group\" aria-roledescription=\"slide\" aria-label=\"1 de 5\"><a data-elementor-open-lightbox=\"yes\" data-elementor-lightbox-slideshow=\"878ff11\" data-elementor-lightbox-title=\"LEONARDO EDDE PRESIDENTE DA RIOFILME PALESTRANTE\" data-e-action-hash=\"#elementor-action%3Aaction%3Dlightbox%26settings%3DeyJpZCI6NzkwMiwidXJsIjoiaHR0cHM6XC9cL2l0ZmlsbWVzLmNvbS5iclwvbW9zdHJhYmV0aW1cL3dwLWNvbnRlbnRcL3VwbG9hZHNcL3NpdGVzXC81XC8yMDI2XC8wMVwvTEVPTkFSRE8tRURERS1QUkVTSURFTlRFLURBLVJJT0ZJTE1FLVBBTEVTVFJBTlRFLmpwZyIsInNsaWRlc2hvdyI6Ijg3OGZmMTEifQ%3D%3D\" href=\"https:\/\/itfilmes.com.br\/mostrabetim\/wp-content\/uploads\/sites\/5\/2026\/01\/LEONARDO-EDDE-PRESIDENTE-DA-RIOFILME-PALESTRANTE.jpg\"><figure class=\"swiper-slide-inner\"><img decoding=\"async\" class=\"swiper-slide-image\" src=\"https:\/\/itfilmes.com.br\/mostrabetim\/wp-content\/uploads\/sites\/5\/2026\/01\/LEONARDO-EDDE-PRESIDENTE-DA-RIOFILME-PALESTRANTE.jpg\" alt=\"Leonardo Edde - Presidente da RIOFILME durante o Semin\u00e1rio Betim ind\u00fastria criativa - desafios e caminhos poss\u00edveis\" \/><figcaption class=\"elementor-image-carousel-caption\">Leonardo Edde - Presidente da RIOFILME durante o Semin\u00e1rio Betim ind\u00fastria criativa - desafios e caminhos poss\u00edveis\n<\/figcaption><\/figure><\/a><\/div><div class=\"swiper-slide\" role=\"group\" aria-roledescription=\"slide\" aria-label=\"2 de 5\"><a data-elementor-open-lightbox=\"yes\" data-elementor-lightbox-slideshow=\"878ff11\" data-elementor-lightbox-title=\"FE509213-A616-4B0A-AB74-1E9A6C5EE381_1_102_o\" data-e-action-hash=\"#elementor-action%3Aaction%3Dlightbox%26settings%3DeyJpZCI6Nzg5OCwidXJsIjoiaHR0cHM6XC9cL2l0ZmlsbWVzLmNvbS5iclwvbW9zdHJhYmV0aW1cL3dwLWNvbnRlbnRcL3VwbG9hZHNcL3NpdGVzXC81XC8yMDI2XC8wMVwvRkU1MDkyMTMtQTYxNi00QjBBLUFCNzQtMUU5QTZDNUVFMzgxXzFfMTAyX28uanBnIiwic2xpZGVzaG93IjoiODc4ZmYxMSJ9\" href=\"https:\/\/itfilmes.com.br\/mostrabetim\/wp-content\/uploads\/sites\/5\/2026\/01\/FE509213-A616-4B0A-AB74-1E9A6C5EE381_1_102_o.jpg\"><figure class=\"swiper-slide-inner\"><img decoding=\"async\" class=\"swiper-slide-image\" src=\"https:\/\/itfilmes.com.br\/mostrabetim\/wp-content\/uploads\/sites\/5\/2026\/01\/FE509213-A616-4B0A-AB74-1E9A6C5EE381_1_102_o.jpg\" alt=\"Leonardo Edde - Presidente da RIOFILME durante o Semin\u00e1rio Betim ind\u00fastria criativa - desafios e caminhos poss\u00edveis\" \/><figcaption class=\"elementor-image-carousel-caption\">Leonardo Edde - Presidente da RIOFILME durante o Semin\u00e1rio Betim ind\u00fastria criativa - desafios e caminhos poss\u00edveis\n<\/figcaption><\/figure><\/a><\/div><div class=\"swiper-slide\" role=\"group\" aria-roledescription=\"slide\" aria-label=\"3 de 5\"><a data-elementor-open-lightbox=\"yes\" data-elementor-lightbox-slideshow=\"878ff11\" data-elementor-lightbox-title=\"SEMINARIO\" data-e-action-hash=\"#elementor-action%3Aaction%3Dlightbox%26settings%3DeyJpZCI6NzkwMywidXJsIjoiaHR0cHM6XC9cL2l0ZmlsbWVzLmNvbS5iclwvbW9zdHJhYmV0aW1cL3dwLWNvbnRlbnRcL3VwbG9hZHNcL3NpdGVzXC81XC8yMDI2XC8wMVwvU0VNSU5BUklPLmpwZyIsInNsaWRlc2hvdyI6Ijg3OGZmMTEifQ%3D%3D\" href=\"https:\/\/itfilmes.com.br\/mostrabetim\/wp-content\/uploads\/sites\/5\/2026\/01\/SEMINARIO.jpg\"><figure class=\"swiper-slide-inner\"><img decoding=\"async\" class=\"swiper-slide-image\" src=\"https:\/\/itfilmes.com.br\/mostrabetim\/wp-content\/uploads\/sites\/5\/2026\/01\/SEMINARIO.jpg\" alt=\"Leonardo Edde - Presidente da RIOFILME durante o Semin\u00e1rio Betim ind\u00fastria criativa - desafios e caminhos poss\u00edveis\" \/><figcaption class=\"elementor-image-carousel-caption\">Leonardo Edde - Presidente da RIOFILME durante o Semin\u00e1rio Betim ind\u00fastria criativa - desafios e caminhos poss\u00edveis\n<\/figcaption><\/figure><\/a><\/div><div class=\"swiper-slide\" role=\"group\" aria-roledescription=\"slide\" aria-label=\"4 de 5\"><a data-elementor-open-lightbox=\"yes\" data-elementor-lightbox-slideshow=\"878ff11\" data-elementor-lightbox-title=\"LEONARDO EDDE DURANTE PALESTRA NO SEMINA\u0301RIO\" data-e-action-hash=\"#elementor-action%3Aaction%3Dlightbox%26settings%3DeyJpZCI6NzkwMCwidXJsIjoiaHR0cHM6XC9cL2l0ZmlsbWVzLmNvbS5iclwvbW9zdHJhYmV0aW1cL3dwLWNvbnRlbnRcL3VwbG9hZHNcL3NpdGVzXC81XC8yMDI2XC8wMVwvTEVPTkFSRE8tRURERS1EVVJBTlRFLVBBTEVTVFJBLU5PLVNFTUlOQVJJTy5qcGciLCJzbGlkZXNob3ciOiI4NzhmZjExIn0%3D\" href=\"https:\/\/itfilmes.com.br\/mostrabetim\/wp-content\/uploads\/sites\/5\/2026\/01\/LEONARDO-EDDE-DURANTE-PALESTRA-NO-SEMINARIO.jpg\"><figure class=\"swiper-slide-inner\"><img decoding=\"async\" class=\"swiper-slide-image\" src=\"https:\/\/itfilmes.com.br\/mostrabetim\/wp-content\/uploads\/sites\/5\/2026\/01\/LEONARDO-EDDE-DURANTE-PALESTRA-NO-SEMINARIO.jpg\" alt=\"Leonardo Edde - Presidente da RIOFILME durante o Semin\u00e1rio Betim ind\u00fastria criativa - desafios e caminhos poss\u00edveis\" \/><figcaption class=\"elementor-image-carousel-caption\">Leonardo Edde - Presidente da RIOFILME durante o Semin\u00e1rio Betim ind\u00fastria criativa - desafios e caminhos poss\u00edveis\n<\/figcaption><\/figure><\/a><\/div><div class=\"swiper-slide\" role=\"group\" aria-roledescription=\"slide\" aria-label=\"5 de 5\"><a data-elementor-open-lightbox=\"yes\" data-elementor-lightbox-slideshow=\"878ff11\" data-elementor-lightbox-title=\"F645D160-B22D-4F0C-BC4D-E1712FED85A1_1_102_o-1\" data-e-action-hash=\"#elementor-action%3Aaction%3Dlightbox%26settings%3DeyJpZCI6Nzg4OSwidXJsIjoiaHR0cHM6XC9cL2l0ZmlsbWVzLmNvbS5iclwvbW9zdHJhYmV0aW1cL3dwLWNvbnRlbnRcL3VwbG9hZHNcL3NpdGVzXC81XC8yMDI2XC8wMVwvRjY0NUQxNjAtQjIyRC00RjBDLUJDNEQtRTE3MTJGRUQ4NUExXzFfMTAyX28tMS5qcGciLCJzbGlkZXNob3ciOiI4NzhmZjExIn0%3D\" href=\"https:\/\/itfilmes.com.br\/mostrabetim\/wp-content\/uploads\/sites\/5\/2026\/01\/F645D160-B22D-4F0C-BC4D-E1712FED85A1_1_102_o-1.jpg\"><figure class=\"swiper-slide-inner\"><img decoding=\"async\" class=\"swiper-slide-image\" src=\"https:\/\/itfilmes.com.br\/mostrabetim\/wp-content\/uploads\/sites\/5\/2026\/01\/F645D160-B22D-4F0C-BC4D-E1712FED85A1_1_102_o-1.jpg\" alt=\"Leonardo Edde - Presidente da RIOFILME durante o Semin\u00e1rio Betim ind\u00fastria criativa - desafios e caminhos poss\u00edveis\" \/><figcaption class=\"elementor-image-carousel-caption\">Leonardo Edde - Presidente da RIOFILME durante o Semin\u00e1rio Betim ind\u00fastria criativa - desafios e caminhos poss\u00edveis\n<\/figcaption><\/figure><\/a><\/div>\t\t\t<\/div>\n\t\t\t\t\t\t\t\t\t\t\t\t<div class=\"elementor-swiper-button elementor-swiper-button-prev\" role=\"button\" tabindex=\"0\">\n\t\t\t\t\t\t<i aria-hidden=\"true\" class=\"eicon-chevron-left\"><\/i>\t\t\t\t\t<\/div>\n\t\t\t\t\t<div class=\"elementor-swiper-button elementor-swiper-button-next\" role=\"button\" tabindex=\"0\">\n\t\t\t\t\t\t<i aria-hidden=\"true\" class=\"eicon-chevron-right\"><\/i>\t\t\t\t\t<\/div>\n\t\t\t\t\n\t\t\t\t\t\t\t\t\t<\/div>\n\t\t\t\t\t\t<\/div>\n\t\t\t\t<\/div>\n\t\t\t\t\t<\/div>\n\t\t<\/div>\n\t\t\t\t\t<\/div>\n\t\t<\/section>\n\t\t\t\t\t<\/div>\n\t\t<\/div>\n\t\t\t\t\t<\/div>\n\t\t<\/section>\n\t\t\t\t\t<\/div>\n\t\t<\/div>\n\t\t\t\t\t<\/div>\n\t\t<\/section>\n\t\t\t\t<section class=\"elementor-section elementor-top-section elementor-element elementor-element-3d559f2 elementor-section-boxed elementor-section-height-default elementor-section-height-default\" data-id=\"3d559f2\" data-element_type=\"section\" data-e-type=\"section\" data-settings=\"{&quot;background_background&quot;:&quot;classic&quot;}\">\n\t\t\t\t\t\t\t<div class=\"elementor-background-overlay\"><\/div>\n\t\t\t\t\t\t\t<div class=\"elementor-container elementor-column-gap-default\">\n\t\t\t\t\t<div class=\"aux-parallax-section elementor-column elementor-col-100 elementor-top-column elementor-element elementor-element-0f97579\" data-id=\"0f97579\" data-element_type=\"column\" data-e-type=\"column\">\n\t\t\t<div class=\"elementor-widget-wrap elementor-element-populated\">\n\t\t\t\t\t\t<div class=\"elementor-element elementor-element-b9d7a29 elementor-widget elementor-widget-heading\" data-id=\"b9d7a29\" data-element_type=\"widget\" data-e-type=\"widget\" data-widget_type=\"heading.default\">\n\t\t\t\t<div class=\"elementor-widget-container\">\n\t\t\t\t\t<h2 class=\"elementor-heading-title elementor-size-default\">Benchmarking e sucesso corporativo: o exemplo da Energisa<\/h2>\t\t\t\t<\/div>\n\t\t\t\t<\/div>\n\t\t\t\t<div class=\"elementor-element elementor-element-c0f0969 elementor-widget elementor-widget-text-editor\" data-id=\"c0f0969\" data-element_type=\"widget\" data-e-type=\"widget\" data-widget_type=\"text-editor.default\">\n\t\t\t\t<div class=\"elementor-widget-container\">\n\t\t\t\t\t\t\t\t\t<p><span style=\"font-weight: 400;\">O Semin\u00e1rio apresentou o <\/span><b>&#8216;Case de Sucesso&#8217; do Grupo Energisa<\/b><span style=\"font-weight: 400;\">, conduzido por <\/span><b>Del\u00e2nia Azevedo<\/b><span style=\"font-weight: 400;\">, jornalista e coordenadora de investimento social da companhia. A apresenta\u00e7\u00e3o mostrou como o uso estrat\u00e9gico das <\/span><b>Leis de Incentivo<\/b><span style=\"font-weight: 400;\">, pode gerar impactos sociais e culturais mensur\u00e1veis,\u00a0 e como que a cren\u00e7a da Energisa no poder transformador do cinema, materializada no patroc\u00ednio a mais<b>\u00a0de 40\u00a0<\/b><b>produ\u00e7\u00f5es audiovisuais, entre longas, curtas, s\u00e9ries e anima\u00e7\u00e3o<\/b>\u00a0e no apoio cont\u00ednuo a projetos culturais, sociais e inovadores, atrav\u00e9s do Instituto Energisa, servem de modelo para o setor corporativo, que busca aliar marca e desenvolvimento regional.<\/span><\/p>\t\t\t\t\t\t\t\t<\/div>\n\t\t\t\t<\/div>\n\t\t\t\t<div class=\"elementor-element elementor-element-604bc25 elementor-widget elementor-widget-heading\" data-id=\"604bc25\" data-element_type=\"widget\" data-e-type=\"widget\" data-widget_type=\"heading.default\">\n\t\t\t\t<div class=\"elementor-widget-container\">\n\t\t\t\t\t<h2 class=\"elementor-heading-title elementor-size-default\">Articula\u00e7\u00e3o entre poder p\u00fablico, iniciativa privada e terceiro setor<\/h2>\t\t\t\t<\/div>\n\t\t\t\t<\/div>\n\t\t\t\t<div class=\"elementor-element elementor-element-dcb42e7 elementor-widget elementor-widget-text-editor\" data-id=\"dcb42e7\" data-element_type=\"widget\" data-e-type=\"widget\" data-widget_type=\"text-editor.default\">\n\t\t\t\t<div class=\"elementor-widget-container\">\n\t\t\t\t\t\t\t\t\t<p><span style=\"font-weight: 400;\">O evento promoveu um di\u00e1logo direto entre o setor produtivo,\u00a0 a gest\u00e3o p\u00fablica e o terceiro setor, contando com a participa\u00e7\u00e3o ativa de:<\/span><\/p>\t\t\t\t\t\t\t\t<\/div>\n\t\t\t\t<\/div>\n\t\t\t\t<div class=\"elementor-element elementor-element-7068cb3 elementor-widget elementor-widget-text-editor\" data-id=\"7068cb3\" data-element_type=\"widget\" data-e-type=\"widget\" data-widget_type=\"text-editor.default\">\n\t\t\t\t<div class=\"elementor-widget-container\">\n\t\t\t\t\t\t\t\t\t<p><b>Alian\u00e7a estrat\u00e9gica: Grupo Sada e o fomento ao setor criativo:<\/b><span style=\"font-weight: 400;\"> Patrocinador oficial da 1\u00aa e 2\u00aa Mostra de Cinema de Betim,\u00a0 <\/span><b>Grupo Sada<\/b><span style=\"font-weight: 400;\"> foi representado por <\/span><b>Samuel Lucas<\/b><span style=\"font-weight: 400;\">, formado em administra\u00e7\u00e3o e <\/span><span style=\"font-weight: 400;\">analista de Responsabilidade da companhia. Ele<\/span><span style=\"font-weight: 400;\"> destacou a miss\u00e3o da empresa em apoiar projetos que deixem um legado real para a comunidade betinense. Ao investir na Mostra, a Sada reafirma sua posi\u00e7\u00e3o como uma das maiores incentivadoras da cultura local, entendendo que o fortalecimento do setor criativo \u00e9 um pilar fundamental para o progresso econ\u00f4mico e social da regi\u00e3o onde mant\u00e9m suas ra\u00edzes h\u00e1 mais de 40 anos.<\/span><\/p><p><b>Gest\u00e3o P\u00fablica:<\/b><span style=\"font-weight: 400;\"> Thiago Flores, <\/span><b>Secret\u00e1rio de Cultura de Betim<\/b><span style=\"font-weight: 400;\"> e Nilcio Nogueira do Amaral J\u00fanior da <\/span><b>Secretaria de Desenvolvimento Econ\u00f4mico<\/b><span style=\"font-weight: 400;\">, alinhando a cultura ao crescimento econ\u00f4mico da cidade.<\/span><\/p><p><b>Terceiro Setor e Impacto Social:<\/b><span style=\"font-weight: 400;\"> Lideran\u00e7as fundamentais como Dr. Expedito Chumbinho, Presidente do <\/span><b>Instituto Ramacrisna<\/b><span style=\"font-weight: 400;\"> e Joice Oliveira, Gerente do <\/span><b>Programa \u00c1rvore da Vida<\/b><span style=\"font-weight: 400;\">, parceiros que garantem a capilaridade social do projeto.<\/span><\/p>\t\t\t\t\t\t\t\t<\/div>\n\t\t\t\t<\/div>\n\t\t\t\t<div class=\"elementor-element elementor-element-224fbb7 elementor-arrows-position-inside elementor-widget elementor-widget-image-carousel\" data-id=\"224fbb7\" data-element_type=\"widget\" data-e-type=\"widget\" data-settings=\"{&quot;slides_to_show&quot;:&quot;1&quot;,&quot;navigation&quot;:&quot;arrows&quot;,&quot;autoplay&quot;:&quot;yes&quot;,&quot;pause_on_hover&quot;:&quot;yes&quot;,&quot;pause_on_interaction&quot;:&quot;yes&quot;,&quot;autoplay_speed&quot;:5000,&quot;infinite&quot;:&quot;yes&quot;,&quot;effect&quot;:&quot;slide&quot;,&quot;speed&quot;:500}\" data-widget_type=\"image-carousel.default\">\n\t\t\t\t<div class=\"elementor-widget-container\">\n\t\t\t\t\t\t\t<div class=\"elementor-image-carousel-wrapper swiper\" role=\"region\" aria-roledescription=\"carousel\" aria-label=\"Carrossel de imagens\" dir=\"ltr\">\n\t\t\t<div class=\"elementor-image-carousel swiper-wrapper swiper-image-stretch\" aria-live=\"off\">\n\t\t\t\t\t\t\t\t<div class=\"swiper-slide\" role=\"group\" aria-roledescription=\"slide\" aria-label=\"1 de 7\"><a data-elementor-open-lightbox=\"yes\" data-elementor-lightbox-slideshow=\"224fbb7\" data-elementor-lightbox-title=\"CASE DE SUCESSO ENERGISA DELANIA\" data-e-action-hash=\"#elementor-action%3Aaction%3Dlightbox%26settings%3DeyJpZCI6Nzg5NywidXJsIjoiaHR0cHM6XC9cL2l0ZmlsbWVzLmNvbS5iclwvbW9zdHJhYmV0aW1cL3dwLWNvbnRlbnRcL3VwbG9hZHNcL3NpdGVzXC81XC8yMDI2XC8wMVwvQ0FTRS1ERS1TVUNFU1NPLUVORVJHSVNBLURFTEFOSUEuanBnIiwic2xpZGVzaG93IjoiMjI0ZmJiNyJ9\" href=\"https:\/\/itfilmes.com.br\/mostrabetim\/wp-content\/uploads\/sites\/5\/2026\/01\/CASE-DE-SUCESSO-ENERGISA-DELANIA.jpg\"><figure class=\"swiper-slide-inner\"><img decoding=\"async\" class=\"swiper-slide-image\" src=\"https:\/\/itfilmes.com.br\/mostrabetim\/wp-content\/uploads\/sites\/5\/2026\/01\/CASE-DE-SUCESSO-ENERGISA-DELANIA.jpg\" alt=\"Del\u00e2nia Azevedo - Grupo Energisa\" \/><figcaption class=\"elementor-image-carousel-caption\">Del\u00e2nia Azevedo - Grupo Energisa<\/figcaption><\/figure><\/a><\/div><div class=\"swiper-slide\" role=\"group\" aria-roledescription=\"slide\" aria-label=\"2 de 7\"><a data-elementor-open-lightbox=\"yes\" data-elementor-lightbox-slideshow=\"224fbb7\" data-elementor-lightbox-title=\"IMG_0211\" data-e-action-hash=\"#elementor-action%3Aaction%3Dlightbox%26settings%3DeyJpZCI6Nzg5MywidXJsIjoiaHR0cHM6XC9cL2l0ZmlsbWVzLmNvbS5iclwvbW9zdHJhYmV0aW1cL3dwLWNvbnRlbnRcL3VwbG9hZHNcL3NpdGVzXC81XC8yMDI2XC8wMVwvSU1HXzAyMTEuanBnIiwic2xpZGVzaG93IjoiMjI0ZmJiNyJ9\" href=\"https:\/\/itfilmes.com.br\/mostrabetim\/wp-content\/uploads\/sites\/5\/2026\/01\/IMG_0211.jpg\"><figure class=\"swiper-slide-inner\"><img decoding=\"async\" class=\"swiper-slide-image\" src=\"https:\/\/itfilmes.com.br\/mostrabetim\/wp-content\/uploads\/sites\/5\/2026\/01\/IMG_0211.jpg\" alt=\"Samuel Lucas - Grupo Sada\" \/><figcaption class=\"elementor-image-carousel-caption\">Samuel Lucas - representante Grupo Sada<\/figcaption><\/figure><\/a><\/div><div class=\"swiper-slide\" role=\"group\" aria-roledescription=\"slide\" aria-label=\"3 de 7\"><a data-elementor-open-lightbox=\"yes\" data-elementor-lightbox-slideshow=\"224fbb7\" data-elementor-lightbox-title=\"THIAGO FLORES SECRETARIO DE CULTURA DE BETIM-01\" data-e-action-hash=\"#elementor-action%3Aaction%3Dlightbox%26settings%3DeyJpZCI6Nzk4MiwidXJsIjoiaHR0cHM6XC9cL2l0ZmlsbWVzLmNvbS5iclwvbW9zdHJhYmV0aW1cL3dwLWNvbnRlbnRcL3VwbG9hZHNcL3NpdGVzXC81XC8yMDI2XC8wMVwvVEhJQUdPLUZMT1JFUy1TRUNSRVRBUklPLURFLUNVTFRVUkEtREUtQkVUSU0tMDEuanBnIiwic2xpZGVzaG93IjoiMjI0ZmJiNyJ9\" href=\"https:\/\/itfilmes.com.br\/mostrabetim\/wp-content\/uploads\/sites\/5\/2026\/01\/THIAGO-FLORES-SECRETARIO-DE-CULTURA-DE-BETIM-01.jpg\"><figure class=\"swiper-slide-inner\"><img decoding=\"async\" class=\"swiper-slide-image\" src=\"https:\/\/itfilmes.com.br\/mostrabetim\/wp-content\/uploads\/sites\/5\/2026\/01\/THIAGO-FLORES-SECRETARIO-DE-CULTURA-DE-BETIM-01.jpg\" alt=\"Thiago Flores - Secret\u00e1rio de Cultura de Betim-MG\" \/><figcaption class=\"elementor-image-carousel-caption\">Thiago Flores - Secret\u00e1rio de Cultura de Betim-MG<\/figcaption><\/figure><\/a><\/div><div class=\"swiper-slide\" role=\"group\" aria-roledescription=\"slide\" aria-label=\"4 de 7\"><a data-elementor-open-lightbox=\"yes\" data-elementor-lightbox-slideshow=\"224fbb7\" data-elementor-lightbox-title=\"NILCIO NOGUEIRA_1916\" data-e-action-hash=\"#elementor-action%3Aaction%3Dlightbox%26settings%3DeyJpZCI6NzkwOSwidXJsIjoiaHR0cHM6XC9cL2l0ZmlsbWVzLmNvbS5iclwvbW9zdHJhYmV0aW1cL3dwLWNvbnRlbnRcL3VwbG9hZHNcL3NpdGVzXC81XC8yMDI2XC8wMVwvTklMQ0lPLU5PR1VFSVJBXzE5MTYuanBnIiwic2xpZGVzaG93IjoiMjI0ZmJiNyJ9\" href=\"https:\/\/itfilmes.com.br\/mostrabetim\/wp-content\/uploads\/sites\/5\/2026\/01\/NILCIO-NOGUEIRA_1916.jpg\"><figure class=\"swiper-slide-inner\"><img decoding=\"async\" class=\"swiper-slide-image\" src=\"https:\/\/itfilmes.com.br\/mostrabetim\/wp-content\/uploads\/sites\/5\/2026\/01\/NILCIO-NOGUEIRA_1916.jpg\" alt=\"Nilcio Nogueira do Amaral J\u00fanior -Secretaria de Desenvolvimento Econ\u00f4mico de Betim-MG\" \/><figcaption class=\"elementor-image-carousel-caption\">Nilcio Nogueira do Amaral J\u00fanior -Secretaria de Desenvolvimento Econ\u00f4mico de Betim-MG<\/figcaption><\/figure><\/a><\/div><div class=\"swiper-slide\" role=\"group\" aria-roledescription=\"slide\" aria-label=\"5 de 7\"><a data-elementor-open-lightbox=\"yes\" data-elementor-lightbox-slideshow=\"224fbb7\" data-elementor-lightbox-title=\"INSTITUTO RAMACRISNA DR CHUMBINHO-01\" data-e-action-hash=\"#elementor-action%3Aaction%3Dlightbox%26settings%3DeyJpZCI6Nzk4NywidXJsIjoiaHR0cHM6XC9cL2l0ZmlsbWVzLmNvbS5iclwvbW9zdHJhYmV0aW1cL3dwLWNvbnRlbnRcL3VwbG9hZHNcL3NpdGVzXC81XC8yMDI2XC8wMVwvSU5TVElUVVRPLVJBTUFDUklTTkEtRFItQ0hVTUJJTkhPLTAxLmpwZyIsInNsaWRlc2hvdyI6IjIyNGZiYjcifQ%3D%3D\" href=\"https:\/\/itfilmes.com.br\/mostrabetim\/wp-content\/uploads\/sites\/5\/2026\/01\/INSTITUTO-RAMACRISNA-DR-CHUMBINHO-01.jpg\"><figure class=\"swiper-slide-inner\"><img decoding=\"async\" class=\"swiper-slide-image\" src=\"https:\/\/itfilmes.com.br\/mostrabetim\/wp-content\/uploads\/sites\/5\/2026\/01\/INSTITUTO-RAMACRISNA-DR-CHUMBINHO-01.jpg\" alt=\"Dr. Expedito Chumbinho, Presidente do Instituto Ramacrisna\" \/><figcaption class=\"elementor-image-carousel-caption\">Dr. Expedito Chumbinho, Presidente do Instituto Ramacrisna<\/figcaption><\/figure><\/a><\/div><div class=\"swiper-slide\" role=\"group\" aria-roledescription=\"slide\" aria-label=\"6 de 7\"><a data-elementor-open-lightbox=\"yes\" data-elementor-lightbox-slideshow=\"224fbb7\" data-elementor-lightbox-title=\"JOICE DE OLIVEIRA INST ARVORE DA VIDA\" data-e-action-hash=\"#elementor-action%3Aaction%3Dlightbox%26settings%3DeyJpZCI6NzkxMCwidXJsIjoiaHR0cHM6XC9cL2l0ZmlsbWVzLmNvbS5iclwvbW9zdHJhYmV0aW1cL3dwLWNvbnRlbnRcL3VwbG9hZHNcL3NpdGVzXC81XC8yMDI2XC8wMVwvSk9JQ0UtREUtT0xJVkVJUkEtSU5TVC1BUlZPUkUtREEtVklEQS5qcGciLCJzbGlkZXNob3ciOiIyMjRmYmI3In0%3D\" href=\"https:\/\/itfilmes.com.br\/mostrabetim\/wp-content\/uploads\/sites\/5\/2026\/01\/JOICE-DE-OLIVEIRA-INST-ARVORE-DA-VIDA.jpg\"><figure class=\"swiper-slide-inner\"><img decoding=\"async\" class=\"swiper-slide-image\" src=\"https:\/\/itfilmes.com.br\/mostrabetim\/wp-content\/uploads\/sites\/5\/2026\/01\/JOICE-DE-OLIVEIRA-INST-ARVORE-DA-VIDA.jpg\" alt=\"Joice Oliveira - Programa \u00c1rvore da Vida\" \/><figcaption class=\"elementor-image-carousel-caption\">Joice Oliveira - Programa \u00c1rvore da Vida<\/figcaption><\/figure><\/a><\/div><div class=\"swiper-slide\" role=\"group\" aria-roledescription=\"slide\" aria-label=\"7 de 7\"><a data-elementor-open-lightbox=\"yes\" data-elementor-lightbox-slideshow=\"224fbb7\" data-elementor-lightbox-title=\"IMG_1847-01\" data-e-action-hash=\"#elementor-action%3Aaction%3Dlightbox%26settings%3DeyJpZCI6ODA2MCwidXJsIjoiaHR0cHM6XC9cL2l0ZmlsbWVzLmNvbS5iclwvbW9zdHJhYmV0aW1cL3dwLWNvbnRlbnRcL3VwbG9hZHNcL3NpdGVzXC81XC8yMDI2XC8wMVwvSU1HXzE4NDctMDEuanBnIiwic2xpZGVzaG93IjoiMjI0ZmJiNyJ9\" href=\"https:\/\/itfilmes.com.br\/mostrabetim\/wp-content\/uploads\/sites\/5\/2026\/01\/IMG_1847-01.jpg\"><figure class=\"swiper-slide-inner\"><img decoding=\"async\" class=\"swiper-slide-image\" src=\"https:\/\/itfilmes.com.br\/mostrabetim\/wp-content\/uploads\/sites\/5\/2026\/01\/IMG_1847-01.jpg\" alt=\"Apresenta\u00e7\u00e3o musical Jeanne Louise\" \/><figcaption class=\"elementor-image-carousel-caption\">Apresenta\u00e7\u00e3o musical Jeanne Louise<\/figcaption><\/figure><\/a><\/div>\t\t\t<\/div>\n\t\t\t\t\t\t\t\t\t\t\t\t<div class=\"elementor-swiper-button elementor-swiper-button-prev\" role=\"button\" tabindex=\"0\">\n\t\t\t\t\t\t<i aria-hidden=\"true\" class=\"eicon-chevron-left\"><\/i>\t\t\t\t\t<\/div>\n\t\t\t\t\t<div class=\"elementor-swiper-button elementor-swiper-button-next\" role=\"button\" tabindex=\"0\">\n\t\t\t\t\t\t<i aria-hidden=\"true\" class=\"eicon-chevron-right\"><\/i>\t\t\t\t\t<\/div>\n\t\t\t\t\n\t\t\t\t\t\t\t\t\t<\/div>\n\t\t\t\t\t\t<\/div>\n\t\t\t\t<\/div>\n\t\t\t\t<div class=\"elementor-element elementor-element-6f20351 elementor-widget elementor-widget-heading\" data-id=\"6f20351\" data-element_type=\"widget\" data-e-type=\"widget\" data-widget_type=\"heading.default\">\n\t\t\t\t<div class=\"elementor-widget-container\">\n\t\t\t\t\t<h2 class=\"elementor-heading-title elementor-size-default\">Reconhecimento e alian\u00e7as: \"Empresa Amiga da Cria\u00e7\u00e3o\"<\/h2>\t\t\t\t<\/div>\n\t\t\t\t<\/div>\n\t\t\t\t<div class=\"elementor-element elementor-element-0de7fec elementor-widget elementor-widget-text-editor\" data-id=\"0de7fec\" data-element_type=\"widget\" data-e-type=\"widget\" data-widget_type=\"text-editor.default\">\n\t\t\t\t<div class=\"elementor-widget-container\">\n\t\t\t\t\t\t\t\t\t<p><span style=\"font-weight: 400;\">Como coroa\u00e7\u00e3o das discuss\u00f5es sobre mercado e fomento, a 2\u00aa Mostra de Cinema de Betim homenageou empresas que s\u00e3o refer\u00eancias de responsabilidade cultural com a honraria de entrega da placa <\/span><b>&#8220;Empresa Amiga da Cria\u00e7\u00e3o&#8221;, <\/b><span style=\"font-weight: 400;\">durante o encerramento do Semin\u00e1rio, um ato solene de reconhecimento \u00e0s corpora\u00e7\u00f5es que desempenham um papel vital no fomento da arte e da cultura no Brasil.\u00a0<\/span><\/p>\t\t\t\t\t\t\t\t<\/div>\n\t\t\t\t<\/div>\n\t\t\t\t<section class=\"elementor-section elementor-inner-section elementor-element elementor-element-ef6a25e elementor-section-boxed elementor-section-height-default elementor-section-height-default\" data-id=\"ef6a25e\" data-element_type=\"section\" data-e-type=\"section\">\n\t\t\t\t\t\t<div class=\"elementor-container elementor-column-gap-default\">\n\t\t\t\t\t<div class=\"aux-parallax-section elementor-column elementor-col-50 elementor-inner-column elementor-element elementor-element-74be9d2\" data-id=\"74be9d2\" data-element_type=\"column\" data-e-type=\"column\">\n\t\t\t<div class=\"elementor-widget-wrap elementor-element-populated\">\n\t\t\t\t\t\t<div class=\"elementor-element elementor-element-7a41cad elementor-arrows-position-inside elementor-widget elementor-widget-image-carousel\" data-id=\"7a41cad\" data-element_type=\"widget\" data-e-type=\"widget\" data-settings=\"{&quot;slides_to_show&quot;:&quot;1&quot;,&quot;navigation&quot;:&quot;arrows&quot;,&quot;autoplay&quot;:&quot;yes&quot;,&quot;pause_on_hover&quot;:&quot;yes&quot;,&quot;pause_on_interaction&quot;:&quot;yes&quot;,&quot;autoplay_speed&quot;:5000,&quot;infinite&quot;:&quot;yes&quot;,&quot;effect&quot;:&quot;slide&quot;,&quot;speed&quot;:500}\" data-widget_type=\"image-carousel.default\">\n\t\t\t\t<div class=\"elementor-widget-container\">\n\t\t\t\t\t\t\t<div class=\"elementor-image-carousel-wrapper swiper\" role=\"region\" aria-roledescription=\"carousel\" aria-label=\"Carrossel de imagens\" dir=\"ltr\">\n\t\t\t<div class=\"elementor-image-carousel swiper-wrapper swiper-image-stretch\" aria-live=\"off\">\n\t\t\t\t\t\t\t\t<div class=\"swiper-slide\" role=\"group\" aria-roledescription=\"slide\" aria-label=\"1 de 1\"><a data-elementor-open-lightbox=\"yes\" data-elementor-lightbox-slideshow=\"7a41cad\" data-elementor-lightbox-title=\"HOMENAGEM EMPRESA AMIGA DA CRIACAO 012\" data-e-action-hash=\"#elementor-action%3Aaction%3Dlightbox%26settings%3DeyJpZCI6NzkwOCwidXJsIjoiaHR0cHM6XC9cL2l0ZmlsbWVzLmNvbS5iclwvbW9zdHJhYmV0aW1cL3dwLWNvbnRlbnRcL3VwbG9hZHNcL3NpdGVzXC81XC8yMDI2XC8wMVwvSE9NRU5BR0VNLUVNUFJFU0EtQU1JR0EtREEtQ1JJQUNBTy0wMTIuanBnIiwic2xpZGVzaG93IjoiN2E0MWNhZCJ9\" href=\"https:\/\/itfilmes.com.br\/mostrabetim\/wp-content\/uploads\/sites\/5\/2026\/01\/HOMENAGEM-EMPRESA-AMIGA-DA-CRIACAO-012.jpg\"><figure class=\"swiper-slide-inner\"><img decoding=\"async\" class=\"swiper-slide-image\" src=\"https:\/\/itfilmes.com.br\/mostrabetim\/wp-content\/uploads\/sites\/5\/2026\/01\/HOMENAGEM-EMPRESA-AMIGA-DA-CRIACAO-012.jpg\" alt=\"Alexandre Cerri - Studio Cerri, Elizabete Martins Campos - IT Filmes e Joelma Mattos - Articula\u00e7\u00e3o Ag\u00eancia.\" \/><figcaption class=\"elementor-image-carousel-caption\">Alexandre Cerri - Studio Cerri, Elizabete Martins Campos - IT Filmes e Joelma Mattos - Articula\u00e7\u00e3o Ag\u00eancia.<\/figcaption><\/figure><\/a><\/div>\t\t\t<\/div>\n\t\t\t\t\t<\/div>\n\t\t\t\t\t\t<\/div>\n\t\t\t\t<\/div>\n\t\t\t\t\t<\/div>\n\t\t<\/div>\n\t\t\t\t<div class=\"aux-parallax-section elementor-column elementor-col-50 elementor-inner-column elementor-element elementor-element-c99dadd\" data-id=\"c99dadd\" data-element_type=\"column\" data-e-type=\"column\">\n\t\t\t<div class=\"elementor-widget-wrap elementor-element-populated\">\n\t\t\t\t\t\t<div class=\"elementor-element elementor-element-ca079f1 elementor-widget elementor-widget-text-editor\" data-id=\"ca079f1\" data-element_type=\"widget\" data-e-type=\"widget\" data-widget_type=\"text-editor.default\">\n\t\t\t\t<div class=\"elementor-widget-container\">\n\t\t\t\t\t\t\t\t\t<h3><span style=\"font-weight: 400;\">Empresas Homenageadas:<\/span><\/h3><p><strong><a href=\"https:\/\/www.instagram.com\/gruposadaoficial\/\" target=\"_blank\" rel=\"noopener\">@gruposadaoficial<\/a><\/strong><span style=\"font-weight: 400;\">, representada por Samuel Duarte<br \/><\/span><strong><a href=\"https:\/\/www.instagram.com\/studio.cerri\/\" target=\"_blank\" rel=\"noopener\">@studio.cerri<\/a><\/strong><span style=\"font-weight: 400;\">, representado por Alexandre Cerri<br \/><\/span><strong><a href=\"https:\/\/www.instagram.com\/articulacaoagencia\/\" target=\"_blank\" rel=\"noopener\">@articulacaoagencia<\/a><\/strong><span style=\"font-weight: 400;\">, representada por Joelma Mattos<br \/><\/span><strong><a href=\"https:\/\/www.instagram.com\/energisa\/\" target=\"_blank\" rel=\"noopener\">@energisa<\/a><\/strong><span style=\"font-weight: 400;\">, representada por Del\u00e2nia Azevedo<\/span><\/p>\t\t\t\t\t\t\t\t<\/div>\n\t\t\t\t<\/div>\n\t\t\t\t\t<\/div>\n\t\t<\/div>\n\t\t\t\t\t<\/div>\n\t\t<\/section>\n\t\t\t\t<div class=\"elementor-element elementor-element-435e39c elementor-widget elementor-widget-text-editor\" data-id=\"435e39c\" data-element_type=\"widget\" data-e-type=\"widget\" data-widget_type=\"text-editor.default\">\n\t\t\t\t<div class=\"elementor-widget-container\">\n\t\t\t\t\t\t\t\t\t<p><span style=\"font-weight: 400;\">Este ato serviu como o lan\u00e7amento oficial de um conceito que vem sendo maturado pela Mostra de Cinema, em conjunto com seus parceiros: a cria\u00e7\u00e3o de um <\/span><b>Selo de Ind\u00fastria Criativa<\/b><span style=\"font-weight: 400;\">. O objetivo \u00e9 instituir uma certifica\u00e7\u00e3o que motive e formalize a aproxima\u00e7\u00e3o estrat\u00e9gica entre o setor produtivo, institui\u00e7\u00f5es e a cadeia do audiovisual, consolidando um ecossistema de colabora\u00e7\u00e3o sustent\u00e1vel em Betim.<\/span><\/p>\t\t\t\t\t\t\t\t<\/div>\n\t\t\t\t<\/div>\n\t\t\t\t<div class=\"elementor-element elementor-element-7499501 elementor-widget elementor-widget-heading\" data-id=\"7499501\" data-element_type=\"widget\" data-e-type=\"widget\" data-widget_type=\"heading.default\">\n\t\t\t\t<div class=\"elementor-widget-container\">\n\t\t\t\t\t<h2 class=\"elementor-heading-title elementor-size-default\">Encontro de Gigantes<\/h2>\t\t\t\t<\/div>\n\t\t\t\t<\/div>\n\t\t\t\t<section class=\"elementor-section elementor-inner-section elementor-element elementor-element-0843c99 elementor-section-boxed elementor-section-height-default elementor-section-height-default\" data-id=\"0843c99\" data-element_type=\"section\" data-e-type=\"section\">\n\t\t\t\t\t\t<div class=\"elementor-container elementor-column-gap-default\">\n\t\t\t\t\t<div class=\"aux-parallax-section elementor-column elementor-col-100 elementor-inner-column elementor-element elementor-element-c060e48\" data-id=\"c060e48\" data-element_type=\"column\" data-e-type=\"column\">\n\t\t\t<div class=\"elementor-widget-wrap elementor-element-populated\">\n\t\t\t\t\t\t<div class=\"elementor-element elementor-element-b25bd94 elementor-widget elementor-widget-text-editor\" data-id=\"b25bd94\" data-element_type=\"widget\" data-e-type=\"widget\" data-widget_type=\"text-editor.default\">\n\t\t\t\t<div class=\"elementor-widget-container\">\n\t\t\t\t\t\t\t\t\t<p><span style=\"font-weight: 400;\">O &#8220;Encontro de Gigantes&#8221; realizado pela Mostra de Cinema de Betim uniu os Instituto Ramacrisna e Instituto Energisa, uma oportunidade rara onde duas &#8220;gigantes&#8221;\u00a0 do terceiro setor e do investimento s\u00f3cio-cultural pudessem se conhecer e criar uma rede de futuro: estabelecendo uma\u00a0 teia de contatos estrat\u00e9gica entre gestores culturais e sociais que agora podem pensar em projetos conjuntos para as pr\u00f3ximas janelas de fomento e parcerias p\u00fablico-privadas.<\/span><\/p>\t\t\t\t\t\t\t\t<\/div>\n\t\t\t\t<\/div>\n\t\t\t\t<div class=\"elementor-element elementor-element-8d88a76 elementor-arrows-position-inside elementor-widget elementor-widget-image-carousel\" data-id=\"8d88a76\" data-element_type=\"widget\" data-e-type=\"widget\" data-settings=\"{&quot;slides_to_show&quot;:&quot;1&quot;,&quot;navigation&quot;:&quot;arrows&quot;,&quot;autoplay&quot;:&quot;yes&quot;,&quot;pause_on_hover&quot;:&quot;yes&quot;,&quot;pause_on_interaction&quot;:&quot;yes&quot;,&quot;autoplay_speed&quot;:5000,&quot;infinite&quot;:&quot;yes&quot;,&quot;effect&quot;:&quot;slide&quot;,&quot;speed&quot;:500}\" data-widget_type=\"image-carousel.default\">\n\t\t\t\t<div class=\"elementor-widget-container\">\n\t\t\t\t\t\t\t<div class=\"elementor-image-carousel-wrapper swiper\" role=\"region\" aria-roledescription=\"carousel\" aria-label=\"Carrossel de imagens\" dir=\"ltr\">\n\t\t\t<div class=\"elementor-image-carousel swiper-wrapper swiper-image-stretch\" aria-live=\"off\">\n\t\t\t\t\t\t\t\t<div class=\"swiper-slide\" role=\"group\" aria-roledescription=\"slide\" aria-label=\"1 de 6\"><a data-elementor-open-lightbox=\"yes\" data-elementor-lightbox-slideshow=\"8d88a76\" data-elementor-lightbox-title=\"MOSTRA ESPECIAL DE FILMES DA ZONA DA MATA MINEIRA-01\" data-e-action-hash=\"#elementor-action%3Aaction%3Dlightbox%26settings%3DeyJpZCI6Nzk5NywidXJsIjoiaHR0cHM6XC9cL2l0ZmlsbWVzLmNvbS5iclwvbW9zdHJhYmV0aW1cL3dwLWNvbnRlbnRcL3VwbG9hZHNcL3NpdGVzXC81XC8yMDI2XC8wMVwvTU9TVFJBLUVTUEVDSUFMLURFLUZJTE1FUy1EQS1aT05BLURBLU1BVEEtTUlORUlSQS0wMS5qcGciLCJzbGlkZXNob3ciOiI4ZDg4YTc2In0%3D\" href=\"https:\/\/itfilmes.com.br\/mostrabetim\/wp-content\/uploads\/sites\/5\/2026\/01\/MOSTRA-ESPECIAL-DE-FILMES-DA-ZONA-DA-MATA-MINEIRA-01.jpg\"><figure class=\"swiper-slide-inner\"><img decoding=\"async\" class=\"swiper-slide-image\" src=\"https:\/\/itfilmes.com.br\/mostrabetim\/wp-content\/uploads\/sites\/5\/2026\/01\/MOSTRA-ESPECIAL-DE-FILMES-DA-ZONA-DA-MATA-MINEIRA-01.jpg\" alt=\"MOSTRA ESPECIAL DE FILMES DA ZONA DA MATA MINEIRA-01\" \/><\/figure><\/a><\/div><div class=\"swiper-slide\" role=\"group\" aria-roledescription=\"slide\" aria-label=\"2 de 6\"><a data-elementor-open-lightbox=\"yes\" data-elementor-lightbox-slideshow=\"8d88a76\" data-elementor-lightbox-title=\"IMG_0767\" data-e-action-hash=\"#elementor-action%3Aaction%3Dlightbox%26settings%3DeyJpZCI6NzkxMSwidXJsIjoiaHR0cHM6XC9cL2l0ZmlsbWVzLmNvbS5iclwvbW9zdHJhYmV0aW1cL3dwLWNvbnRlbnRcL3VwbG9hZHNcL3NpdGVzXC81XC8yMDI2XC8wMVwvSU1HXzA3NjcuanBnIiwic2xpZGVzaG93IjoiOGQ4OGE3NiJ9\" href=\"https:\/\/itfilmes.com.br\/mostrabetim\/wp-content\/uploads\/sites\/5\/2026\/01\/IMG_0767.jpg\"><figure class=\"swiper-slide-inner\"><img decoding=\"async\" class=\"swiper-slide-image\" src=\"https:\/\/itfilmes.com.br\/mostrabetim\/wp-content\/uploads\/sites\/5\/2026\/01\/IMG_0767.jpg\" alt=\"IMG_0767\" \/><\/figure><\/a><\/div><div class=\"swiper-slide\" role=\"group\" aria-roledescription=\"slide\" aria-label=\"3 de 6\"><a data-elementor-open-lightbox=\"yes\" data-elementor-lightbox-slideshow=\"8d88a76\" data-elementor-lightbox-title=\"IMG_0803\" data-e-action-hash=\"#elementor-action%3Aaction%3Dlightbox%26settings%3DeyJpZCI6NzkxMywidXJsIjoiaHR0cHM6XC9cL2l0ZmlsbWVzLmNvbS5iclwvbW9zdHJhYmV0aW1cL3dwLWNvbnRlbnRcL3VwbG9hZHNcL3NpdGVzXC81XC8yMDI2XC8wMVwvSU1HXzA4MDMuanBnIiwic2xpZGVzaG93IjoiOGQ4OGE3NiJ9\" href=\"https:\/\/itfilmes.com.br\/mostrabetim\/wp-content\/uploads\/sites\/5\/2026\/01\/IMG_0803.jpg\"><figure class=\"swiper-slide-inner\"><img decoding=\"async\" class=\"swiper-slide-image\" src=\"https:\/\/itfilmes.com.br\/mostrabetim\/wp-content\/uploads\/sites\/5\/2026\/01\/IMG_0803.jpg\" alt=\"IMG_0803\" \/><\/figure><\/a><\/div><div class=\"swiper-slide\" role=\"group\" aria-roledescription=\"slide\" aria-label=\"4 de 6\"><a data-elementor-open-lightbox=\"yes\" data-elementor-lightbox-slideshow=\"8d88a76\" data-elementor-lightbox-title=\"IMG_0794\" data-e-action-hash=\"#elementor-action%3Aaction%3Dlightbox%26settings%3DeyJpZCI6NzkxMiwidXJsIjoiaHR0cHM6XC9cL2l0ZmlsbWVzLmNvbS5iclwvbW9zdHJhYmV0aW1cL3dwLWNvbnRlbnRcL3VwbG9hZHNcL3NpdGVzXC81XC8yMDI2XC8wMVwvSU1HXzA3OTQuanBnIiwic2xpZGVzaG93IjoiOGQ4OGE3NiJ9\" href=\"https:\/\/itfilmes.com.br\/mostrabetim\/wp-content\/uploads\/sites\/5\/2026\/01\/IMG_0794.jpg\"><figure class=\"swiper-slide-inner\"><img decoding=\"async\" class=\"swiper-slide-image\" src=\"https:\/\/itfilmes.com.br\/mostrabetim\/wp-content\/uploads\/sites\/5\/2026\/01\/IMG_0794.jpg\" alt=\"IMG_0794\" \/><\/figure><\/a><\/div><div class=\"swiper-slide\" role=\"group\" aria-roledescription=\"slide\" aria-label=\"5 de 6\"><a data-elementor-open-lightbox=\"yes\" data-elementor-lightbox-slideshow=\"8d88a76\" data-elementor-lightbox-title=\"IMG_0807\" data-e-action-hash=\"#elementor-action%3Aaction%3Dlightbox%26settings%3DeyJpZCI6NzkxNSwidXJsIjoiaHR0cHM6XC9cL2l0ZmlsbWVzLmNvbS5iclwvbW9zdHJhYmV0aW1cL3dwLWNvbnRlbnRcL3VwbG9hZHNcL3NpdGVzXC81XC8yMDI2XC8wMVwvSU1HXzA4MDcuanBnIiwic2xpZGVzaG93IjoiOGQ4OGE3NiJ9\" href=\"https:\/\/itfilmes.com.br\/mostrabetim\/wp-content\/uploads\/sites\/5\/2026\/01\/IMG_0807.jpg\"><figure class=\"swiper-slide-inner\"><img decoding=\"async\" class=\"swiper-slide-image\" src=\"https:\/\/itfilmes.com.br\/mostrabetim\/wp-content\/uploads\/sites\/5\/2026\/01\/IMG_0807.jpg\" alt=\"IMG_0807\" \/><\/figure><\/a><\/div><div class=\"swiper-slide\" role=\"group\" aria-roledescription=\"slide\" aria-label=\"6 de 6\"><a data-elementor-open-lightbox=\"yes\" data-elementor-lightbox-slideshow=\"8d88a76\" data-elementor-lightbox-title=\"IMG_0813\" data-e-action-hash=\"#elementor-action%3Aaction%3Dlightbox%26settings%3DeyJpZCI6NzkxNiwidXJsIjoiaHR0cHM6XC9cL2l0ZmlsbWVzLmNvbS5iclwvbW9zdHJhYmV0aW1cL3dwLWNvbnRlbnRcL3VwbG9hZHNcL3NpdGVzXC81XC8yMDI2XC8wMVwvSU1HXzA4MTMuanBnIiwic2xpZGVzaG93IjoiOGQ4OGE3NiJ9\" href=\"https:\/\/itfilmes.com.br\/mostrabetim\/wp-content\/uploads\/sites\/5\/2026\/01\/IMG_0813.jpg\"><figure class=\"swiper-slide-inner\"><img decoding=\"async\" class=\"swiper-slide-image\" src=\"https:\/\/itfilmes.com.br\/mostrabetim\/wp-content\/uploads\/sites\/5\/2026\/01\/IMG_0813.jpg\" alt=\"IMG_0813\" \/><\/figure><\/a><\/div>\t\t\t<\/div>\n\t\t\t\t\t\t\t\t\t\t\t\t<div class=\"elementor-swiper-button elementor-swiper-button-prev\" role=\"button\" tabindex=\"0\">\n\t\t\t\t\t\t<i aria-hidden=\"true\" class=\"eicon-chevron-left\"><\/i>\t\t\t\t\t<\/div>\n\t\t\t\t\t<div class=\"elementor-swiper-button elementor-swiper-button-next\" role=\"button\" tabindex=\"0\">\n\t\t\t\t\t\t<i aria-hidden=\"true\" class=\"eicon-chevron-right\"><\/i>\t\t\t\t\t<\/div>\n\t\t\t\t\n\t\t\t\t\t\t\t\t\t<\/div>\n\t\t\t\t\t\t<\/div>\n\t\t\t\t<\/div>\n\t\t\t\t<div class=\"elementor-element elementor-element-bbb0471 elementor-widget elementor-widget-text-editor\" data-id=\"bbb0471\" data-element_type=\"widget\" data-e-type=\"widget\" data-widget_type=\"text-editor.default\">\n\t\t\t\t<div class=\"elementor-widget-container\">\n\t\t\t\t\t\t\t\t\t<p><b>Protagonismo, Cultura e desenvolvimento social:<\/b><span style=\"font-weight: 400;\"> Registros do &#8220;Encontro de Gigantes&#8221;, que reuniu<\/span><span style=\"font-weight: 400;\"> a cineasta e jornalista Elizabete Martins Campos (Mostra de Cinema de Betim), a rela\u00e7\u00f5es p\u00fablicas <\/span><span style=\"font-weight: 400;\">Gabriella Prado, (Instituto Ramacrisna)<\/span><span style=\"font-weight: 400;\"> e a Jornalista, escritora e Analista Cultural, Renatta Barbosa (Instituto Energisa).<\/span><\/p>\t\t\t\t\t\t\t\t<\/div>\n\t\t\t\t<\/div>\n\t\t\t\t\t<\/div>\n\t\t<\/div>\n\t\t\t\t\t<\/div>\n\t\t<\/section>\n\t\t\t\t<div class=\"elementor-element elementor-element-ff98ff1 elementor-widget elementor-widget-text-editor\" data-id=\"ff98ff1\" data-element_type=\"widget\" data-e-type=\"widget\" data-widget_type=\"text-editor.default\">\n\t\t\t\t<div class=\"elementor-widget-container\">\n\t\t\t\t\t\t\t\t\t<h3><b>Interc\u00e2mbio e Cinema &#8211; a Conex\u00e3o Zona da Mata &#8211; Betim.<\/b><\/h3><p><span style=\"font-weight: 400;\">A programa\u00e7\u00e3o trouxe uma <\/span><b>Mostra Especial de Filmes do Polo Audiovisual da Zona da Mata<\/b><span style=\"font-weight: 400;\">. O &#8220;gigantismo&#8221; aqui residiu na demonstra\u00e7\u00e3o pr\u00e1tica de como uma regi\u00e3o, Cataguases e entorno, se transformou atrav\u00e9s do cinema com o patroc\u00ednio do Grupo Energisa e apoio do Instituto Energisa, servindo de espelho e inspira\u00e7\u00e3o para o potencial que Betim agora come\u00e7a a trilhar.<\/span><\/p><p><span style=\"font-weight: 400;\">Esta a\u00e7\u00e3o levou o cinema para o cora\u00e7\u00e3o de uma das institui\u00e7\u00f5es sociais mais respeitadas do Brasil, promovendo o cruzamento entre o <\/span><b>fomento cultural<\/b><span style=\"font-weight: 400;\">, a <\/span><b>responsabilidade social<\/b><span style=\"font-weight: 400;\"> e a exibi\u00e7\u00e3o da <\/span><b>produ\u00e7\u00e3o audiovisual\u00a0 produzida no \u00e2mbito do P\u00f3lo da Zona da Mata Mineira.<\/b><\/p><h3><b>Cinema como ferramenta de oportunidade.<\/b><b><br \/><\/b><b>Simbologia e democracia.<\/b><\/h3><p><span style=\"font-weight: 400;\">O ambiente do Ramacrisna, que respira educa\u00e7\u00e3o e tecnologia, foi o cen\u00e1rio perfeito para exibir obras que dialogam com a realidade mineira. A descentraliza\u00e7\u00e3o da Mostra reafirmou o compromisso de levar o audiovisual para o seio das comunidades.<\/span><\/p>\t\t\t\t\t\t\t\t<\/div>\n\t\t\t\t<\/div>\n\t\t\t\t\t<\/div>\n\t\t<\/div>\n\t\t\t\t\t<\/div>\n\t\t<\/section>\n\t\t\t\t<section class=\"elementor-section elementor-top-section elementor-element elementor-element-cc65c2c elementor-section-full_width elementor-section-height-default elementor-section-height-default\" data-id=\"cc65c2c\" data-element_type=\"section\" data-e-type=\"section\" data-settings=\"{&quot;background_background&quot;:&quot;classic&quot;}\">\n\t\t\t\t\t\t\t<div class=\"elementor-background-overlay\"><\/div>\n\t\t\t\t\t\t\t<div class=\"elementor-container elementor-column-gap-default\">\n\t\t\t\t\t<div class=\"aux-parallax-section elementor-column elementor-col-100 elementor-top-column elementor-element elementor-element-465c062\" data-id=\"465c062\" data-element_type=\"column\" data-e-type=\"column\" data-settings=\"{&quot;background_background&quot;:&quot;classic&quot;}\">\n\t\t\t<div class=\"elementor-widget-wrap elementor-element-populated\">\n\t\t\t\t\t<div class=\"elementor-background-overlay\"><\/div>\n\t\t\t\t\t\t<section class=\"elementor-section elementor-inner-section elementor-element elementor-element-4ae1d70 elementor-section-boxed elementor-section-height-default elementor-section-height-default\" data-id=\"4ae1d70\" data-element_type=\"section\" data-e-type=\"section\">\n\t\t\t\t\t\t<div class=\"elementor-container elementor-column-gap-default\">\n\t\t\t\t\t<div class=\"aux-parallax-section elementor-column elementor-col-50 elementor-inner-column elementor-element elementor-element-5f8bf50\" data-id=\"5f8bf50\" data-element_type=\"column\" data-e-type=\"column\">\n\t\t\t<div class=\"elementor-widget-wrap elementor-element-populated\">\n\t\t\t\t\t\t<section class=\"elementor-section elementor-inner-section elementor-element elementor-element-7ec588d elementor-section-boxed elementor-section-height-default elementor-section-height-default\" data-id=\"7ec588d\" data-element_type=\"section\" data-e-type=\"section\" data-settings=\"{&quot;background_background&quot;:&quot;classic&quot;}\">\n\t\t\t\t\t\t<div class=\"elementor-container elementor-column-gap-default\">\n\t\t\t\t\t<div class=\"aux-parallax-section elementor-column elementor-col-100 elementor-inner-column elementor-element elementor-element-0b80ea5\" data-id=\"0b80ea5\" data-element_type=\"column\" data-e-type=\"column\" data-settings=\"{&quot;background_background&quot;:&quot;classic&quot;}\">\n\t\t\t<div class=\"elementor-widget-wrap elementor-element-populated\">\n\t\t\t\t\t\t<div class=\"elementor-element elementor-element-b5d1f11 elementor-widget elementor-widget-heading\" data-id=\"b5d1f11\" data-element_type=\"widget\" data-e-type=\"widget\" data-widget_type=\"heading.default\">\n\t\t\t\t<div class=\"elementor-widget-container\">\n\t\t\t\t\t<h1 class=\"elementor-heading-title elementor-size-default\">Performance \/ m\u00eddias<\/h1>\t\t\t\t<\/div>\n\t\t\t\t<\/div>\n\t\t\t\t<div class=\"elementor-element elementor-element-c76c979 elementor-widget__width-auto aux-appear-watch-animation aux-fade-in elementor-widget elementor-widget-aux_counter\" data-id=\"c76c979\" data-element_type=\"widget\" data-e-type=\"widget\" data-widget_type=\"aux_counter.default\">\n\t\t\t\t<div class=\"elementor-widget-container\">\n\t\t\t\t\t\t\t<div class=\"aux-counter\">\n\t\t\t<div class=\"aux-counter-number-wrapper\">\n\t\t\t\t<span class=\"aux-counter-number-prefix\"><\/span>\n\t\t\t\t<span class=\"aux-counter-number\" data-duration=\"2000\" data-to-value=\"2000000\" data-from-value=\"10000000\" data-delay=\"0\" data-easing=\"\" data-delimiter=\".\">10000000<\/span>\n\t\t\t\t<span class=\"aux-counter-number-suffix\">*<\/span>\n\t\t\t<\/div>\n\t\t\t\t\t\t\t<div class=\"aux-counter-title\">alcance expandido<\/div>\n\t\t\t\t\t<\/div>\n\t\t\t\t\t\t<\/div>\n\t\t\t\t<\/div>\n\t\t\t\t<div class=\"elementor-element elementor-element-0e2b893 elementor-widget elementor-widget-text-editor\" data-id=\"0e2b893\" data-element_type=\"widget\" data-e-type=\"widget\" data-widget_type=\"text-editor.default\">\n\t\t\t\t<div class=\"elementor-widget-container\">\n\t\t\t\t\t\t\t\t\t<p>*P\u00fablico atingido nas m\u00eddias.<\/p>\t\t\t\t\t\t\t\t<\/div>\n\t\t\t\t<\/div>\n\t\t\t\t<div class=\"elementor-element elementor-element-bca8dae elementor-widget__width-auto elementor-widget-mobile__width-auto elementor-widget elementor-widget-button\" data-id=\"bca8dae\" data-element_type=\"widget\" data-e-type=\"widget\" data-widget_type=\"button.default\">\n\t\t\t\t<div class=\"elementor-widget-container\">\n\t\t\t\t\t\t\t\t\t<div class=\"elementor-button-wrapper\">\n\t\t\t\t\t<a class=\"elementor-button elementor-button-link elementor-size-sm\" href=\"#mostramidia\">\n\t\t\t\t\t\t<span class=\"elementor-button-content-wrapper\">\n\t\t\t\t\t\t<span class=\"elementor-button-icon\">\n\t\t\t\t<i aria-hidden=\"true\" class=\"auxicon auxicon-eye-1\"><\/i>\t\t\t<\/span>\n\t\t\t\t\t\t\t\t\t<span class=\"elementor-button-text\">mais<\/span>\n\t\t\t\t\t<\/span>\n\t\t\t\t\t<\/a>\n\t\t\t\t<\/div>\n\t\t\t\t\t\t\t\t<\/div>\n\t\t\t\t<\/div>\n\t\t\t\t\t<\/div>\n\t\t<\/div>\n\t\t\t\t\t<\/div>\n\t\t<\/section>\n\t\t\t\t\t<\/div>\n\t\t<\/div>\n\t\t\t\t<div class=\"aux-parallax-section elementor-column elementor-col-50 elementor-inner-column elementor-element elementor-element-6f97795\" data-id=\"6f97795\" data-element_type=\"column\" data-e-type=\"column\">\n\t\t\t<div class=\"elementor-widget-wrap elementor-element-populated\">\n\t\t\t\t\t\t<div class=\"elementor-element elementor-element-97bc2c8 e-transform aux-appear-watch-animation aux-fade-in-right-2 elementor-hidden-mobile elementor-widget elementor-widget-image\" data-id=\"97bc2c8\" data-element_type=\"widget\" data-e-type=\"widget\" data-settings=\"{&quot;_transform_scale_effect&quot;:{&quot;unit&quot;:&quot;px&quot;,&quot;size&quot;:0.7,&quot;sizes&quot;:[]},&quot;_transform_scale_effect_mobile&quot;:{&quot;unit&quot;:&quot;px&quot;,&quot;size&quot;:0.5,&quot;sizes&quot;:[]},&quot;_transform_scale_effect_tablet&quot;:{&quot;unit&quot;:&quot;px&quot;,&quot;size&quot;:&quot;&quot;,&quot;sizes&quot;:[]}}\" data-widget_type=\"image.default\">\n\t\t\t\t<div class=\"elementor-widget-container\">\n\t\t\t\t\t\t\t\t\t\t\t\t\t\t\t<img decoding=\"async\" src=\"https:\/\/itfilmes.com.br\/mostrabetim\/wp-content\/uploads\/sites\/5\/elementor\/thumbs\/filmaker-scaled-r72pficrpxu7mh4586ss75t7lojhfnzgob6x7ik2z0.png\" title=\"2\u00aa Mostra de Cinema de Betim\" alt=\"2\u00aa Mostra de Cinema de Betim\" loading=\"lazy\" \/>\t\t\t\t\t\t\t\t\t\t\t\t\t\t\t<\/div>\n\t\t\t\t<\/div>\n\t\t\t\t\t<\/div>\n\t\t<\/div>\n\t\t\t\t\t<\/div>\n\t\t<\/section>\n\t\t\t\t<section class=\"elementor-section elementor-inner-section elementor-element elementor-element-8aa6663 elementor-section-height-min-height elementor-section-boxed elementor-section-height-default\" data-id=\"8aa6663\" data-element_type=\"section\" data-e-type=\"section\" id=\"mostramidia\">\n\t\t\t\t\t\t\t<div class=\"elementor-background-overlay\"><\/div>\n\t\t\t\t\t\t\t<div class=\"elementor-container elementor-column-gap-default\">\n\t\t\t\t\t<div class=\"aux-parallax-section elementor-column elementor-col-100 elementor-inner-column elementor-element elementor-element-c00e367\" data-id=\"c00e367\" data-element_type=\"column\" data-e-type=\"column\" data-settings=\"{&quot;background_background&quot;:&quot;classic&quot;}\">\n\t\t\t<div class=\"elementor-widget-wrap elementor-element-populated\">\n\t\t\t\t\t\t<div class=\"elementor-element elementor-element-6c1984c elementor-widget elementor-widget-text-editor\" data-id=\"6c1984c\" data-element_type=\"widget\" data-e-type=\"widget\" data-widget_type=\"text-editor.default\">\n\t\t\t\t<div class=\"elementor-widget-container\">\n\t\t\t\t\t\t\t\t\t<p><strong>2\u00aa Mostra de Cinema de Betim\u00a0 apresenta resultados acima das m\u00e9dias esperadas para alcance. <\/strong><\/p>\t\t\t\t\t\t\t\t<\/div>\n\t\t\t\t<\/div>\n\t\t\t\t<section class=\"elementor-section elementor-inner-section elementor-element elementor-element-ccec0ac elementor-section-boxed elementor-section-height-default elementor-section-height-default\" data-id=\"ccec0ac\" data-element_type=\"section\" data-e-type=\"section\">\n\t\t\t\t\t\t<div class=\"elementor-container elementor-column-gap-default\">\n\t\t\t\t\t<div class=\"aux-parallax-section elementor-column elementor-col-50 elementor-inner-column elementor-element elementor-element-93563f4\" data-id=\"93563f4\" data-element_type=\"column\" data-e-type=\"column\">\n\t\t\t<div class=\"elementor-widget-wrap elementor-element-populated\">\n\t\t\t\t\t\t<div class=\"elementor-element elementor-element-4e3f441 elementor-position-inline-start elementor-view-default elementor-mobile-position-block-start elementor-widget elementor-widget-icon-box\" data-id=\"4e3f441\" data-element_type=\"widget\" data-e-type=\"widget\" data-widget_type=\"icon-box.default\">\n\t\t\t\t<div class=\"elementor-widget-container\">\n\t\t\t\t\t\t\t<div class=\"elementor-icon-box-wrapper\">\n\n\t\t\t\t\t\t<div class=\"elementor-icon-box-icon\">\n\t\t\t\t<span  class=\"elementor-icon\">\n\t\t\t\t<i aria-hidden=\"true\" class=\"fab fa-facebook-f\"><\/i>\t\t\t\t<\/span>\n\t\t\t<\/div>\n\t\t\t\n\t\t\t\t\t\t<div class=\"elementor-icon-box-content\">\n\n\t\t\t\t\t\t\t\t\t<h3 class=\"elementor-icon-box-title\">\n\t\t\t\t\t\t<span  >\n\t\t\t\t\t\t\tMETA ADS \u2012 Facebook e Instagram\t\t\t\t\t\t<\/span>\n\t\t\t\t\t<\/h3>\n\t\t\t\t\n\t\t\t\t\t\t\t\t\t<p class=\"elementor-icon-box-description\">\n\t\t\t\t\t\tAlcance: 300.223 pessoas \u00fanicas<br>\nImpress\u00f5es: 438.649\t\t\t\t\t<\/p>\n\t\t\t\t\n\t\t\t<\/div>\n\t\t\t\n\t\t<\/div>\n\t\t\t\t\t\t<\/div>\n\t\t\t\t<\/div>\n\t\t\t\t<div class=\"elementor-element elementor-element-9d1cf48 elementor-position-inline-start elementor-view-default elementor-mobile-position-block-start elementor-widget elementor-widget-icon-box\" data-id=\"9d1cf48\" data-element_type=\"widget\" data-e-type=\"widget\" data-widget_type=\"icon-box.default\">\n\t\t\t\t<div class=\"elementor-widget-container\">\n\t\t\t\t\t\t\t<div class=\"elementor-icon-box-wrapper\">\n\n\t\t\t\t\t\t<div class=\"elementor-icon-box-icon\">\n\t\t\t\t<span  class=\"elementor-icon\">\n\t\t\t\t<i aria-hidden=\"true\" class=\"fab fa-google\"><\/i>\t\t\t\t<\/span>\n\t\t\t<\/div>\n\t\t\t\n\t\t\t\t\t\t<div class=\"elementor-icon-box-content\">\n\n\t\t\t\t\t\t\t\t\t<h3 class=\"elementor-icon-box-title\">\n\t\t\t\t\t\t<span  >\n\t\t\t\t\t\t\tGOOGLE ADS \u2012 YouTube\t\t\t\t\t\t<\/span>\n\t\t\t\t\t<\/h3>\n\t\t\t\t\n\t\t\t\t\t\t\t\t\t<p class=\"elementor-icon-box-description\">\n\t\t\t\t\t\tImpress\u00f5es: 98,7 mil<br>\nVisualiza\u00e7\u00f5es: 59,7 mil\t\t\t\t\t<\/p>\n\t\t\t\t\n\t\t\t<\/div>\n\t\t\t\n\t\t<\/div>\n\t\t\t\t\t\t<\/div>\n\t\t\t\t<\/div>\n\t\t\t\t<div class=\"elementor-element elementor-element-b186f0c elementor-position-inline-start elementor-view-default elementor-mobile-position-block-start elementor-widget elementor-widget-icon-box\" data-id=\"b186f0c\" data-element_type=\"widget\" data-e-type=\"widget\" data-widget_type=\"icon-box.default\">\n\t\t\t\t<div class=\"elementor-widget-container\">\n\t\t\t\t\t\t\t<div class=\"elementor-icon-box-wrapper\">\n\n\t\t\t\t\t\t<div class=\"elementor-icon-box-icon\">\n\t\t\t\t<span  class=\"elementor-icon\">\n\t\t\t\t<i aria-hidden=\"true\" class=\"fab fa-tiktok\"><\/i>\t\t\t\t<\/span>\n\t\t\t<\/div>\n\t\t\t\n\t\t\t\t\t\t<div class=\"elementor-icon-box-content\">\n\n\t\t\t\t\t\t\t\t\t<h3 class=\"elementor-icon-box-title\">\n\t\t\t\t\t\t<span  >\n\t\t\t\t\t\t\tTIKTOK ADS\t\t\t\t\t\t<\/span>\n\t\t\t\t\t<\/h3>\n\t\t\t\t\n\t\t\t\t\t\t\t\t\t<p class=\"elementor-icon-box-description\">\n\t\t\t\t\t\tImpress\u00f5es: 96.453<br>\nCliques: 3.178<br>\nCTR: 3,29% (acima da m\u00e9dia da plataforma)\t\t\t\t\t<\/p>\n\t\t\t\t\n\t\t\t<\/div>\n\t\t\t\n\t\t<\/div>\n\t\t\t\t\t\t<\/div>\n\t\t\t\t<\/div>\n\t\t\t\t\t<\/div>\n\t\t<\/div>\n\t\t\t\t<div class=\"aux-parallax-section elementor-column elementor-col-50 elementor-inner-column elementor-element elementor-element-e64f0a8\" data-id=\"e64f0a8\" data-element_type=\"column\" data-e-type=\"column\">\n\t\t\t<div class=\"elementor-widget-wrap elementor-element-populated\">\n\t\t\t\t\t\t<div class=\"elementor-element elementor-element-d368c7f elementor-widget elementor-widget-image\" data-id=\"d368c7f\" data-element_type=\"widget\" data-e-type=\"widget\" data-widget_type=\"image.default\">\n\t\t\t\t<div class=\"elementor-widget-container\">\n\t\t\t\t\t\t\t\t\t\t\t\t\t\t\t<img decoding=\"async\" width=\"1024\" height=\"1024\" src=\"https:\/\/itfilmes.com.br\/mostrabetim\/wp-content\/uploads\/sites\/5\/2026\/01\/Captura-de-Tela-2026-01-03-as-18.41.49-1024x1024.png\" class=\"attachment-large size-large wp-image-7714\" alt=\"Grafico-resultado-midias-ads\" srcset=\"https:\/\/itfilmes.com.br\/mostrabetim\/wp-content\/uploads\/sites\/5\/2026\/01\/Captura-de-Tela-2026-01-03-as-18.41.49-1024x1024.png 1024w, https:\/\/itfilmes.com.br\/mostrabetim\/wp-content\/uploads\/sites\/5\/2026\/01\/Captura-de-Tela-2026-01-03-as-18.41.49-300x300.png 300w, https:\/\/itfilmes.com.br\/mostrabetim\/wp-content\/uploads\/sites\/5\/2026\/01\/Captura-de-Tela-2026-01-03-as-18.41.49-150x150.png 150w, https:\/\/itfilmes.com.br\/mostrabetim\/wp-content\/uploads\/sites\/5\/2026\/01\/Captura-de-Tela-2026-01-03-as-18.41.49-768x768.png 768w\" sizes=\"(max-width: 1024px) 100vw, 1024px\" \/>\t\t\t\t\t\t\t\t\t\t\t\t\t\t\t<\/div>\n\t\t\t\t<\/div>\n\t\t\t\t\t<\/div>\n\t\t<\/div>\n\t\t\t\t\t<\/div>\n\t\t<\/section>\n\t\t\t\t\t<\/div>\n\t\t<\/div>\n\t\t\t\t\t<\/div>\n\t\t<\/section>\n\t\t\t\t\t<\/div>\n\t\t<\/div>\n\t\t\t\t\t<\/div>\n\t\t<\/section>\n\t\t\t\t<section class=\"elementor-section elementor-top-section elementor-element elementor-element-af9d0a8 elementor-section-full_width elementor-section-height-default elementor-section-height-default\" data-id=\"af9d0a8\" data-element_type=\"section\" data-e-type=\"section\" data-settings=\"{&quot;background_background&quot;:&quot;classic&quot;}\">\n\t\t\t\t\t\t\t<div class=\"elementor-background-overlay\"><\/div>\n\t\t\t\t\t\t\t<div class=\"elementor-container elementor-column-gap-default\">\n\t\t\t\t\t<div class=\"aux-parallax-section elementor-column elementor-col-100 elementor-top-column elementor-element elementor-element-815c2f8\" data-id=\"815c2f8\" data-element_type=\"column\" data-e-type=\"column\">\n\t\t\t<div class=\"elementor-widget-wrap elementor-element-populated\">\n\t\t\t\t\t\t<section class=\"elementor-section elementor-inner-section elementor-element elementor-element-d8e0d3b elementor-section-boxed elementor-section-height-default elementor-section-height-default\" data-id=\"d8e0d3b\" data-element_type=\"section\" data-e-type=\"section\" data-settings=\"{&quot;background_background&quot;:&quot;classic&quot;}\">\n\t\t\t\t\t\t<div class=\"elementor-container elementor-column-gap-default\">\n\t\t\t\t\t<div class=\"aux-parallax-section elementor-column elementor-col-100 elementor-inner-column elementor-element elementor-element-ec80b30\" data-id=\"ec80b30\" data-element_type=\"column\" data-e-type=\"column\" data-settings=\"{&quot;background_background&quot;:&quot;classic&quot;}\">\n\t\t\t<div class=\"elementor-widget-wrap elementor-element-populated\">\n\t\t\t\t\t\t<div class=\"elementor-element elementor-element-d409ab3 elementor-widget elementor-widget-heading\" data-id=\"d409ab3\" data-element_type=\"widget\" data-e-type=\"widget\" data-widget_type=\"heading.default\">\n\t\t\t\t<div class=\"elementor-widget-container\">\n\t\t\t\t\t<h2 class=\"elementor-heading-title elementor-size-default\">Mostra na M\u00eddia<\/h2>\t\t\t\t<\/div>\n\t\t\t\t<\/div>\n\t\t\t\t<div class=\"elementor-element elementor-element-933b79b elementor-widget elementor-widget-aux_divider\" data-id=\"933b79b\" data-element_type=\"widget\" data-e-type=\"widget\" data-widget_type=\"aux_divider.default\">\n\t\t\t\t<div class=\"elementor-widget-container\">\n\t\t\t\t\t<hr class=\"aux-divider-center aux-divider-small aux-divider-align-center\" >\t\t\t\t<\/div>\n\t\t\t\t<\/div>\n\t\t\t\t<div class=\"elementor-element elementor-element-d2ad5f4 elementor-arrows-position-inside elementor-widget elementor-widget-image-carousel\" data-id=\"d2ad5f4\" data-element_type=\"widget\" data-e-type=\"widget\" data-settings=\"{&quot;slides_to_show&quot;:&quot;1&quot;,&quot;navigation&quot;:&quot;arrows&quot;,&quot;autoplay_speed&quot;:3000,&quot;autoplay&quot;:&quot;yes&quot;,&quot;pause_on_hover&quot;:&quot;yes&quot;,&quot;pause_on_interaction&quot;:&quot;yes&quot;,&quot;infinite&quot;:&quot;yes&quot;,&quot;effect&quot;:&quot;slide&quot;,&quot;speed&quot;:500}\" data-widget_type=\"image-carousel.default\">\n\t\t\t\t<div class=\"elementor-widget-container\">\n\t\t\t\t\t\t\t<div class=\"elementor-image-carousel-wrapper swiper\" role=\"region\" aria-roledescription=\"carousel\" aria-label=\"Carrossel de imagens\" dir=\"ltr\">\n\t\t\t<div class=\"elementor-image-carousel swiper-wrapper swiper-image-stretch\" aria-live=\"off\">\n\t\t\t\t\t\t\t\t<div class=\"swiper-slide\" role=\"group\" aria-roledescription=\"slide\" aria-label=\"1 de 6\"><figure class=\"swiper-slide-inner\"><img decoding=\"async\" class=\"swiper-slide-image\" src=\"https:\/\/itfilmes.com.br\/mostrabetim\/wp-content\/uploads\/sites\/5\/2026\/01\/o-tempo-betim.jpg\" alt=\"O Tempo Betim\" \/><\/figure><\/div><div class=\"swiper-slide\" role=\"group\" aria-roledescription=\"slide\" aria-label=\"2 de 6\"><figure class=\"swiper-slide-inner\"><img decoding=\"async\" class=\"swiper-slide-image\" src=\"https:\/\/itfilmes.com.br\/mostrabetim\/wp-content\/uploads\/sites\/5\/2026\/01\/istoe.jpg\" alt=\"istoe\" \/><\/figure><\/div><div class=\"swiper-slide\" role=\"group\" aria-roledescription=\"slide\" aria-label=\"3 de 6\"><figure class=\"swiper-slide-inner\"><img decoding=\"async\" class=\"swiper-slide-image\" src=\"https:\/\/itfilmes.com.br\/mostrabetim\/wp-content\/uploads\/sites\/5\/2026\/01\/revista-de-cinema.jpg\" alt=\"Revista de Cinema\" \/><\/figure><\/div><div class=\"swiper-slide\" role=\"group\" aria-roledescription=\"slide\" aria-label=\"4 de 6\"><figure class=\"swiper-slide-inner\"><img decoding=\"async\" class=\"swiper-slide-image\" src=\"https:\/\/itfilmes.com.br\/mostrabetim\/wp-content\/uploads\/sites\/5\/2026\/01\/geekpopnews-mb-1.jpg\" alt=\"GeekPopNews\" \/><\/figure><\/div><div class=\"swiper-slide\" role=\"group\" aria-roledescription=\"slide\" aria-label=\"5 de 6\"><figure class=\"swiper-slide-inner\"><img decoding=\"async\" class=\"swiper-slide-image\" src=\"https:\/\/itfilmes.com.br\/mostrabetim\/wp-content\/uploads\/sites\/5\/2026\/01\/jornaldobras.jpg\" alt=\"Jornal do Bras\" \/><\/figure><\/div><div class=\"swiper-slide\" role=\"group\" aria-roledescription=\"slide\" aria-label=\"6 de 6\"><figure class=\"swiper-slide-inner\"><img decoding=\"async\" class=\"swiper-slide-image\" src=\"https:\/\/itfilmes.com.br\/mostrabetim\/wp-content\/uploads\/sites\/5\/2026\/01\/rede-minas1.jpg\" alt=\"rede-minas1\" \/><\/figure><\/div>\t\t\t<\/div>\n\t\t\t\t\t\t\t\t\t\t\t\t<div class=\"elementor-swiper-button elementor-swiper-button-prev\" role=\"button\" tabindex=\"0\">\n\t\t\t\t\t\t<i aria-hidden=\"true\" class=\"eicon-chevron-left\"><\/i>\t\t\t\t\t<\/div>\n\t\t\t\t\t<div class=\"elementor-swiper-button elementor-swiper-button-next\" role=\"button\" tabindex=\"0\">\n\t\t\t\t\t\t<i aria-hidden=\"true\" class=\"eicon-chevron-right\"><\/i>\t\t\t\t\t<\/div>\n\t\t\t\t\n\t\t\t\t\t\t\t\t\t<\/div>\n\t\t\t\t\t\t<\/div>\n\t\t\t\t<\/div>\n\t\t\t\t\t<\/div>\n\t\t<\/div>\n\t\t\t\t\t<\/div>\n\t\t<\/section>\n\t\t\t\t<section class=\"elementor-section elementor-inner-section elementor-element elementor-element-26eda12 elementor-section-boxed elementor-section-height-default elementor-section-height-default\" data-id=\"26eda12\" data-element_type=\"section\" data-e-type=\"section\" data-settings=\"{&quot;background_background&quot;:&quot;classic&quot;}\">\n\t\t\t\t\t\t<div class=\"elementor-container elementor-column-gap-default\">\n\t\t\t\t\t<div class=\"aux-parallax-section elementor-column elementor-col-100 elementor-inner-column elementor-element elementor-element-898d324\" data-id=\"898d324\" data-element_type=\"column\" data-e-type=\"column\" data-settings=\"{&quot;background_background&quot;:&quot;classic&quot;}\">\n\t\t\t<div class=\"elementor-widget-wrap elementor-element-populated\">\n\t\t\t\t\t\t<div class=\"elementor-element elementor-element-317bfc8 elementor-widget elementor-widget-text-editor\" data-id=\"317bfc8\" data-element_type=\"widget\" data-e-type=\"widget\" data-widget_type=\"text-editor.default\">\n\t\t\t\t<div class=\"elementor-widget-container\">\n\t\t\t\t\t\t\t\t\t<p><\/p><ul class=\"wp-block-list\"><li>Isto \u00c9<br \/><a href=\"https:\/\/istoe.com.br\/2a-mostra-de-cinema-de-betim-oferece-sessoes-gratuitas-ate-domingo\" target=\"_blank\" rel=\"noreferrer noopener\">2\u00aa Mostra de Cinema de Betim oferece sess\u00f5es gratuitas at\u00e9 domingo<\/a><\/li> <li>BRasil 247<br \/><a href=\"https:\/\/istoe.com.br\/2a-mostra-de-cinema-de-betim-oferece-sessoes-gratuitas-ate-domingo\" target=\"_blank\" rel=\"noreferrer noopener\">Entrevista_ 2\u00aa Mostra de Cinema de Betim ter\u00e1 mais de 30 filmes, sess\u00f5es gratuitas, oficinas e debates<\/a><\/li> <li>otempobetim.com.br<br \/><a href=\"https:\/\/www.otempobetim.com.br\/cultura\/2025\/10\/7\/oficinas-da-2-mostra-de-cinema-de-betim-estao-com-inscricoes-abertas\" target=\"_blank\" rel=\"noreferrer noopener\">Oficinas da 2\u00aa Mostra de Cinema de Betim est\u00e3o com inscri\u00e7\u00f5es abertas<\/a><\/li> <li>Revista de Cinema<br \/><a href=\"https:\/\/revistadecinema.com.br\/2025\/10\/2a-mostra-de-cinema-de-betim-mg-recebe-inscricoes-para-oficinas-formativas\/\" target=\"_blank\" rel=\"noreferrer noopener\">2\u00aa Mostra de Cinema de Betim (MG) recebe inscri\u00e7\u00f5es para oficinas formativas Revista de Cinema<\/a><\/li> <li>Tela Viva<br \/><a href=\"https:\/\/telaviva.com.br\/31\/10\/2025\/2a-mostra-de-cinema-de-betim-apresenta-filmes-e-promove-oficinas-no-mes-de-novembro\/\" target=\"_blank\" rel=\"noreferrer noopener\">2\u00aa Mostra de Cinema de Betim apresenta filmes e promove oficinas no m\u00eas de novembro<\/a><\/li> <li>otempobetim.com.br<br \/><a href=\"https:\/\/www.otempobetim.com.br\/cultura\/2025\/11\/13\/mostra-de-cinema-de-betim-divulga-filmes-selecionados-para-edicao-2025\" target=\"_blank\" rel=\"noreferrer noopener\">Mostra de Cinema de Betim divulga filmes selecionados para edi\u00e7\u00e3o 2025<\/a><\/li> <li>Tela Viva<br \/><a href=\"https:\/\/telaviva.com.br\/14\/11\/2025\/mostra-de-cinema-de-betim-realiza-sua-segunda-edicao-em-novembro\" target=\"_blank\" rel=\"noreferrer noopener\">Mostra<\/a><a href=\"https:\/\/telaviva.com.br\/14\/11\/2025\/mostra-de-cinema-de-betim-realiza-sua-segunda-edicao-em-novembro\"> de <\/a><a href=\"https:\/\/telaviva.com.br\/14\/11\/2025\/mostra-de-cinema-de-betim-realiza-sua-segunda-edicao-em-novembro\" target=\"_blank\" rel=\"noreferrer noopener\">Cinema<\/a><a href=\"https:\/\/telaviva.com.br\/14\/11\/2025\/mostra-de-cinema-de-betim-realiza-sua-segunda-edicao-em-novembro\"> de Betim realiza sua segunda edi\u00e7\u00e3o em novembro<\/a><\/li> <li>otempobetim.com.br<br \/><a href=\"https:\/\/www.otempobetim.com.br\/cultura\/2025\/11\/26\/marilton-borges-canta-classicos-do-clube-da-esquina-na-mostra-de-cinema-nesta-terca-26\" target=\"_blank\" rel=\"noreferrer noopener\">Irm\u00e3o de L\u00f4 Borges, Marilton, canta cl\u00e1ssicos do Clube da Esquina hoje (26) em Betim<\/a><\/li> <li>GEEKPOP NEWS<br \/><a href=\"https:\/\/geekpopnews.com.br\/2a-mostra-de-cinema-de-betim-tera-mais-de-30-filmes-sessoes-gratuitas-oficinas-e-debates\" target=\"_blank\" rel=\"noreferrer noopener\">2\u00aa Mostra de Cinema de Betim ter\u00e1 mais de 30 filmes, sess\u00f5es gratuitas, oficinas e debates<\/a><\/li> <li>Revista Kdea360<br \/><a href=\"https:\/\/revistakdea360.com.br\/noticia\/28064\/mostra-de-cinema-de-betim-anuncia-incricoes-abertas-para-as-oficinas-formativas-de-sua-2-edicao\" target=\"_blank\" rel=\"noreferrer noopener\">Mostra de Cinema de Betim anuncia incri\u00e7\u00f5es abertas para as oficinas formativas de sua 2\u00aa edi\u00e7\u00e3o<\/a><\/li> <li>MT HOJE<br \/><a href=\"https:\/\/www.mthoje.com.br\/cultura\/id-641397\/lo_borges_e_mauricio_de_sousa_brilham_na_2__mostra_de_cinema_de_betim\" target=\"_blank\" rel=\"noreferrer noopener\">L\u00f4 Borges e Maur\u00edcio de Sousa Brilham na 2\u00aa Mostra de Cinema de Betim<\/a><\/li> <li>Jornal do Bel\u00e9m<br \/><a href=\"https:\/\/jornaldobelem.com.br\/noticia\/104769\/mostra-de-cinema-de-betim-anuncia-incricoes-abertas-para-as-oficinas-formativas-de-sua-2-edicao\" target=\"_blank\" rel=\"noreferrer noopener\">Mostra de Cinema de Betim anuncia incri\u00e7\u00f5es abertas para as oficinas formativas de sua 2\u00aa edi\u00e7\u00e3o<\/a><\/li> <li>A Voz do Bairro<br \/><a href=\"https:\/\/vozdobairro.com.br\/noticia\/9246\/mostra-de-cinema-de-betim-anuncia-incricoes-abertas-para-as-oficinas-formativas-de-sua-2-edicao\" target=\"_blank\" rel=\"noreferrer noopener\">Mostra de Cinema de Betim anuncia incri\u00e7\u00f5es abertas para as oficinas formativas de sua 2\u00aa edi\u00e7\u00e3o<\/a><\/li> <li>Amazonas Em Dia<br \/><a href=\"https:\/\/amazonasemdia.com.br\/noticia\/28054\/mostra-de-cinema-de-betim-anuncia-incricoes-abertas-para-as-oficinas-formativas-de-sua-2-edicao\" target=\"_blank\" rel=\"noreferrer noopener\">Mostra de Cinema de Betim anuncia incri\u00e7\u00f5es abertas para as oficinas formativas de sua 2\u00aa edi\u00e7\u00e3o<\/a><\/li> <li>A Voz de Ribeir\u00e3o<br \/><a href=\"https:\/\/avozderibeirao.com.br\/noticia\/5191\/mostra-de-cinema-de-betim-anuncia-incricoes-abertas-para-as-oficinas-formativas-de-sua-2-edicao\" target=\"_blank\" rel=\"noreferrer noopener\">Mostra de Cinema de Betim anuncia incri\u00e7\u00f5es abertas para as oficinas formativas de sua 2\u00aa edi\u00e7\u00e3o<\/a><\/li> <li>Jornal do Br\u00e1s<br \/><a href=\"https:\/\/jornaldobras.com.br\/noticia\/94439\/mostra-de-cinema-de-betim-anuncia-incricoes-abertas-para-as-oficinas-formativas-de-sua-2-edicao\" target=\"_blank\" rel=\"noreferrer noopener\">Mostra de Cinema de Betim anuncia incri\u00e7\u00f5es abertas para as oficinas formativas de sua 2\u00aa edi\u00e7\u00e3o<\/a><\/li> <li>Itaquera em Noticias<br \/><a href=\"https:\/\/itaqueraemnoticias.com.br\/noticia\/159584\/mostra-de-cinema-de-betim-anuncia-incricoes-abertas-para-as-oficinas-formativas-de-sua-2-edicao\" target=\"_blank\" rel=\"noreferrer noopener\">Mostra de Cinema de Betim anuncia incri\u00e7\u00f5es abertas para as oficinas formativas de sua 2\u00aa edi\u00e7\u00e3o<\/a><\/li> <li>Agito Max<br \/><a href=\"https:\/\/agitomax.com.br\/noticia\/14492\/mostra-de-cinema-de-betim-anuncia-incricoes-abertas-para-as-oficinas-formativas-de-sua-2-edicao\" target=\"_blank\" rel=\"noreferrer noopener\">Mostra de Cinema de Betim anuncia incri\u00e7\u00f5es abertas para as oficinas formativas de sua 2\u00aa edi\u00e7\u00e3o<\/a><\/li> <li>GAZETA DA SEMANA<br \/><a href=\"https:\/\/gazetadasemana.com.br\/noticia\/253433\/mostra-de-cinema-de-betim-anuncia-incricoes-abertas-para-as-oficinas-formativas-de-sua-2-edicao\" target=\"_blank\" rel=\"noreferrer noopener\">Mostra de Cinema de Betim anuncia incri\u00e7\u00f5es abertas para as oficinas formativas de sua 2\u00aa edi\u00e7\u00e3o<\/a><\/li> <li>Filmes com Batata<br \/><a href=\"https:\/\/filmescombatata.com.br\/2a-mostra-de-cinema-de-betim-mg-abre-inscricoes-para-oficinas-formativas\" target=\"_blank\" rel=\"noreferrer noopener\">2\u00aa Mostra de Cinema de Betim (MG) abre inscri\u00e7\u00f5es para oficinas formativas<\/a><\/li> <li>Sheilla Martins Blog<br \/><a href=\"https:\/\/www.sheillamartins.com.br\/2025\/11\/mostra-de-cinema-de-betim-chega-sua-2.html\" target=\"_blank\" rel=\"noreferrer noopener\">MOSTRA DE CINEMA DE BETIM CHEGA \u00c0 SUA 2\u00aa EDI\u00c7\u00c3O COM MAIS DE 30 FILMES E PRESTA UMA HOMENAGEM AOS ARTISTAS L\u00d4 BORGES, DO<\/a><\/li> <li>Semana Pop<br \/><a href=\"https:\/\/www.semanapop.com.br\/mostra-de-cinema-de-betim-abre-oficinas-gratuitas\/\" target=\"_blank\" rel=\"noreferrer noopener\">Mostra de Cinema de Betim abre oficinas gratuitas<\/a><\/li> <li>Itaquera em Noticias<br \/><a href=\"https:\/\/itaqueraemnoticias.com.br\/noticia\/161995\/instituto-ramacrisna-integra-programacao-da-2-mostra-de-cinema-de-betim-com-oficina-e-encontro-sobre-o-audiovisual\" target=\"_blank\" rel=\"noreferrer noopener\">Instituto Ramacrisna integra programa\u00e7\u00e3o da 2\u00aa Mostra de Cinema de Betim com oficina e encontro sobre o<\/a><\/li> <li>itfilmes.com.br<br \/><a href=\"https:\/\/itfilmes.com.br\/mostrabetim\/mostra-de-cinema-betim-chega-na-2a-edicao\/%C2%A0\" target=\"_blank\" rel=\"noreferrer noopener\">Mostra de Cinema Betim chega na 2\u00aa edi\u00e7\u00e3o &#8211; Ind\u00fastria criativa<\/a><\/li> <li>zoomdafama.com.br<br \/><a href=\"https:\/\/zoomdafama.com.br\/2a-mostra-de-cinema-de-betim-exibe-ineditos-e-homenageia-lo-borges-e-mauricio-de-sousa\/\" target=\"_blank\" rel=\"noreferrer noopener\">2\u00aa Mostra de Cinema de Betim exibe in\u00e9ditos e homenageia L\u00f4 Borges e Maur\u00edcio de Sousa<\/a><\/li> <li>Cinema e S\u00e9ries<br \/><a href=\"https:\/\/cinemaeseries.com.br\/2a-mostra-de-cinema-de-betim\/\" target=\"_blank\" rel=\"noreferrer noopener\">2\u00aa Mostra de Cinema de Betim: confira programa\u00e7\u00e3o<\/a><\/li> <li>noticiadehoje.com.br<br \/><a href=\"https:\/\/www.noticiadehoje.com.br\/cultura\/id-641397\/lo_borges_e_mauricio_de_sousa_brilham_na_2__mostra_de_cinema_de_betim\" target=\"_blank\" rel=\"noreferrer noopener\">L\u00f4 Borges e Maur\u00edcio de Sousa Brilham na 2\u00aa Mostra de Cinema de Betim<\/a><\/li> <li>gestordenoticia.com.br<br \/><a href=\"https:\/\/gestordenoticia.com.br\/destaque\/id-641397\/lo_borges_e_mauricio_de_sousa_brilham_na_2__mostra_de_cinema_de_betim\" target=\"_blank\" rel=\"noreferrer noopener\">L\u00f4 Borges e Maur\u00edcio de Sousa Brilham na 2\u00aa Mostra de Cinema de Betim<\/a><\/li> <li>Top Agitos<br \/><a href=\"https:\/\/topagitos.com.br\/cultura\/id-641397\/lo_borges_e_mauricio_de_sousa_brilham_na_2__mostra_de_cinema_de_betim\">L\u00f4 <\/a><a href=\"https:\/\/topagitos.com.br\/cultura\/id-641397\/lo_borges_e_mauricio_de_sousa_brilham_na_2__mostra_de_cinema_de_betim\" target=\"_blank\" rel=\"noreferrer noopener\">Borges<\/a><a href=\"https:\/\/topagitos.com.br\/cultura\/id-641397\/lo_borges_e_mauricio_de_sousa_brilham_na_2__mostra_de_cinema_de_betim\"> e Maur\u00edcio de Sousa Brilham na 2\u00aa Mostra de Cinema de Betim<\/a><\/li> <li>Brech\u00f3 Cabaret<br \/><a href=\"https:\/\/brechocabaret.blogspot.com\/2025\/11\/mostra-de-cinema-de-betim-chega-sua-2.html\" target=\"_blank\" rel=\"noreferrer noopener\">MOSTRA DE CINEMA DE BETIM chega \u00e0 sua 2\u00aa edi\u00e7\u00e3o com mais de 30 filmes e presta uma homenagem aos artistas L\u00f4 Borges, do<\/a><\/li> <li>alfaguerreirasdafe.com.br<br \/><a href=\"https:\/\/alfaguerreirasdafe.com.br\/cultura\/id-641397\/lo_borges_e_mauricio_de_sousa_brilham_na_2__mostra_de_cinema_de_betim\" target=\"_blank\" rel=\"noreferrer noopener\">L\u00f4 Borges e Maur\u00edcio de Sousa Brilham na 2\u00aa Mostra de Cinema de Betim<\/a><\/li> <li>agitario.com.br<br \/><a href=\"https:\/\/agitario.com.br\/coluna_cultural\/id-641397\/lo_borges_e_mauricio_de_sousa_brilham_na_2__mostra_de_cinema_de_betim\" target=\"_blank\" rel=\"noreferrer noopener\">L\u00f4 Borges e Maur\u00edcio de Sousa Brilham na 2\u00aa Mostra de Cinema de Betim<\/a><\/li> <li>olhandonews.com.br<br \/><a href=\"https:\/\/olhandonews.com.br\/cultura\/id-641397\/lo_borges_e_mauricio_de_sousa_brilham_na_2__mostra_de_cinema_de_betim\" target=\"_blank\" rel=\"noreferrer noopener\">L\u00f4 Borges e Maur\u00edcio de Sousa Brilham na 2\u00aa Mostra de Cinema de Betim<\/a><\/li> <li>Fatos24horas<br \/><a href=\"https:\/\/fatos24horas.com.br\/cultura\/id-641397\/lo_borges_e_mauricio_de_sousa_brilham_na_2__mostra_de_cinema_de_betim\" target=\"_blank\" rel=\"noreferrer noopener\">L\u00f4 Borges e Maur\u00edcio de Sousa Brilham na 2\u00aa Mostra de Cinema de Betim<\/a><\/li> <li>sollestefm.com.br<br \/><a href=\"https:\/\/sollestefm.com.br\/cultura\/id-641397\/lo_borges_e_mauricio_de_sousa_brilham_na_2__mostra_de_cinema_de_betim\" target=\"_blank\" rel=\"noreferrer noopener\">L\u00f4 Borges e Maur\u00edcio de Sousa Brilham na 2\u00aa Mostra de Cinema de Betim<\/a><\/li> <li>alfaguerreirasdafe.com.br<br \/><a href=\"https:\/\/alfaguerreirasdafe.com.br\/cultura\/id-641397\/lo_borges_e_mauricio_de_sousa_brilham_na_2__mostra_de_cinema_de_betim\" target=\"_blank\" rel=\"noreferrer noopener\">L\u00f4 Borges e Maur\u00edcio de Sousa Brilham na 2\u00aa Mostra de Cinema de Betim<\/a><\/li> <li>diarioflip.com.br<br \/><a href=\"https:\/\/diarioflip.com.br\/cultura\/id-641397\/lo_borges_e_mauricio_de_sousa_brilham_na_2__mostra_de_cinema_de_betim%C2%A0\" target=\"_blank\" rel=\"noreferrer noopener\">L\u00f4 Borges e Maur\u00edcio de Sousa Brilham na 2\u00aa Mostra de Cinema de Betim<\/a><\/li> <li>batatinhanews.com.br<br \/><a href=\"https:\/\/batatinhanews.com.br\/cultura\/id-641397\/lo_borges_e_mauricio_de_sousa_brilham_na_2__mostra_de_cinema_de_betim\" target=\"_blank\" rel=\"noreferrer noopener\">L\u00f4 Borges e Maur\u00edcio de Sousa Brilham na 2\u00aa Mostra de Cinema de Betim<\/a><\/li> <li>O Interior<br \/><a href=\"https:\/\/www.ointerior.com.br\/cultura\/id-641397\/lo_borges_e_mauricio_de_sousa_brilham_na_2__mostra_de_cinema_de_betim\" target=\"_blank\" rel=\"noreferrer noopener\">L\u00f4 Borges e Maur\u00edcio de Sousa Brilham na 2\u00aa Mostra de Cinema de Betim<\/a><\/li> <li>Mega Pop<br \/><a href=\"https:\/\/megapop.com.br\/cultura\/id-641397\/lo_borges_e_mauricio_de_sousa_brilham_na_2__mostra_de_cinema_de_betim\" target=\"_blank\" rel=\"noreferrer noopener\">L\u00f4 Borges e Maur\u00edcio de Sousa Brilham na 2\u00aa Mostra de Cinema de Betim<\/a><\/li> <li>Revista S\u00e3o Roque<br \/><a href=\"https:\/\/revistasaoroque.com.br\/noticia\/29161\/mostra-de-cinema-de-betim-anuncia-incricoes-abertas-para-as-oficinas-formativas-de-sua-2-edicao\" target=\"_blank\" rel=\"noreferrer noopener\">Mostra de Cinema de Betim anuncia incri\u00e7\u00f5es abertas para as oficinas formativas de sua 2\u00aa edi\u00e7\u00e3o<\/a><\/li> <li>Cen\u00e1rio Minas<br \/><a href=\"https:\/\/cenariominas.com.br\/cinema\/2a-mostra-de-cinema-de-betim-homenageia-lo-borges-e-mauricio\/\" target=\"_blank\" rel=\"noreferrer noopener\">2\u00aa Mostra de Cinema de Betim homenageia L\u00f4 Borges e Maur\u00edcio<\/a><\/li> <li>Portal Agita<br \/><a href=\"https:\/\/www.portalmiradouro.com.br\/site\/2025\/11\/19\/2a-mostra-de-cinema-de-betim-celebra-o-grupo-energisa-como-referencia-nacional-em-investimentos-culturais-e-sociais\/\" target=\"_blank\" rel=\"noreferrer noopener\">Mostra de Cinema de Betim chega \u00e0 2\u00aa edi\u00e7\u00e3o com mais de 30 filmes e homenagens a L\u00f4 Borges e Maur\u00edcio de Sousa<\/a><\/li> <li>Portal Miradouro<br \/><a href=\"https:\/\/www.portalmiradouro.com.br\/site\/2025\/11\/19\/2a-mostra-de-cinema-de-betim-celebra-o-grupo-energisa-como-referencia-nacional-em-investimentos-culturais-e-sociais\/\" target=\"_blank\" rel=\"noreferrer noopener\">2\u00aa Mostra de Cinema de Betim celebra o Grupo Energisa como refer\u00eancia nacional em investimentos culturais e sociais<\/a><\/li> <li>AL\u00c9M PARAHYBA<br \/><a href=\"https:\/\/www.jornalalemparahyba.com.br\/2025\/11\/2a-mostra-de-cinema-de-betim-celebra-o-grupo-energisa-como-referencia-nacional-em-investimentos-culturais-e-sociais\" target=\"_blank\" rel=\"noreferrer noopener\">2\u00aa Mostra de Cinema de Betim celebra o Grupo Energisa como refer\u00eancia nacional em investimentos culturais e sociais<\/a><\/li> <li>Revista Virtual Partes<br \/><a href=\"https:\/\/www.partes.com.br\/2025\/11\/19\/mostra-de-cinema-de-betim\/\" target=\"_blank\" rel=\"noreferrer noopener\">MOSTRA DE CINEMA DE BETIM<\/a><\/li> <li>Semana Pop<br \/><a href=\"https:\/\/www.semanapop.com.br\/mostra-de-betim-anuncia-selecao-e-homenagens\/\" target=\"_blank\" rel=\"noreferrer noopener\">Mostra de Betim anuncia sele\u00e7\u00e3o e homenagens<\/a><\/li> <li>BLOG NOVIDADES ONLINE<br \/><a href=\"http:\/\/www.blognovidadesonline.com.br\/2025\/11\/mostra-de-cinema-de-betim-chega-sua-2.html\" target=\"_blank\" rel=\"noreferrer noopener\">Mostra de Cinema de Betim chega \u00e0 sua 2\u00aa edi\u00e7\u00e3o com mais de 30 filmes<\/a><\/li> <li>portalatalaia.com.br<br \/><a href=\"https:\/\/portalatalaia.com.br\/cultura\/2a-mostra-de-cinema-exibe-mais-de-30-filmes-em-betim-nesta-semana\/\" target=\"_blank\" rel=\"noreferrer noopener\">2\u00aa Mostra de Cinema exibe mais de 30 filmes em Betim nesta semana<\/a><\/li> <li>jornaldoclose.com.br<br \/><a href=\"https:\/\/jornaldoclose.com.br\/entretenimento\/com-producao-da-cineasta-elizabete-campos-betim-da-inicio-a-2a-mostra-de-cinema\/\" target=\"_blank\" rel=\"noreferrer noopener\">Com produ\u00e7\u00e3o da cineasta Elizabete Campos, Betim d\u00e1 in\u00edcio \u00e0 2\u00aa Mostra de Cinema<\/a><\/li> <li>FOLHA VALE DO PARAOPEBA<br \/><a href=\"https:\/\/valedoparaopeba.com.br\/2a-mostra-de-cinema-de-betim-tem-exibicao-de-filmes-e-seminario-esta-semana\/\" target=\"_blank\" rel=\"noreferrer noopener\">2\u00aa Mostra de Cinema de Betim tem exibi\u00e7\u00e3o de filmes e semin\u00e1rio esta semana<\/a><\/li> <li>Portal Agita<br \/><a href=\"https:\/\/portalagita.com.br\/2a-mostra-de-cinema-de-betim-comeca-nesta-terca-feira-25-com-mais-de-30-filmes-entrada-e-gratuita\/\" target=\"_blank\" rel=\"noreferrer noopener\">2\u00aa Mostra de Cinema de Betim come\u00e7a nesta ter\u00e7a-feira (25) com mais de 30 filmes; entrada \u00e9 gratuita<\/a><\/li> <li>JF Clipping<br \/><a href=\"https:\/\/tribunademinas.com.br\/noticias\/cultura\/25-11-2025\/cinema-betim.html\" target=\"_blank\" rel=\"noreferrer noopener\">Mostra de Cinema de Betim exibe 30 filmes e homenageia L\u00f4 Borges<\/a><\/li> <li>[culturadoria]<a href=\"https:\/\/culturadoria.com.br\/festival-de-cinema-frances-em-bh\" target=\"_blank\" rel=\"noreferrer noopener\">Festival de Cinema Franc\u00eas chega a BH com 20 filmes in\u00e9ditos<\/a><\/li> <li>energisa.com.br<br \/><a href=\"https:\/\/www.energisa.com.br\/noticias\/sustentabilidade\/2a-mostra-de-cinema-de-betim-celebra-o-grupo-energisa-como-referencia\" target=\"_blank\" rel=\"noreferrer noopener\">2\u00aa Mostra de Cinema de Betim celebra o Grupo Energisa como refer\u00eancia nacional em investimentos culturais e sociais<\/a><\/li> <li>Brech\u00f3 Cabaret<br \/><a href=\"https:\/\/brechocabaret.blogspot.com\/2025\/11\/2-mostra-de-cinema-de-betim-acontece.html\" target=\"_blank\" rel=\"noreferrer noopener\">2\u00aa MOSTRA DE CINEMA DE BETIM ACONTECE AT\u00c9 30 DE NOVEMBRO<\/a><\/li> <li>Gira Not\u00edcias<br \/><a href=\"https:\/\/giranoticias.com.br\/2a-mostra-de-cinema-de-betim-segue-ate-30-de-novembro-com-programacao-gratuita\/\" target=\"_blank\" rel=\"noreferrer noopener\">2\u00aa Mostra de Cinema de Betim segue at\u00e9 30 de novembro com programa\u00e7\u00e3o gratuita &lt; Gira Not\u00edcias<\/a><\/li> <li>Jornal Voz Ativa<br \/><a href=\"https:\/\/jornalvozativa.com\/noticias\/2a-mostra-de-cinema-de-betim-acontece-ate-30-de-novembro\/\" target=\"_blank\" rel=\"noreferrer noopener\">2\u00aa Mostra de Cinema de Betim acontece at\u00e9 30 de novembro<\/a><\/li> <li>Pipocas Club<br \/><a href=\"https:\/\/pipocasclub.com.br\/2025\/11\/28\/2a-mostra-de-cinema-de-betim-segue-ate-30-de-novembro-com-homenagens-e-estreias\/\" target=\"_blank\" rel=\"noreferrer noopener\">2\u00aa Mostra de Cinema de Betim segue at\u00e9 30 de novembro com homenagens e estreias<\/a><\/li> <li>TRIBUNA DO AGRESTE<br \/><a href=\"https:\/\/www.ointerior.com.br\/cultura\/id-641397\/lo_borges_e_mauricio_de_sousa_brilham_na_2__mostra_de_cinema_de_betim\" target=\"_blank\" rel=\"noreferrer noopener\">2\u00aa MOSTRA DE CINEMA DE BETIM ACONTECE AT\u00c9 30 DE NOVEMBRO<\/a><\/li> <li>tribuna do sert\u00e3o<br \/><a href=\"https:\/\/www.tribunadosertao.com.br\/geral\/2025\/11\/28\/824491-2a-mostra-de-cinema-de-betim-acontece-ate-30-de-novembro\" target=\"_blank\" rel=\"noreferrer noopener\">2\u00aa MOSTRA DE CINEMA DE BETIM ACONTECE AT\u00c9 30 DE NOVEMBRO<\/a><\/li> <li>Isto\u00c9<br \/><a href=\"https:\/\/istoe.com.br\/2a-mostra-de-cinema-de-betim-oferece-sessoes-gratuitas-ate-domingo\" target=\"_blank\" rel=\"noreferrer noopener\">2\u00aa Mostra de Cinema de Betim oferece sess\u00f5es gratuitas at\u00e9 domingo<\/a><\/li> <li>zoomdafama.com.br<br \/><a href=\"https:\/\/zoomdafama.com.br\/2a-mostra-de-cinema-de-betim-exibe-ineditos-e-homenageia-lo-borges-e-mauricio-de-sousa\/\" target=\"_blank\" rel=\"noreferrer noopener\">2\u00aa Mostra de Cinema de Betim exibe in\u00e9ditos e homenageia L\u00f4 Borges e Maur\u00edcio de Sousa<\/a><\/li> <li>Cinema e S\u00e9ries<br \/><a href=\"https:\/\/cinemaeseries.com.br\/2a-mostra-de-cinema-de-betim\/\" target=\"_blank\" rel=\"noreferrer noopener\">2\u00aa Mostra de Cinema de Betim: confira programa\u00e7\u00e3o<\/a><\/li> <li>riofilme.com.br<br \/><a href=\"https:\/\/riofilme.com.br\/na-midia\/veja-o-que-saiu-na-midia-sobre-a-2a-mostra-de-cinema-de-betim-que-conta-com-a-participacao-do-presidente-da-riofilme-leonardo-edde\/\" target=\"_blank\" rel=\"noreferrer noopener\">Veja o que saiu na m\u00eddia sobre a 2\u00aa Mostra de Cinema de Betim, que conta com a participa\u00e7\u00e3o do presidente da RioFilme, L<\/a><\/li> <li>Gazeta Centro-Oeste<br \/><a href=\"https:\/\/gazetacentrooeste.com.br\/noticia\/39189\/festival-de-cinema-de-betim-encerra-sua-2-edicao-com-sucesso-e-se-consolida-como-um-marco-para-o-desenvolvimento-audiovisual-e-cultural-da-regiao\" target=\"_blank\" rel=\"noreferrer noopener\">Festival de Cinema de Betim encerra sua 2\u00aa edi\u00e7\u00e3o com sucesso e se consolida como um marco para o<\/a><\/li> <li>Jornal do Bel\u00e9m<br \/><a href=\"https:\/\/jornaldobelem.com.br\/noticia\/110270\/festival-de-cinema-de-betim-encerra-sua-2-edicao-com-sucesso-e-se-consolida-como-um-marco-para-o-desenvolvimento-audiovisual-e-cultural-da-regiao\" target=\"_blank\" rel=\"noreferrer noopener\">Festival de Cinema de Betim encerra sua 2\u00aa edi\u00e7\u00e3o com sucesso e se consolida como um marco para o<\/a><\/li> <li>Revista Kdea360<br \/><a href=\"https:\/\/revistakdea360.com.br\/noticia\/36695\/festival-de-cinema-de-betim-encerra-sua-2-edicao-com-sucesso-e-se-consolida-como-um-marco-para-o-desenvolvimento-audiovisual-e-cultural-da-regiao\">Festival de <\/a><a href=\"https:\/\/revistakdea360.com.br\/noticia\/36695\/festival-de-cinema-de-betim-encerra-sua-2-edicao-com-sucesso-e-se-consolida-como-um-marco-para-o-desenvolvimento-audiovisual-e-cultural-da-regiao\" target=\"_blank\" rel=\"noreferrer noopener\">Cinema de Betim encerra sua 2\u00aa edi\u00e7\u00e3o com sucesso e se consolida como um marco para o<\/a><\/li> <li>Jornal do Br\u00e1s<br \/><a href=\"https:\/\/jornaldobras.com.br\/noticia\/100201\/festival-de-cinema-de-betim-encerra-sua-2-edicao-com-sucesso-e-se-consolida-como-um-marco-para-o-desenvolvimento-audiovisual-e-cultural-da-regiao\" target=\"_blank\" rel=\"noreferrer noopener\">Festival de Cinema de Betim encerra sua 2\u00aa edi\u00e7\u00e3o com sucesso e se consolida como um marco para o<\/a><\/li> <li>A Voz do Bairro<br \/><a href=\"https:\/\/jornaldobras.com.br\/noticia\/100201\/festival-de-cinema-de-betim-encerra-sua-2-edicao-com-sucesso-e-se-consolida-como-um-marco-para-o-desenvolvimento-audiovisual-e-cultural-da-regiao\" target=\"_blank\" rel=\"noreferrer noopener\">Festival de Cinema de <\/a><a href=\"https:\/\/jornaldobras.com.br\/noticia\/100201\/festival-de-cinema-de-betim-encerra-sua-2-edicao-com-sucesso-e-se-consolida-como-um-marco-para-o-desenvolvimento-audiovisual-e-cultural-da-regiao\">Betim encerra sua 2\u00aa edi\u00e7\u00e3o com sucesso e se consolida como um marco para o<\/a><\/li> <li>Agito Max<br \/><a href=\"https:\/\/agitomax.com.br\/noticia\/20353\/festival-de-cinema-de-betim-encerra-sua-2-edicao-com-sucesso-e-se-consolida-como-um-marco-para-o-desenvolvimento-audiovisual-e-cultural-da-regiao\" target=\"_blank\" rel=\"noreferrer noopener\">Festival de Cinema de Betim encerra sua 2\u00aa edi\u00e7\u00e3o com sucesso e se consolida como um marco para o<\/a><\/li> <li>GAZETA DA SEMANA<br \/><a href=\"https:\/\/gazetadasemana.com.br\/noticia\/259548\/festival-de-cinema-de-betim-encerra-sua-2-edicao-com-sucesso-e-se-consolida-como-um-marco-para-o-desenvolvimento-audiovisual-e-cultural-da-regiao\" target=\"_blank\" rel=\"noreferrer noopener\">Festival de Cinema de Betim encerra sua 2\u00aa edi\u00e7\u00e3o com sucesso e se consolida como um marco para o<\/a><\/li> <li><strong>Instagram<\/strong><br \/><a href=\"https:\/\/www.instagram.com\/p\/DRZe_8sDBD3\/\" target=\"_blank\" rel=\"noreferrer noopener\"><strong>AUDIOVISUAL &#8211; A 2\u00aa Mostra de Cinema de Betim divulgou a lista oficial dos filmes selecionados para a edi\u00e7\u00e3o de 2025.<\/strong><\/a><\/li> <li><strong>Instagram<\/strong><br \/><a href=\"https:\/\/www.instagram.com\/reel\/DRcs6z_j_ub\/\" target=\"_blank\" rel=\"noreferrer noopener\"><strong>agendademinas -(8943224)<\/strong><\/a><\/li> <li>Instagram<br \/><a href=\"https:\/\/www.instagram.com\/p\/DRdDa6vAZiF\/\" target=\"_blank\" rel=\"noreferrer noopener\">portalagita -(8943225)<\/a><\/li> <li>Instagram<br \/><a href=\"https:\/\/www.instagram.com\/p\/DRo06PojXj-\/\" target=\"_blank\" rel=\"noreferrer noopener\">portalgiranoticia -(8943226)<\/a><\/li> <li>Instagram<br \/><a href=\"https:\/\/www.instagram.com\/p\/DRo4ZmBjZJ1\/\" target=\"_blank\" rel=\"noreferrer noopener\">cine.ninja -(8943223)<\/a><\/li><\/ul><p><\/p>\t\t\t\t\t\t\t\t<\/div>\n\t\t\t\t<\/div>\n\t\t\t\t\t<\/div>\n\t\t<\/div>\n\t\t\t\t\t<\/div>\n\t\t<\/section>\n\t\t\t\t\t<\/div>\n\t\t<\/div>\n\t\t\t\t\t<\/div>\n\t\t<\/section>\n\t\t\t\t<section class=\"elementor-section elementor-top-section elementor-element elementor-element-a2d9e38 elementor-section-boxed elementor-section-height-default elementor-section-height-default\" data-id=\"a2d9e38\" data-element_type=\"section\" data-e-type=\"section\" data-settings=\"{&quot;background_background&quot;:&quot;classic&quot;}\">\n\t\t\t\t\t\t\t<div class=\"elementor-background-overlay\"><\/div>\n\t\t\t\t\t\t\t<div class=\"elementor-container elementor-column-gap-no\">\n\t\t\t\t\t<div class=\"aux-parallax-section elementor-column elementor-col-100 elementor-top-column elementor-element elementor-element-088341e\" data-id=\"088341e\" data-element_type=\"column\" data-e-type=\"column\" data-settings=\"{&quot;background_background&quot;:&quot;classic&quot;}\">\n\t\t\t<div class=\"elementor-widget-wrap elementor-element-populated\">\n\t\t\t\t\t<div class=\"elementor-background-overlay\"><\/div>\n\t\t\t\t\t\t<section class=\"elementor-section elementor-inner-section elementor-element elementor-element-b1abf23 aux-appear-watch-animation aux-fade-in elementor-section-boxed elementor-section-height-default elementor-section-height-default\" data-id=\"b1abf23\" data-element_type=\"section\" data-e-type=\"section\">\n\t\t\t\t\t\t<div class=\"elementor-container elementor-column-gap-default\">\n\t\t\t\t\t<div class=\"aux-parallax-section elementor-column elementor-col-100 elementor-inner-column elementor-element elementor-element-1e6ceb4\" data-id=\"1e6ceb4\" data-element_type=\"column\" data-e-type=\"column\">\n\t\t\t<div class=\"elementor-widget-wrap elementor-element-populated\">\n\t\t\t\t\t\t<div class=\"elementor-element elementor-element-552fb5f aux-appear-watch-animation aux-scale-down ondecss elementor-widget elementor-widget-aux_modern_heading\" data-id=\"552fb5f\" data-element_type=\"widget\" data-e-type=\"widget\" data-widget_type=\"aux_modern_heading.default\">\n\t\t\t\t<div class=\"elementor-widget-container\">\n\t\t\t\t\t<section class=\"aux-widget-modern-heading\">\n            <div class=\"aux-widget-inner\"><h2 class=\"aux-modern-heading-primary\">Mostra Betim<\/h2><h3 class=\"aux-modern-heading-secondary\"><span class=\"aux-head-highlight\">2\u00aa Mostra de Cinema<\/span><span class=\"aux-head-after\"><br> de Betim<\/span><\/h3><div class=\"aux-modern-heading-divider\"><\/div><div class=\"aux-modern-heading-description\"><p>29.OUT a 30.NOV . 2025<\/p><\/div><\/div>\n        <\/section>\t\t\t\t<\/div>\n\t\t\t\t<\/div>\n\t\t\t\t<div class=\"aux-scroll-anim elementor-element elementor-element-c68b711 elementor-widget elementor-widget-aux_image\" data-move-in=\"moveVertical\" data-move-out=\"moveVertical\" data-axis-x=\"200\" data-axis-y=\"20\" data-rotate=\"90\" data-scale=\"1\" data-vp-top=\"0.5\" data-vp-bot=\"0.5\" data-el-top=\"0.2\" data-scroll-animation-off=\"1024\" data-id=\"c68b711\" data-element_type=\"widget\" data-e-type=\"widget\" data-widget_type=\"aux_image.default\">\n\t\t\t\t<div class=\"elementor-widget-container\">\n\t\t\t\t\t<section class=\"widget-container aux-widget-image aux-alignnone aux-parent-au82e748ad\">\n    <div class=\"aux-media-hint-frame \">\n        <div class=\"aux-media-image \" >\n        \n            \n\n            \n            <img decoding=\"async\" width=\"2560\" height=\"2201\" src=\"https:\/\/itfilmes.com.br\/mostrabetim\/wp-content\/uploads\/sites\/5\/2025\/11\/m-cinema-01-scaled.png\" class=\"aux-attachment aux-featured-image aux-attachment-id-7603\" alt=\"2\u00aa MOSTRA DE CINEMA DE BETIM\" data-ratio=\"1.16\" data-original-w=\"2560\" \/>            \n                <\/div>\n    <\/div>\n\n<\/section><!-- widget-container -->\t\t\t\t<\/div>\n\t\t\t\t<\/div>\n\t\t\t\t<div class=\"aux-scroll-anim elementor-element elementor-element-0e24513 elementor-widget__width-auto elementor-widget elementor-widget-aux_modern_button\" data-move-in=\"moveVertical\" data-move-out=\"moveVertical\" data-axis-x=\"200\" data-axis-y=\"50\" data-rotate=\"90\" data-scale=\"1\" data-vp-top=\"0.5\" data-vp-bot=\"0.5\" data-el-top=\"0.2\" data-scroll-animation-off=\"1024\" data-id=\"0e24513\" data-element_type=\"widget\" data-e-type=\"widget\" data-widget_type=\"aux_modern_button.default\">\n\t\t\t\t<div class=\"elementor-widget-container\">\n\t\t\t\t\t    <div class=\"aux-modern-button-wrapper aux-modern-button-align-center\" >\n        <span class=\"aux-lightbox-video \">            <a class=\"aux-modern-button aux-caution aux-modern-button-md aux-modern-button-normal aux-modern-button-default aux-icon-left aux-open-video\" href=\"https:\/\/youtu.be\/bsYOb1euTZ0?si=UWcDlubdP6kJUToB\" data-type=\"video\">\n                <div class=\"aux-overlay\"><\/div>\n                                    <div class=\"aux-icon \">\n                        <i aria-hidden=\"true\" class=\"auxicon2 auxicon2-play-triangle\"><\/i>                    <\/div>\n                                <div class=\"aux-text\">\n                <\/div>\n            <\/a>\n            <\/span>\n    <\/div>\n\n    \t\t\t\t<\/div>\n\t\t\t\t<\/div>\n\t\t\t\t\t<\/div>\n\t\t<\/div>\n\t\t\t\t\t<\/div>\n\t\t<\/section>\n\t\t\t\t\t<\/div>\n\t\t<\/div>\n\t\t\t\t\t<\/div>\n\t\t<\/section>\n\t\t\t\t<\/div>\n\t\t","protected":false},"excerpt":{"rendered":"<p>2\u00aa Mostra de Cinemade Betim Cinema Brasileiro expandido. Impactos al\u00e9m da tela. 10000000 * alcance expandido *P\u00fablico atingido nas m\u00eddias. Vis\u00e3o geral e impacto A 2\u00aa Mostra de Cinema de Betim encerrou suas atividades consolidando-se como um vetor no entretenimento, capacita\u00e7\u00e3o profissional e desenvolvimento do setor criativo em Betim e regi\u00e3o. O evento superou as [&hellip;]<\/p>\n","protected":false},"author":1,"featured_media":0,"parent":0,"menu_order":0,"comment_status":"closed","ping_status":"closed","template":"elementor_header_footer","meta":{"_joinchat":{"view":"no"},"footnotes":""},"class_list":["post-5234","page","type-page","status-publish","hentry"],"yoast_head":"<!-- This site is optimized with the Yoast SEO plugin v27.4 - https:\/\/yoast.com\/product\/yoast-seo-wordpress\/ -->\n<title>Resultados - Mostra Betim<\/title>\n<meta name=\"robots\" content=\"index, follow, max-snippet:-1, max-image-preview:large, max-video-preview:-1\" \/>\n<link rel=\"canonical\" href=\"https:\/\/itfilmes.com.br\/mostrabetim\/resultados\/\" \/>\n<meta property=\"og:locale\" content=\"pt_BR\" \/>\n<meta property=\"og:type\" content=\"article\" \/>\n<meta property=\"og:title\" content=\"Resultados - Mostra Betim\" \/>\n<meta property=\"og:description\" content=\"2\u00aa Mostra de Cinemade Betim Cinema Brasileiro expandido. Impactos al\u00e9m da tela. 10000000 * alcance expandido *P\u00fablico atingido nas m\u00eddias. Vis\u00e3o geral e impacto A 2\u00aa Mostra de Cinema de Betim encerrou suas atividades consolidando-se como um vetor no entretenimento, capacita\u00e7\u00e3o profissional e desenvolvimento do setor criativo em Betim e regi\u00e3o. O evento superou as [&hellip;]\" \/>\n<meta property=\"og:url\" content=\"https:\/\/itfilmes.com.br\/mostrabetim\/resultados\/\" \/>\n<meta property=\"og:site_name\" content=\"Mostra Betim\" \/>\n<meta property=\"article:publisher\" content=\"https:\/\/www.facebook.com\/profile.php?id=61556514621076\" \/>\n<meta property=\"article:modified_time\" content=\"2026-01-21T11:32:31+00:00\" \/>\n<meta property=\"og:image\" content=\"https:\/\/itfilmes.com.br\/mostrabetim\/wp-content\/uploads\/sites\/5\/2025\/10\/mulher-filma-oficinas_1.png\" \/>\n<meta name=\"twitter:card\" content=\"summary_large_image\" \/>\n<script type=\"application\/ld+json\" class=\"yoast-schema-graph\">{\"@context\":\"https:\\\/\\\/schema.org\",\"@graph\":[{\"@type\":\"WebPage\",\"@id\":\"https:\\\/\\\/itfilmes.com.br\\\/mostrabetim\\\/resultados\\\/\",\"url\":\"https:\\\/\\\/itfilmes.com.br\\\/mostrabetim\\\/resultados\\\/\",\"name\":\"Resultados - Mostra Betim\",\"isPartOf\":{\"@id\":\"https:\\\/\\\/itfilmes.com.br\\\/mostrabetim\\\/#website\"},\"primaryImageOfPage\":{\"@id\":\"https:\\\/\\\/itfilmes.com.br\\\/mostrabetim\\\/resultados\\\/#primaryimage\"},\"image\":{\"@id\":\"https:\\\/\\\/itfilmes.com.br\\\/mostrabetim\\\/resultados\\\/#primaryimage\"},\"thumbnailUrl\":\"https:\\\/\\\/itfilmes.com.br\\\/mostrabetim\\\/wp-content\\\/uploads\\\/sites\\\/5\\\/2025\\\/10\\\/mulher-filma-oficinas_1.png\",\"datePublished\":\"2025-11-19T10:58:30+00:00\",\"dateModified\":\"2026-01-21T11:32:31+00:00\",\"breadcrumb\":{\"@id\":\"https:\\\/\\\/itfilmes.com.br\\\/mostrabetim\\\/resultados\\\/#breadcrumb\"},\"inLanguage\":\"pt-BR\",\"potentialAction\":[{\"@type\":\"ReadAction\",\"target\":[\"https:\\\/\\\/itfilmes.com.br\\\/mostrabetim\\\/resultados\\\/\"]}]},{\"@type\":\"ImageObject\",\"inLanguage\":\"pt-BR\",\"@id\":\"https:\\\/\\\/itfilmes.com.br\\\/mostrabetim\\\/resultados\\\/#primaryimage\",\"url\":\"https:\\\/\\\/itfilmes.com.br\\\/mostrabetim\\\/wp-content\\\/uploads\\\/sites\\\/5\\\/2025\\\/10\\\/mulher-filma-oficinas_1.png\",\"contentUrl\":\"https:\\\/\\\/itfilmes.com.br\\\/mostrabetim\\\/wp-content\\\/uploads\\\/sites\\\/5\\\/2025\\\/10\\\/mulher-filma-oficinas_1.png\",\"width\":1704,\"height\":1850,\"caption\":\"2\u00aa MOSTRA DE CINEMA DE BETIM\"},{\"@type\":\"BreadcrumbList\",\"@id\":\"https:\\\/\\\/itfilmes.com.br\\\/mostrabetim\\\/resultados\\\/#breadcrumb\",\"itemListElement\":[{\"@type\":\"ListItem\",\"position\":1,\"name\":\"In\u00edcio\",\"item\":\"https:\\\/\\\/itfilmes.com.br\\\/mostrabetim\\\/\"},{\"@type\":\"ListItem\",\"position\":2,\"name\":\"Resultados\"}]},{\"@type\":\"WebSite\",\"@id\":\"https:\\\/\\\/itfilmes.com.br\\\/mostrabetim\\\/#website\",\"url\":\"https:\\\/\\\/itfilmes.com.br\\\/mostrabetim\\\/\",\"name\":\"2\u00aa Mostra Betim - IT Filmes\",\"description\":\"Cinema pra todos\",\"publisher\":{\"@id\":\"https:\\\/\\\/itfilmes.com.br\\\/mostrabetim\\\/#organization\"},\"alternateName\":\"2\u00aa Mostra Betim - IT Filmes\",\"potentialAction\":[{\"@type\":\"SearchAction\",\"target\":{\"@type\":\"EntryPoint\",\"urlTemplate\":\"https:\\\/\\\/itfilmes.com.br\\\/mostrabetim\\\/?s={search_term_string}\"},\"query-input\":{\"@type\":\"PropertyValueSpecification\",\"valueRequired\":true,\"valueName\":\"search_term_string\"}}],\"inLanguage\":\"pt-BR\"},{\"@type\":\"Organization\",\"@id\":\"https:\\\/\\\/itfilmes.com.br\\\/mostrabetim\\\/#organization\",\"name\":\"Mostra Betim - IT Filmes\",\"url\":\"https:\\\/\\\/itfilmes.com.br\\\/mostrabetim\\\/\",\"logo\":{\"@type\":\"ImageObject\",\"inLanguage\":\"pt-BR\",\"@id\":\"https:\\\/\\\/itfilmes.com.br\\\/mostrabetim\\\/#\\\/schema\\\/logo\\\/image\\\/\",\"url\":\"https:\\\/\\\/itfilmes.com.br\\\/mostrabetim\\\/wp-content\\\/uploads\\\/sites\\\/5\\\/2020\\\/05\\\/II-mb@3x.png\",\"contentUrl\":\"https:\\\/\\\/itfilmes.com.br\\\/mostrabetim\\\/wp-content\\\/uploads\\\/sites\\\/5\\\/2020\\\/05\\\/II-mb@3x.png\",\"width\":1078,\"height\":303,\"caption\":\"Mostra Betim - IT Filmes\"},\"image\":{\"@id\":\"https:\\\/\\\/itfilmes.com.br\\\/mostrabetim\\\/#\\\/schema\\\/logo\\\/image\\\/\"},\"sameAs\":[\"https:\\\/\\\/www.facebook.com\\\/profile.php?id=61556514621076\",\"https:\\\/\\\/www.instagram.com\\\/mostradecinemadebetim\\\/\",\"https:\\\/\\\/www.youtube.com\\\/@MidiasMostraBetim\"]}]}<\/script>\n<!-- \/ Yoast SEO plugin. -->","yoast_head_json":{"title":"Resultados - Mostra Betim","robots":{"index":"index","follow":"follow","max-snippet":"max-snippet:-1","max-image-preview":"max-image-preview:large","max-video-preview":"max-video-preview:-1"},"canonical":"https:\/\/itfilmes.com.br\/mostrabetim\/resultados\/","og_locale":"pt_BR","og_type":"article","og_title":"Resultados - Mostra Betim","og_description":"2\u00aa Mostra de Cinemade Betim Cinema Brasileiro expandido. Impactos al\u00e9m da tela. 10000000 * alcance expandido *P\u00fablico atingido nas m\u00eddias. Vis\u00e3o geral e impacto A 2\u00aa Mostra de Cinema de Betim encerrou suas atividades consolidando-se como um vetor no entretenimento, capacita\u00e7\u00e3o profissional e desenvolvimento do setor criativo em Betim e regi\u00e3o. O evento superou as [&hellip;]","og_url":"https:\/\/itfilmes.com.br\/mostrabetim\/resultados\/","og_site_name":"Mostra Betim","article_publisher":"https:\/\/www.facebook.com\/profile.php?id=61556514621076","article_modified_time":"2026-01-21T11:32:31+00:00","og_image":[{"url":"https:\/\/itfilmes.com.br\/mostrabetim\/wp-content\/uploads\/sites\/5\/2025\/10\/mulher-filma-oficinas_1.png","type":"","width":"","height":""}],"twitter_card":"summary_large_image","schema":{"@context":"https:\/\/schema.org","@graph":[{"@type":"WebPage","@id":"https:\/\/itfilmes.com.br\/mostrabetim\/resultados\/","url":"https:\/\/itfilmes.com.br\/mostrabetim\/resultados\/","name":"Resultados - Mostra Betim","isPartOf":{"@id":"https:\/\/itfilmes.com.br\/mostrabetim\/#website"},"primaryImageOfPage":{"@id":"https:\/\/itfilmes.com.br\/mostrabetim\/resultados\/#primaryimage"},"image":{"@id":"https:\/\/itfilmes.com.br\/mostrabetim\/resultados\/#primaryimage"},"thumbnailUrl":"https:\/\/itfilmes.com.br\/mostrabetim\/wp-content\/uploads\/sites\/5\/2025\/10\/mulher-filma-oficinas_1.png","datePublished":"2025-11-19T10:58:30+00:00","dateModified":"2026-01-21T11:32:31+00:00","breadcrumb":{"@id":"https:\/\/itfilmes.com.br\/mostrabetim\/resultados\/#breadcrumb"},"inLanguage":"pt-BR","potentialAction":[{"@type":"ReadAction","target":["https:\/\/itfilmes.com.br\/mostrabetim\/resultados\/"]}]},{"@type":"ImageObject","inLanguage":"pt-BR","@id":"https:\/\/itfilmes.com.br\/mostrabetim\/resultados\/#primaryimage","url":"https:\/\/itfilmes.com.br\/mostrabetim\/wp-content\/uploads\/sites\/5\/2025\/10\/mulher-filma-oficinas_1.png","contentUrl":"https:\/\/itfilmes.com.br\/mostrabetim\/wp-content\/uploads\/sites\/5\/2025\/10\/mulher-filma-oficinas_1.png","width":1704,"height":1850,"caption":"2\u00aa MOSTRA DE CINEMA DE BETIM"},{"@type":"BreadcrumbList","@id":"https:\/\/itfilmes.com.br\/mostrabetim\/resultados\/#breadcrumb","itemListElement":[{"@type":"ListItem","position":1,"name":"In\u00edcio","item":"https:\/\/itfilmes.com.br\/mostrabetim\/"},{"@type":"ListItem","position":2,"name":"Resultados"}]},{"@type":"WebSite","@id":"https:\/\/itfilmes.com.br\/mostrabetim\/#website","url":"https:\/\/itfilmes.com.br\/mostrabetim\/","name":"2\u00aa Mostra Betim - IT Filmes","description":"Cinema pra todos","publisher":{"@id":"https:\/\/itfilmes.com.br\/mostrabetim\/#organization"},"alternateName":"2\u00aa Mostra Betim - IT Filmes","potentialAction":[{"@type":"SearchAction","target":{"@type":"EntryPoint","urlTemplate":"https:\/\/itfilmes.com.br\/mostrabetim\/?s={search_term_string}"},"query-input":{"@type":"PropertyValueSpecification","valueRequired":true,"valueName":"search_term_string"}}],"inLanguage":"pt-BR"},{"@type":"Organization","@id":"https:\/\/itfilmes.com.br\/mostrabetim\/#organization","name":"Mostra Betim - IT Filmes","url":"https:\/\/itfilmes.com.br\/mostrabetim\/","logo":{"@type":"ImageObject","inLanguage":"pt-BR","@id":"https:\/\/itfilmes.com.br\/mostrabetim\/#\/schema\/logo\/image\/","url":"https:\/\/itfilmes.com.br\/mostrabetim\/wp-content\/uploads\/sites\/5\/2020\/05\/II-mb@3x.png","contentUrl":"https:\/\/itfilmes.com.br\/mostrabetim\/wp-content\/uploads\/sites\/5\/2020\/05\/II-mb@3x.png","width":1078,"height":303,"caption":"Mostra Betim - IT Filmes"},"image":{"@id":"https:\/\/itfilmes.com.br\/mostrabetim\/#\/schema\/logo\/image\/"},"sameAs":["https:\/\/www.facebook.com\/profile.php?id=61556514621076","https:\/\/www.instagram.com\/mostradecinemadebetim\/","https:\/\/www.youtube.com\/@MidiasMostraBetim"]}]}},"_links":{"self":[{"href":"https:\/\/itfilmes.com.br\/mostrabetim\/wp-json\/wp\/v2\/pages\/5234","targetHints":{"allow":["GET"]}}],"collection":[{"href":"https:\/\/itfilmes.com.br\/mostrabetim\/wp-json\/wp\/v2\/pages"}],"about":[{"href":"https:\/\/itfilmes.com.br\/mostrabetim\/wp-json\/wp\/v2\/types\/page"}],"author":[{"embeddable":true,"href":"https:\/\/itfilmes.com.br\/mostrabetim\/wp-json\/wp\/v2\/users\/1"}],"replies":[{"embeddable":true,"href":"https:\/\/itfilmes.com.br\/mostrabetim\/wp-json\/wp\/v2\/comments?post=5234"}],"version-history":[{"count":337,"href":"https:\/\/itfilmes.com.br\/mostrabetim\/wp-json\/wp\/v2\/pages\/5234\/revisions"}],"predecessor-version":[{"id":8069,"href":"https:\/\/itfilmes.com.br\/mostrabetim\/wp-json\/wp\/v2\/pages\/5234\/revisions\/8069"}],"wp:attachment":[{"href":"https:\/\/itfilmes.com.br\/mostrabetim\/wp-json\/wp\/v2\/media?parent=5234"}],"curies":[{"name":"wp","href":"https:\/\/api.w.org\/{rel}","templated":true}]}}