{"id":1239,"date":"2024-03-24T16:46:17","date_gmt":"2024-03-24T19:46:17","guid":{"rendered":"https:\/\/itfilmes.com.br\/mostrabetim1\/?page_id=1239"},"modified":"2025-05-26T05:50:50","modified_gmt":"2025-05-26T08:50:50","slug":"programacao","status":"publish","type":"page","link":"https:\/\/itfilmes.com.br\/mostrabetim1\/programacao\/","title":{"rendered":"Programa\u00e7\u00e3o"},"content":{"rendered":"\t\t<div data-elementor-type=\"wp-page\" data-elementor-id=\"1239\" class=\"elementor elementor-1239\">\n\t\t\t\t\t\t<section class=\"elementor-section elementor-top-section elementor-element elementor-element-1cd060a elementor-section-boxed elementor-section-height-default elementor-section-height-default\" data-id=\"1cd060a\" data-element_type=\"section\" data-e-type=\"section\">\n\t\t\t\t\t\t<div class=\"elementor-container elementor-column-gap-default\">\n\t\t\t\t\t<div class=\"aux-parallax-section elementor-column elementor-col-100 elementor-top-column elementor-element elementor-element-a60ab19\" data-id=\"a60ab19\" data-element_type=\"column\" data-e-type=\"column\">\n\t\t\t<div class=\"elementor-widget-wrap elementor-element-populated\">\n\t\t\t\t\t\t<div class=\"elementor-element elementor-element-2b633d2 aux-appear-watch-animation aux-fade-in-up-1 elementor-widget__width-initial elementor-widget-tablet__width-inherit elementor-widget elementor-widget-aux_modern_heading\" data-id=\"2b633d2\" data-element_type=\"widget\" data-e-type=\"widget\" data-widget_type=\"aux_modern_heading.default\">\n\t\t\t\t<div class=\"elementor-widget-container\">\n\t\t\t\t\t<section class=\"aux-widget-modern-heading\">\n            <div class=\"aux-widget-inner\"><h2 class=\"aux-modern-heading-primary\">1\u00aa MOSTRA DE CINEMA DE BETIM \/ 07 a 12 de maio de 2024<\/h2><h3 class=\"aux-modern-heading-secondary\"><span class=\"aux-head-highlight\">Uma programa\u00e7\u00e3o rica, com sele\u00e7\u00e3o diversa e criativa do cinema brasileiro!<\/span><\/h3><\/div>\n        <\/section>\t\t\t\t<\/div>\n\t\t\t\t<\/div>\n\t\t\t\t<div class=\"elementor-element elementor-element-6b9129c pp-buttons-valign-middle pp-buttons-halign-left pp-buttons-stack-none elementor-widget elementor-widget-pp-buttons\" data-id=\"6b9129c\" data-element_type=\"widget\" data-e-type=\"widget\" data-widget_type=\"pp-buttons.default\">\n\t\t\t\t<div class=\"elementor-widget-container\">\n\t\t\t\t\t\t\t<div class=\"pp-buttons-group\">\n\t\t\t\t\t\t\t\t\t\t\t<a href=\"https:\/\/itfilmes.com.br\/mostrabetim1\/programacao\/abertura-oficial\/\" class=\"pp-button elementor-button elementor-size-sm elementor-repeater-item-6b118fa \">\n\t\t\t\t\t<div class=\"pp-button-content-wrapper\">\n\t\t\t\t\t\t<span class=\"pp-button-content-inner pp-icon-before\">\n\t\t\t\t\t\t\t\n\t\t\t\t\t\t\t\t<span class=\"pp-button-title\">\n\t\t\t\t\t\t\t\t\t07\/05\t\t\t\t\t\t\t\t<\/span>\n\t\t\t\t\t\t\t\t\t\t\t\t\t<\/span>\n\t\t\t\t\t<\/div>\n\t\t\t\t<\/a>\n\t\t\t\t\t\t\t\t\t\t\t\t\t\t\t\t<a href=\"https:\/\/itfilmes.com.br\/mostrabetim1\/programacao-cats\/08-05\/\" class=\"pp-button elementor-button elementor-size-sm elementor-repeater-item-44b9d4a \">\n\t\t\t\t\t<div class=\"pp-button-content-wrapper\">\n\t\t\t\t\t\t<span class=\"pp-button-content-inner pp-icon-before\">\n\t\t\t\t\t\t\t\n\t\t\t\t\t\t\t\t<span class=\"pp-button-title\">\n\t\t\t\t\t\t\t\t\t08\/05\t\t\t\t\t\t\t\t<\/span>\n\t\t\t\t\t\t\t\t\t\t\t\t\t<\/span>\n\t\t\t\t\t<\/div>\n\t\t\t\t<\/a>\n\t\t\t\t\t\t\t\t\t\t\t\t\t\t\t\t<a href=\"https:\/\/itfilmes.com.br\/mostrabetim1\/programacao-cats\/09-05\/\" class=\"pp-button elementor-button elementor-size-sm elementor-repeater-item-36e786b \">\n\t\t\t\t\t<div class=\"pp-button-content-wrapper\">\n\t\t\t\t\t\t<span class=\"pp-button-content-inner pp-icon-before\">\n\t\t\t\t\t\t\t\n\t\t\t\t\t\t\t\t<span class=\"pp-button-title\">\n\t\t\t\t\t\t\t\t\t09\/05\t\t\t\t\t\t\t\t<\/span>\n\t\t\t\t\t\t\t\t\t\t\t\t\t<\/span>\n\t\t\t\t\t<\/div>\n\t\t\t\t<\/a>\n\t\t\t\t\t\t\t\t\t\t\t\t\t\t\t\t<a href=\"https:\/\/itfilmes.com.br\/mostrabetim1\/programacao-cats\/10-05\/\" class=\"pp-button elementor-button elementor-size-sm elementor-repeater-item-3eb8b60 \">\n\t\t\t\t\t<div class=\"pp-button-content-wrapper\">\n\t\t\t\t\t\t<span class=\"pp-button-content-inner pp-icon-before\">\n\t\t\t\t\t\t\t\n\t\t\t\t\t\t\t\t<span class=\"pp-button-title\">\n\t\t\t\t\t\t\t\t\t10\/05\t\t\t\t\t\t\t\t<\/span>\n\t\t\t\t\t\t\t\t\t\t\t\t\t<\/span>\n\t\t\t\t\t<\/div>\n\t\t\t\t<\/a>\n\t\t\t\t\t\t\t\t\t\t\t\t\t\t\t\t<a href=\"https:\/\/itfilmes.com.br\/mostrabetim1\/programacao-cats\/11-05\/\" class=\"pp-button elementor-button elementor-size-sm elementor-repeater-item-4d81637 \">\n\t\t\t\t\t<div class=\"pp-button-content-wrapper\">\n\t\t\t\t\t\t<span class=\"pp-button-content-inner pp-icon-before\">\n\t\t\t\t\t\t\t\n\t\t\t\t\t\t\t\t<span class=\"pp-button-title\">\n\t\t\t\t\t\t\t\t\t11\/05\t\t\t\t\t\t\t\t<\/span>\n\t\t\t\t\t\t\t\t\t\t\t\t\t<\/span>\n\t\t\t\t\t<\/div>\n\t\t\t\t<\/a>\n\t\t\t\t\t\t\t\t\t\t\t\t\t\t\t\t<a href=\"https:\/\/itfilmes.com.br\/mostrabetim1\/programacao-cats\/12-05\/\" class=\"pp-button elementor-button elementor-size-sm elementor-repeater-item-2be99bd \">\n\t\t\t\t\t<div class=\"pp-button-content-wrapper\">\n\t\t\t\t\t\t<span class=\"pp-button-content-inner pp-icon-before\">\n\t\t\t\t\t\t\t\n\t\t\t\t\t\t\t\t<span class=\"pp-button-title\">\n\t\t\t\t\t\t\t\t\t12\/05\t\t\t\t\t\t\t\t<\/span>\n\t\t\t\t\t\t\t\t\t\t\t\t\t<\/span>\n\t\t\t\t\t<\/div>\n\t\t\t\t<\/a>\n\t\t\t\t\t\t\t\t\t\t\t\t\t\t\t\t<a href=\"https:\/\/itfilmes.com.br\/mostrabetim1\/programacao-cats\/mostra-brasil\/\" class=\"pp-button elementor-button elementor-size-sm elementor-repeater-item-778729c \">\n\t\t\t\t\t<div class=\"pp-button-content-wrapper\">\n\t\t\t\t\t\t<span class=\"pp-button-content-inner pp-icon-before\">\n\t\t\t\t\t\t\t\n\t\t\t\t\t\t\t\t<span class=\"pp-button-title\">\n\t\t\t\t\t\t\t\t\tMostra Brasil\t\t\t\t\t\t\t\t<\/span>\n\t\t\t\t\t\t\t\t\t\t\t\t\t<\/span>\n\t\t\t\t\t<\/div>\n\t\t\t\t<\/a>\n\t\t\t\t\t\t\t\t\t\t\t\t\t\t\t\t<a href=\"https:\/\/itfilmes.com.br\/mostrabetim1\/programacao-cats\/mostra-curta-betim\/\" class=\"pp-button elementor-button elementor-size-sm elementor-repeater-item-1080a70 \">\n\t\t\t\t\t<div class=\"pp-button-content-wrapper\">\n\t\t\t\t\t\t<span class=\"pp-button-content-inner pp-icon-before\">\n\t\t\t\t\t\t\t\n\t\t\t\t\t\t\t\t<span class=\"pp-button-title\">\n\t\t\t\t\t\t\t\t\tMostra Curta Betim\t\t\t\t\t\t\t\t<\/span>\n\t\t\t\t\t\t\t\t\t\t\t\t\t<\/span>\n\t\t\t\t\t<\/div>\n\t\t\t\t<\/a>\n\t\t\t\t\t\t\t\t\t\t\t\t\t\t\t\t<a href=\"https:\/\/itfilmes.com.br\/mostrabetim1\/programacao-cats\/mostra-curtas-da-terra\/\" class=\"pp-button elementor-button elementor-size-sm elementor-repeater-item-4a67dc9 \">\n\t\t\t\t\t<div class=\"pp-button-content-wrapper\">\n\t\t\t\t\t\t<span class=\"pp-button-content-inner pp-icon-before\">\n\t\t\t\t\t\t\t\n\t\t\t\t\t\t\t\t<span class=\"pp-button-title\">\n\t\t\t\t\t\t\t\t\tMostra Curtas da Terra\t\t\t\t\t\t\t\t<\/span>\n\t\t\t\t\t\t\t\t\t\t\t\t\t<\/span>\n\t\t\t\t\t<\/div>\n\t\t\t\t<\/a>\n\t\t\t\t\t\t\t\t\t\t\t\t\t\t\t\t<a href=\"https:\/\/itfilmes.com.br\/mostrabetim1\/programacao\/betim-viva\/\" class=\"pp-button elementor-button elementor-size-sm elementor-repeater-item-940f1d5 \">\n\t\t\t\t\t<div class=\"pp-button-content-wrapper\">\n\t\t\t\t\t\t<span class=\"pp-button-content-inner pp-icon-before\">\n\t\t\t\t\t\t\t\n\t\t\t\t\t\t\t\t<span class=\"pp-button-title\">\n\t\t\t\t\t\t\t\t\tMostra Itinerante\t\t\t\t\t\t\t\t<\/span>\n\t\t\t\t\t\t\t\t\t\t\t\t\t<\/span>\n\t\t\t\t\t<\/div>\n\t\t\t\t<\/a>\n\t\t\t\t\t\t\t\t\t\t\t\t\t\t\t\t<a href=\"https:\/\/itfilmes.com.br\/mostrabetim1\/programacao\/oficinas-audiovisuais\/\" class=\"pp-button elementor-button elementor-size-sm elementor-repeater-item-d5e690e \">\n\t\t\t\t\t<div class=\"pp-button-content-wrapper\">\n\t\t\t\t\t\t<span class=\"pp-button-content-inner pp-icon-before\">\n\t\t\t\t\t\t\t\n\t\t\t\t\t\t\t\t<span class=\"pp-button-title\">\n\t\t\t\t\t\t\t\t\tOficinas\t\t\t\t\t\t\t\t<\/span>\n\t\t\t\t\t\t\t\t\t\t\t\t\t<\/span>\n\t\t\t\t\t<\/div>\n\t\t\t\t<\/a>\n\t\t\t\t\t\t\t\t\t\t\t\t\t\t\t\t<a href=\"https:\/\/itfilmes.com.br\/mostrabetim1\/programacao\/betim-cidade-criativa\/\" class=\"pp-button elementor-button elementor-size-sm elementor-repeater-item-ad61d4d \">\n\t\t\t\t\t<div class=\"pp-button-content-wrapper\">\n\t\t\t\t\t\t<span class=\"pp-button-content-inner pp-icon-before\">\n\t\t\t\t\t\t\t\n\t\t\t\t\t\t\t\t<span class=\"pp-button-title\">\n\t\t\t\t\t\t\t\t\tSemin\u00e1rio\t\t\t\t\t\t\t\t<\/span>\n\t\t\t\t\t\t\t\t\t\t\t\t\t<\/span>\n\t\t\t\t\t<\/div>\n\t\t\t\t<\/a>\n\t\t\t\t\t\t\t\t\t\t\t\t\t\t\t\t<a href=\"https:\/\/itfilmes.com.br\/mostrabetim1\/programacao\/exposicao-fotografica-betim-viva\/\" class=\"pp-button elementor-button elementor-size-sm elementor-repeater-item-523d01d \">\n\t\t\t\t\t<div class=\"pp-button-content-wrapper\">\n\t\t\t\t\t\t<span class=\"pp-button-content-inner pp-icon-before\">\n\t\t\t\t\t\t\t\n\t\t\t\t\t\t\t\t<span class=\"pp-button-title\">\n\t\t\t\t\t\t\t\t\tExposi\u00e7\u00e3o\t\t\t\t\t\t\t\t<\/span>\n\t\t\t\t\t\t\t\t\t\t\t\t\t<\/span>\n\t\t\t\t\t<\/div>\n\t\t\t\t<\/a>\n\t\t\t\t\t\t\t\t\t\t<\/div>\t\t\t\t<\/div>\n\t\t\t\t<\/div>\n\t\t\t\t\t<\/div>\n\t\t<\/div>\n\t\t\t\t\t<\/div>\n\t\t<\/section>\n\t\t\t\t<section class=\"elementor-section elementor-top-section elementor-element elementor-element-24fe758 elementor-section-boxed elementor-section-height-default elementor-section-height-default\" data-id=\"24fe758\" data-element_type=\"section\" data-e-type=\"section\">\n\t\t\t\t\t\t<div class=\"elementor-container elementor-column-gap-narrow\">\n\t\t\t\t\t<div class=\"aux-parallax-section elementor-column elementor-col-100 elementor-top-column elementor-element elementor-element-18cb696\" data-id=\"18cb696\" data-element_type=\"column\" data-e-type=\"column\">\n\t\t\t<div class=\"elementor-widget-wrap elementor-element-populated\">\n\t\t\t\t\t\t<div class=\"elementor-element elementor-element-c480597 elementor-widget elementor-widget-aux_recent_news_grid\" data-id=\"c480597\" data-element_type=\"widget\" data-e-type=\"widget\" data-settings=\"{&quot;columns&quot;:&quot;5&quot;,&quot;columns_tablet&quot;:&quot;3&quot;,&quot;columns_mobile&quot;:&quot;1&quot;}\" data-widget_type=\"aux_recent_news_grid.default\">\n\t\t\t\t<div class=\"elementor-widget-container\">\n\t\t\t\t\t<script>auxinNS(\"auxin.content.loadmore.auc787a59e\"); auxin.content.loadmore.auc787a59e={\"nonce\":\"368545b5f0\",\"args\":{\"title\":\"\",\"subtitle\":\"\",\"cat\":[\" \"],\"num\":50,\"only_posts__in\":\"\",\"include\":\"\",\"exclude\":\"\",\"offset\":\"\",\"paged\":\"\",\"post_type\":\"news\",\"taxonomy_name\":\"news-category\",\"order_by\":\"title\",\"order\":\"DESC\",\"content_width\":\"\",\"exclude_without_media\":\"no\",\"exclude_custom_post_formats\":\"no\",\"exclude_quote_link\":null,\"exclude_post_formats_in\":[],\"size\":\"\",\"display_title\":\"yes\",\"words_num\":\"\",\"show_media\":\"yes\",\"display_like\":\"\",\"display_categories\":\"yes\",\"show_badge\":\"\",\"content_layout\":\"default\",\"excerpt_len\":null,\"show_excerpt\":\"\",\"show_content\":\"yes\",\"show_info\":\"yes\",\"show_date\":\"\",\"post_info_position\":\"after-title\",\"author_or_readmore\":\"none\",\"image_aspect_ratio\":\"1.33\",\"desktop_cnum\":\"5\",\"tablet_cnum\":\"3\",\"phone_cnum\":\"1\",\"preview_mode\":\"grid\",\"tax_args\":\"\",\"grid_table_hover\":\"bgcolor\",\"tag\":\"\",\"meta_info_position\":\"after-content\",\"preloadable\":\"no\",\"preload_preview\":null,\"preload_bgcolor\":null,\"extra_classes\":\"\",\"extra_column_classes\":\"\",\"custom_el_id\":\"\",\"carousel_space\":null,\"carousel_autoplay\":null,\"carousel_autoplay_delay\":null,\"carousel_navigation\":null,\"carousel_navigation_control\":null,\"carousel_nav_control_pos\":null,\"carousel_nav_control_skin\":null,\"carousel_loop\":null,\"request_from\":\"archive\",\"template_part_file\":\"theme-parts\\\/entry\\\/post-column\",\"extra_template_path\":\"\",\"universal_id\":\"auc787a59e\",\"reset_query\":true,\"wp_query_args\":[],\"custom_wp_query\":\"\",\"loadmore_type\":\"next\",\"loadmore_per_page\":50,\"content\":null,\"skip_wrappers\":true,\"inview_transition\":\"none\",\"inview_duration\":\"\",\"inview_delay\":\"\",\"inview_repeat\":\"no\",\"inview_offset\":\"\",\"called_from\":\"\"},\"handler\":\"aux_recent_news_grid\",\"per_page\":50};<\/script><section class=\"widget-container aux-ajax-type-next aux-widget-recent-news aux-parent-auc787a59e\" style=\"\" ><div data-element-id=\"auc787a59e\" class=\"aux-match-height aux-row aux-de-col5 aux-tb-col3 aux-mb-col1 aux-no-meta aux-ajax-view  aux--control\" ><div class=\"aux-col aux-ajax-item post-2448\">\n                        <article class=\"post column-entry post-2448 news type-news status-publish has-post-thumbnail hentry news-category-07-05 news-category-mostra-brasil news-tag-cineart\">\n                                                        <div class=\"entry-media\"><div class=\"aux-media-frame aux-media-image aux-image-mask\"><a href=\"https:\/\/itfilmes.com.br\/mostrabetim1\/programacao\/abertura-oficial\/\"><img decoding=\"async\" src=\"https:\/\/itfilmes.com.br\/mostrabetim1\/wp-content\/uploads\/sites\/7\/2024\/04\/cartaz-mockup-14.png\" class=\"aux-attachment aux-featured-image attachment--30x-39.9 aux-attachment-id-3051 \" alt=\"Mostra Betim\" srcset=\"https:\/\/itfilmes.com.br\/mostrabetim1\/wp-content\/uploads\/sites\/7\/2024\/04\/cartaz-mockup-14-150x200.png 150w,https:\/\/itfilmes.com.br\/mostrabetim1\/wp-content\/uploads\/sites\/7\/2024\/04\/cartaz-mockup-14-300x399.png 300w,https:\/\/itfilmes.com.br\/mostrabetim1\/wp-content\/uploads\/sites\/7\/2024\/04\/cartaz-mockup-14-768x1021.png 768w,https:\/\/itfilmes.com.br\/mostrabetim1\/wp-content\/uploads\/sites\/7\/2024\/04\/cartaz-mockup-14-1024x1362.png 1024w,https:\/\/itfilmes.com.br\/mostrabetim1\/wp-content\/uploads\/sites\/7\/2024\/04\/cartaz-mockup-14.png -30w,https:\/\/itfilmes.com.br\/mostrabetim1\/wp-content\/uploads\/sites\/7\/2024\/04\/cartaz-mockup-14-1099x1461.png 1099w\" data-ratio=\"0.75\" data-original-w=\"1109\" sizes=\"(max-width:479px) 480px,(max-width:767px) 768px,(max-width:1023px) 1024px,-30px\" \/><\/a><\/div><\/div>\n                            \n                            <div class=\"entry-main\">\n                                                        \n                                <header class=\"entry-header\">\n                                \n                                    <h4 class=\"entry-title\">\n                                        <a href=\"https:\/\/itfilmes.com.br\/mostrabetim1\/programacao\/abertura-oficial\/\">\n                                            Abertura oficial                                        <\/a>\n                                    <\/h4>\n                                                                    <div class=\"entry-format\">\n                                        <a href=\"https:\/\/itfilmes.com.br\/mostrabetim1\/programacao\/abertura-oficial\/\">\n                                            <div class=\"post-format format-\"> <\/div>\n                                        <\/a>\n                                    <\/div>\n                                <\/header>\n                                                            \n                                <div class=\"entry-info\">\n                                                                                                                                    <span class=\"entry-tax aux-no-sep\">\n                                        <a href=\"https:\/\/itfilmes.com.br\/mostrabetim1\/programacao-cats\/07-05\/\" title=\"View all posts in 07\/05 - ter\u00e7a-feira\" rel=\"category\" >07\/05 - ter\u00e7a-feira<\/a><a href=\"https:\/\/itfilmes.com.br\/mostrabetim1\/programacao-cats\/mostra-brasil\/\" title=\"View all posts in Mostra Brasil\" rel=\"category\" >Mostra Brasil<\/a>                                    <\/span>\n                                                                                                                                            <\/div>\n                            \n                                                        \n                            <\/div>\n\n                        <\/article>\n<\/div><div class=\"aux-col aux-ajax-item post-2956\">\n                        <article class=\"post column-entry post-2956 news type-news status-publish has-post-thumbnail hentry news-category-08-05 news-category-exposicao news-tag-uncategorized\">\n                                                        <div class=\"entry-media\"><div class=\"aux-media-frame aux-media-image aux-image-mask\"><a href=\"https:\/\/itfilmes.com.br\/mostrabetim1\/programacao\/exposicao-fotografica-betim-viva\/\"><img decoding=\"async\" src=\"https:\/\/itfilmes.com.br\/mostrabetim1\/wp-content\/uploads\/sites\/7\/2024\/04\/betim-viva-direo-elizabete-martins-campos-fotografia-werlei-luccas_52300976372_o.webp\" class=\"aux-attachment aux-featured-image attachment--30x-39.9 aux-attachment-id-2961 \" alt=\"Betim Viva\" srcset=\"https:\/\/itfilmes.com.br\/mostrabetim1\/wp-content\/uploads\/sites\/7\/2024\/04\/betim-viva-direo-elizabete-martins-campos-fotografia-werlei-luccas_52300976372_o-150x200.webp 150w,https:\/\/itfilmes.com.br\/mostrabetim1\/wp-content\/uploads\/sites\/7\/2024\/04\/betim-viva-direo-elizabete-martins-campos-fotografia-werlei-luccas_52300976372_o-300x399.webp 300w,https:\/\/itfilmes.com.br\/mostrabetim1\/wp-content\/uploads\/sites\/7\/2024\/04\/betim-viva-direo-elizabete-martins-campos-fotografia-werlei-luccas_52300976372_o-768x1021.webp 768w,https:\/\/itfilmes.com.br\/mostrabetim1\/wp-content\/uploads\/sites\/7\/2024\/04\/betim-viva-direo-elizabete-martins-campos-fotografia-werlei-luccas_52300976372_o-1024x1362.webp 1024w,https:\/\/itfilmes.com.br\/mostrabetim1\/wp-content\/uploads\/sites\/7\/2024\/04\/betim-viva-direo-elizabete-martins-campos-fotografia-werlei-luccas_52300976372_o.webp -30w,https:\/\/itfilmes.com.br\/mostrabetim1\/wp-content\/uploads\/sites\/7\/2024\/04\/betim-viva-direo-elizabete-martins-campos-fotografia-werlei-luccas_52300976372_o-1590x2114.webp 1590w\" data-ratio=\"0.75\" data-original-w=\"1600\" sizes=\"(max-width:479px) 480px,(max-width:767px) 768px,(max-width:1023px) 1024px,-30px\" \/><\/a><\/div><\/div>\n                            \n                            <div class=\"entry-main\">\n                                                        \n                                <header class=\"entry-header\">\n                                \n                                    <h4 class=\"entry-title\">\n                                        <a href=\"https:\/\/itfilmes.com.br\/mostrabetim1\/programacao\/exposicao-fotografica-betim-viva\/\">\n                                            Exposi\u00e7\u00e3o fotogr\u00e1fica Betim Viva                                        <\/a>\n                                    <\/h4>\n                                                                    <div class=\"entry-format\">\n                                        <a href=\"https:\/\/itfilmes.com.br\/mostrabetim1\/programacao\/exposicao-fotografica-betim-viva\/\">\n                                            <div class=\"post-format format-\"> <\/div>\n                                        <\/a>\n                                    <\/div>\n                                <\/header>\n                                                            \n                                <div class=\"entry-info\">\n                                                                                                                                    <span class=\"entry-tax aux-no-sep\">\n                                        <a href=\"https:\/\/itfilmes.com.br\/mostrabetim1\/programacao-cats\/08-05\/\" title=\"View all posts in 08\/05 - quarta-feira\" rel=\"category\" >08\/05 - quarta-feira<\/a><a href=\"https:\/\/itfilmes.com.br\/mostrabetim1\/programacao-cats\/exposicao\/\" title=\"View all posts in Exposi\u00e7\u00e3o\" rel=\"category\" >Exposi\u00e7\u00e3o<\/a>                                    <\/span>\n                                                                                                                                            <\/div>\n                            \n                                                        \n                            <\/div>\n\n                        <\/article>\n<\/div><div class=\"aux-col aux-ajax-item post-2906\">\n                        <article class=\"post column-entry post-2906 news type-news status-publish has-post-thumbnail hentry news-category-08-05 news-category-09-05 news-category-10-05 news-category-itinerante news-tag-regionais\">\n                                                        <div class=\"entry-media\"><div class=\"aux-media-frame aux-media-image aux-image-mask\"><a href=\"https:\/\/itfilmes.com.br\/mostrabetim1\/programacao\/betim-viva\/\"><img decoding=\"async\" src=\"https:\/\/itfilmes.com.br\/mostrabetim1\/wp-content\/uploads\/sites\/7\/2024\/04\/Betim-Viva.jpg\" class=\"aux-attachment aux-featured-image attachment--30x-39.9 aux-attachment-id-3035 \" alt=\"Betim Viva\" srcset=\"https:\/\/itfilmes.com.br\/mostrabetim1\/wp-content\/uploads\/sites\/7\/2024\/04\/Betim-Viva-150x200.jpg 150w,https:\/\/itfilmes.com.br\/mostrabetim1\/wp-content\/uploads\/sites\/7\/2024\/04\/Betim-Viva-300x399.jpg 300w,https:\/\/itfilmes.com.br\/mostrabetim1\/wp-content\/uploads\/sites\/7\/2024\/04\/Betim-Viva-768x1021.jpg 768w,https:\/\/itfilmes.com.br\/mostrabetim1\/wp-content\/uploads\/sites\/7\/2024\/04\/Betim-Viva-1024x1362.jpg 1024w,https:\/\/itfilmes.com.br\/mostrabetim1\/wp-content\/uploads\/sites\/7\/2024\/04\/Betim-Viva.jpg -30w,https:\/\/itfilmes.com.br\/mostrabetim1\/wp-content\/uploads\/sites\/7\/2024\/04\/Betim-Viva-1070x1423.jpg 1070w\" data-ratio=\"0.75\" data-original-w=\"1080\" sizes=\"(max-width:479px) 480px,(max-width:767px) 768px,(max-width:1023px) 1024px,-30px\" \/><\/a><\/div><\/div>\n                            \n                            <div class=\"entry-main\">\n                                                        \n                                <header class=\"entry-header\">\n                                \n                                    <h4 class=\"entry-title\">\n                                        <a href=\"https:\/\/itfilmes.com.br\/mostrabetim1\/programacao\/betim-viva\/\">\n                                            Betim viva                                        <\/a>\n                                    <\/h4>\n                                                                    <div class=\"entry-format\">\n                                        <a href=\"https:\/\/itfilmes.com.br\/mostrabetim1\/programacao\/betim-viva\/\">\n                                            <div class=\"post-format format-\"> <\/div>\n                                        <\/a>\n                                    <\/div>\n                                <\/header>\n                                                            \n                                <div class=\"entry-info\">\n                                                                                                                                    <span class=\"entry-tax aux-no-sep\">\n                                        <a href=\"https:\/\/itfilmes.com.br\/mostrabetim1\/programacao-cats\/08-05\/\" title=\"View all posts in 08\/05 - quarta-feira\" rel=\"category\" >08\/05 - quarta-feira<\/a><a href=\"https:\/\/itfilmes.com.br\/mostrabetim1\/programacao-cats\/09-05\/\" title=\"View all posts in 09\/05 - quinta-feira\" rel=\"category\" >09\/05 - quinta-feira<\/a><a href=\"https:\/\/itfilmes.com.br\/mostrabetim1\/programacao-cats\/10-05\/\" title=\"View all posts in 10\/05 - sexta-feira\" rel=\"category\" >10\/05 - sexta-feira<\/a>                                    <\/span>\n                                                                                                                                            <\/div>\n                            \n                                                        \n                            <\/div>\n\n                        <\/article>\n<\/div><div class=\"aux-col aux-ajax-item post-2585\">\n                        <article class=\"post column-entry post-2585 news type-news status-publish has-post-thumbnail hentry news-category-08-05 news-category-mostra-brasil news-tag-cineart\">\n                                                        <div class=\"entry-media\"><div class=\"aux-media-frame aux-media-image aux-image-mask\"><a href=\"https:\/\/itfilmes.com.br\/mostrabetim1\/programacao\/a-alma-da-gente\/\"><img decoding=\"async\" src=\"https:\/\/itfilmes.com.br\/mostrabetim1\/wp-content\/uploads\/sites\/7\/2024\/04\/A-Alma-da-Gente-Helena-Solberg-e-DAvid-Meyer.jpg\" class=\"aux-attachment aux-featured-image attachment--30x-39.9 aux-attachment-id-2661 \" alt=\"A Alma da Gente\" srcset=\"https:\/\/itfilmes.com.br\/mostrabetim1\/wp-content\/uploads\/sites\/7\/2024\/04\/A-Alma-da-Gente-Helena-Solberg-e-DAvid-Meyer-150x200.jpg 150w,https:\/\/itfilmes.com.br\/mostrabetim1\/wp-content\/uploads\/sites\/7\/2024\/04\/A-Alma-da-Gente-Helena-Solberg-e-DAvid-Meyer-300x399.jpg 300w,https:\/\/itfilmes.com.br\/mostrabetim1\/wp-content\/uploads\/sites\/7\/2024\/04\/A-Alma-da-Gente-Helena-Solberg-e-DAvid-Meyer-768x1021.jpg 768w,https:\/\/itfilmes.com.br\/mostrabetim1\/wp-content\/uploads\/sites\/7\/2024\/04\/A-Alma-da-Gente-Helena-Solberg-e-DAvid-Meyer-1024x1362.jpg 1024w,https:\/\/itfilmes.com.br\/mostrabetim1\/wp-content\/uploads\/sites\/7\/2024\/04\/A-Alma-da-Gente-Helena-Solberg-e-DAvid-Meyer.jpg -30w,https:\/\/itfilmes.com.br\/mostrabetim1\/wp-content\/uploads\/sites\/7\/2024\/04\/A-Alma-da-Gente-Helena-Solberg-e-DAvid-Meyer-1070x1423.jpg 1070w\" data-ratio=\"0.75\" data-original-w=\"1080\" sizes=\"(max-width:479px) 480px,(max-width:767px) 768px,(max-width:1023px) 1024px,-30px\" \/><\/a><\/div><\/div>\n                            \n                            <div class=\"entry-main\">\n                                                        \n                                <header class=\"entry-header\">\n                                \n                                    <h4 class=\"entry-title\">\n                                        <a href=\"https:\/\/itfilmes.com.br\/mostrabetim1\/programacao\/a-alma-da-gente\/\">\n                                            A alma da gente                                        <\/a>\n                                    <\/h4>\n                                                                    <div class=\"entry-format\">\n                                        <a href=\"https:\/\/itfilmes.com.br\/mostrabetim1\/programacao\/a-alma-da-gente\/\">\n                                            <div class=\"post-format format-\"> <\/div>\n                                        <\/a>\n                                    <\/div>\n                                <\/header>\n                                                            \n                                <div class=\"entry-info\">\n                                                                                                                                    <span class=\"entry-tax aux-no-sep\">\n                                        <a href=\"https:\/\/itfilmes.com.br\/mostrabetim1\/programacao-cats\/08-05\/\" title=\"View all posts in 08\/05 - quarta-feira\" rel=\"category\" >08\/05 - quarta-feira<\/a><a href=\"https:\/\/itfilmes.com.br\/mostrabetim1\/programacao-cats\/mostra-brasil\/\" title=\"View all posts in Mostra Brasil\" rel=\"category\" >Mostra Brasil<\/a>                                    <\/span>\n                                                                                                                                            <\/div>\n                            \n                                                        \n                            <\/div>\n\n                        <\/article>\n<\/div><div class=\"aux-col aux-ajax-item post-2675\">\n                        <article class=\"post column-entry post-2675 news type-news status-publish has-post-thumbnail hentry news-category-08-05 news-category-mostra-brasil news-tag-cineart\">\n                                                        <div class=\"entry-media\"><div class=\"aux-media-frame aux-media-image aux-image-mask\"><a href=\"https:\/\/itfilmes.com.br\/mostrabetim1\/programacao\/samuel-foi-trabalhar\/\"><img decoding=\"async\" src=\"https:\/\/itfilmes.com.br\/mostrabetim1\/wp-content\/uploads\/sites\/7\/2024\/04\/samuel-foi-trabalhar.jpg\" class=\"aux-attachment aux-featured-image attachment--30x-39.9 aux-attachment-id-2966 \" alt=\"Samuel foi trabalhar\" srcset=\"https:\/\/itfilmes.com.br\/mostrabetim1\/wp-content\/uploads\/sites\/7\/2024\/04\/samuel-foi-trabalhar-150x200.jpg 150w,https:\/\/itfilmes.com.br\/mostrabetim1\/wp-content\/uploads\/sites\/7\/2024\/04\/samuel-foi-trabalhar-300x399.jpg 300w,https:\/\/itfilmes.com.br\/mostrabetim1\/wp-content\/uploads\/sites\/7\/2024\/04\/samuel-foi-trabalhar-768x1021.jpg 768w,https:\/\/itfilmes.com.br\/mostrabetim1\/wp-content\/uploads\/sites\/7\/2024\/04\/samuel-foi-trabalhar-1024x1362.jpg 1024w,https:\/\/itfilmes.com.br\/mostrabetim1\/wp-content\/uploads\/sites\/7\/2024\/04\/samuel-foi-trabalhar.jpg -30w,https:\/\/itfilmes.com.br\/mostrabetim1\/wp-content\/uploads\/sites\/7\/2024\/04\/samuel-foi-trabalhar-1070x1423.jpg 1070w\" data-ratio=\"0.75\" data-original-w=\"1080\" sizes=\"(max-width:479px) 480px,(max-width:767px) 768px,(max-width:1023px) 1024px,-30px\" \/><\/a><\/div><\/div>\n                            \n                            <div class=\"entry-main\">\n                                                        \n                                <header class=\"entry-header\">\n                                \n                                    <h4 class=\"entry-title\">\n                                        <a href=\"https:\/\/itfilmes.com.br\/mostrabetim1\/programacao\/samuel-foi-trabalhar\/\">\n                                            Samuel foi trabalhar                                        <\/a>\n                                    <\/h4>\n                                                                    <div class=\"entry-format\">\n                                        <a href=\"https:\/\/itfilmes.com.br\/mostrabetim1\/programacao\/samuel-foi-trabalhar\/\">\n                                            <div class=\"post-format format-\"> <\/div>\n                                        <\/a>\n                                    <\/div>\n                                <\/header>\n                                                            \n                                <div class=\"entry-info\">\n                                                                                                                                    <span class=\"entry-tax aux-no-sep\">\n                                        <a href=\"https:\/\/itfilmes.com.br\/mostrabetim1\/programacao-cats\/08-05\/\" title=\"View all posts in 08\/05 - quarta-feira\" rel=\"category\" >08\/05 - quarta-feira<\/a><a href=\"https:\/\/itfilmes.com.br\/mostrabetim1\/programacao-cats\/mostra-brasil\/\" title=\"View all posts in Mostra Brasil\" rel=\"category\" >Mostra Brasil<\/a>                                    <\/span>\n                                                                                                                                            <\/div>\n                            \n                                                        \n                            <\/div>\n\n                        <\/article>\n<\/div><div class=\"aux-col aux-ajax-item post-2688\">\n                        <article class=\"post column-entry post-2688 news type-news status-publish has-post-thumbnail hentry news-category-08-05 news-category-mostra-brasil news-tag-cineart\">\n                                                        <div class=\"entry-media\"><div class=\"aux-media-frame aux-media-image aux-image-mask\"><a href=\"https:\/\/itfilmes.com.br\/mostrabetim1\/programacao\/mussum-o-filmis\/\"><img decoding=\"async\" src=\"https:\/\/itfilmes.com.br\/mostrabetim1\/wp-content\/uploads\/sites\/7\/2024\/04\/MUSSUM-Poster-2mb.jpg\" class=\"aux-attachment aux-featured-image attachment--30x-39.9 aux-attachment-id-2691 \" alt=\"Mussum, o filmis.\" srcset=\"https:\/\/itfilmes.com.br\/mostrabetim1\/wp-content\/uploads\/sites\/7\/2024\/04\/MUSSUM-Poster-2mb-150x200.jpg 150w,https:\/\/itfilmes.com.br\/mostrabetim1\/wp-content\/uploads\/sites\/7\/2024\/04\/MUSSUM-Poster-2mb-300x399.jpg 300w,https:\/\/itfilmes.com.br\/mostrabetim1\/wp-content\/uploads\/sites\/7\/2024\/04\/MUSSUM-Poster-2mb-768x1021.jpg 768w,https:\/\/itfilmes.com.br\/mostrabetim1\/wp-content\/uploads\/sites\/7\/2024\/04\/MUSSUM-Poster-2mb-1024x1362.jpg 1024w,https:\/\/itfilmes.com.br\/mostrabetim1\/wp-content\/uploads\/sites\/7\/2024\/04\/MUSSUM-Poster-2mb.jpg -30w,https:\/\/itfilmes.com.br\/mostrabetim1\/wp-content\/uploads\/sites\/7\/2024\/04\/MUSSUM-Poster-2mb-1070x1423.jpg 1070w\" data-ratio=\"0.75\" data-original-w=\"1080\" sizes=\"(max-width:479px) 480px,(max-width:767px) 768px,(max-width:1023px) 1024px,-30px\" \/><\/a><\/div><\/div>\n                            \n                            <div class=\"entry-main\">\n                                                        \n                                <header class=\"entry-header\">\n                                \n                                    <h4 class=\"entry-title\">\n                                        <a href=\"https:\/\/itfilmes.com.br\/mostrabetim1\/programacao\/mussum-o-filmis\/\">\n                                            Mussum, o filmis                                        <\/a>\n                                    <\/h4>\n                                                                    <div class=\"entry-format\">\n                                        <a href=\"https:\/\/itfilmes.com.br\/mostrabetim1\/programacao\/mussum-o-filmis\/\">\n                                            <div class=\"post-format format-\"> <\/div>\n                                        <\/a>\n                                    <\/div>\n                                <\/header>\n                                                            \n                                <div class=\"entry-info\">\n                                                                                                                                    <span class=\"entry-tax aux-no-sep\">\n                                        <a href=\"https:\/\/itfilmes.com.br\/mostrabetim1\/programacao-cats\/08-05\/\" title=\"View all posts in 08\/05 - quarta-feira\" rel=\"category\" >08\/05 - quarta-feira<\/a><a href=\"https:\/\/itfilmes.com.br\/mostrabetim1\/programacao-cats\/mostra-brasil\/\" title=\"View all posts in Mostra Brasil\" rel=\"category\" >Mostra Brasil<\/a>                                    <\/span>\n                                                                                                                                            <\/div>\n                            \n                                                        \n                            <\/div>\n\n                        <\/article>\n<\/div><div class=\"aux-col aux-ajax-item post-2698\">\n                        <article class=\"post column-entry post-2698 news type-news status-publish has-post-thumbnail hentry news-category-08-05 news-category-mostra-brasil news-tag-cineart\">\n                                                        <div class=\"entry-media\"><div class=\"aux-media-frame aux-media-image aux-image-mask\"><a href=\"https:\/\/itfilmes.com.br\/mostrabetim1\/programacao\/seu-cavalcanti\/\"><img decoding=\"async\" src=\"https:\/\/itfilmes.com.br\/mostrabetim1\/wp-content\/uploads\/sites\/7\/2024\/04\/Poster-SEU-CAVALCANTI-direcao-Leonardo-Lacca.jpg\" class=\"aux-attachment aux-featured-image attachment--30x-39.9 aux-attachment-id-2701 \" alt=\"SEU CAVALCANTI\" srcset=\"https:\/\/itfilmes.com.br\/mostrabetim1\/wp-content\/uploads\/sites\/7\/2024\/04\/Poster-SEU-CAVALCANTI-direcao-Leonardo-Lacca-150x200.jpg 150w,https:\/\/itfilmes.com.br\/mostrabetim1\/wp-content\/uploads\/sites\/7\/2024\/04\/Poster-SEU-CAVALCANTI-direcao-Leonardo-Lacca-300x399.jpg 300w,https:\/\/itfilmes.com.br\/mostrabetim1\/wp-content\/uploads\/sites\/7\/2024\/04\/Poster-SEU-CAVALCANTI-direcao-Leonardo-Lacca-768x1021.jpg 768w,https:\/\/itfilmes.com.br\/mostrabetim1\/wp-content\/uploads\/sites\/7\/2024\/04\/Poster-SEU-CAVALCANTI-direcao-Leonardo-Lacca-1024x1362.jpg 1024w,https:\/\/itfilmes.com.br\/mostrabetim1\/wp-content\/uploads\/sites\/7\/2024\/04\/Poster-SEU-CAVALCANTI-direcao-Leonardo-Lacca.jpg -30w,https:\/\/itfilmes.com.br\/mostrabetim1\/wp-content\/uploads\/sites\/7\/2024\/04\/Poster-SEU-CAVALCANTI-direcao-Leonardo-Lacca-1070x1423.jpg 1070w\" data-ratio=\"0.75\" data-original-w=\"1080\" sizes=\"(max-width:479px) 480px,(max-width:767px) 768px,(max-width:1023px) 1024px,-30px\" \/><\/a><\/div><\/div>\n                            \n                            <div class=\"entry-main\">\n                                                        \n                                <header class=\"entry-header\">\n                                \n                                    <h4 class=\"entry-title\">\n                                        <a href=\"https:\/\/itfilmes.com.br\/mostrabetim1\/programacao\/seu-cavalcanti\/\">\n                                            Seu Cavalcanti                                        <\/a>\n                                    <\/h4>\n                                                                    <div class=\"entry-format\">\n                                        <a href=\"https:\/\/itfilmes.com.br\/mostrabetim1\/programacao\/seu-cavalcanti\/\">\n                                            <div class=\"post-format format-\"> <\/div>\n                                        <\/a>\n                                    <\/div>\n                                <\/header>\n                                                            \n                                <div class=\"entry-info\">\n                                                                                                                                    <span class=\"entry-tax aux-no-sep\">\n                                        <a href=\"https:\/\/itfilmes.com.br\/mostrabetim1\/programacao-cats\/08-05\/\" title=\"View all posts in 08\/05 - quarta-feira\" rel=\"category\" >08\/05 - quarta-feira<\/a><a href=\"https:\/\/itfilmes.com.br\/mostrabetim1\/programacao-cats\/mostra-brasil\/\" title=\"View all posts in Mostra Brasil\" rel=\"category\" >Mostra Brasil<\/a>                                    <\/span>\n                                                                                                                                            <\/div>\n                            \n                                                        \n                            <\/div>\n\n                        <\/article>\n<\/div><div class=\"aux-col aux-ajax-item post-3040\">\n                        <article class=\"post column-entry post-3040 news type-news status-publish has-post-thumbnail hentry news-category-08-05 news-category-09-05 news-category-10-05 news-category-oficina news-tag-uncategorized\">\n                                                        <div class=\"entry-media\"><div class=\"aux-media-frame aux-media-image aux-image-mask\"><a href=\"https:\/\/itfilmes.com.br\/mostrabetim1\/programacao\/oficinas-audiovisuais\/\"><img decoding=\"async\" src=\"https:\/\/itfilmes.com.br\/mostrabetim1\/wp-content\/uploads\/sites\/7\/2024\/05\/cartaz-A3-3-copia-3.png\" class=\"aux-attachment aux-featured-image attachment--30x-39.9 aux-attachment-id-3043 \" alt=\"Oficinas\" srcset=\"https:\/\/itfilmes.com.br\/mostrabetim1\/wp-content\/uploads\/sites\/7\/2024\/05\/cartaz-A3-3-copia-3-150x200.png 150w,https:\/\/itfilmes.com.br\/mostrabetim1\/wp-content\/uploads\/sites\/7\/2024\/05\/cartaz-A3-3-copia-3-300x399.png 300w,https:\/\/itfilmes.com.br\/mostrabetim1\/wp-content\/uploads\/sites\/7\/2024\/05\/cartaz-A3-3-copia-3-768x1021.png 768w,https:\/\/itfilmes.com.br\/mostrabetim1\/wp-content\/uploads\/sites\/7\/2024\/05\/cartaz-A3-3-copia-3-1024x1362.png 1024w,https:\/\/itfilmes.com.br\/mostrabetim1\/wp-content\/uploads\/sites\/7\/2024\/05\/cartaz-A3-3-copia-3.png -30w,https:\/\/itfilmes.com.br\/mostrabetim1\/wp-content\/uploads\/sites\/7\/2024\/05\/cartaz-A3-3-copia-3-1099x1461.png 1099w\" data-ratio=\"0.75\" data-original-w=\"1109\" sizes=\"(max-width:479px) 480px,(max-width:767px) 768px,(max-width:1023px) 1024px,-30px\" \/><\/a><\/div><\/div>\n                            \n                            <div class=\"entry-main\">\n                                                        \n                                <header class=\"entry-header\">\n                                \n                                    <h4 class=\"entry-title\">\n                                        <a href=\"https:\/\/itfilmes.com.br\/mostrabetim1\/programacao\/oficinas-audiovisuais\/\">\n                                            Oficinas audiovisuais                                        <\/a>\n                                    <\/h4>\n                                                                    <div class=\"entry-format\">\n                                        <a href=\"https:\/\/itfilmes.com.br\/mostrabetim1\/programacao\/oficinas-audiovisuais\/\">\n                                            <div class=\"post-format format-\"> <\/div>\n                                        <\/a>\n                                    <\/div>\n                                <\/header>\n                                                            \n                                <div class=\"entry-info\">\n                                                                                                                                    <span class=\"entry-tax aux-no-sep\">\n                                        <a href=\"https:\/\/itfilmes.com.br\/mostrabetim1\/programacao-cats\/08-05\/\" title=\"View all posts in 08\/05 - quarta-feira\" rel=\"category\" >08\/05 - quarta-feira<\/a><a href=\"https:\/\/itfilmes.com.br\/mostrabetim1\/programacao-cats\/09-05\/\" title=\"View all posts in 09\/05 - quinta-feira\" rel=\"category\" >09\/05 - quinta-feira<\/a><a href=\"https:\/\/itfilmes.com.br\/mostrabetim1\/programacao-cats\/10-05\/\" title=\"View all posts in 10\/05 - sexta-feira\" rel=\"category\" >10\/05 - sexta-feira<\/a>                                    <\/span>\n                                                                                                                                            <\/div>\n                            \n                                                        \n                            <\/div>\n\n                        <\/article>\n<\/div><div class=\"aux-col aux-ajax-item post-2944\">\n                        <article class=\"post column-entry post-2944 news type-news status-publish has-post-thumbnail hentry news-category-09-05 news-category-seminario news-tag-cineart\">\n                                                        <div class=\"entry-media\"><div class=\"aux-media-frame aux-media-image aux-image-mask\"><a href=\"https:\/\/itfilmes.com.br\/mostrabetim1\/programacao\/betim-cidade-criativa\/\"><img decoding=\"async\" src=\"https:\/\/itfilmes.com.br\/mostrabetim1\/wp-content\/uploads\/sites\/7\/2024\/05\/cartaz-A3-3-copia-2.png\" class=\"aux-attachment aux-featured-image attachment--30x-39.9 aux-attachment-id-3042 \" alt=\"__cartaz-A3-3 c\u00f3pia 2\" srcset=\"https:\/\/itfilmes.com.br\/mostrabetim1\/wp-content\/uploads\/sites\/7\/2024\/05\/cartaz-A3-3-copia-2-150x200.png 150w,https:\/\/itfilmes.com.br\/mostrabetim1\/wp-content\/uploads\/sites\/7\/2024\/05\/cartaz-A3-3-copia-2-300x399.png 300w,https:\/\/itfilmes.com.br\/mostrabetim1\/wp-content\/uploads\/sites\/7\/2024\/05\/cartaz-A3-3-copia-2-768x1021.png 768w,https:\/\/itfilmes.com.br\/mostrabetim1\/wp-content\/uploads\/sites\/7\/2024\/05\/cartaz-A3-3-copia-2-1024x1362.png 1024w,https:\/\/itfilmes.com.br\/mostrabetim1\/wp-content\/uploads\/sites\/7\/2024\/05\/cartaz-A3-3-copia-2.png -30w,https:\/\/itfilmes.com.br\/mostrabetim1\/wp-content\/uploads\/sites\/7\/2024\/05\/cartaz-A3-3-copia-2-1099x1461.png 1099w\" data-ratio=\"0.75\" data-original-w=\"1109\" sizes=\"(max-width:479px) 480px,(max-width:767px) 768px,(max-width:1023px) 1024px,-30px\" \/><\/a><\/div><\/div>\n                            \n                            <div class=\"entry-main\">\n                                                        \n                                <header class=\"entry-header\">\n                                \n                                    <h4 class=\"entry-title\">\n                                        <a href=\"https:\/\/itfilmes.com.br\/mostrabetim1\/programacao\/betim-cidade-criativa\/\">\n                                            Betim Cidade Criativa                                        <\/a>\n                                    <\/h4>\n                                                                    <div class=\"entry-format\">\n                                        <a href=\"https:\/\/itfilmes.com.br\/mostrabetim1\/programacao\/betim-cidade-criativa\/\">\n                                            <div class=\"post-format format-\"> <\/div>\n                                        <\/a>\n                                    <\/div>\n                                <\/header>\n                                                            \n                                <div class=\"entry-info\">\n                                                                                                                                    <span class=\"entry-tax aux-no-sep\">\n                                        <a href=\"https:\/\/itfilmes.com.br\/mostrabetim1\/programacao-cats\/09-05\/\" title=\"View all posts in 09\/05 - quinta-feira\" rel=\"category\" >09\/05 - quinta-feira<\/a><a href=\"https:\/\/itfilmes.com.br\/mostrabetim1\/programacao-cats\/seminario\/\" title=\"View all posts in Semin\u00e1rio\" rel=\"category\" >Semin\u00e1rio<\/a>                                    <\/span>\n                                                                                                                                            <\/div>\n                            \n                                                        \n                            <\/div>\n\n                        <\/article>\n<\/div><div class=\"aux-col aux-ajax-item post-2706\">\n                        <article class=\"post column-entry post-2706 news type-news status-publish has-post-thumbnail hentry news-category-09-05 news-category-mostra-brasil news-tag-cineart\">\n                                                        <div class=\"entry-media\"><div class=\"aux-media-frame aux-media-image aux-image-mask\"><a href=\"https:\/\/itfilmes.com.br\/mostrabetim1\/programacao\/placa-mae\/\"><img decoding=\"async\" src=\"https:\/\/itfilmes.com.br\/mostrabetim1\/wp-content\/uploads\/sites\/7\/2024\/04\/Placa-mae.jpg\" class=\"aux-attachment aux-featured-image attachment--30x-39.9 aux-attachment-id-2709 \" alt=\"Placa-m\u00e3e\" srcset=\"https:\/\/itfilmes.com.br\/mostrabetim1\/wp-content\/uploads\/sites\/7\/2024\/04\/Placa-mae-150x200.jpg 150w,https:\/\/itfilmes.com.br\/mostrabetim1\/wp-content\/uploads\/sites\/7\/2024\/04\/Placa-mae-300x399.jpg 300w,https:\/\/itfilmes.com.br\/mostrabetim1\/wp-content\/uploads\/sites\/7\/2024\/04\/Placa-mae-768x1021.jpg 768w,https:\/\/itfilmes.com.br\/mostrabetim1\/wp-content\/uploads\/sites\/7\/2024\/04\/Placa-mae-1024x1362.jpg 1024w,https:\/\/itfilmes.com.br\/mostrabetim1\/wp-content\/uploads\/sites\/7\/2024\/04\/Placa-mae.jpg -30w,https:\/\/itfilmes.com.br\/mostrabetim1\/wp-content\/uploads\/sites\/7\/2024\/04\/Placa-mae-1070x1423.jpg 1070w\" data-ratio=\"0.75\" data-original-w=\"1080\" sizes=\"(max-width:479px) 480px,(max-width:767px) 768px,(max-width:1023px) 1024px,-30px\" \/><\/a><\/div><\/div>\n                            \n                            <div class=\"entry-main\">\n                                                        \n                                <header class=\"entry-header\">\n                                \n                                    <h4 class=\"entry-title\">\n                                        <a href=\"https:\/\/itfilmes.com.br\/mostrabetim1\/programacao\/placa-mae\/\">\n                                            Placa-m\u00e3e                                        <\/a>\n                                    <\/h4>\n                                                                    <div class=\"entry-format\">\n                                        <a href=\"https:\/\/itfilmes.com.br\/mostrabetim1\/programacao\/placa-mae\/\">\n                                            <div class=\"post-format format-\"> <\/div>\n                                        <\/a>\n                                    <\/div>\n                                <\/header>\n                                                            \n                                <div class=\"entry-info\">\n                                                                                                                                    <span class=\"entry-tax aux-no-sep\">\n                                        <a href=\"https:\/\/itfilmes.com.br\/mostrabetim1\/programacao-cats\/09-05\/\" title=\"View all posts in 09\/05 - quinta-feira\" rel=\"category\" >09\/05 - quinta-feira<\/a><a href=\"https:\/\/itfilmes.com.br\/mostrabetim1\/programacao-cats\/mostra-brasil\/\" title=\"View all posts in Mostra Brasil\" rel=\"category\" >Mostra Brasil<\/a>                                    <\/span>\n                                                                                                                                            <\/div>\n                            \n                                                        \n                            <\/div>\n\n                        <\/article>\n<\/div><div class=\"aux-col aux-ajax-item post-2713\">\n                        <article class=\"post column-entry post-2713 news type-news status-publish has-post-thumbnail hentry news-category-09-05 news-category-mostra-brasil news-tag-cineart\">\n                                                        <div class=\"entry-media\"><div class=\"aux-media-frame aux-media-image aux-image-mask\"><a href=\"https:\/\/itfilmes.com.br\/mostrabetim1\/programacao\/clara-estrela\/\"><img decoding=\"async\" src=\"https:\/\/itfilmes.com.br\/mostrabetim1\/wp-content\/uploads\/sites\/7\/2024\/04\/CLARA-ESTRELA-3-4-LOUROS.jpg\" class=\"aux-attachment aux-featured-image attachment--30x-39.9 aux-attachment-id-2716 \" alt=\"Clara estrela\" srcset=\"https:\/\/itfilmes.com.br\/mostrabetim1\/wp-content\/uploads\/sites\/7\/2024\/04\/CLARA-ESTRELA-3-4-LOUROS-150x200.jpg 150w,https:\/\/itfilmes.com.br\/mostrabetim1\/wp-content\/uploads\/sites\/7\/2024\/04\/CLARA-ESTRELA-3-4-LOUROS-300x399.jpg 300w,https:\/\/itfilmes.com.br\/mostrabetim1\/wp-content\/uploads\/sites\/7\/2024\/04\/CLARA-ESTRELA-3-4-LOUROS-768x1021.jpg 768w,https:\/\/itfilmes.com.br\/mostrabetim1\/wp-content\/uploads\/sites\/7\/2024\/04\/CLARA-ESTRELA-3-4-LOUROS-1024x1362.jpg 1024w,https:\/\/itfilmes.com.br\/mostrabetim1\/wp-content\/uploads\/sites\/7\/2024\/04\/CLARA-ESTRELA-3-4-LOUROS.jpg -30w,https:\/\/itfilmes.com.br\/mostrabetim1\/wp-content\/uploads\/sites\/7\/2024\/04\/CLARA-ESTRELA-3-4-LOUROS-1070x1423.jpg 1070w\" data-ratio=\"0.75\" data-original-w=\"1080\" sizes=\"(max-width:479px) 480px,(max-width:767px) 768px,(max-width:1023px) 1024px,-30px\" \/><\/a><\/div><\/div>\n                            \n                            <div class=\"entry-main\">\n                                                        \n                                <header class=\"entry-header\">\n                                \n                                    <h4 class=\"entry-title\">\n                                        <a href=\"https:\/\/itfilmes.com.br\/mostrabetim1\/programacao\/clara-estrela\/\">\n                                            Clara estrela                                        <\/a>\n                                    <\/h4>\n                                                                    <div class=\"entry-format\">\n                                        <a href=\"https:\/\/itfilmes.com.br\/mostrabetim1\/programacao\/clara-estrela\/\">\n                                            <div class=\"post-format format-\"> <\/div>\n                                        <\/a>\n                                    <\/div>\n                                <\/header>\n                                                            \n                                <div class=\"entry-info\">\n                                                                                                                                    <span class=\"entry-tax aux-no-sep\">\n                                        <a href=\"https:\/\/itfilmes.com.br\/mostrabetim1\/programacao-cats\/09-05\/\" title=\"View all posts in 09\/05 - quinta-feira\" rel=\"category\" >09\/05 - quinta-feira<\/a><a href=\"https:\/\/itfilmes.com.br\/mostrabetim1\/programacao-cats\/mostra-brasil\/\" title=\"View all posts in Mostra Brasil\" rel=\"category\" >Mostra Brasil<\/a>                                    <\/span>\n                                                                                                                                            <\/div>\n                            \n                                                        \n                            <\/div>\n\n                        <\/article>\n<\/div><div class=\"aux-col aux-ajax-item post-2720\">\n                        <article class=\"post column-entry post-2720 news type-news status-publish has-post-thumbnail hentry news-category-09-05 news-category-mostra-brasil news-tag-cineart\">\n                                                        <div class=\"entry-media\"><div class=\"aux-media-frame aux-media-image aux-image-mask\"><a href=\"https:\/\/itfilmes.com.br\/mostrabetim1\/programacao\/o-dia-que-te-conheci\/\"><img decoding=\"async\" src=\"https:\/\/itfilmes.com.br\/mostrabetim1\/wp-content\/uploads\/sites\/7\/2024\/04\/ODiaQueTeConheci_Still-03.jpg\" class=\"aux-attachment aux-featured-image attachment--30x-39.9 aux-attachment-id-2723 \" alt=\"O dia que te conheci\" srcset=\"https:\/\/itfilmes.com.br\/mostrabetim1\/wp-content\/uploads\/sites\/7\/2024\/04\/ODiaQueTeConheci_Still-03-150x200.jpg 150w,https:\/\/itfilmes.com.br\/mostrabetim1\/wp-content\/uploads\/sites\/7\/2024\/04\/ODiaQueTeConheci_Still-03-300x399.jpg 300w,https:\/\/itfilmes.com.br\/mostrabetim1\/wp-content\/uploads\/sites\/7\/2024\/04\/ODiaQueTeConheci_Still-03-768x1021.jpg 768w,https:\/\/itfilmes.com.br\/mostrabetim1\/wp-content\/uploads\/sites\/7\/2024\/04\/ODiaQueTeConheci_Still-03-1024x1362.jpg 1024w,https:\/\/itfilmes.com.br\/mostrabetim1\/wp-content\/uploads\/sites\/7\/2024\/04\/ODiaQueTeConheci_Still-03.jpg -30w,https:\/\/itfilmes.com.br\/mostrabetim1\/wp-content\/uploads\/sites\/7\/2024\/04\/ODiaQueTeConheci_Still-03-1070x1423.jpg 1070w\" data-ratio=\"0.75\" data-original-w=\"1080\" sizes=\"(max-width:479px) 480px,(max-width:767px) 768px,(max-width:1023px) 1024px,-30px\" \/><\/a><\/div><\/div>\n                            \n                            <div class=\"entry-main\">\n                                                        \n                                <header class=\"entry-header\">\n                                \n                                    <h4 class=\"entry-title\">\n                                        <a href=\"https:\/\/itfilmes.com.br\/mostrabetim1\/programacao\/o-dia-que-te-conheci\/\">\n                                            O dia que te conheci                                        <\/a>\n                                    <\/h4>\n                                                                    <div class=\"entry-format\">\n                                        <a href=\"https:\/\/itfilmes.com.br\/mostrabetim1\/programacao\/o-dia-que-te-conheci\/\">\n                                            <div class=\"post-format format-\"> <\/div>\n                                        <\/a>\n                                    <\/div>\n                                <\/header>\n                                                            \n                                <div class=\"entry-info\">\n                                                                                                                                    <span class=\"entry-tax aux-no-sep\">\n                                        <a href=\"https:\/\/itfilmes.com.br\/mostrabetim1\/programacao-cats\/09-05\/\" title=\"View all posts in 09\/05 - quinta-feira\" rel=\"category\" >09\/05 - quinta-feira<\/a><a href=\"https:\/\/itfilmes.com.br\/mostrabetim1\/programacao-cats\/mostra-brasil\/\" title=\"View all posts in Mostra Brasil\" rel=\"category\" >Mostra Brasil<\/a>                                    <\/span>\n                                                                                                                                            <\/div>\n                            \n                                                        \n                            <\/div>\n\n                        <\/article>\n<\/div><div class=\"aux-col aux-ajax-item post-2727\">\n                        <article class=\"post column-entry post-2727 news type-news status-publish has-post-thumbnail hentry news-category-10-05 news-category-mostra-brasil news-tag-cineart\">\n                                                        <div class=\"entry-media\"><div class=\"aux-media-frame aux-media-image aux-image-mask\"><a href=\"https:\/\/itfilmes.com.br\/mostrabetim1\/programacao\/as-primeiras\/\"><img decoding=\"async\" src=\"https:\/\/itfilmes.com.br\/mostrabetim1\/wp-content\/uploads\/sites\/7\/2024\/04\/ole_AsPrimeiras.jpg\" class=\"aux-attachment aux-featured-image attachment--30x-39.9 aux-attachment-id-2729 \" alt=\"As primeiras\" srcset=\"https:\/\/itfilmes.com.br\/mostrabetim1\/wp-content\/uploads\/sites\/7\/2024\/04\/ole_AsPrimeiras-150x200.jpg 150w,https:\/\/itfilmes.com.br\/mostrabetim1\/wp-content\/uploads\/sites\/7\/2024\/04\/ole_AsPrimeiras-300x399.jpg 300w,https:\/\/itfilmes.com.br\/mostrabetim1\/wp-content\/uploads\/sites\/7\/2024\/04\/ole_AsPrimeiras-768x1021.jpg 768w,https:\/\/itfilmes.com.br\/mostrabetim1\/wp-content\/uploads\/sites\/7\/2024\/04\/ole_AsPrimeiras-1024x1362.jpg 1024w,https:\/\/itfilmes.com.br\/mostrabetim1\/wp-content\/uploads\/sites\/7\/2024\/04\/ole_AsPrimeiras.jpg -30w,https:\/\/itfilmes.com.br\/mostrabetim1\/wp-content\/uploads\/sites\/7\/2024\/04\/ole_AsPrimeiras-1070x1423.jpg 1070w\" data-ratio=\"0.75\" data-original-w=\"1080\" sizes=\"(max-width:479px) 480px,(max-width:767px) 768px,(max-width:1023px) 1024px,-30px\" \/><\/a><\/div><\/div>\n                            \n                            <div class=\"entry-main\">\n                                                        \n                                <header class=\"entry-header\">\n                                \n                                    <h4 class=\"entry-title\">\n                                        <a href=\"https:\/\/itfilmes.com.br\/mostrabetim1\/programacao\/as-primeiras\/\">\n                                            As primeiras                                        <\/a>\n                                    <\/h4>\n                                                                    <div class=\"entry-format\">\n                                        <a href=\"https:\/\/itfilmes.com.br\/mostrabetim1\/programacao\/as-primeiras\/\">\n                                            <div class=\"post-format format-\"> <\/div>\n                                        <\/a>\n                                    <\/div>\n                                <\/header>\n                                                            \n                                <div class=\"entry-info\">\n                                                                                                                                    <span class=\"entry-tax aux-no-sep\">\n                                        <a href=\"https:\/\/itfilmes.com.br\/mostrabetim1\/programacao-cats\/10-05\/\" title=\"View all posts in 10\/05 - sexta-feira\" rel=\"category\" >10\/05 - sexta-feira<\/a><a href=\"https:\/\/itfilmes.com.br\/mostrabetim1\/programacao-cats\/mostra-brasil\/\" title=\"View all posts in Mostra Brasil\" rel=\"category\" >Mostra Brasil<\/a>                                    <\/span>\n                                                                                                                                            <\/div>\n                            \n                                                        \n                            <\/div>\n\n                        <\/article>\n<\/div><div class=\"aux-col aux-ajax-item post-2736\">\n                        <article class=\"post column-entry post-2736 news type-news status-publish has-post-thumbnail hentry news-category-10-05 news-category-mostra-brasil news-tag-cineart\">\n                                                        <div class=\"entry-media\"><div class=\"aux-media-frame aux-media-image aux-image-mask\"><a href=\"https:\/\/itfilmes.com.br\/mostrabetim1\/programacao\/estranho-caminho\/\"><img decoding=\"async\" src=\"https:\/\/itfilmes.com.br\/mostrabetim1\/wp-content\/uploads\/sites\/7\/2024\/04\/Estranho-Caminho.jpg\" class=\"aux-attachment aux-featured-image attachment--30x-39.9 aux-attachment-id-2738 \" alt=\"Estranho caminho\" srcset=\"https:\/\/itfilmes.com.br\/mostrabetim1\/wp-content\/uploads\/sites\/7\/2024\/04\/Estranho-Caminho-150x200.jpg 150w,https:\/\/itfilmes.com.br\/mostrabetim1\/wp-content\/uploads\/sites\/7\/2024\/04\/Estranho-Caminho-300x399.jpg 300w,https:\/\/itfilmes.com.br\/mostrabetim1\/wp-content\/uploads\/sites\/7\/2024\/04\/Estranho-Caminho-768x1021.jpg 768w,https:\/\/itfilmes.com.br\/mostrabetim1\/wp-content\/uploads\/sites\/7\/2024\/04\/Estranho-Caminho-1024x1362.jpg 1024w,https:\/\/itfilmes.com.br\/mostrabetim1\/wp-content\/uploads\/sites\/7\/2024\/04\/Estranho-Caminho.jpg -30w,https:\/\/itfilmes.com.br\/mostrabetim1\/wp-content\/uploads\/sites\/7\/2024\/04\/Estranho-Caminho-1070x1423.jpg 1070w\" data-ratio=\"0.75\" data-original-w=\"1080\" sizes=\"(max-width:479px) 480px,(max-width:767px) 768px,(max-width:1023px) 1024px,-30px\" \/><\/a><\/div><\/div>\n                            \n                            <div class=\"entry-main\">\n                                                        \n                                <header class=\"entry-header\">\n                                \n                                    <h4 class=\"entry-title\">\n                                        <a href=\"https:\/\/itfilmes.com.br\/mostrabetim1\/programacao\/estranho-caminho\/\">\n                                            Estranho caminho                                        <\/a>\n                                    <\/h4>\n                                                                    <div class=\"entry-format\">\n                                        <a href=\"https:\/\/itfilmes.com.br\/mostrabetim1\/programacao\/estranho-caminho\/\">\n                                            <div class=\"post-format format-\"> <\/div>\n                                        <\/a>\n                                    <\/div>\n                                <\/header>\n                                                            \n                                <div class=\"entry-info\">\n                                                                                                                                    <span class=\"entry-tax aux-no-sep\">\n                                        <a href=\"https:\/\/itfilmes.com.br\/mostrabetim1\/programacao-cats\/10-05\/\" title=\"View all posts in 10\/05 - sexta-feira\" rel=\"category\" >10\/05 - sexta-feira<\/a><a href=\"https:\/\/itfilmes.com.br\/mostrabetim1\/programacao-cats\/mostra-brasil\/\" title=\"View all posts in Mostra Brasil\" rel=\"category\" >Mostra Brasil<\/a>                                    <\/span>\n                                                                                                                                            <\/div>\n                            \n                                                        \n                            <\/div>\n\n                        <\/article>\n<\/div><div class=\"aux-col aux-ajax-item post-2742\">\n                        <article class=\"post column-entry post-2742 news type-news status-publish has-post-thumbnail hentry news-category-11-05 news-category-mostra-brasil news-tag-cineart\">\n                                                        <div class=\"entry-media\"><div class=\"aux-media-frame aux-media-image aux-image-mask\"><a href=\"https:\/\/itfilmes.com.br\/mostrabetim1\/programacao\/my-name-is-now-elza-soares\/\"><img decoding=\"async\" src=\"https:\/\/itfilmes.com.br\/mostrabetim1\/wp-content\/uploads\/sites\/7\/2024\/04\/my-name-is-now-elza-soares.jpg\" class=\"aux-attachment aux-featured-image attachment--30x-39.9 aux-attachment-id-2744 \" alt=\"My name is now, Elza Soares\" srcset=\"https:\/\/itfilmes.com.br\/mostrabetim1\/wp-content\/uploads\/sites\/7\/2024\/04\/my-name-is-now-elza-soares-150x200.jpg 150w,https:\/\/itfilmes.com.br\/mostrabetim1\/wp-content\/uploads\/sites\/7\/2024\/04\/my-name-is-now-elza-soares-300x399.jpg 300w,https:\/\/itfilmes.com.br\/mostrabetim1\/wp-content\/uploads\/sites\/7\/2024\/04\/my-name-is-now-elza-soares-768x1021.jpg 768w,https:\/\/itfilmes.com.br\/mostrabetim1\/wp-content\/uploads\/sites\/7\/2024\/04\/my-name-is-now-elza-soares-1024x1362.jpg 1024w,https:\/\/itfilmes.com.br\/mostrabetim1\/wp-content\/uploads\/sites\/7\/2024\/04\/my-name-is-now-elza-soares.jpg -30w,https:\/\/itfilmes.com.br\/mostrabetim1\/wp-content\/uploads\/sites\/7\/2024\/04\/my-name-is-now-elza-soares-1070x1423.jpg 1070w\" data-ratio=\"0.75\" data-original-w=\"1080\" sizes=\"(max-width:479px) 480px,(max-width:767px) 768px,(max-width:1023px) 1024px,-30px\" \/><\/a><\/div><\/div>\n                            \n                            <div class=\"entry-main\">\n                                                        \n                                <header class=\"entry-header\">\n                                \n                                    <h4 class=\"entry-title\">\n                                        <a href=\"https:\/\/itfilmes.com.br\/mostrabetim1\/programacao\/my-name-is-now-elza-soares\/\">\n                                            My name is now, Elza Soares                                        <\/a>\n                                    <\/h4>\n                                                                    <div class=\"entry-format\">\n                                        <a href=\"https:\/\/itfilmes.com.br\/mostrabetim1\/programacao\/my-name-is-now-elza-soares\/\">\n                                            <div class=\"post-format format-\"> <\/div>\n                                        <\/a>\n                                    <\/div>\n                                <\/header>\n                                                            \n                                <div class=\"entry-info\">\n                                                                                                                                    <span class=\"entry-tax aux-no-sep\">\n                                        <a href=\"https:\/\/itfilmes.com.br\/mostrabetim1\/programacao-cats\/11-05\/\" title=\"View all posts in 11\/05 - s\u00e1bado\" rel=\"category\" >11\/05 - s\u00e1bado<\/a><a href=\"https:\/\/itfilmes.com.br\/mostrabetim1\/programacao-cats\/mostra-brasil\/\" title=\"View all posts in Mostra Brasil\" rel=\"category\" >Mostra Brasil<\/a>                                    <\/span>\n                                                                                                                                            <\/div>\n                            \n                                                        \n                            <\/div>\n\n                        <\/article>\n<\/div><div class=\"aux-col aux-ajax-item post-2748\">\n                        <article class=\"post column-entry post-2748 news type-news status-publish has-post-thumbnail hentry news-category-11-05 news-category-mostra-curta-betim news-tag-cineart\">\n                                                        <div class=\"entry-media\"><div class=\"aux-media-frame aux-media-image aux-image-mask\"><a href=\"https:\/\/itfilmes.com.br\/mostrabetim1\/programacao\/a-maksra\/\"><img decoding=\"async\" src=\"https:\/\/itfilmes.com.br\/mostrabetim1\/wp-content\/uploads\/sites\/7\/2024\/04\/A-MAKSRA-Cartaz.jpg\" class=\"aux-attachment aux-featured-image attachment--30x-39.9 aux-attachment-id-2976 \" alt=\"A Maksra\" srcset=\"https:\/\/itfilmes.com.br\/mostrabetim1\/wp-content\/uploads\/sites\/7\/2024\/04\/A-MAKSRA-Cartaz-150x200.jpg 150w,https:\/\/itfilmes.com.br\/mostrabetim1\/wp-content\/uploads\/sites\/7\/2024\/04\/A-MAKSRA-Cartaz-300x399.jpg 300w,https:\/\/itfilmes.com.br\/mostrabetim1\/wp-content\/uploads\/sites\/7\/2024\/04\/A-MAKSRA-Cartaz-768x1021.jpg 768w,https:\/\/itfilmes.com.br\/mostrabetim1\/wp-content\/uploads\/sites\/7\/2024\/04\/A-MAKSRA-Cartaz-1024x1362.jpg 1024w,https:\/\/itfilmes.com.br\/mostrabetim1\/wp-content\/uploads\/sites\/7\/2024\/04\/A-MAKSRA-Cartaz.jpg -30w,https:\/\/itfilmes.com.br\/mostrabetim1\/wp-content\/uploads\/sites\/7\/2024\/04\/A-MAKSRA-Cartaz-1070x1423.jpg 1070w\" data-ratio=\"0.75\" data-original-w=\"1080\" sizes=\"(max-width:479px) 480px,(max-width:767px) 768px,(max-width:1023px) 1024px,-30px\" \/><\/a><\/div><\/div>\n                            \n                            <div class=\"entry-main\">\n                                                        \n                                <header class=\"entry-header\">\n                                \n                                    <h4 class=\"entry-title\">\n                                        <a href=\"https:\/\/itfilmes.com.br\/mostrabetim1\/programacao\/a-maksra\/\">\n                                            A Maksra                                        <\/a>\n                                    <\/h4>\n                                                                    <div class=\"entry-format\">\n                                        <a href=\"https:\/\/itfilmes.com.br\/mostrabetim1\/programacao\/a-maksra\/\">\n                                            <div class=\"post-format format-\"> <\/div>\n                                        <\/a>\n                                    <\/div>\n                                <\/header>\n                                                            \n                                <div class=\"entry-info\">\n                                                                                                                                    <span class=\"entry-tax aux-no-sep\">\n                                        <a href=\"https:\/\/itfilmes.com.br\/mostrabetim1\/programacao-cats\/11-05\/\" title=\"View all posts in 11\/05 - s\u00e1bado\" rel=\"category\" >11\/05 - s\u00e1bado<\/a><a href=\"https:\/\/itfilmes.com.br\/mostrabetim1\/programacao-cats\/mostra-curta-betim\/\" title=\"View all posts in Mostra Curta Betim\" rel=\"category\" >Mostra Curta Betim<\/a>                                    <\/span>\n                                                                                                                                            <\/div>\n                            \n                                                        \n                            <\/div>\n\n                        <\/article>\n<\/div><div class=\"aux-col aux-ajax-item post-2754\">\n                        <article class=\"post column-entry post-2754 news type-news status-publish has-post-thumbnail hentry news-category-11-05 news-category-mostra-curta-betim news-tag-cineart\">\n                                                        <div class=\"entry-media\"><div class=\"aux-media-frame aux-media-image aux-image-mask\"><a href=\"https:\/\/itfilmes.com.br\/mostrabetim1\/programacao\/soliloquio\/\"><img decoding=\"async\" src=\"https:\/\/itfilmes.com.br\/mostrabetim1\/wp-content\/uploads\/sites\/7\/2024\/04\/soliloquio.jpg\" class=\"aux-attachment aux-featured-image attachment--30x-39.9 aux-attachment-id-2977 \" alt=\"Solil\u00f3quio\" srcset=\"https:\/\/itfilmes.com.br\/mostrabetim1\/wp-content\/uploads\/sites\/7\/2024\/04\/soliloquio-150x200.jpg 150w,https:\/\/itfilmes.com.br\/mostrabetim1\/wp-content\/uploads\/sites\/7\/2024\/04\/soliloquio-300x399.jpg 300w,https:\/\/itfilmes.com.br\/mostrabetim1\/wp-content\/uploads\/sites\/7\/2024\/04\/soliloquio-768x1021.jpg 768w,https:\/\/itfilmes.com.br\/mostrabetim1\/wp-content\/uploads\/sites\/7\/2024\/04\/soliloquio-1024x1362.jpg 1024w,https:\/\/itfilmes.com.br\/mostrabetim1\/wp-content\/uploads\/sites\/7\/2024\/04\/soliloquio.jpg -30w,https:\/\/itfilmes.com.br\/mostrabetim1\/wp-content\/uploads\/sites\/7\/2024\/04\/soliloquio-1070x1423.jpg 1070w\" data-ratio=\"0.75\" data-original-w=\"1080\" sizes=\"(max-width:479px) 480px,(max-width:767px) 768px,(max-width:1023px) 1024px,-30px\" \/><\/a><\/div><\/div>\n                            \n                            <div class=\"entry-main\">\n                                                        \n                                <header class=\"entry-header\">\n                                \n                                    <h4 class=\"entry-title\">\n                                        <a href=\"https:\/\/itfilmes.com.br\/mostrabetim1\/programacao\/soliloquio\/\">\n                                            Solil\u00f3quio                                        <\/a>\n                                    <\/h4>\n                                                                    <div class=\"entry-format\">\n                                        <a href=\"https:\/\/itfilmes.com.br\/mostrabetim1\/programacao\/soliloquio\/\">\n                                            <div class=\"post-format format-\"> <\/div>\n                                        <\/a>\n                                    <\/div>\n                                <\/header>\n                                                            \n                                <div class=\"entry-info\">\n                                                                                                                                    <span class=\"entry-tax aux-no-sep\">\n                                        <a href=\"https:\/\/itfilmes.com.br\/mostrabetim1\/programacao-cats\/11-05\/\" title=\"View all posts in 11\/05 - s\u00e1bado\" rel=\"category\" >11\/05 - s\u00e1bado<\/a><a href=\"https:\/\/itfilmes.com.br\/mostrabetim1\/programacao-cats\/mostra-curta-betim\/\" title=\"View all posts in Mostra Curta Betim\" rel=\"category\" >Mostra Curta Betim<\/a>                                    <\/span>\n                                                                                                                                            <\/div>\n                            \n                                                        \n                            <\/div>\n\n                        <\/article>\n<\/div><div class=\"aux-col aux-ajax-item post-2759\">\n                        <article class=\"post column-entry post-2759 news type-news status-publish has-post-thumbnail hentry news-category-11-05 news-category-mostra-curta-betim news-tag-cineart\">\n                                                        <div class=\"entry-media\"><div class=\"aux-media-frame aux-media-image aux-image-mask\"><a href=\"https:\/\/itfilmes.com.br\/mostrabetim1\/programacao\/desisistir-poeticas-apocalipticas\/\"><img decoding=\"async\" src=\"https:\/\/itfilmes.com.br\/mostrabetim1\/wp-content\/uploads\/sites\/7\/2024\/04\/Desisistir_Um_filme-de-Priscila-Sousa_-foto_Leliane-de-Castro.jpg\" class=\"aux-attachment aux-featured-image attachment--30x-39.9 aux-attachment-id-2978 \" alt=\"Desisistir\" srcset=\"https:\/\/itfilmes.com.br\/mostrabetim1\/wp-content\/uploads\/sites\/7\/2024\/04\/Desisistir_Um_filme-de-Priscila-Sousa_-foto_Leliane-de-Castro-150x200.jpg 150w,https:\/\/itfilmes.com.br\/mostrabetim1\/wp-content\/uploads\/sites\/7\/2024\/04\/Desisistir_Um_filme-de-Priscila-Sousa_-foto_Leliane-de-Castro-300x399.jpg 300w,https:\/\/itfilmes.com.br\/mostrabetim1\/wp-content\/uploads\/sites\/7\/2024\/04\/Desisistir_Um_filme-de-Priscila-Sousa_-foto_Leliane-de-Castro-768x1021.jpg 768w,https:\/\/itfilmes.com.br\/mostrabetim1\/wp-content\/uploads\/sites\/7\/2024\/04\/Desisistir_Um_filme-de-Priscila-Sousa_-foto_Leliane-de-Castro-1024x1362.jpg 1024w,https:\/\/itfilmes.com.br\/mostrabetim1\/wp-content\/uploads\/sites\/7\/2024\/04\/Desisistir_Um_filme-de-Priscila-Sousa_-foto_Leliane-de-Castro.jpg -30w,https:\/\/itfilmes.com.br\/mostrabetim1\/wp-content\/uploads\/sites\/7\/2024\/04\/Desisistir_Um_filme-de-Priscila-Sousa_-foto_Leliane-de-Castro-1070x1423.jpg 1070w\" data-ratio=\"0.75\" data-original-w=\"1080\" sizes=\"(max-width:479px) 480px,(max-width:767px) 768px,(max-width:1023px) 1024px,-30px\" \/><\/a><\/div><\/div>\n                            \n                            <div class=\"entry-main\">\n                                                        \n                                <header class=\"entry-header\">\n                                \n                                    <h4 class=\"entry-title\">\n                                        <a href=\"https:\/\/itfilmes.com.br\/mostrabetim1\/programacao\/desisistir-poeticas-apocalipticas\/\">\n                                            Desisistir &#8211; Po\u00e9ticas Apocal\u00edpticas                                        <\/a>\n                                    <\/h4>\n                                                                    <div class=\"entry-format\">\n                                        <a href=\"https:\/\/itfilmes.com.br\/mostrabetim1\/programacao\/desisistir-poeticas-apocalipticas\/\">\n                                            <div class=\"post-format format-\"> <\/div>\n                                        <\/a>\n                                    <\/div>\n                                <\/header>\n                                                            \n                                <div class=\"entry-info\">\n                                                                                                                                    <span class=\"entry-tax aux-no-sep\">\n                                        <a href=\"https:\/\/itfilmes.com.br\/mostrabetim1\/programacao-cats\/11-05\/\" title=\"View all posts in 11\/05 - s\u00e1bado\" rel=\"category\" >11\/05 - s\u00e1bado<\/a><a href=\"https:\/\/itfilmes.com.br\/mostrabetim1\/programacao-cats\/mostra-curta-betim\/\" title=\"View all posts in Mostra Curta Betim\" rel=\"category\" >Mostra Curta Betim<\/a>                                    <\/span>\n                                                                                                                                            <\/div>\n                            \n                                                        \n                            <\/div>\n\n                        <\/article>\n<\/div><div class=\"aux-col aux-ajax-item post-2764\">\n                        <article class=\"post column-entry post-2764 news type-news status-publish has-post-thumbnail hentry news-category-11-05 news-category-mostra-curta-betim news-tag-cineart\">\n                                                        <div class=\"entry-media\"><div class=\"aux-media-frame aux-media-image aux-image-mask\"><a href=\"https:\/\/itfilmes.com.br\/mostrabetim1\/programacao\/a-grande-pioneira\/\"><img decoding=\"async\" src=\"https:\/\/itfilmes.com.br\/mostrabetim1\/wp-content\/uploads\/sites\/7\/2024\/04\/a-grande-pioneira.jpg\" class=\"aux-attachment aux-featured-image attachment--30x-39.9 aux-attachment-id-2979 \" alt=\"A grande pioneira\" srcset=\"https:\/\/itfilmes.com.br\/mostrabetim1\/wp-content\/uploads\/sites\/7\/2024\/04\/a-grande-pioneira-150x200.jpg 150w,https:\/\/itfilmes.com.br\/mostrabetim1\/wp-content\/uploads\/sites\/7\/2024\/04\/a-grande-pioneira-300x399.jpg 300w,https:\/\/itfilmes.com.br\/mostrabetim1\/wp-content\/uploads\/sites\/7\/2024\/04\/a-grande-pioneira-768x1021.jpg 768w,https:\/\/itfilmes.com.br\/mostrabetim1\/wp-content\/uploads\/sites\/7\/2024\/04\/a-grande-pioneira-1024x1362.jpg 1024w,https:\/\/itfilmes.com.br\/mostrabetim1\/wp-content\/uploads\/sites\/7\/2024\/04\/a-grande-pioneira.jpg -30w,https:\/\/itfilmes.com.br\/mostrabetim1\/wp-content\/uploads\/sites\/7\/2024\/04\/a-grande-pioneira-1070x1423.jpg 1070w\" data-ratio=\"0.75\" data-original-w=\"1080\" sizes=\"(max-width:479px) 480px,(max-width:767px) 768px,(max-width:1023px) 1024px,-30px\" \/><\/a><\/div><\/div>\n                            \n                            <div class=\"entry-main\">\n                                                        \n                                <header class=\"entry-header\">\n                                \n                                    <h4 class=\"entry-title\">\n                                        <a href=\"https:\/\/itfilmes.com.br\/mostrabetim1\/programacao\/a-grande-pioneira\/\">\n                                            A grande pioneira                                        <\/a>\n                                    <\/h4>\n                                                                    <div class=\"entry-format\">\n                                        <a href=\"https:\/\/itfilmes.com.br\/mostrabetim1\/programacao\/a-grande-pioneira\/\">\n                                            <div class=\"post-format format-\"> <\/div>\n                                        <\/a>\n                                    <\/div>\n                                <\/header>\n                                                            \n                                <div class=\"entry-info\">\n                                                                                                                                    <span class=\"entry-tax aux-no-sep\">\n                                        <a href=\"https:\/\/itfilmes.com.br\/mostrabetim1\/programacao-cats\/11-05\/\" title=\"View all posts in 11\/05 - s\u00e1bado\" rel=\"category\" >11\/05 - s\u00e1bado<\/a><a href=\"https:\/\/itfilmes.com.br\/mostrabetim1\/programacao-cats\/mostra-curta-betim\/\" title=\"View all posts in Mostra Curta Betim\" rel=\"category\" >Mostra Curta Betim<\/a>                                    <\/span>\n                                                                                                                                            <\/div>\n                            \n                                                        \n                            <\/div>\n\n                        <\/article>\n<\/div><div class=\"aux-col aux-ajax-item post-2813\">\n                        <article class=\"post column-entry post-2813 news type-news status-publish has-post-thumbnail hentry news-category-11-05 news-category-mostra-curta-betim news-tag-cineart\">\n                                                        <div class=\"entry-media\"><div class=\"aux-media-frame aux-media-image aux-image-mask\"><a href=\"https:\/\/itfilmes.com.br\/mostrabetim1\/programacao\/100-anos-de-folia-de-reis-santo-afonso\/\"><img decoding=\"async\" src=\"https:\/\/itfilmes.com.br\/mostrabetim1\/wp-content\/uploads\/sites\/7\/2024\/04\/100anosfoliadereis.jpg\" class=\"aux-attachment aux-featured-image attachment--30x-39.9 aux-attachment-id-2980 \" alt=\"100anosfoliadereis\" srcset=\"https:\/\/itfilmes.com.br\/mostrabetim1\/wp-content\/uploads\/sites\/7\/2024\/04\/100anosfoliadereis-150x200.jpg 150w,https:\/\/itfilmes.com.br\/mostrabetim1\/wp-content\/uploads\/sites\/7\/2024\/04\/100anosfoliadereis-300x399.jpg 300w,https:\/\/itfilmes.com.br\/mostrabetim1\/wp-content\/uploads\/sites\/7\/2024\/04\/100anosfoliadereis-768x1021.jpg 768w,https:\/\/itfilmes.com.br\/mostrabetim1\/wp-content\/uploads\/sites\/7\/2024\/04\/100anosfoliadereis-1024x1362.jpg 1024w,https:\/\/itfilmes.com.br\/mostrabetim1\/wp-content\/uploads\/sites\/7\/2024\/04\/100anosfoliadereis.jpg -30w,https:\/\/itfilmes.com.br\/mostrabetim1\/wp-content\/uploads\/sites\/7\/2024\/04\/100anosfoliadereis-1070x1423.jpg 1070w\" data-ratio=\"0.75\" data-original-w=\"1080\" sizes=\"(max-width:479px) 480px,(max-width:767px) 768px,(max-width:1023px) 1024px,-30px\" \/><\/a><\/div><\/div>\n                            \n                            <div class=\"entry-main\">\n                                                        \n                                <header class=\"entry-header\">\n                                \n                                    <h4 class=\"entry-title\">\n                                        <a href=\"https:\/\/itfilmes.com.br\/mostrabetim1\/programacao\/100-anos-de-folia-de-reis-santo-afonso\/\">\n                                            100 anos de folia de reis Santo Afonso                                        <\/a>\n                                    <\/h4>\n                                                                    <div class=\"entry-format\">\n                                        <a href=\"https:\/\/itfilmes.com.br\/mostrabetim1\/programacao\/100-anos-de-folia-de-reis-santo-afonso\/\">\n                                            <div class=\"post-format format-\"> <\/div>\n                                        <\/a>\n                                    <\/div>\n                                <\/header>\n                                                            \n                                <div class=\"entry-info\">\n                                                                                                                                    <span class=\"entry-tax aux-no-sep\">\n                                        <a href=\"https:\/\/itfilmes.com.br\/mostrabetim1\/programacao-cats\/11-05\/\" title=\"View all posts in 11\/05 - s\u00e1bado\" rel=\"category\" >11\/05 - s\u00e1bado<\/a><a href=\"https:\/\/itfilmes.com.br\/mostrabetim1\/programacao-cats\/mostra-curta-betim\/\" title=\"View all posts in Mostra Curta Betim\" rel=\"category\" >Mostra Curta Betim<\/a>                                    <\/span>\n                                                                                                                                            <\/div>\n                            \n                                                        \n                            <\/div>\n\n                        <\/article>\n<\/div><div class=\"aux-col aux-ajax-item post-2818\">\n                        <article class=\"post column-entry post-2818 news type-news status-publish has-post-thumbnail hentry news-category-11-05 news-category-mostra-brasil news-tag-cineart\">\n                                                        <div class=\"entry-media\"><div class=\"aux-media-frame aux-media-image aux-image-mask\"><a href=\"https:\/\/itfilmes.com.br\/mostrabetim1\/programacao\/onde-esta-mymye-mastroiagnne\/\"><img decoding=\"async\" src=\"https:\/\/itfilmes.com.br\/mostrabetim1\/wp-content\/uploads\/sites\/7\/2024\/04\/onde-esta-mymye.jpg\" class=\"aux-attachment aux-featured-image attachment--30x-39.9 aux-attachment-id-2982 \" alt=\"Onde est\u00e1 mymye\" srcset=\"https:\/\/itfilmes.com.br\/mostrabetim1\/wp-content\/uploads\/sites\/7\/2024\/04\/onde-esta-mymye-150x200.jpg 150w,https:\/\/itfilmes.com.br\/mostrabetim1\/wp-content\/uploads\/sites\/7\/2024\/04\/onde-esta-mymye-300x399.jpg 300w,https:\/\/itfilmes.com.br\/mostrabetim1\/wp-content\/uploads\/sites\/7\/2024\/04\/onde-esta-mymye-768x1021.jpg 768w,https:\/\/itfilmes.com.br\/mostrabetim1\/wp-content\/uploads\/sites\/7\/2024\/04\/onde-esta-mymye-1024x1362.jpg 1024w,https:\/\/itfilmes.com.br\/mostrabetim1\/wp-content\/uploads\/sites\/7\/2024\/04\/onde-esta-mymye.jpg -30w,https:\/\/itfilmes.com.br\/mostrabetim1\/wp-content\/uploads\/sites\/7\/2024\/04\/onde-esta-mymye-1070x1423.jpg 1070w\" data-ratio=\"0.75\" data-original-w=\"1080\" sizes=\"(max-width:479px) 480px,(max-width:767px) 768px,(max-width:1023px) 1024px,-30px\" \/><\/a><\/div><\/div>\n                            \n                            <div class=\"entry-main\">\n                                                        \n                                <header class=\"entry-header\">\n                                \n                                    <h4 class=\"entry-title\">\n                                        <a href=\"https:\/\/itfilmes.com.br\/mostrabetim1\/programacao\/onde-esta-mymye-mastroiagnne\/\">\n                                            Onde est\u00e1 Mymye Mastroiagnne                                        <\/a>\n                                    <\/h4>\n                                                                    <div class=\"entry-format\">\n                                        <a href=\"https:\/\/itfilmes.com.br\/mostrabetim1\/programacao\/onde-esta-mymye-mastroiagnne\/\">\n                                            <div class=\"post-format format-\"> <\/div>\n                                        <\/a>\n                                    <\/div>\n                                <\/header>\n                                                            \n                                <div class=\"entry-info\">\n                                                                                                                                    <span class=\"entry-tax aux-no-sep\">\n                                        <a href=\"https:\/\/itfilmes.com.br\/mostrabetim1\/programacao-cats\/11-05\/\" title=\"View all posts in 11\/05 - s\u00e1bado\" rel=\"category\" >11\/05 - s\u00e1bado<\/a><a href=\"https:\/\/itfilmes.com.br\/mostrabetim1\/programacao-cats\/mostra-brasil\/\" title=\"View all posts in Mostra Brasil\" rel=\"category\" >Mostra Brasil<\/a>                                    <\/span>\n                                                                                                                                            <\/div>\n                            \n                                                        \n                            <\/div>\n\n                        <\/article>\n<\/div><div class=\"aux-col aux-ajax-item post-2823\">\n                        <article class=\"post column-entry post-2823 news type-news status-publish has-post-thumbnail hentry news-category-11-05 news-category-mostra-brasil news-tag-cineart\">\n                                                        <div class=\"entry-media\"><div class=\"aux-media-frame aux-media-image aux-image-mask\"><a href=\"https:\/\/itfilmes.com.br\/mostrabetim1\/programacao\/marte-um\/\"><img decoding=\"async\" src=\"https:\/\/itfilmes.com.br\/mostrabetim1\/wp-content\/uploads\/sites\/7\/2024\/04\/marte-um.jpg\" class=\"aux-attachment aux-featured-image attachment--30x-39.9 aux-attachment-id-2826 \" alt=\"Marte um\" srcset=\"https:\/\/itfilmes.com.br\/mostrabetim1\/wp-content\/uploads\/sites\/7\/2024\/04\/marte-um-150x200.jpg 150w,https:\/\/itfilmes.com.br\/mostrabetim1\/wp-content\/uploads\/sites\/7\/2024\/04\/marte-um-300x399.jpg 300w,https:\/\/itfilmes.com.br\/mostrabetim1\/wp-content\/uploads\/sites\/7\/2024\/04\/marte-um-768x1021.jpg 768w,https:\/\/itfilmes.com.br\/mostrabetim1\/wp-content\/uploads\/sites\/7\/2024\/04\/marte-um-1024x1362.jpg 1024w,https:\/\/itfilmes.com.br\/mostrabetim1\/wp-content\/uploads\/sites\/7\/2024\/04\/marte-um.jpg -30w,https:\/\/itfilmes.com.br\/mostrabetim1\/wp-content\/uploads\/sites\/7\/2024\/04\/marte-um-1070x1423.jpg 1070w\" data-ratio=\"0.75\" data-original-w=\"1080\" sizes=\"(max-width:479px) 480px,(max-width:767px) 768px,(max-width:1023px) 1024px,-30px\" \/><\/a><\/div><\/div>\n                            \n                            <div class=\"entry-main\">\n                                                        \n                                <header class=\"entry-header\">\n                                \n                                    <h4 class=\"entry-title\">\n                                        <a href=\"https:\/\/itfilmes.com.br\/mostrabetim1\/programacao\/marte-um\/\">\n                                            Marte um                                        <\/a>\n                                    <\/h4>\n                                                                    <div class=\"entry-format\">\n                                        <a href=\"https:\/\/itfilmes.com.br\/mostrabetim1\/programacao\/marte-um\/\">\n                                            <div class=\"post-format format-\"> <\/div>\n                                        <\/a>\n                                    <\/div>\n                                <\/header>\n                                                            \n                                <div class=\"entry-info\">\n                                                                                                                                    <span class=\"entry-tax aux-no-sep\">\n                                        <a href=\"https:\/\/itfilmes.com.br\/mostrabetim1\/programacao-cats\/11-05\/\" title=\"View all posts in 11\/05 - s\u00e1bado\" rel=\"category\" >11\/05 - s\u00e1bado<\/a><a href=\"https:\/\/itfilmes.com.br\/mostrabetim1\/programacao-cats\/mostra-brasil\/\" title=\"View all posts in Mostra Brasil\" rel=\"category\" >Mostra Brasil<\/a>                                    <\/span>\n                                                                                                                                            <\/div>\n                            \n                                                        \n                            <\/div>\n\n                        <\/article>\n<\/div><div class=\"aux-col aux-ajax-item post-2830\">\n                        <article class=\"post column-entry post-2830 news type-news status-publish has-post-thumbnail hentry news-category-12-05 news-category-mostra-curtas-da-terra news-tag-cineart\">\n                                                        <div class=\"entry-media\"><div class=\"aux-media-frame aux-media-image aux-image-mask\"><a href=\"https:\/\/itfilmes.com.br\/mostrabetim1\/programacao\/521-anos-siia-ara\/\"><img decoding=\"async\" src=\"https:\/\/itfilmes.com.br\/mostrabetim1\/wp-content\/uploads\/sites\/7\/2024\/04\/521-ANOS-SIIA-ARA-1.jpg\" class=\"aux-attachment aux-featured-image attachment--30x-39.9 aux-attachment-id-2984 \" alt=\"521 ANOS SIIA ARA (1)\" srcset=\"https:\/\/itfilmes.com.br\/mostrabetim1\/wp-content\/uploads\/sites\/7\/2024\/04\/521-ANOS-SIIA-ARA-1-150x200.jpg 150w,https:\/\/itfilmes.com.br\/mostrabetim1\/wp-content\/uploads\/sites\/7\/2024\/04\/521-ANOS-SIIA-ARA-1-300x399.jpg 300w,https:\/\/itfilmes.com.br\/mostrabetim1\/wp-content\/uploads\/sites\/7\/2024\/04\/521-ANOS-SIIA-ARA-1-768x1021.jpg 768w,https:\/\/itfilmes.com.br\/mostrabetim1\/wp-content\/uploads\/sites\/7\/2024\/04\/521-ANOS-SIIA-ARA-1-1024x1362.jpg 1024w,https:\/\/itfilmes.com.br\/mostrabetim1\/wp-content\/uploads\/sites\/7\/2024\/04\/521-ANOS-SIIA-ARA-1.jpg -30w,https:\/\/itfilmes.com.br\/mostrabetim1\/wp-content\/uploads\/sites\/7\/2024\/04\/521-ANOS-SIIA-ARA-1-1070x1423.jpg 1070w\" data-ratio=\"0.75\" data-original-w=\"1080\" sizes=\"(max-width:479px) 480px,(max-width:767px) 768px,(max-width:1023px) 1024px,-30px\" \/><\/a><\/div><\/div>\n                            \n                            <div class=\"entry-main\">\n                                                        \n                                <header class=\"entry-header\">\n                                \n                                    <h4 class=\"entry-title\">\n                                        <a href=\"https:\/\/itfilmes.com.br\/mostrabetim1\/programacao\/521-anos-siia-ara\/\">\n                                            521 anos \/ Siia Ara                                        <\/a>\n                                    <\/h4>\n                                                                    <div class=\"entry-format\">\n                                        <a href=\"https:\/\/itfilmes.com.br\/mostrabetim1\/programacao\/521-anos-siia-ara\/\">\n                                            <div class=\"post-format format-\"> <\/div>\n                                        <\/a>\n                                    <\/div>\n                                <\/header>\n                                                            \n                                <div class=\"entry-info\">\n                                                                                                                                    <span class=\"entry-tax aux-no-sep\">\n                                        <a href=\"https:\/\/itfilmes.com.br\/mostrabetim1\/programacao-cats\/12-05\/\" title=\"View all posts in 12\/05 - domingo\" rel=\"category\" >12\/05 - domingo<\/a><a href=\"https:\/\/itfilmes.com.br\/mostrabetim1\/programacao-cats\/mostra-curtas-da-terra\/\" title=\"View all posts in Mostra Curtas da Terra\" rel=\"category\" >Mostra Curtas da Terra<\/a>                                    <\/span>\n                                                                                                                                            <\/div>\n                            \n                                                        \n                            <\/div>\n\n                        <\/article>\n<\/div><div class=\"aux-col aux-ajax-item post-2838\">\n                        <article class=\"post column-entry post-2838 news type-news status-publish has-post-thumbnail hentry news-category-12-05 news-category-mostra-curtas-da-terra news-tag-cineart\">\n                                                        <div class=\"entry-media\"><div class=\"aux-media-frame aux-media-image aux-image-mask\"><a href=\"https:\/\/itfilmes.com.br\/mostrabetim1\/programacao\/cabana\/\"><img decoding=\"async\" src=\"https:\/\/itfilmes.com.br\/mostrabetim1\/wp-content\/uploads\/sites\/7\/2024\/04\/cabana.jpg\" class=\"aux-attachment aux-featured-image attachment--30x-39.9 aux-attachment-id-2986 \" alt=\"cabana\" srcset=\"https:\/\/itfilmes.com.br\/mostrabetim1\/wp-content\/uploads\/sites\/7\/2024\/04\/cabana-150x200.jpg 150w,https:\/\/itfilmes.com.br\/mostrabetim1\/wp-content\/uploads\/sites\/7\/2024\/04\/cabana-300x399.jpg 300w,https:\/\/itfilmes.com.br\/mostrabetim1\/wp-content\/uploads\/sites\/7\/2024\/04\/cabana-768x1021.jpg 768w,https:\/\/itfilmes.com.br\/mostrabetim1\/wp-content\/uploads\/sites\/7\/2024\/04\/cabana-1024x1362.jpg 1024w,https:\/\/itfilmes.com.br\/mostrabetim1\/wp-content\/uploads\/sites\/7\/2024\/04\/cabana.jpg -30w,https:\/\/itfilmes.com.br\/mostrabetim1\/wp-content\/uploads\/sites\/7\/2024\/04\/cabana-1070x1423.jpg 1070w\" data-ratio=\"0.75\" data-original-w=\"1080\" sizes=\"(max-width:479px) 480px,(max-width:767px) 768px,(max-width:1023px) 1024px,-30px\" \/><\/a><\/div><\/div>\n                            \n                            <div class=\"entry-main\">\n                                                        \n                                <header class=\"entry-header\">\n                                \n                                    <h4 class=\"entry-title\">\n                                        <a href=\"https:\/\/itfilmes.com.br\/mostrabetim1\/programacao\/cabana\/\">\n                                            Cabana                                        <\/a>\n                                    <\/h4>\n                                                                    <div class=\"entry-format\">\n                                        <a href=\"https:\/\/itfilmes.com.br\/mostrabetim1\/programacao\/cabana\/\">\n                                            <div class=\"post-format format-\"> <\/div>\n                                        <\/a>\n                                    <\/div>\n                                <\/header>\n                                                            \n                                <div class=\"entry-info\">\n                                                                                                                                    <span class=\"entry-tax aux-no-sep\">\n                                        <a href=\"https:\/\/itfilmes.com.br\/mostrabetim1\/programacao-cats\/12-05\/\" title=\"View all posts in 12\/05 - domingo\" rel=\"category\" >12\/05 - domingo<\/a><a href=\"https:\/\/itfilmes.com.br\/mostrabetim1\/programacao-cats\/mostra-curtas-da-terra\/\" title=\"View all posts in Mostra Curtas da Terra\" rel=\"category\" >Mostra Curtas da Terra<\/a>                                    <\/span>\n                                                                                                                                            <\/div>\n                            \n                                                        \n                            <\/div>\n\n                        <\/article>\n<\/div><div class=\"aux-col aux-ajax-item post-2843\">\n                        <article class=\"post column-entry post-2843 news type-news status-publish has-post-thumbnail hentry news-category-12-05 news-category-mostra-curtas-da-terra news-tag-cineart\">\n                                                        <div class=\"entry-media\"><div class=\"aux-media-frame aux-media-image aux-image-mask\"><a href=\"https:\/\/itfilmes.com.br\/mostrabetim1\/programacao\/o-canto\/\"><img decoding=\"async\" src=\"https:\/\/itfilmes.com.br\/mostrabetim1\/wp-content\/uploads\/sites\/7\/2024\/04\/O-Canto-Cartaz.jpg\" class=\"aux-attachment aux-featured-image attachment--30x-39.9 aux-attachment-id-2988 \" alt=\"O Canto - Cartaz\" srcset=\"https:\/\/itfilmes.com.br\/mostrabetim1\/wp-content\/uploads\/sites\/7\/2024\/04\/O-Canto-Cartaz-150x200.jpg 150w,https:\/\/itfilmes.com.br\/mostrabetim1\/wp-content\/uploads\/sites\/7\/2024\/04\/O-Canto-Cartaz-300x399.jpg 300w,https:\/\/itfilmes.com.br\/mostrabetim1\/wp-content\/uploads\/sites\/7\/2024\/04\/O-Canto-Cartaz-768x1021.jpg 768w,https:\/\/itfilmes.com.br\/mostrabetim1\/wp-content\/uploads\/sites\/7\/2024\/04\/O-Canto-Cartaz-1024x1362.jpg 1024w,https:\/\/itfilmes.com.br\/mostrabetim1\/wp-content\/uploads\/sites\/7\/2024\/04\/O-Canto-Cartaz.jpg -30w,https:\/\/itfilmes.com.br\/mostrabetim1\/wp-content\/uploads\/sites\/7\/2024\/04\/O-Canto-Cartaz-1070x1423.jpg 1070w\" data-ratio=\"0.75\" data-original-w=\"1080\" sizes=\"(max-width:479px) 480px,(max-width:767px) 768px,(max-width:1023px) 1024px,-30px\" \/><\/a><\/div><\/div>\n                            \n                            <div class=\"entry-main\">\n                                                        \n                                <header class=\"entry-header\">\n                                \n                                    <h4 class=\"entry-title\">\n                                        <a href=\"https:\/\/itfilmes.com.br\/mostrabetim1\/programacao\/o-canto\/\">\n                                            O canto                                        <\/a>\n                                    <\/h4>\n                                                                    <div class=\"entry-format\">\n                                        <a href=\"https:\/\/itfilmes.com.br\/mostrabetim1\/programacao\/o-canto\/\">\n                                            <div class=\"post-format format-\"> <\/div>\n                                        <\/a>\n                                    <\/div>\n                                <\/header>\n                                                            \n                                <div class=\"entry-info\">\n                                                                                                                                    <span class=\"entry-tax aux-no-sep\">\n                                        <a href=\"https:\/\/itfilmes.com.br\/mostrabetim1\/programacao-cats\/12-05\/\" title=\"View all posts in 12\/05 - domingo\" rel=\"category\" >12\/05 - domingo<\/a><a href=\"https:\/\/itfilmes.com.br\/mostrabetim1\/programacao-cats\/mostra-curtas-da-terra\/\" title=\"View all posts in Mostra Curtas da Terra\" rel=\"category\" >Mostra Curtas da Terra<\/a>                                    <\/span>\n                                                                                                                                            <\/div>\n                            \n                                                        \n                            <\/div>\n\n                        <\/article>\n<\/div><div class=\"aux-col aux-ajax-item post-2881\">\n                        <article class=\"post column-entry post-2881 news type-news status-publish has-post-thumbnail hentry news-category-12-05 news-category-mostra-curtas-da-terra news-tag-cineart\">\n                                                        <div class=\"entry-media\"><div class=\"aux-media-frame aux-media-image aux-image-mask\"><a href=\"https:\/\/itfilmes.com.br\/mostrabetim1\/programacao\/garimpando-garimpeiros\/\"><img decoding=\"async\" src=\"https:\/\/itfilmes.com.br\/mostrabetim1\/wp-content\/uploads\/sites\/7\/2024\/04\/garimpando.jpg\" class=\"aux-attachment aux-featured-image attachment--30x-39.9 aux-attachment-id-2990 \" alt=\"garimpando\" srcset=\"https:\/\/itfilmes.com.br\/mostrabetim1\/wp-content\/uploads\/sites\/7\/2024\/04\/garimpando-150x200.jpg 150w,https:\/\/itfilmes.com.br\/mostrabetim1\/wp-content\/uploads\/sites\/7\/2024\/04\/garimpando-300x399.jpg 300w,https:\/\/itfilmes.com.br\/mostrabetim1\/wp-content\/uploads\/sites\/7\/2024\/04\/garimpando-768x1021.jpg 768w,https:\/\/itfilmes.com.br\/mostrabetim1\/wp-content\/uploads\/sites\/7\/2024\/04\/garimpando-1024x1362.jpg 1024w,https:\/\/itfilmes.com.br\/mostrabetim1\/wp-content\/uploads\/sites\/7\/2024\/04\/garimpando.jpg -30w,https:\/\/itfilmes.com.br\/mostrabetim1\/wp-content\/uploads\/sites\/7\/2024\/04\/garimpando-1070x1423.jpg 1070w\" data-ratio=\"0.75\" data-original-w=\"1080\" sizes=\"(max-width:479px) 480px,(max-width:767px) 768px,(max-width:1023px) 1024px,-30px\" \/><\/a><\/div><\/div>\n                            \n                            <div class=\"entry-main\">\n                                                        \n                                <header class=\"entry-header\">\n                                \n                                    <h4 class=\"entry-title\">\n                                        <a href=\"https:\/\/itfilmes.com.br\/mostrabetim1\/programacao\/garimpando-garimpeiros\/\">\n                                            Garimpando garimpeiros                                        <\/a>\n                                    <\/h4>\n                                                                    <div class=\"entry-format\">\n                                        <a href=\"https:\/\/itfilmes.com.br\/mostrabetim1\/programacao\/garimpando-garimpeiros\/\">\n                                            <div class=\"post-format format-\"> <\/div>\n                                        <\/a>\n                                    <\/div>\n                                <\/header>\n                                                            \n                                <div class=\"entry-info\">\n                                                                                                                                    <span class=\"entry-tax aux-no-sep\">\n                                        <a href=\"https:\/\/itfilmes.com.br\/mostrabetim1\/programacao-cats\/12-05\/\" title=\"View all posts in 12\/05 - domingo\" rel=\"category\" >12\/05 - domingo<\/a><a href=\"https:\/\/itfilmes.com.br\/mostrabetim1\/programacao-cats\/mostra-curtas-da-terra\/\" title=\"View all posts in Mostra Curtas da Terra\" rel=\"category\" >Mostra Curtas da Terra<\/a>                                    <\/span>\n                                                                                                                                            <\/div>\n                            \n                                                        \n                            <\/div>\n\n                        <\/article>\n<\/div><div class=\"aux-col aux-ajax-item post-2886\">\n                        <article class=\"post column-entry post-2886 news type-news status-publish has-post-thumbnail hentry news-category-12-05 news-category-mostra-curtas-da-terra news-tag-cineart\">\n                                                        <div class=\"entry-media\"><div class=\"aux-media-frame aux-media-image aux-image-mask\"><a href=\"https:\/\/itfilmes.com.br\/mostrabetim1\/programacao\/sertao-america\/\"><img decoding=\"async\" src=\"https:\/\/itfilmes.com.br\/mostrabetim1\/wp-content\/uploads\/sites\/7\/2024\/04\/SertaoAmerica_Cartaz_rgb_web.jpg\" class=\"aux-attachment aux-featured-image attachment--30x-39.9 aux-attachment-id-2992 \" alt=\"SertaoAmerica_Cartaz_rgb_web\" srcset=\"https:\/\/itfilmes.com.br\/mostrabetim1\/wp-content\/uploads\/sites\/7\/2024\/04\/SertaoAmerica_Cartaz_rgb_web-150x200.jpg 150w,https:\/\/itfilmes.com.br\/mostrabetim1\/wp-content\/uploads\/sites\/7\/2024\/04\/SertaoAmerica_Cartaz_rgb_web-300x399.jpg 300w,https:\/\/itfilmes.com.br\/mostrabetim1\/wp-content\/uploads\/sites\/7\/2024\/04\/SertaoAmerica_Cartaz_rgb_web-768x1021.jpg 768w,https:\/\/itfilmes.com.br\/mostrabetim1\/wp-content\/uploads\/sites\/7\/2024\/04\/SertaoAmerica_Cartaz_rgb_web-1024x1362.jpg 1024w,https:\/\/itfilmes.com.br\/mostrabetim1\/wp-content\/uploads\/sites\/7\/2024\/04\/SertaoAmerica_Cartaz_rgb_web.jpg -30w,https:\/\/itfilmes.com.br\/mostrabetim1\/wp-content\/uploads\/sites\/7\/2024\/04\/SertaoAmerica_Cartaz_rgb_web-1070x1423.jpg 1070w\" data-ratio=\"0.75\" data-original-w=\"1080\" sizes=\"(max-width:479px) 480px,(max-width:767px) 768px,(max-width:1023px) 1024px,-30px\" \/><\/a><\/div><\/div>\n                            \n                            <div class=\"entry-main\">\n                                                        \n                                <header class=\"entry-header\">\n                                \n                                    <h4 class=\"entry-title\">\n                                        <a href=\"https:\/\/itfilmes.com.br\/mostrabetim1\/programacao\/sertao-america\/\">\n                                            Sert\u00e3o am\u00e9rica                                        <\/a>\n                                    <\/h4>\n                                                                    <div class=\"entry-format\">\n                                        <a href=\"https:\/\/itfilmes.com.br\/mostrabetim1\/programacao\/sertao-america\/\">\n                                            <div class=\"post-format format-\"> <\/div>\n                                        <\/a>\n                                    <\/div>\n                                <\/header>\n                                                            \n                                <div class=\"entry-info\">\n                                                                                                                                    <span class=\"entry-tax aux-no-sep\">\n                                        <a href=\"https:\/\/itfilmes.com.br\/mostrabetim1\/programacao-cats\/12-05\/\" title=\"View all posts in 12\/05 - domingo\" rel=\"category\" >12\/05 - domingo<\/a><a href=\"https:\/\/itfilmes.com.br\/mostrabetim1\/programacao-cats\/mostra-curtas-da-terra\/\" title=\"View all posts in Mostra Curtas da Terra\" rel=\"category\" >Mostra Curtas da Terra<\/a>                                    <\/span>\n                                                                                                                                            <\/div>\n                            \n                                                        \n                            <\/div>\n\n                        <\/article>\n<\/div><div class=\"aux-col aux-ajax-item post-2891\">\n                        <article class=\"post column-entry post-2891 news type-news status-publish has-post-thumbnail hentry news-category-12-05 news-category-mostra-brasil news-tag-cineart\">\n                                                        <div class=\"entry-media\"><div class=\"aux-media-frame aux-media-image aux-image-mask\"><a href=\"https:\/\/itfilmes.com.br\/mostrabetim1\/programacao\/saudade-fez-morada-aqui-dentro\/\"><img decoding=\"async\" src=\"https:\/\/itfilmes.com.br\/mostrabetim1\/wp-content\/uploads\/sites\/7\/2024\/04\/Saudade-verticalposter.jpg\" class=\"aux-attachment aux-featured-image attachment--30x-39.9 aux-attachment-id-2893 \" alt=\"Saudade fez morada aqui dentro\" srcset=\"https:\/\/itfilmes.com.br\/mostrabetim1\/wp-content\/uploads\/sites\/7\/2024\/04\/Saudade-verticalposter-150x200.jpg 150w,https:\/\/itfilmes.com.br\/mostrabetim1\/wp-content\/uploads\/sites\/7\/2024\/04\/Saudade-verticalposter-300x399.jpg 300w,https:\/\/itfilmes.com.br\/mostrabetim1\/wp-content\/uploads\/sites\/7\/2024\/04\/Saudade-verticalposter-768x1021.jpg 768w,https:\/\/itfilmes.com.br\/mostrabetim1\/wp-content\/uploads\/sites\/7\/2024\/04\/Saudade-verticalposter-1024x1362.jpg 1024w,https:\/\/itfilmes.com.br\/mostrabetim1\/wp-content\/uploads\/sites\/7\/2024\/04\/Saudade-verticalposter.jpg -30w,https:\/\/itfilmes.com.br\/mostrabetim1\/wp-content\/uploads\/sites\/7\/2024\/04\/Saudade-verticalposter-1070x1423.jpg 1070w\" data-ratio=\"0.75\" data-original-w=\"1080\" sizes=\"(max-width:479px) 480px,(max-width:767px) 768px,(max-width:1023px) 1024px,-30px\" \/><\/a><\/div><\/div>\n                            \n                            <div class=\"entry-main\">\n                                                        \n                                <header class=\"entry-header\">\n                                \n                                    <h4 class=\"entry-title\">\n                                        <a href=\"https:\/\/itfilmes.com.br\/mostrabetim1\/programacao\/saudade-fez-morada-aqui-dentro\/\">\n                                            Saudade fez morada aqui dentro                                        <\/a>\n                                    <\/h4>\n                                                                    <div class=\"entry-format\">\n                                        <a href=\"https:\/\/itfilmes.com.br\/mostrabetim1\/programacao\/saudade-fez-morada-aqui-dentro\/\">\n                                            <div class=\"post-format format-\"> <\/div>\n                                        <\/a>\n                                    <\/div>\n                                <\/header>\n                                                            \n                                <div class=\"entry-info\">\n                                                                                                                                    <span class=\"entry-tax aux-no-sep\">\n                                        <a href=\"https:\/\/itfilmes.com.br\/mostrabetim1\/programacao-cats\/12-05\/\" title=\"View all posts in 12\/05 - domingo\" rel=\"category\" >12\/05 - domingo<\/a><a href=\"https:\/\/itfilmes.com.br\/mostrabetim1\/programacao-cats\/mostra-brasil\/\" title=\"View all posts in Mostra Brasil\" rel=\"category\" >Mostra Brasil<\/a>                                    <\/span>\n                                                                                                                                            <\/div>\n                            \n                                                        \n                            <\/div>\n\n                        <\/article>\n<\/div><div class=\"aux-col aux-ajax-item post-2897\">\n                        <article class=\"post column-entry post-2897 news type-news status-publish has-post-thumbnail hentry news-category-12-05 news-category-mostra-brasil news-tag-cineart\">\n                                                        <div class=\"entry-media\"><div class=\"aux-media-frame aux-media-image aux-image-mask\"><a href=\"https:\/\/itfilmes.com.br\/mostrabetim1\/programacao\/a-flor-do-buriti\/\"><img decoding=\"async\" src=\"https:\/\/itfilmes.com.br\/mostrabetim1\/wp-content\/uploads\/sites\/7\/2024\/04\/A-Flor-do-Buriti.jpg\" class=\"aux-attachment aux-featured-image attachment--30x-39.9 aux-attachment-id-2902 \" alt=\"A flor do buriti\" srcset=\"https:\/\/itfilmes.com.br\/mostrabetim1\/wp-content\/uploads\/sites\/7\/2024\/04\/A-Flor-do-Buriti-150x200.jpg 150w,https:\/\/itfilmes.com.br\/mostrabetim1\/wp-content\/uploads\/sites\/7\/2024\/04\/A-Flor-do-Buriti-300x399.jpg 300w,https:\/\/itfilmes.com.br\/mostrabetim1\/wp-content\/uploads\/sites\/7\/2024\/04\/A-Flor-do-Buriti-768x1021.jpg 768w,https:\/\/itfilmes.com.br\/mostrabetim1\/wp-content\/uploads\/sites\/7\/2024\/04\/A-Flor-do-Buriti-1024x1362.jpg 1024w,https:\/\/itfilmes.com.br\/mostrabetim1\/wp-content\/uploads\/sites\/7\/2024\/04\/A-Flor-do-Buriti.jpg -30w,https:\/\/itfilmes.com.br\/mostrabetim1\/wp-content\/uploads\/sites\/7\/2024\/04\/A-Flor-do-Buriti-1070x1423.jpg 1070w\" data-ratio=\"0.75\" data-original-w=\"1080\" sizes=\"(max-width:479px) 480px,(max-width:767px) 768px,(max-width:1023px) 1024px,-30px\" \/><\/a><\/div><\/div>\n                            \n                            <div class=\"entry-main\">\n                                                        \n                                <header class=\"entry-header\">\n                                \n                                    <h4 class=\"entry-title\">\n                                        <a href=\"https:\/\/itfilmes.com.br\/mostrabetim1\/programacao\/a-flor-do-buriti\/\">\n                                            A flor do Buriti                                        <\/a>\n                                    <\/h4>\n                                                                    <div class=\"entry-format\">\n                                        <a href=\"https:\/\/itfilmes.com.br\/mostrabetim1\/programacao\/a-flor-do-buriti\/\">\n                                            <div class=\"post-format format-\"> <\/div>\n                                        <\/a>\n                                    <\/div>\n                                <\/header>\n                                                            \n                                <div class=\"entry-info\">\n                                                                                                                                    <span class=\"entry-tax aux-no-sep\">\n                                        <a href=\"https:\/\/itfilmes.com.br\/mostrabetim1\/programacao-cats\/12-05\/\" title=\"View all posts in 12\/05 - domingo\" rel=\"category\" >12\/05 - domingo<\/a><a href=\"https:\/\/itfilmes.com.br\/mostrabetim1\/programacao-cats\/mostra-brasil\/\" title=\"View all posts in Mostra Brasil\" rel=\"category\" >Mostra Brasil<\/a>                                    <\/span>\n                                                                                                                                            <\/div>\n                            \n                                                        \n                            <\/div>\n\n                        <\/article>\n<\/div><\/div><\/section><!-- widget-container -->\t\t\t\t<\/div>\n\t\t\t\t<\/div>\n\t\t\t\t\t<\/div>\n\t\t<\/div>\n\t\t\t\t\t<\/div>\n\t\t<\/section>\n\t\t\t\t<\/div>\n\t\t","protected":false},"excerpt":{"rendered":"<p>1\u00aa MOSTRA DE CINEMA DE BETIM \/ 07 a 12 de maio de 2024 Uma programa\u00e7\u00e3o rica, com sele\u00e7\u00e3o diversa e criativa do cinema brasileiro! 07\/05 08\/05 09\/05 10\/05 11\/05 12\/05 Mostra Brasil Mostra Curta Betim Mostra Curtas da Terra Mostra Itinerante Oficinas Semin\u00e1rio Exposi\u00e7\u00e3o Abertura oficial 07\/05 &#8211; ter\u00e7a-feiraMostra Brasil | Edit Exposi\u00e7\u00e3o fotogr\u00e1fica [&hellip;]<\/p>\n","protected":false},"author":1,"featured_media":0,"parent":0,"menu_order":0,"comment_status":"closed","ping_status":"closed","template":"elementor_header_footer","meta":{"footnotes":""},"class_list":["post-1239","page","type-page","status-publish","hentry"],"yoast_head":"<!-- This site is optimized with the Yoast SEO plugin v27.4 - https:\/\/yoast.com\/product\/yoast-seo-wordpress\/ -->\n<title>Programa\u00e7\u00e3o rica, sele\u00e7\u00e3o diversa e criativa do cinema brasileiro! - Mostra Betim - 2024<\/title>\n<meta name=\"description\" content=\"A 1\u00aa Mostra de Cinema de Betim, celebra a s\u00e9tima arte com uma programa\u00e7\u00e3o inclusiva e 100% gratuita entre os dia 07 de 12 de maio de 2024. A diversidade da produ\u00e7\u00e3o do cinema brasileiro, com novas abordagens, linguagens e representatividades estar\u00e3o presentes nos filmes selecionados que ser\u00e3o exibidos na sala de cinema do grupo Cineart, no Shopping Monte Carmo e em diferentes espa\u00e7os abrangendo as regionais da cidade.\" \/>\n<meta name=\"robots\" content=\"index, follow, max-snippet:-1, max-image-preview:large, max-video-preview:-1\" \/>\n<link rel=\"canonical\" href=\"https:\/\/itfilmes.com.br\/mostrabetim1\/programacao\/\" \/>\n<meta property=\"og:locale\" content=\"pt_BR\" \/>\n<meta property=\"og:type\" content=\"article\" \/>\n<meta property=\"og:title\" content=\"Programa\u00e7\u00e3o rica, sele\u00e7\u00e3o diversa e criativa do cinema brasileiro! - Mostra Betim - 2024\" \/>\n<meta property=\"og:description\" content=\"A 1\u00aa Mostra de Cinema de Betim, celebra a s\u00e9tima arte com uma programa\u00e7\u00e3o inclusiva e 100% gratuita entre os dia 07 de 12 de maio de 2024. A diversidade da produ\u00e7\u00e3o do cinema brasileiro, com novas abordagens, linguagens e representatividades estar\u00e3o presentes nos filmes selecionados que ser\u00e3o exibidos na sala de cinema do grupo Cineart, no Shopping Monte Carmo e em diferentes espa\u00e7os abrangendo as regionais da cidade.\" \/>\n<meta property=\"og:url\" content=\"https:\/\/itfilmes.com.br\/mostrabetim1\/programacao\/\" \/>\n<meta property=\"og:site_name\" content=\"Mostra Betim - 2024\" \/>\n<meta property=\"article:modified_time\" content=\"2025-05-26T08:50:50+00:00\" \/>\n<meta property=\"og:image\" content=\"https:\/\/itfilmes.com.br\/mostrabetim1\/wp-content\/uploads\/sites\/7\/2024\/04\/cartaz-mockup-14.png\" \/>\n<meta name=\"twitter:card\" content=\"summary_large_image\" \/>\n<script type=\"application\/ld+json\" class=\"yoast-schema-graph\">{\"@context\":\"https:\\\/\\\/schema.org\",\"@graph\":[{\"@type\":\"WebPage\",\"@id\":\"https:\\\/\\\/itfilmes.com.br\\\/mostrabetim1\\\/programacao\\\/\",\"url\":\"https:\\\/\\\/itfilmes.com.br\\\/mostrabetim1\\\/programacao\\\/\",\"name\":\"Programa\u00e7\u00e3o rica, sele\u00e7\u00e3o diversa e criativa do cinema brasileiro! - Mostra Betim - 2024\",\"isPartOf\":{\"@id\":\"https:\\\/\\\/itfilmes.com.br\\\/mostrabetim1\\\/#website\"},\"primaryImageOfPage\":{\"@id\":\"https:\\\/\\\/itfilmes.com.br\\\/mostrabetim1\\\/programacao\\\/#primaryimage\"},\"image\":{\"@id\":\"https:\\\/\\\/itfilmes.com.br\\\/mostrabetim1\\\/programacao\\\/#primaryimage\"},\"thumbnailUrl\":\"https:\\\/\\\/itfilmes.com.br\\\/mostrabetim1\\\/wp-content\\\/uploads\\\/sites\\\/7\\\/2024\\\/04\\\/cartaz-mockup-14.png\",\"datePublished\":\"2024-03-24T19:46:17+00:00\",\"dateModified\":\"2025-05-26T08:50:50+00:00\",\"description\":\"A 1\u00aa Mostra de Cinema de Betim, celebra a s\u00e9tima arte com uma programa\u00e7\u00e3o inclusiva e 100% gratuita entre os dia 07 de 12 de maio de 2024. A diversidade da produ\u00e7\u00e3o do cinema brasileiro, com novas abordagens, linguagens e representatividades estar\u00e3o presentes nos filmes selecionados que ser\u00e3o exibidos na sala de cinema do grupo Cineart, no Shopping Monte Carmo e em diferentes espa\u00e7os abrangendo as regionais da cidade.\",\"breadcrumb\":{\"@id\":\"https:\\\/\\\/itfilmes.com.br\\\/mostrabetim1\\\/programacao\\\/#breadcrumb\"},\"inLanguage\":\"pt-BR\",\"potentialAction\":[{\"@type\":\"ReadAction\",\"target\":[\"https:\\\/\\\/itfilmes.com.br\\\/mostrabetim1\\\/programacao\\\/\"]}]},{\"@type\":\"ImageObject\",\"inLanguage\":\"pt-BR\",\"@id\":\"https:\\\/\\\/itfilmes.com.br\\\/mostrabetim1\\\/programacao\\\/#primaryimage\",\"url\":\"https:\\\/\\\/itfilmes.com.br\\\/mostrabetim1\\\/wp-content\\\/uploads\\\/sites\\\/7\\\/2024\\\/04\\\/cartaz-mockup-14.png\",\"contentUrl\":\"https:\\\/\\\/itfilmes.com.br\\\/mostrabetim1\\\/wp-content\\\/uploads\\\/sites\\\/7\\\/2024\\\/04\\\/cartaz-mockup-14.png\"},{\"@type\":\"BreadcrumbList\",\"@id\":\"https:\\\/\\\/itfilmes.com.br\\\/mostrabetim1\\\/programacao\\\/#breadcrumb\",\"itemListElement\":[{\"@type\":\"ListItem\",\"position\":1,\"name\":\"In\u00edcio\",\"item\":\"https:\\\/\\\/itfilmes.com.br\\\/mostrabetim1\\\/\"},{\"@type\":\"ListItem\",\"position\":2,\"name\":\"Programa\u00e7\u00e3o\"}]},{\"@type\":\"WebSite\",\"@id\":\"https:\\\/\\\/itfilmes.com.br\\\/mostrabetim1\\\/#website\",\"url\":\"https:\\\/\\\/itfilmes.com.br\\\/mostrabetim1\\\/\",\"name\":\"Mostra Betim - IT Filmes\",\"description\":\"Cinema pra todos\",\"publisher\":{\"@id\":\"https:\\\/\\\/itfilmes.com.br\\\/mostrabetim1\\\/#organization\"},\"alternateName\":\"Mostra Betim - IT Filmes\",\"potentialAction\":[{\"@type\":\"SearchAction\",\"target\":{\"@type\":\"EntryPoint\",\"urlTemplate\":\"https:\\\/\\\/itfilmes.com.br\\\/mostrabetim1\\\/?s={search_term_string}\"},\"query-input\":{\"@type\":\"PropertyValueSpecification\",\"valueRequired\":true,\"valueName\":\"search_term_string\"}}],\"inLanguage\":\"pt-BR\"},{\"@type\":\"Organization\",\"@id\":\"https:\\\/\\\/itfilmes.com.br\\\/mostrabetim1\\\/#organization\",\"name\":\"Mostra Betim - IT Filmes\",\"url\":\"https:\\\/\\\/itfilmes.com.br\\\/mostrabetim1\\\/\",\"logo\":{\"@type\":\"ImageObject\",\"inLanguage\":\"pt-BR\",\"@id\":\"https:\\\/\\\/itfilmes.com.br\\\/mostrabetim1\\\/#\\\/schema\\\/logo\\\/image\\\/\",\"url\":\"https:\\\/\\\/itfilmes.com.br\\\/mostrabetim1\\\/wp-content\\\/uploads\\\/sites\\\/7\\\/2024\\\/03\\\/mostra-betim-logo@2x.png\",\"contentUrl\":\"https:\\\/\\\/itfilmes.com.br\\\/mostrabetim1\\\/wp-content\\\/uploads\\\/sites\\\/7\\\/2024\\\/03\\\/mostra-betim-logo@2x.png\",\"width\":908,\"height\":235,\"caption\":\"Mostra Betim - IT Filmes\"},\"image\":{\"@id\":\"https:\\\/\\\/itfilmes.com.br\\\/mostrabetim1\\\/#\\\/schema\\\/logo\\\/image\\\/\"}}]}<\/script>\n<!-- \/ Yoast SEO plugin. -->","yoast_head_json":{"title":"Programa\u00e7\u00e3o rica, sele\u00e7\u00e3o diversa e criativa do cinema brasileiro! - Mostra Betim - 2024","description":"A 1\u00aa Mostra de Cinema de Betim, celebra a s\u00e9tima arte com uma programa\u00e7\u00e3o inclusiva e 100% gratuita entre os dia 07 de 12 de maio de 2024. A diversidade da produ\u00e7\u00e3o do cinema brasileiro, com novas abordagens, linguagens e representatividades estar\u00e3o presentes nos filmes selecionados que ser\u00e3o exibidos na sala de cinema do grupo Cineart, no Shopping Monte Carmo e em diferentes espa\u00e7os abrangendo as regionais da cidade.","robots":{"index":"index","follow":"follow","max-snippet":"max-snippet:-1","max-image-preview":"max-image-preview:large","max-video-preview":"max-video-preview:-1"},"canonical":"https:\/\/itfilmes.com.br\/mostrabetim1\/programacao\/","og_locale":"pt_BR","og_type":"article","og_title":"Programa\u00e7\u00e3o rica, sele\u00e7\u00e3o diversa e criativa do cinema brasileiro! - Mostra Betim - 2024","og_description":"A 1\u00aa Mostra de Cinema de Betim, celebra a s\u00e9tima arte com uma programa\u00e7\u00e3o inclusiva e 100% gratuita entre os dia 07 de 12 de maio de 2024. A diversidade da produ\u00e7\u00e3o do cinema brasileiro, com novas abordagens, linguagens e representatividades estar\u00e3o presentes nos filmes selecionados que ser\u00e3o exibidos na sala de cinema do grupo Cineart, no Shopping Monte Carmo e em diferentes espa\u00e7os abrangendo as regionais da cidade.","og_url":"https:\/\/itfilmes.com.br\/mostrabetim1\/programacao\/","og_site_name":"Mostra Betim - 2024","article_modified_time":"2025-05-26T08:50:50+00:00","og_image":[{"url":"https:\/\/itfilmes.com.br\/mostrabetim1\/wp-content\/uploads\/sites\/7\/2024\/04\/cartaz-mockup-14.png","type":"","width":"","height":""}],"twitter_card":"summary_large_image","schema":{"@context":"https:\/\/schema.org","@graph":[{"@type":"WebPage","@id":"https:\/\/itfilmes.com.br\/mostrabetim1\/programacao\/","url":"https:\/\/itfilmes.com.br\/mostrabetim1\/programacao\/","name":"Programa\u00e7\u00e3o rica, sele\u00e7\u00e3o diversa e criativa do cinema brasileiro! - Mostra Betim - 2024","isPartOf":{"@id":"https:\/\/itfilmes.com.br\/mostrabetim1\/#website"},"primaryImageOfPage":{"@id":"https:\/\/itfilmes.com.br\/mostrabetim1\/programacao\/#primaryimage"},"image":{"@id":"https:\/\/itfilmes.com.br\/mostrabetim1\/programacao\/#primaryimage"},"thumbnailUrl":"https:\/\/itfilmes.com.br\/mostrabetim1\/wp-content\/uploads\/sites\/7\/2024\/04\/cartaz-mockup-14.png","datePublished":"2024-03-24T19:46:17+00:00","dateModified":"2025-05-26T08:50:50+00:00","description":"A 1\u00aa Mostra de Cinema de Betim, celebra a s\u00e9tima arte com uma programa\u00e7\u00e3o inclusiva e 100% gratuita entre os dia 07 de 12 de maio de 2024. A diversidade da produ\u00e7\u00e3o do cinema brasileiro, com novas abordagens, linguagens e representatividades estar\u00e3o presentes nos filmes selecionados que ser\u00e3o exibidos na sala de cinema do grupo Cineart, no Shopping Monte Carmo e em diferentes espa\u00e7os abrangendo as regionais da cidade.","breadcrumb":{"@id":"https:\/\/itfilmes.com.br\/mostrabetim1\/programacao\/#breadcrumb"},"inLanguage":"pt-BR","potentialAction":[{"@type":"ReadAction","target":["https:\/\/itfilmes.com.br\/mostrabetim1\/programacao\/"]}]},{"@type":"ImageObject","inLanguage":"pt-BR","@id":"https:\/\/itfilmes.com.br\/mostrabetim1\/programacao\/#primaryimage","url":"https:\/\/itfilmes.com.br\/mostrabetim1\/wp-content\/uploads\/sites\/7\/2024\/04\/cartaz-mockup-14.png","contentUrl":"https:\/\/itfilmes.com.br\/mostrabetim1\/wp-content\/uploads\/sites\/7\/2024\/04\/cartaz-mockup-14.png"},{"@type":"BreadcrumbList","@id":"https:\/\/itfilmes.com.br\/mostrabetim1\/programacao\/#breadcrumb","itemListElement":[{"@type":"ListItem","position":1,"name":"In\u00edcio","item":"https:\/\/itfilmes.com.br\/mostrabetim1\/"},{"@type":"ListItem","position":2,"name":"Programa\u00e7\u00e3o"}]},{"@type":"WebSite","@id":"https:\/\/itfilmes.com.br\/mostrabetim1\/#website","url":"https:\/\/itfilmes.com.br\/mostrabetim1\/","name":"Mostra Betim - IT Filmes","description":"Cinema pra todos","publisher":{"@id":"https:\/\/itfilmes.com.br\/mostrabetim1\/#organization"},"alternateName":"Mostra Betim - IT Filmes","potentialAction":[{"@type":"SearchAction","target":{"@type":"EntryPoint","urlTemplate":"https:\/\/itfilmes.com.br\/mostrabetim1\/?s={search_term_string}"},"query-input":{"@type":"PropertyValueSpecification","valueRequired":true,"valueName":"search_term_string"}}],"inLanguage":"pt-BR"},{"@type":"Organization","@id":"https:\/\/itfilmes.com.br\/mostrabetim1\/#organization","name":"Mostra Betim - IT Filmes","url":"https:\/\/itfilmes.com.br\/mostrabetim1\/","logo":{"@type":"ImageObject","inLanguage":"pt-BR","@id":"https:\/\/itfilmes.com.br\/mostrabetim1\/#\/schema\/logo\/image\/","url":"https:\/\/itfilmes.com.br\/mostrabetim1\/wp-content\/uploads\/sites\/7\/2024\/03\/mostra-betim-logo@2x.png","contentUrl":"https:\/\/itfilmes.com.br\/mostrabetim1\/wp-content\/uploads\/sites\/7\/2024\/03\/mostra-betim-logo@2x.png","width":908,"height":235,"caption":"Mostra Betim - IT Filmes"},"image":{"@id":"https:\/\/itfilmes.com.br\/mostrabetim1\/#\/schema\/logo\/image\/"}}]}},"_links":{"self":[{"href":"https:\/\/itfilmes.com.br\/mostrabetim1\/wp-json\/wp\/v2\/pages\/1239","targetHints":{"allow":["GET"]}}],"collection":[{"href":"https:\/\/itfilmes.com.br\/mostrabetim1\/wp-json\/wp\/v2\/pages"}],"about":[{"href":"https:\/\/itfilmes.com.br\/mostrabetim1\/wp-json\/wp\/v2\/types\/page"}],"author":[{"embeddable":true,"href":"https:\/\/itfilmes.com.br\/mostrabetim1\/wp-json\/wp\/v2\/users\/1"}],"replies":[{"embeddable":true,"href":"https:\/\/itfilmes.com.br\/mostrabetim1\/wp-json\/wp\/v2\/comments?post=1239"}],"version-history":[{"count":3,"href":"https:\/\/itfilmes.com.br\/mostrabetim1\/wp-json\/wp\/v2\/pages\/1239\/revisions"}],"predecessor-version":[{"id":4222,"href":"https:\/\/itfilmes.com.br\/mostrabetim1\/wp-json\/wp\/v2\/pages\/1239\/revisions\/4222"}],"wp:attachment":[{"href":"https:\/\/itfilmes.com.br\/mostrabetim1\/wp-json\/wp\/v2\/media?parent=1239"}],"curies":[{"name":"wp","href":"https:\/\/api.w.org\/{rel}","templated":true}]}}