{"id":91,"date":"2024-04-05T10:52:00","date_gmt":"2024-04-05T13:52:00","guid":{"rendered":"https:\/\/itfilmes.com.br\/mostrabetim1\/home\/"},"modified":"2025-09-02T14:22:37","modified_gmt":"2025-09-02T17:22:37","slug":"mostra-betim-home","status":"publish","type":"page","link":"https:\/\/itfilmes.com.br\/mostrabetim1\/","title":{"rendered":"Mostra Betim"},"content":{"rendered":"\t\t<div data-elementor-type=\"wp-page\" data-elementor-id=\"91\" class=\"elementor elementor-91\">\n\t\t\t\t\t\t<section class=\"elementor-section elementor-top-section elementor-element elementor-element-ca82a24 elementor-section-full_width elementor-section-content-middle elementor-section-height-default elementor-section-height-default\" data-id=\"ca82a24\" data-element_type=\"section\" data-e-type=\"section\" data-settings=\"{&quot;background_background&quot;:&quot;classic&quot;}\">\n\t\t\t\t\t\t<div class=\"elementor-container elementor-column-gap-no\">\n\t\t\t\t\t<div class=\"aux-parallax-section elementor-column elementor-col-100 elementor-top-column elementor-element elementor-element-5f4c872\" data-id=\"5f4c872\" data-element_type=\"column\" data-e-type=\"column\">\n\t\t\t<div class=\"elementor-widget-wrap elementor-element-populated\">\n\t\t\t\t\t\t<div class=\"aux-scroll-anim elementor-element elementor-element-22cb8d6 elementor-widget__width-auto aux-appear-watch-animation aux-fade-in elementor-widget elementor-widget-aux_image\" data-move-in=\"\" data-move-out=\"moveHorizontal\" data-axis-x=\"100\" data-axis-y=\"0\" data-rotate=\"\" data-scale=\"1.2\" data-vp-top=\"0.7\" data-vp-bot=\"0.5\" data-el-top=\"0.2\" data-scroll-animation-off=\"1024\" data-id=\"22cb8d6\" data-element_type=\"widget\" data-e-type=\"widget\" data-widget_type=\"aux_image.default\">\n\t\t\t\t<div class=\"elementor-widget-container\">\n\t\t\t\t\t<section class=\"widget-container aux-widget-image aux-alignnone aux-parent-au23187c16\">\n    <div class=\"aux-media-hint-frame \">\n        <div class=\"aux-media-image \" >\n        \n            \n\n            \n            <img fetchpriority=\"high\" decoding=\"async\" width=\"1024\" height=\"1024\" src=\"https:\/\/itfilmes.com.br\/mostrabetim1\/wp-content\/uploads\/sites\/7\/2024\/04\/cartaz-mockup_cartaz-A3-3-copia-1024x1024.png\" class=\"aux-attachment aux-featured-image aux-attachment-id-1655\" alt=\"Mostra de Cinema de Betim\" srcset=\"https:\/\/itfilmes.com.br\/mostrabetim1\/wp-content\/uploads\/sites\/7\/2024\/04\/cartaz-mockup_cartaz-A3-3-copia-150x150.png 150w,https:\/\/itfilmes.com.br\/mostrabetim1\/wp-content\/uploads\/sites\/7\/2024\/04\/cartaz-mockup_cartaz-A3-3-copia-300x300.png 300w,https:\/\/itfilmes.com.br\/mostrabetim1\/wp-content\/uploads\/sites\/7\/2024\/04\/cartaz-mockup_cartaz-A3-3-copia-768x768.png 768w,https:\/\/itfilmes.com.br\/mostrabetim1\/wp-content\/uploads\/sites\/7\/2024\/04\/cartaz-mockup_cartaz-A3-3-copia-1024x1024.png 1024w,https:\/\/itfilmes.com.br\/mostrabetim1\/wp-content\/uploads\/sites\/7\/2024\/04\/cartaz-mockup_cartaz-A3-3-copia-1024x1024.png 1024w\" data-ratio=\"1\" data-original-w=\"2309\" sizes=\"(max-width:479px) 480px,(max-width:767px) 768px,(max-width:1023px) 1024px,1024px\" \/>            \n                <\/div>\n    <\/div>\n\n<\/section><!-- widget-container -->\t\t\t\t<\/div>\n\t\t\t\t<\/div>\n\t\t\t\t<div class=\"elementor-element elementor-element-1ae25ec elementor-widget__width-auto aux-appear-watch-animation aux-mask-from-top elementor-widget elementor-widget-aux_image\" data-id=\"1ae25ec\" data-element_type=\"widget\" data-e-type=\"widget\" data-widget_type=\"aux_image.default\">\n\t\t\t\t<div class=\"elementor-widget-container\">\n\t\t\t\t\t<section class=\"widget-container aux-widget-image aux-alignnone aux-parent-aud0652781\">\n    <div class=\"aux-media-hint-frame \">\n        <div class=\"aux-media-image \" >\n        \n            \n\n            \n            <img decoding=\"async\" width=\"1987\" height=\"1308\" src=\"https:\/\/itfilmes.com.br\/mostrabetim1\/wp-content\/uploads\/sites\/7\/2020\/06\/Group-11-min.png\" class=\"aux-attachment aux-featured-image aux-attachment-id-11\" alt=\"Background line\" data-ratio=\"1.52\" data-original-w=\"1987\" \/>            \n                <\/div>\n    <\/div>\n\n<\/section><!-- widget-container -->\t\t\t\t<\/div>\n\t\t\t\t<\/div>\n\t\t\t\t<section class=\"elementor-section elementor-inner-section elementor-element elementor-element-0513207 elementor-section-boxed elementor-section-height-default elementor-section-height-default\" data-id=\"0513207\" data-element_type=\"section\" data-e-type=\"section\">\n\t\t\t\t\t\t<div class=\"elementor-container elementor-column-gap-default\">\n\t\t\t\t\t<div class=\"aux-parallax-section elementor-column elementor-col-50 elementor-inner-column elementor-element elementor-element-d5d7839 aux-appear-watch-animation aux-fade-in\" data-id=\"d5d7839\" data-element_type=\"column\" data-e-type=\"column\">\n\t\t\t<div class=\"elementor-widget-wrap elementor-element-populated\">\n\t\t\t\t\t\t<div class=\"elementor-element elementor-element-98e6489 elementor-widget__width-inherit elementor-widget elementor-widget-aux_modern_heading\" data-id=\"98e6489\" data-element_type=\"widget\" data-e-type=\"widget\" data-settings=\"{&quot;_animation&quot;:&quot;none&quot;}\" data-widget_type=\"aux_modern_heading.default\">\n\t\t\t\t<div class=\"elementor-widget-container\">\n\t\t\t\t\t<section class=\"aux-widget-modern-heading\">\n            <div class=\"aux-widget-inner\"><h2 class=\"aux-modern-heading-primary\"><b>07 a 12<\/b> de maio de 2024<\/h2><h3 class=\"aux-modern-heading-secondary\"><span class=\"aux-head-highlight\">1\u00aa Mostra de Cinema de Betim<\/span><\/h3><\/div>\n        <\/section>\t\t\t\t<\/div>\n\t\t\t\t<\/div>\n\t\t\t\t<div class=\"elementor-element elementor-element-b53fcba elementor-widget elementor-widget-aux_modern_button\" data-id=\"b53fcba\" data-element_type=\"widget\" data-e-type=\"widget\" data-settings=\"{&quot;_animation&quot;:&quot;none&quot;}\" data-widget_type=\"aux_modern_button.default\">\n\t\t\t\t<div class=\"elementor-widget-container\">\n\t\t\t\t\t    <div class=\"aux-modern-button-wrapper aux-modern-button-align-left\" >\n                    <a class=\"aux-modern-button aux-black aux-modern-button-lg aux-modern-button-normal aux-modern-button-outline aux-icon-\" href=\"https:\/\/itfilmes.com.br\/mostrabetim1\/programacao\/\">\n                <div class=\"aux-overlay\"><\/div>\n                                    <div class=\"aux-icon \">\n                                            <\/div>\n                                <div class=\"aux-text\">\n<span class=\"aux-text-before\">Programa\u00e7\u00e3o Mostra<\/span>                <\/div>\n            <\/a>\n            \n    <\/div>\n\n    \t\t\t\t<\/div>\n\t\t\t\t<\/div>\n\t\t\t\t\t<\/div>\n\t\t<\/div>\n\t\t\t\t<div class=\"aux-parallax-section elementor-column elementor-col-50 elementor-inner-column elementor-element elementor-element-7ec70ab elementor-hidden-phone\" data-id=\"7ec70ab\" data-element_type=\"column\" data-e-type=\"column\">\n\t\t\t<div class=\"elementor-widget-wrap\">\n\t\t\t\t\t\t\t<\/div>\n\t\t<\/div>\n\t\t\t\t\t<\/div>\n\t\t<\/section>\n\t\t\t\t\t<\/div>\n\t\t<\/div>\n\t\t\t\t\t<\/div>\n\t\t<\/section>\n\t\t\t\t<section class=\"elementor-section elementor-top-section elementor-element elementor-element-3e8bed5 elementor-section-content-middle elementor-section-boxed elementor-section-height-default elementor-section-height-default\" data-id=\"3e8bed5\" data-element_type=\"section\" data-e-type=\"section\" id=\"filmes\" data-settings=\"{&quot;background_background&quot;:&quot;classic&quot;}\">\n\t\t\t\t\t\t<div class=\"elementor-container elementor-column-gap-no\">\n\t\t\t\t\t<div class=\"aux-parallax-section elementor-column elementor-col-50 elementor-top-column elementor-element elementor-element-50ed4e5\" data-id=\"50ed4e5\" data-element_type=\"column\" data-e-type=\"column\">\n\t\t\t<div class=\"elementor-widget-wrap elementor-element-populated\">\n\t\t\t\t\t\t<div class=\"aux-scroll-anim elementor-element elementor-element-27e987b elementor-widget elementor-widget-aux_image\" data-move-in=\"\" data-move-out=\"moveHorizontal\" data-axis-x=\"50\" data-axis-y=\"200\" data-rotate=\"90\" data-scale=\"1\" data-vp-top=\"0.5\" data-vp-bot=\"0.5\" data-el-top=\"0.2\" data-scroll-animation-off=\"1024\" data-id=\"27e987b\" data-element_type=\"widget\" data-e-type=\"widget\" data-widget_type=\"aux_image.default\">\n\t\t\t\t<div class=\"elementor-widget-container\">\n\t\t\t\t\t<section class=\"widget-container aux-widget-image aux-alignnone aux-parent-aub8c23038\">\n    <div class=\"aux-media-hint-frame \">\n        <div class=\"aux-media-image \" >\n        \n            \n\n            \n            <img decoding=\"async\" width=\"1067\" height=\"1067\" src=\"https:\/\/itfilmes.com.br\/mostrabetim1\/wp-content\/uploads\/sites\/7\/2023\/11\/mostrabetim-512-06.png\" class=\"aux-attachment aux-featured-image aux-attachment-id-101\" alt=\"Mostra Betim\" data-ratio=\"1\" data-original-w=\"1067\" \/>            \n                <\/div>\n    <\/div>\n\n<\/section><!-- widget-container -->\t\t\t\t<\/div>\n\t\t\t\t<\/div>\n\t\t\t\t\t<\/div>\n\t\t<\/div>\n\t\t\t\t<div class=\"aux-parallax-section elementor-column elementor-col-50 elementor-top-column elementor-element elementor-element-6af1e38\" data-id=\"6af1e38\" data-element_type=\"column\" data-e-type=\"column\">\n\t\t\t<div class=\"elementor-widget-wrap elementor-element-populated\">\n\t\t\t\t\t\t<div class=\"elementor-element elementor-element-775c178 elementor-widget elementor-widget-aux_modern_heading\" data-id=\"775c178\" data-element_type=\"widget\" data-e-type=\"widget\" data-widget_type=\"aux_modern_heading.default\">\n\t\t\t\t<div class=\"elementor-widget-container\">\n\t\t\t\t\t<section class=\"aux-widget-modern-heading\">\n            <div class=\"aux-widget-inner\"><h2 class=\"aux-modern-heading-primary\"><b>07 a 12<\/b> de maio de 2024<\/h2><h3 class=\"aux-modern-heading-secondary\"><span class=\"aux-head-highlight\">1\u00aa Mostra de Cinema de Betim<\/span><\/h3><div class=\"aux-modern-heading-description\"><p><span style=\"font-weight: 400\">A 1\u00aa Mostra de Cinema de Betim, celebra a s\u00e9tima arte com uma programa\u00e7\u00e3o inclusiva e 100% gratuita. A diversidade da produ\u00e7\u00e3o do cinema brasileiro, com novas abordagens, linguagens e representatividades estar\u00e3o presentes nos filmes selecionados que ser\u00e3o exibidos na sala de cinema do grupo Cineart, no Shopping Monte Carmo e em diferentes espa\u00e7os abrangendo as regionais da cidade.<\/span><\/p><\/div><\/div>\n        <\/section>\t\t\t\t<\/div>\n\t\t\t\t<\/div>\n\t\t\t\t<div class=\"elementor-element elementor-element-54ee294 elementor-widget elementor-widget-aux_modern_button\" data-id=\"54ee294\" data-element_type=\"widget\" data-e-type=\"widget\" data-widget_type=\"aux_modern_button.default\">\n\t\t\t\t<div class=\"elementor-widget-container\">\n\t\t\t\t\t    <div class=\"aux-modern-button-wrapper aux-modern-button-align-left\" >\n                    <a class=\"aux-modern-button aux-black aux-modern-button-md aux-modern-button-normal aux-modern-button-default aux-icon-\" href=\"https:\/\/itfilmes.com.br\/mostrabetim1\/programacao\/\">\n                <div class=\"aux-overlay\"><\/div>\n                                    <div class=\"aux-icon \">\n                                            <\/div>\n                                <div class=\"aux-text\">\n<span class=\"aux-text-before\">Programa\u00e7\u00e3o completa<\/span>                <\/div>\n            <\/a>\n            \n    <\/div>\n\n    \t\t\t\t<\/div>\n\t\t\t\t<\/div>\n\t\t\t\t\t<\/div>\n\t\t<\/div>\n\t\t\t\t\t<\/div>\n\t\t<\/section>\n\t\t\t\t<section class=\"elementor-section elementor-top-section elementor-element elementor-element-d0946fb elementor-section-boxed elementor-section-height-default elementor-section-height-default\" data-id=\"d0946fb\" data-element_type=\"section\" data-e-type=\"section\" id=\"continuaprog\" data-settings=\"{&quot;background_background&quot;:&quot;classic&quot;}\">\n\t\t\t\t\t\t<div class=\"elementor-container elementor-column-gap-default\">\n\t\t\t\t\t<div class=\"aux-parallax-section elementor-column elementor-col-100 elementor-top-column elementor-element elementor-element-31c7766\" data-id=\"31c7766\" data-element_type=\"column\" data-e-type=\"column\">\n\t\t\t<div class=\"elementor-widget-wrap elementor-element-populated\">\n\t\t\t\t\t\t<div class=\"elementor-element elementor-element-4ab5635 elementor-widget elementor-widget-aux_recent_news_grid\" data-id=\"4ab5635\" data-element_type=\"widget\" data-e-type=\"widget\" data-settings=\"{&quot;columns&quot;:&quot;5&quot;,&quot;columns_tablet&quot;:&quot;inherit&quot;,&quot;columns_mobile&quot;:&quot;1&quot;}\" data-widget_type=\"aux_recent_news_grid.default\">\n\t\t\t\t<div class=\"elementor-widget-container\">\n\t\t\t\t\t<section class=\"widget-container aux-widget-recent-news aux-parent-auade8dde3\" style=\"\" ><div data-element-id=\"auade8dde3\" class=\"master-carousel aux-no-js aux-mc-before-init aux-center-control aux-grid-carousel-modern-layout aux-no-meta aux-ajax-view  aux-center-control\" data-columns=\"5\" data-navigation=\"perpage\" data-space=\"30\" data-loop=\"yes\" data-wrap-controls=\"true\" data-bullets=\"false\" data-bullet-class=\"aux-bullets aux-small aux-mask\" data-arrows=\"true\" data-same-height=\"true\" data-responsive=\"1025:5,767:1\"><div class=\"aux-mc-item post-2448\">\n                        <article class=\"post column-entry post-2448 news type-news status-publish has-post-thumbnail hentry news-category-07-05 news-category-mostra-brasil news-tag-cineart\">\n                                                        <div class=\"entry-media\"><div class=\"aux-media-frame aux-media-image aux-image-mask\"><a href=\"https:\/\/itfilmes.com.br\/mostrabetim1\/programacao\/abertura-oficial\/\"><img loading=\"lazy\" decoding=\"async\" width=\"370\" height=\"492\" src=\"https:\/\/itfilmes.com.br\/mostrabetim1\/wp-content\/uploads\/sites\/7\/2024\/04\/cartaz-mockup-14-40x53.png\" class=\"aux-attachment aux-featured-image attachment-370x492.1 aux-attachment-id-3051  aux-preload aux-has-preview\" alt=\"Mostra Betim\" data-ratio=\"0.75\" data-original-w=\"1109\" sizes=\"auto\" data-srcset=\"https:\/\/itfilmes.com.br\/mostrabetim1\/wp-content\/uploads\/sites\/7\/2024\/04\/cartaz-mockup-14-150x200.png 150w,https:\/\/itfilmes.com.br\/mostrabetim1\/wp-content\/uploads\/sites\/7\/2024\/04\/cartaz-mockup-14-300x399.png 300w,https:\/\/itfilmes.com.br\/mostrabetim1\/wp-content\/uploads\/sites\/7\/2024\/04\/cartaz-mockup-14-768x1021.png 768w,https:\/\/itfilmes.com.br\/mostrabetim1\/wp-content\/uploads\/sites\/7\/2024\/04\/cartaz-mockup-14-1024x1362.png 1024w,https:\/\/itfilmes.com.br\/mostrabetim1\/wp-content\/uploads\/sites\/7\/2024\/04\/cartaz-mockup-14-370x492.png 370w,https:\/\/itfilmes.com.br\/mostrabetim1\/wp-content\/uploads\/sites\/7\/2024\/04\/cartaz-mockup-14-1099x1461.png 1099w\" data-src=\"https:\/\/itfilmes.com.br\/mostrabetim1\/wp-content\/uploads\/sites\/7\/2024\/04\/cartaz-mockup-14-370x492.png\" \/><\/a><\/div><\/div>\n                            \n                            <div class=\"entry-main\">\n                                                        \n                                <header class=\"entry-header\">\n                                \n                                    <h4 class=\"entry-title\">\n                                        <a href=\"https:\/\/itfilmes.com.br\/mostrabetim1\/programacao\/abertura-oficial\/\">\n                                            Abertura oficial                                        <\/a>\n                                    <\/h4>\n                                                                    <div class=\"entry-format\">\n                                        <a href=\"https:\/\/itfilmes.com.br\/mostrabetim1\/programacao\/abertura-oficial\/\">\n                                            <div class=\"post-format format-\"> <\/div>\n                                        <\/a>\n                                    <\/div>\n                                <\/header>\n                                                            \n                                <div class=\"entry-info\">\n                                                                                                                                    <span class=\"entry-tax aux-no-sep\">\n                                        <a href=\"https:\/\/itfilmes.com.br\/mostrabetim1\/programacao-cats\/07-05\/\" title=\"View all posts in 07\/05 - ter\u00e7a-feira\" rel=\"category\" >07\/05 - ter\u00e7a-feira<\/a><a href=\"https:\/\/itfilmes.com.br\/mostrabetim1\/programacao-cats\/mostra-brasil\/\" title=\"View all posts in Mostra Brasil\" rel=\"category\" >Mostra Brasil<\/a>                                    <\/span>\n                                                                                                                                            <\/div>\n                            \n                                                        \n                            <\/div>\n\n                        <\/article>\n<\/div><div class=\"aux-mc-item post-2956\">\n                        <article class=\"post column-entry post-2956 news type-news status-publish has-post-thumbnail hentry news-category-08-05 news-category-exposicao news-tag-uncategorized\">\n                                                        <div class=\"entry-media\"><div class=\"aux-media-frame aux-media-image aux-image-mask\"><a href=\"https:\/\/itfilmes.com.br\/mostrabetim1\/programacao\/exposicao-fotografica-betim-viva\/\"><img loading=\"lazy\" decoding=\"async\" width=\"370\" height=\"492\" src=\"https:\/\/itfilmes.com.br\/mostrabetim1\/wp-content\/uploads\/sites\/7\/2024\/04\/betim-viva-direo-elizabete-martins-campos-fotografia-werlei-luccas_52300976372_o-40x53.webp\" class=\"aux-attachment aux-featured-image attachment-370x492.1 aux-attachment-id-2961  aux-preload aux-has-preview\" alt=\"Betim Viva\" data-ratio=\"0.75\" data-original-w=\"1600\" sizes=\"auto\" data-srcset=\"https:\/\/itfilmes.com.br\/mostrabetim1\/wp-content\/uploads\/sites\/7\/2024\/04\/betim-viva-direo-elizabete-martins-campos-fotografia-werlei-luccas_52300976372_o-150x200.webp 150w,https:\/\/itfilmes.com.br\/mostrabetim1\/wp-content\/uploads\/sites\/7\/2024\/04\/betim-viva-direo-elizabete-martins-campos-fotografia-werlei-luccas_52300976372_o-300x399.webp 300w,https:\/\/itfilmes.com.br\/mostrabetim1\/wp-content\/uploads\/sites\/7\/2024\/04\/betim-viva-direo-elizabete-martins-campos-fotografia-werlei-luccas_52300976372_o-768x1021.webp 768w,https:\/\/itfilmes.com.br\/mostrabetim1\/wp-content\/uploads\/sites\/7\/2024\/04\/betim-viva-direo-elizabete-martins-campos-fotografia-werlei-luccas_52300976372_o-1024x1362.webp 1024w,https:\/\/itfilmes.com.br\/mostrabetim1\/wp-content\/uploads\/sites\/7\/2024\/04\/betim-viva-direo-elizabete-martins-campos-fotografia-werlei-luccas_52300976372_o-370x492.webp 370w,https:\/\/itfilmes.com.br\/mostrabetim1\/wp-content\/uploads\/sites\/7\/2024\/04\/betim-viva-direo-elizabete-martins-campos-fotografia-werlei-luccas_52300976372_o-1590x2114.webp 1590w\" data-src=\"https:\/\/itfilmes.com.br\/mostrabetim1\/wp-content\/uploads\/sites\/7\/2024\/04\/betim-viva-direo-elizabete-martins-campos-fotografia-werlei-luccas_52300976372_o-370x492.webp\" \/><\/a><\/div><\/div>\n                            \n                            <div class=\"entry-main\">\n                                                        \n                                <header class=\"entry-header\">\n                                \n                                    <h4 class=\"entry-title\">\n                                        <a href=\"https:\/\/itfilmes.com.br\/mostrabetim1\/programacao\/exposicao-fotografica-betim-viva\/\">\n                                            Exposi\u00e7\u00e3o fotogr\u00e1fica Betim Viva                                        <\/a>\n                                    <\/h4>\n                                                                    <div class=\"entry-format\">\n                                        <a href=\"https:\/\/itfilmes.com.br\/mostrabetim1\/programacao\/exposicao-fotografica-betim-viva\/\">\n                                            <div class=\"post-format format-\"> <\/div>\n                                        <\/a>\n                                    <\/div>\n                                <\/header>\n                                                            \n                                <div class=\"entry-info\">\n                                                                                                                                    <span class=\"entry-tax aux-no-sep\">\n                                        <a href=\"https:\/\/itfilmes.com.br\/mostrabetim1\/programacao-cats\/08-05\/\" title=\"View all posts in 08\/05 - quarta-feira\" rel=\"category\" >08\/05 - quarta-feira<\/a><a href=\"https:\/\/itfilmes.com.br\/mostrabetim1\/programacao-cats\/exposicao\/\" title=\"View all posts in Exposi\u00e7\u00e3o\" rel=\"category\" >Exposi\u00e7\u00e3o<\/a>                                    <\/span>\n                                                                                                                                            <\/div>\n                            \n                                                        \n                            <\/div>\n\n                        <\/article>\n<\/div><div class=\"aux-mc-item post-2906\">\n                        <article class=\"post column-entry post-2906 news type-news status-publish has-post-thumbnail hentry news-category-08-05 news-category-09-05 news-category-10-05 news-category-itinerante news-tag-regionais\">\n                                                        <div class=\"entry-media\"><div class=\"aux-media-frame aux-media-image aux-image-mask\"><a href=\"https:\/\/itfilmes.com.br\/mostrabetim1\/programacao\/betim-viva\/\"><img loading=\"lazy\" decoding=\"async\" width=\"370\" height=\"492\" src=\"https:\/\/itfilmes.com.br\/mostrabetim1\/wp-content\/uploads\/sites\/7\/2024\/04\/Betim-Viva-40x53.jpg\" class=\"aux-attachment aux-featured-image attachment-370x492.1 aux-attachment-id-3035  aux-preload aux-has-preview\" alt=\"Betim Viva\" data-ratio=\"0.75\" data-original-w=\"1080\" sizes=\"auto\" data-srcset=\"https:\/\/itfilmes.com.br\/mostrabetim1\/wp-content\/uploads\/sites\/7\/2024\/04\/Betim-Viva-150x200.jpg 150w,https:\/\/itfilmes.com.br\/mostrabetim1\/wp-content\/uploads\/sites\/7\/2024\/04\/Betim-Viva-300x399.jpg 300w,https:\/\/itfilmes.com.br\/mostrabetim1\/wp-content\/uploads\/sites\/7\/2024\/04\/Betim-Viva-768x1021.jpg 768w,https:\/\/itfilmes.com.br\/mostrabetim1\/wp-content\/uploads\/sites\/7\/2024\/04\/Betim-Viva-1024x1362.jpg 1024w,https:\/\/itfilmes.com.br\/mostrabetim1\/wp-content\/uploads\/sites\/7\/2024\/04\/Betim-Viva-370x492.jpg 370w,https:\/\/itfilmes.com.br\/mostrabetim1\/wp-content\/uploads\/sites\/7\/2024\/04\/Betim-Viva-1070x1423.jpg 1070w\" data-src=\"https:\/\/itfilmes.com.br\/mostrabetim1\/wp-content\/uploads\/sites\/7\/2024\/04\/Betim-Viva-370x492.jpg\" \/><\/a><\/div><\/div>\n                            \n                            <div class=\"entry-main\">\n                                                        \n                                <header class=\"entry-header\">\n                                \n                                    <h4 class=\"entry-title\">\n                                        <a href=\"https:\/\/itfilmes.com.br\/mostrabetim1\/programacao\/betim-viva\/\">\n                                            Betim viva                                        <\/a>\n                                    <\/h4>\n                                                                    <div class=\"entry-format\">\n                                        <a href=\"https:\/\/itfilmes.com.br\/mostrabetim1\/programacao\/betim-viva\/\">\n                                            <div class=\"post-format format-\"> <\/div>\n                                        <\/a>\n                                    <\/div>\n                                <\/header>\n                                                            \n                                <div class=\"entry-info\">\n                                                                                                                                    <span class=\"entry-tax aux-no-sep\">\n                                        <a href=\"https:\/\/itfilmes.com.br\/mostrabetim1\/programacao-cats\/08-05\/\" title=\"View all posts in 08\/05 - quarta-feira\" rel=\"category\" >08\/05 - quarta-feira<\/a><a href=\"https:\/\/itfilmes.com.br\/mostrabetim1\/programacao-cats\/09-05\/\" title=\"View all posts in 09\/05 - quinta-feira\" rel=\"category\" >09\/05 - quinta-feira<\/a><a href=\"https:\/\/itfilmes.com.br\/mostrabetim1\/programacao-cats\/10-05\/\" title=\"View all posts in 10\/05 - sexta-feira\" rel=\"category\" >10\/05 - sexta-feira<\/a>                                    <\/span>\n                                                                                                                                            <\/div>\n                            \n                                                        \n                            <\/div>\n\n                        <\/article>\n<\/div><div class=\"aux-mc-item post-2585\">\n                        <article class=\"post column-entry post-2585 news type-news status-publish has-post-thumbnail hentry news-category-08-05 news-category-mostra-brasil news-tag-cineart\">\n                                                        <div class=\"entry-media\"><div class=\"aux-media-frame aux-media-image aux-image-mask\"><a href=\"https:\/\/itfilmes.com.br\/mostrabetim1\/programacao\/a-alma-da-gente\/\"><img loading=\"lazy\" decoding=\"async\" width=\"370\" height=\"492\" src=\"https:\/\/itfilmes.com.br\/mostrabetim1\/wp-content\/uploads\/sites\/7\/2024\/04\/A-Alma-da-Gente-Helena-Solberg-e-DAvid-Meyer-40x53.jpg\" class=\"aux-attachment aux-featured-image attachment-370x492.1 aux-attachment-id-2661  aux-preload aux-has-preview\" alt=\"A Alma da Gente\" data-ratio=\"0.75\" data-original-w=\"1080\" sizes=\"auto\" data-srcset=\"https:\/\/itfilmes.com.br\/mostrabetim1\/wp-content\/uploads\/sites\/7\/2024\/04\/A-Alma-da-Gente-Helena-Solberg-e-DAvid-Meyer-150x200.jpg 150w,https:\/\/itfilmes.com.br\/mostrabetim1\/wp-content\/uploads\/sites\/7\/2024\/04\/A-Alma-da-Gente-Helena-Solberg-e-DAvid-Meyer-300x399.jpg 300w,https:\/\/itfilmes.com.br\/mostrabetim1\/wp-content\/uploads\/sites\/7\/2024\/04\/A-Alma-da-Gente-Helena-Solberg-e-DAvid-Meyer-768x1021.jpg 768w,https:\/\/itfilmes.com.br\/mostrabetim1\/wp-content\/uploads\/sites\/7\/2024\/04\/A-Alma-da-Gente-Helena-Solberg-e-DAvid-Meyer-1024x1362.jpg 1024w,https:\/\/itfilmes.com.br\/mostrabetim1\/wp-content\/uploads\/sites\/7\/2024\/04\/A-Alma-da-Gente-Helena-Solberg-e-DAvid-Meyer-370x492.jpg 370w,https:\/\/itfilmes.com.br\/mostrabetim1\/wp-content\/uploads\/sites\/7\/2024\/04\/A-Alma-da-Gente-Helena-Solberg-e-DAvid-Meyer-1070x1423.jpg 1070w\" data-src=\"https:\/\/itfilmes.com.br\/mostrabetim1\/wp-content\/uploads\/sites\/7\/2024\/04\/A-Alma-da-Gente-Helena-Solberg-e-DAvid-Meyer-370x492.jpg\" \/><\/a><\/div><\/div>\n                            \n                            <div class=\"entry-main\">\n                                                        \n                                <header class=\"entry-header\">\n                                \n                                    <h4 class=\"entry-title\">\n                                        <a href=\"https:\/\/itfilmes.com.br\/mostrabetim1\/programacao\/a-alma-da-gente\/\">\n                                            A alma da gente                                        <\/a>\n                                    <\/h4>\n                                                                    <div class=\"entry-format\">\n                                        <a href=\"https:\/\/itfilmes.com.br\/mostrabetim1\/programacao\/a-alma-da-gente\/\">\n                                            <div class=\"post-format format-\"> <\/div>\n                                        <\/a>\n                                    <\/div>\n                                <\/header>\n                                                            \n                                <div class=\"entry-info\">\n                                                                                                                                    <span class=\"entry-tax aux-no-sep\">\n                                        <a href=\"https:\/\/itfilmes.com.br\/mostrabetim1\/programacao-cats\/08-05\/\" title=\"View all posts in 08\/05 - quarta-feira\" rel=\"category\" >08\/05 - quarta-feira<\/a><a href=\"https:\/\/itfilmes.com.br\/mostrabetim1\/programacao-cats\/mostra-brasil\/\" title=\"View all posts in Mostra Brasil\" rel=\"category\" >Mostra Brasil<\/a>                                    <\/span>\n                                                                                                                                            <\/div>\n                            \n                                                        \n                            <\/div>\n\n                        <\/article>\n<\/div><div class=\"aux-mc-item post-2675\">\n                        <article class=\"post column-entry post-2675 news type-news status-publish has-post-thumbnail hentry news-category-08-05 news-category-mostra-brasil news-tag-cineart\">\n                                                        <div class=\"entry-media\"><div class=\"aux-media-frame aux-media-image aux-image-mask\"><a href=\"https:\/\/itfilmes.com.br\/mostrabetim1\/programacao\/samuel-foi-trabalhar\/\"><img loading=\"lazy\" decoding=\"async\" width=\"370\" height=\"492\" src=\"https:\/\/itfilmes.com.br\/mostrabetim1\/wp-content\/uploads\/sites\/7\/2024\/04\/samuel-foi-trabalhar-40x53.jpg\" class=\"aux-attachment aux-featured-image attachment-370x492.1 aux-attachment-id-2966  aux-preload aux-has-preview\" alt=\"Samuel foi trabalhar\" data-ratio=\"0.75\" data-original-w=\"1080\" sizes=\"auto\" data-srcset=\"https:\/\/itfilmes.com.br\/mostrabetim1\/wp-content\/uploads\/sites\/7\/2024\/04\/samuel-foi-trabalhar-150x200.jpg 150w,https:\/\/itfilmes.com.br\/mostrabetim1\/wp-content\/uploads\/sites\/7\/2024\/04\/samuel-foi-trabalhar-300x399.jpg 300w,https:\/\/itfilmes.com.br\/mostrabetim1\/wp-content\/uploads\/sites\/7\/2024\/04\/samuel-foi-trabalhar-768x1021.jpg 768w,https:\/\/itfilmes.com.br\/mostrabetim1\/wp-content\/uploads\/sites\/7\/2024\/04\/samuel-foi-trabalhar-1024x1362.jpg 1024w,https:\/\/itfilmes.com.br\/mostrabetim1\/wp-content\/uploads\/sites\/7\/2024\/04\/samuel-foi-trabalhar-370x492.jpg 370w,https:\/\/itfilmes.com.br\/mostrabetim1\/wp-content\/uploads\/sites\/7\/2024\/04\/samuel-foi-trabalhar-1070x1423.jpg 1070w\" data-src=\"https:\/\/itfilmes.com.br\/mostrabetim1\/wp-content\/uploads\/sites\/7\/2024\/04\/samuel-foi-trabalhar-370x492.jpg\" \/><\/a><\/div><\/div>\n                            \n                            <div class=\"entry-main\">\n                                                        \n                                <header class=\"entry-header\">\n                                \n                                    <h4 class=\"entry-title\">\n                                        <a href=\"https:\/\/itfilmes.com.br\/mostrabetim1\/programacao\/samuel-foi-trabalhar\/\">\n                                            Samuel foi trabalhar                                        <\/a>\n                                    <\/h4>\n                                                                    <div class=\"entry-format\">\n                                        <a href=\"https:\/\/itfilmes.com.br\/mostrabetim1\/programacao\/samuel-foi-trabalhar\/\">\n                                            <div class=\"post-format format-\"> <\/div>\n                                        <\/a>\n                                    <\/div>\n                                <\/header>\n                                                            \n                                <div class=\"entry-info\">\n                                                                                                                                    <span class=\"entry-tax aux-no-sep\">\n                                        <a href=\"https:\/\/itfilmes.com.br\/mostrabetim1\/programacao-cats\/08-05\/\" title=\"View all posts in 08\/05 - quarta-feira\" rel=\"category\" >08\/05 - quarta-feira<\/a><a href=\"https:\/\/itfilmes.com.br\/mostrabetim1\/programacao-cats\/mostra-brasil\/\" title=\"View all posts in Mostra Brasil\" rel=\"category\" >Mostra Brasil<\/a>                                    <\/span>\n                                                                                                                                            <\/div>\n                            \n                                                        \n                            <\/div>\n\n                        <\/article>\n<\/div><div class=\"aux-mc-item post-2688\">\n                        <article class=\"post column-entry post-2688 news type-news status-publish has-post-thumbnail hentry news-category-08-05 news-category-mostra-brasil news-tag-cineart\">\n                                                        <div class=\"entry-media\"><div class=\"aux-media-frame aux-media-image aux-image-mask\"><a href=\"https:\/\/itfilmes.com.br\/mostrabetim1\/programacao\/mussum-o-filmis\/\"><img loading=\"lazy\" decoding=\"async\" width=\"370\" height=\"492\" src=\"https:\/\/itfilmes.com.br\/mostrabetim1\/wp-content\/uploads\/sites\/7\/2024\/04\/MUSSUM-Poster-2mb-40x53.jpg\" class=\"aux-attachment aux-featured-image attachment-370x492.1 aux-attachment-id-2691  aux-preload aux-has-preview\" alt=\"Mussum, o filmis.\" data-ratio=\"0.75\" data-original-w=\"1080\" sizes=\"auto\" data-srcset=\"https:\/\/itfilmes.com.br\/mostrabetim1\/wp-content\/uploads\/sites\/7\/2024\/04\/MUSSUM-Poster-2mb-150x200.jpg 150w,https:\/\/itfilmes.com.br\/mostrabetim1\/wp-content\/uploads\/sites\/7\/2024\/04\/MUSSUM-Poster-2mb-300x399.jpg 300w,https:\/\/itfilmes.com.br\/mostrabetim1\/wp-content\/uploads\/sites\/7\/2024\/04\/MUSSUM-Poster-2mb-768x1021.jpg 768w,https:\/\/itfilmes.com.br\/mostrabetim1\/wp-content\/uploads\/sites\/7\/2024\/04\/MUSSUM-Poster-2mb-1024x1362.jpg 1024w,https:\/\/itfilmes.com.br\/mostrabetim1\/wp-content\/uploads\/sites\/7\/2024\/04\/MUSSUM-Poster-2mb-370x492.jpg 370w,https:\/\/itfilmes.com.br\/mostrabetim1\/wp-content\/uploads\/sites\/7\/2024\/04\/MUSSUM-Poster-2mb-1070x1423.jpg 1070w\" data-src=\"https:\/\/itfilmes.com.br\/mostrabetim1\/wp-content\/uploads\/sites\/7\/2024\/04\/MUSSUM-Poster-2mb-370x492.jpg\" \/><\/a><\/div><\/div>\n                            \n                            <div class=\"entry-main\">\n                                                        \n                                <header class=\"entry-header\">\n                                \n                                    <h4 class=\"entry-title\">\n                                        <a href=\"https:\/\/itfilmes.com.br\/mostrabetim1\/programacao\/mussum-o-filmis\/\">\n                                            Mussum, o filmis                                        <\/a>\n                                    <\/h4>\n                                                                    <div class=\"entry-format\">\n                                        <a href=\"https:\/\/itfilmes.com.br\/mostrabetim1\/programacao\/mussum-o-filmis\/\">\n                                            <div class=\"post-format format-\"> <\/div>\n                                        <\/a>\n                                    <\/div>\n                                <\/header>\n                                                            \n                                <div class=\"entry-info\">\n                                                                                                                                    <span class=\"entry-tax aux-no-sep\">\n                                        <a href=\"https:\/\/itfilmes.com.br\/mostrabetim1\/programacao-cats\/08-05\/\" title=\"View all posts in 08\/05 - quarta-feira\" rel=\"category\" >08\/05 - quarta-feira<\/a><a href=\"https:\/\/itfilmes.com.br\/mostrabetim1\/programacao-cats\/mostra-brasil\/\" title=\"View all posts in Mostra Brasil\" rel=\"category\" >Mostra Brasil<\/a>                                    <\/span>\n                                                                                                                                            <\/div>\n                            \n                                                        \n                            <\/div>\n\n                        <\/article>\n<\/div><div class=\"aux-mc-item post-2698\">\n                        <article class=\"post column-entry post-2698 news type-news status-publish has-post-thumbnail hentry news-category-08-05 news-category-mostra-brasil news-tag-cineart\">\n                                                        <div class=\"entry-media\"><div class=\"aux-media-frame aux-media-image aux-image-mask\"><a href=\"https:\/\/itfilmes.com.br\/mostrabetim1\/programacao\/seu-cavalcanti\/\"><img loading=\"lazy\" decoding=\"async\" width=\"370\" height=\"492\" src=\"https:\/\/itfilmes.com.br\/mostrabetim1\/wp-content\/uploads\/sites\/7\/2024\/04\/Poster-SEU-CAVALCANTI-direcao-Leonardo-Lacca-40x53.jpg\" class=\"aux-attachment aux-featured-image attachment-370x492.1 aux-attachment-id-2701  aux-preload aux-has-preview\" alt=\"SEU CAVALCANTI\" data-ratio=\"0.75\" data-original-w=\"1080\" sizes=\"auto\" data-srcset=\"https:\/\/itfilmes.com.br\/mostrabetim1\/wp-content\/uploads\/sites\/7\/2024\/04\/Poster-SEU-CAVALCANTI-direcao-Leonardo-Lacca-150x200.jpg 150w,https:\/\/itfilmes.com.br\/mostrabetim1\/wp-content\/uploads\/sites\/7\/2024\/04\/Poster-SEU-CAVALCANTI-direcao-Leonardo-Lacca-300x399.jpg 300w,https:\/\/itfilmes.com.br\/mostrabetim1\/wp-content\/uploads\/sites\/7\/2024\/04\/Poster-SEU-CAVALCANTI-direcao-Leonardo-Lacca-768x1021.jpg 768w,https:\/\/itfilmes.com.br\/mostrabetim1\/wp-content\/uploads\/sites\/7\/2024\/04\/Poster-SEU-CAVALCANTI-direcao-Leonardo-Lacca-1024x1362.jpg 1024w,https:\/\/itfilmes.com.br\/mostrabetim1\/wp-content\/uploads\/sites\/7\/2024\/04\/Poster-SEU-CAVALCANTI-direcao-Leonardo-Lacca-370x492.jpg 370w,https:\/\/itfilmes.com.br\/mostrabetim1\/wp-content\/uploads\/sites\/7\/2024\/04\/Poster-SEU-CAVALCANTI-direcao-Leonardo-Lacca-1070x1423.jpg 1070w\" data-src=\"https:\/\/itfilmes.com.br\/mostrabetim1\/wp-content\/uploads\/sites\/7\/2024\/04\/Poster-SEU-CAVALCANTI-direcao-Leonardo-Lacca-370x492.jpg\" \/><\/a><\/div><\/div>\n                            \n                            <div class=\"entry-main\">\n                                                        \n                                <header class=\"entry-header\">\n                                \n                                    <h4 class=\"entry-title\">\n                                        <a href=\"https:\/\/itfilmes.com.br\/mostrabetim1\/programacao\/seu-cavalcanti\/\">\n                                            Seu Cavalcanti                                        <\/a>\n                                    <\/h4>\n                                                                    <div class=\"entry-format\">\n                                        <a href=\"https:\/\/itfilmes.com.br\/mostrabetim1\/programacao\/seu-cavalcanti\/\">\n                                            <div class=\"post-format format-\"> <\/div>\n                                        <\/a>\n                                    <\/div>\n                                <\/header>\n                                                            \n                                <div class=\"entry-info\">\n                                                                                                                                    <span class=\"entry-tax aux-no-sep\">\n                                        <a href=\"https:\/\/itfilmes.com.br\/mostrabetim1\/programacao-cats\/08-05\/\" title=\"View all posts in 08\/05 - quarta-feira\" rel=\"category\" >08\/05 - quarta-feira<\/a><a href=\"https:\/\/itfilmes.com.br\/mostrabetim1\/programacao-cats\/mostra-brasil\/\" title=\"View all posts in Mostra Brasil\" rel=\"category\" >Mostra Brasil<\/a>                                    <\/span>\n                                                                                                                                            <\/div>\n                            \n                                                        \n                            <\/div>\n\n                        <\/article>\n<\/div><div class=\"aux-mc-item post-3040\">\n                        <article class=\"post column-entry post-3040 news type-news status-publish has-post-thumbnail hentry news-category-08-05 news-category-09-05 news-category-10-05 news-category-oficina news-tag-uncategorized\">\n                                                        <div class=\"entry-media\"><div class=\"aux-media-frame aux-media-image aux-image-mask\"><a href=\"https:\/\/itfilmes.com.br\/mostrabetim1\/programacao\/oficinas-audiovisuais\/\"><img loading=\"lazy\" decoding=\"async\" width=\"370\" height=\"492\" src=\"https:\/\/itfilmes.com.br\/mostrabetim1\/wp-content\/uploads\/sites\/7\/2024\/05\/cartaz-A3-3-copia-3-40x53.png\" class=\"aux-attachment aux-featured-image attachment-370x492.1 aux-attachment-id-3043  aux-preload aux-has-preview\" alt=\"Oficinas\" data-ratio=\"0.75\" data-original-w=\"1109\" sizes=\"auto\" data-srcset=\"https:\/\/itfilmes.com.br\/mostrabetim1\/wp-content\/uploads\/sites\/7\/2024\/05\/cartaz-A3-3-copia-3-150x200.png 150w,https:\/\/itfilmes.com.br\/mostrabetim1\/wp-content\/uploads\/sites\/7\/2024\/05\/cartaz-A3-3-copia-3-300x399.png 300w,https:\/\/itfilmes.com.br\/mostrabetim1\/wp-content\/uploads\/sites\/7\/2024\/05\/cartaz-A3-3-copia-3-768x1021.png 768w,https:\/\/itfilmes.com.br\/mostrabetim1\/wp-content\/uploads\/sites\/7\/2024\/05\/cartaz-A3-3-copia-3-1024x1362.png 1024w,https:\/\/itfilmes.com.br\/mostrabetim1\/wp-content\/uploads\/sites\/7\/2024\/05\/cartaz-A3-3-copia-3-370x492.png 370w,https:\/\/itfilmes.com.br\/mostrabetim1\/wp-content\/uploads\/sites\/7\/2024\/05\/cartaz-A3-3-copia-3-1099x1461.png 1099w\" data-src=\"https:\/\/itfilmes.com.br\/mostrabetim1\/wp-content\/uploads\/sites\/7\/2024\/05\/cartaz-A3-3-copia-3-370x492.png\" \/><\/a><\/div><\/div>\n                            \n                            <div class=\"entry-main\">\n                                                        \n                                <header class=\"entry-header\">\n                                \n                                    <h4 class=\"entry-title\">\n                                        <a href=\"https:\/\/itfilmes.com.br\/mostrabetim1\/programacao\/oficinas-audiovisuais\/\">\n                                            Oficinas audiovisuais                                        <\/a>\n                                    <\/h4>\n                                                                    <div class=\"entry-format\">\n                                        <a href=\"https:\/\/itfilmes.com.br\/mostrabetim1\/programacao\/oficinas-audiovisuais\/\">\n                                            <div class=\"post-format format-\"> <\/div>\n                                        <\/a>\n                                    <\/div>\n                                <\/header>\n                                                            \n                                <div class=\"entry-info\">\n                                                                                                                                    <span class=\"entry-tax aux-no-sep\">\n                                        <a href=\"https:\/\/itfilmes.com.br\/mostrabetim1\/programacao-cats\/08-05\/\" title=\"View all posts in 08\/05 - quarta-feira\" rel=\"category\" >08\/05 - quarta-feira<\/a><a href=\"https:\/\/itfilmes.com.br\/mostrabetim1\/programacao-cats\/09-05\/\" title=\"View all posts in 09\/05 - quinta-feira\" rel=\"category\" >09\/05 - quinta-feira<\/a><a href=\"https:\/\/itfilmes.com.br\/mostrabetim1\/programacao-cats\/10-05\/\" title=\"View all posts in 10\/05 - sexta-feira\" rel=\"category\" >10\/05 - sexta-feira<\/a>                                    <\/span>\n                                                                                                                                            <\/div>\n                            \n                                                        \n                            <\/div>\n\n                        <\/article>\n<\/div><div class=\"aux-mc-item post-2944\">\n                        <article class=\"post column-entry post-2944 news type-news status-publish has-post-thumbnail hentry news-category-09-05 news-category-seminario news-tag-cineart\">\n                                                        <div class=\"entry-media\"><div class=\"aux-media-frame aux-media-image aux-image-mask\"><a href=\"https:\/\/itfilmes.com.br\/mostrabetim1\/programacao\/betim-cidade-criativa\/\"><img loading=\"lazy\" decoding=\"async\" width=\"370\" height=\"492\" src=\"https:\/\/itfilmes.com.br\/mostrabetim1\/wp-content\/uploads\/sites\/7\/2024\/05\/cartaz-A3-3-copia-2-40x53.png\" class=\"aux-attachment aux-featured-image attachment-370x492.1 aux-attachment-id-3042  aux-preload aux-has-preview\" alt=\"__cartaz-A3-3 c\u00f3pia 2\" data-ratio=\"0.75\" data-original-w=\"1109\" sizes=\"auto\" data-srcset=\"https:\/\/itfilmes.com.br\/mostrabetim1\/wp-content\/uploads\/sites\/7\/2024\/05\/cartaz-A3-3-copia-2-150x200.png 150w,https:\/\/itfilmes.com.br\/mostrabetim1\/wp-content\/uploads\/sites\/7\/2024\/05\/cartaz-A3-3-copia-2-300x399.png 300w,https:\/\/itfilmes.com.br\/mostrabetim1\/wp-content\/uploads\/sites\/7\/2024\/05\/cartaz-A3-3-copia-2-768x1021.png 768w,https:\/\/itfilmes.com.br\/mostrabetim1\/wp-content\/uploads\/sites\/7\/2024\/05\/cartaz-A3-3-copia-2-1024x1362.png 1024w,https:\/\/itfilmes.com.br\/mostrabetim1\/wp-content\/uploads\/sites\/7\/2024\/05\/cartaz-A3-3-copia-2-370x492.png 370w,https:\/\/itfilmes.com.br\/mostrabetim1\/wp-content\/uploads\/sites\/7\/2024\/05\/cartaz-A3-3-copia-2-1099x1461.png 1099w\" data-src=\"https:\/\/itfilmes.com.br\/mostrabetim1\/wp-content\/uploads\/sites\/7\/2024\/05\/cartaz-A3-3-copia-2-370x492.png\" \/><\/a><\/div><\/div>\n                            \n                            <div class=\"entry-main\">\n                                                        \n                                <header class=\"entry-header\">\n                                \n                                    <h4 class=\"entry-title\">\n                                        <a href=\"https:\/\/itfilmes.com.br\/mostrabetim1\/programacao\/betim-cidade-criativa\/\">\n                                            Betim Cidade Criativa                                        <\/a>\n                                    <\/h4>\n                                                                    <div class=\"entry-format\">\n                                        <a href=\"https:\/\/itfilmes.com.br\/mostrabetim1\/programacao\/betim-cidade-criativa\/\">\n                                            <div class=\"post-format format-\"> <\/div>\n                                        <\/a>\n                                    <\/div>\n                                <\/header>\n                                                            \n                                <div class=\"entry-info\">\n                                                                                                                                    <span class=\"entry-tax aux-no-sep\">\n                                        <a href=\"https:\/\/itfilmes.com.br\/mostrabetim1\/programacao-cats\/09-05\/\" title=\"View all posts in 09\/05 - quinta-feira\" rel=\"category\" >09\/05 - quinta-feira<\/a><a href=\"https:\/\/itfilmes.com.br\/mostrabetim1\/programacao-cats\/seminario\/\" title=\"View all posts in Semin\u00e1rio\" rel=\"category\" >Semin\u00e1rio<\/a>                                    <\/span>\n                                                                                                                                            <\/div>\n                            \n                                                        \n                            <\/div>\n\n                        <\/article>\n<\/div><div class=\"aux-mc-item post-2706\">\n                        <article class=\"post column-entry post-2706 news type-news status-publish has-post-thumbnail hentry news-category-09-05 news-category-mostra-brasil news-tag-cineart\">\n                                                        <div class=\"entry-media\"><div class=\"aux-media-frame aux-media-image aux-image-mask\"><a href=\"https:\/\/itfilmes.com.br\/mostrabetim1\/programacao\/placa-mae\/\"><img loading=\"lazy\" decoding=\"async\" width=\"370\" height=\"492\" src=\"https:\/\/itfilmes.com.br\/mostrabetim1\/wp-content\/uploads\/sites\/7\/2024\/04\/Placa-mae-40x53.jpg\" class=\"aux-attachment aux-featured-image attachment-370x492.1 aux-attachment-id-2709  aux-preload aux-has-preview\" alt=\"Placa-m\u00e3e\" data-ratio=\"0.75\" data-original-w=\"1080\" sizes=\"auto\" data-srcset=\"https:\/\/itfilmes.com.br\/mostrabetim1\/wp-content\/uploads\/sites\/7\/2024\/04\/Placa-mae-150x200.jpg 150w,https:\/\/itfilmes.com.br\/mostrabetim1\/wp-content\/uploads\/sites\/7\/2024\/04\/Placa-mae-300x399.jpg 300w,https:\/\/itfilmes.com.br\/mostrabetim1\/wp-content\/uploads\/sites\/7\/2024\/04\/Placa-mae-768x1021.jpg 768w,https:\/\/itfilmes.com.br\/mostrabetim1\/wp-content\/uploads\/sites\/7\/2024\/04\/Placa-mae-1024x1362.jpg 1024w,https:\/\/itfilmes.com.br\/mostrabetim1\/wp-content\/uploads\/sites\/7\/2024\/04\/Placa-mae-370x492.jpg 370w,https:\/\/itfilmes.com.br\/mostrabetim1\/wp-content\/uploads\/sites\/7\/2024\/04\/Placa-mae-1070x1423.jpg 1070w\" data-src=\"https:\/\/itfilmes.com.br\/mostrabetim1\/wp-content\/uploads\/sites\/7\/2024\/04\/Placa-mae-370x492.jpg\" \/><\/a><\/div><\/div>\n                            \n                            <div class=\"entry-main\">\n                                                        \n                                <header class=\"entry-header\">\n                                \n                                    <h4 class=\"entry-title\">\n                                        <a href=\"https:\/\/itfilmes.com.br\/mostrabetim1\/programacao\/placa-mae\/\">\n                                            Placa-m\u00e3e                                        <\/a>\n                                    <\/h4>\n                                                                    <div class=\"entry-format\">\n                                        <a href=\"https:\/\/itfilmes.com.br\/mostrabetim1\/programacao\/placa-mae\/\">\n                                            <div class=\"post-format format-\"> <\/div>\n                                        <\/a>\n                                    <\/div>\n                                <\/header>\n                                                            \n                                <div class=\"entry-info\">\n                                                                                                                                    <span class=\"entry-tax aux-no-sep\">\n                                        <a href=\"https:\/\/itfilmes.com.br\/mostrabetim1\/programacao-cats\/09-05\/\" title=\"View all posts in 09\/05 - quinta-feira\" rel=\"category\" >09\/05 - quinta-feira<\/a><a href=\"https:\/\/itfilmes.com.br\/mostrabetim1\/programacao-cats\/mostra-brasil\/\" title=\"View all posts in Mostra Brasil\" rel=\"category\" >Mostra Brasil<\/a>                                    <\/span>\n                                                                                                                                            <\/div>\n                            \n                                                        \n                            <\/div>\n\n                        <\/article>\n<\/div><div class=\"aux-mc-item post-2713\">\n                        <article class=\"post column-entry post-2713 news type-news status-publish has-post-thumbnail hentry news-category-09-05 news-category-mostra-brasil news-tag-cineart\">\n                                                        <div class=\"entry-media\"><div class=\"aux-media-frame aux-media-image aux-image-mask\"><a href=\"https:\/\/itfilmes.com.br\/mostrabetim1\/programacao\/clara-estrela\/\"><img loading=\"lazy\" decoding=\"async\" width=\"370\" height=\"492\" src=\"https:\/\/itfilmes.com.br\/mostrabetim1\/wp-content\/uploads\/sites\/7\/2024\/04\/CLARA-ESTRELA-3-4-LOUROS-40x53.jpg\" class=\"aux-attachment aux-featured-image attachment-370x492.1 aux-attachment-id-2716  aux-preload aux-has-preview\" alt=\"Clara estrela\" data-ratio=\"0.75\" data-original-w=\"1080\" sizes=\"auto\" data-srcset=\"https:\/\/itfilmes.com.br\/mostrabetim1\/wp-content\/uploads\/sites\/7\/2024\/04\/CLARA-ESTRELA-3-4-LOUROS-150x200.jpg 150w,https:\/\/itfilmes.com.br\/mostrabetim1\/wp-content\/uploads\/sites\/7\/2024\/04\/CLARA-ESTRELA-3-4-LOUROS-300x399.jpg 300w,https:\/\/itfilmes.com.br\/mostrabetim1\/wp-content\/uploads\/sites\/7\/2024\/04\/CLARA-ESTRELA-3-4-LOUROS-768x1021.jpg 768w,https:\/\/itfilmes.com.br\/mostrabetim1\/wp-content\/uploads\/sites\/7\/2024\/04\/CLARA-ESTRELA-3-4-LOUROS-1024x1362.jpg 1024w,https:\/\/itfilmes.com.br\/mostrabetim1\/wp-content\/uploads\/sites\/7\/2024\/04\/CLARA-ESTRELA-3-4-LOUROS-370x492.jpg 370w,https:\/\/itfilmes.com.br\/mostrabetim1\/wp-content\/uploads\/sites\/7\/2024\/04\/CLARA-ESTRELA-3-4-LOUROS-1070x1423.jpg 1070w\" data-src=\"https:\/\/itfilmes.com.br\/mostrabetim1\/wp-content\/uploads\/sites\/7\/2024\/04\/CLARA-ESTRELA-3-4-LOUROS-370x492.jpg\" \/><\/a><\/div><\/div>\n                            \n                            <div class=\"entry-main\">\n                                                        \n                                <header class=\"entry-header\">\n                                \n                                    <h4 class=\"entry-title\">\n                                        <a href=\"https:\/\/itfilmes.com.br\/mostrabetim1\/programacao\/clara-estrela\/\">\n                                            Clara estrela                                        <\/a>\n                                    <\/h4>\n                                                                    <div class=\"entry-format\">\n                                        <a href=\"https:\/\/itfilmes.com.br\/mostrabetim1\/programacao\/clara-estrela\/\">\n                                            <div class=\"post-format format-\"> <\/div>\n                                        <\/a>\n                                    <\/div>\n                                <\/header>\n                                                            \n                                <div class=\"entry-info\">\n                                                                                                                                    <span class=\"entry-tax aux-no-sep\">\n                                        <a href=\"https:\/\/itfilmes.com.br\/mostrabetim1\/programacao-cats\/09-05\/\" title=\"View all posts in 09\/05 - quinta-feira\" rel=\"category\" >09\/05 - quinta-feira<\/a><a href=\"https:\/\/itfilmes.com.br\/mostrabetim1\/programacao-cats\/mostra-brasil\/\" title=\"View all posts in Mostra Brasil\" rel=\"category\" >Mostra Brasil<\/a>                                    <\/span>\n                                                                                                                                            <\/div>\n                            \n                                                        \n                            <\/div>\n\n                        <\/article>\n<\/div><div class=\"aux-mc-item post-2720\">\n                        <article class=\"post column-entry post-2720 news type-news status-publish has-post-thumbnail hentry news-category-09-05 news-category-mostra-brasil news-tag-cineart\">\n                                                        <div class=\"entry-media\"><div class=\"aux-media-frame aux-media-image aux-image-mask\"><a href=\"https:\/\/itfilmes.com.br\/mostrabetim1\/programacao\/o-dia-que-te-conheci\/\"><img loading=\"lazy\" decoding=\"async\" width=\"370\" height=\"492\" src=\"https:\/\/itfilmes.com.br\/mostrabetim1\/wp-content\/uploads\/sites\/7\/2024\/04\/ODiaQueTeConheci_Still-03-40x53.jpg\" class=\"aux-attachment aux-featured-image attachment-370x492.1 aux-attachment-id-2723  aux-preload aux-has-preview\" alt=\"O dia que te conheci\" data-ratio=\"0.75\" data-original-w=\"1080\" sizes=\"auto\" data-srcset=\"https:\/\/itfilmes.com.br\/mostrabetim1\/wp-content\/uploads\/sites\/7\/2024\/04\/ODiaQueTeConheci_Still-03-150x200.jpg 150w,https:\/\/itfilmes.com.br\/mostrabetim1\/wp-content\/uploads\/sites\/7\/2024\/04\/ODiaQueTeConheci_Still-03-300x399.jpg 300w,https:\/\/itfilmes.com.br\/mostrabetim1\/wp-content\/uploads\/sites\/7\/2024\/04\/ODiaQueTeConheci_Still-03-768x1021.jpg 768w,https:\/\/itfilmes.com.br\/mostrabetim1\/wp-content\/uploads\/sites\/7\/2024\/04\/ODiaQueTeConheci_Still-03-1024x1362.jpg 1024w,https:\/\/itfilmes.com.br\/mostrabetim1\/wp-content\/uploads\/sites\/7\/2024\/04\/ODiaQueTeConheci_Still-03-370x492.jpg 370w,https:\/\/itfilmes.com.br\/mostrabetim1\/wp-content\/uploads\/sites\/7\/2024\/04\/ODiaQueTeConheci_Still-03-1070x1423.jpg 1070w\" data-src=\"https:\/\/itfilmes.com.br\/mostrabetim1\/wp-content\/uploads\/sites\/7\/2024\/04\/ODiaQueTeConheci_Still-03-370x492.jpg\" \/><\/a><\/div><\/div>\n                            \n                            <div class=\"entry-main\">\n                                                        \n                                <header class=\"entry-header\">\n                                \n                                    <h4 class=\"entry-title\">\n                                        <a href=\"https:\/\/itfilmes.com.br\/mostrabetim1\/programacao\/o-dia-que-te-conheci\/\">\n                                            O dia que te conheci                                        <\/a>\n                                    <\/h4>\n                                                                    <div class=\"entry-format\">\n                                        <a href=\"https:\/\/itfilmes.com.br\/mostrabetim1\/programacao\/o-dia-que-te-conheci\/\">\n                                            <div class=\"post-format format-\"> <\/div>\n                                        <\/a>\n                                    <\/div>\n                                <\/header>\n                                                            \n                                <div class=\"entry-info\">\n                                                                                                                                    <span class=\"entry-tax aux-no-sep\">\n                                        <a href=\"https:\/\/itfilmes.com.br\/mostrabetim1\/programacao-cats\/09-05\/\" title=\"View all posts in 09\/05 - quinta-feira\" rel=\"category\" >09\/05 - quinta-feira<\/a><a href=\"https:\/\/itfilmes.com.br\/mostrabetim1\/programacao-cats\/mostra-brasil\/\" title=\"View all posts in Mostra Brasil\" rel=\"category\" >Mostra Brasil<\/a>                                    <\/span>\n                                                                                                                                            <\/div>\n                            \n                                                        \n                            <\/div>\n\n                        <\/article>\n<\/div><div class=\"aux-mc-item post-2727\">\n                        <article class=\"post column-entry post-2727 news type-news status-publish has-post-thumbnail hentry news-category-10-05 news-category-mostra-brasil news-tag-cineart\">\n                                                        <div class=\"entry-media\"><div class=\"aux-media-frame aux-media-image aux-image-mask\"><a href=\"https:\/\/itfilmes.com.br\/mostrabetim1\/programacao\/as-primeiras\/\"><img loading=\"lazy\" decoding=\"async\" width=\"370\" height=\"492\" src=\"https:\/\/itfilmes.com.br\/mostrabetim1\/wp-content\/uploads\/sites\/7\/2024\/04\/ole_AsPrimeiras-40x53.jpg\" class=\"aux-attachment aux-featured-image attachment-370x492.1 aux-attachment-id-2729  aux-preload aux-has-preview\" alt=\"As primeiras\" data-ratio=\"0.75\" data-original-w=\"1080\" sizes=\"auto\" data-srcset=\"https:\/\/itfilmes.com.br\/mostrabetim1\/wp-content\/uploads\/sites\/7\/2024\/04\/ole_AsPrimeiras-150x200.jpg 150w,https:\/\/itfilmes.com.br\/mostrabetim1\/wp-content\/uploads\/sites\/7\/2024\/04\/ole_AsPrimeiras-300x399.jpg 300w,https:\/\/itfilmes.com.br\/mostrabetim1\/wp-content\/uploads\/sites\/7\/2024\/04\/ole_AsPrimeiras-768x1021.jpg 768w,https:\/\/itfilmes.com.br\/mostrabetim1\/wp-content\/uploads\/sites\/7\/2024\/04\/ole_AsPrimeiras-1024x1362.jpg 1024w,https:\/\/itfilmes.com.br\/mostrabetim1\/wp-content\/uploads\/sites\/7\/2024\/04\/ole_AsPrimeiras-370x492.jpg 370w,https:\/\/itfilmes.com.br\/mostrabetim1\/wp-content\/uploads\/sites\/7\/2024\/04\/ole_AsPrimeiras-1070x1423.jpg 1070w\" data-src=\"https:\/\/itfilmes.com.br\/mostrabetim1\/wp-content\/uploads\/sites\/7\/2024\/04\/ole_AsPrimeiras-370x492.jpg\" \/><\/a><\/div><\/div>\n                            \n                            <div class=\"entry-main\">\n                                                        \n                                <header class=\"entry-header\">\n                                \n                                    <h4 class=\"entry-title\">\n                                        <a href=\"https:\/\/itfilmes.com.br\/mostrabetim1\/programacao\/as-primeiras\/\">\n                                            As primeiras                                        <\/a>\n                                    <\/h4>\n                                                                    <div class=\"entry-format\">\n                                        <a href=\"https:\/\/itfilmes.com.br\/mostrabetim1\/programacao\/as-primeiras\/\">\n                                            <div class=\"post-format format-\"> <\/div>\n                                        <\/a>\n                                    <\/div>\n                                <\/header>\n                                                            \n                                <div class=\"entry-info\">\n                                                                                                                                    <span class=\"entry-tax aux-no-sep\">\n                                        <a href=\"https:\/\/itfilmes.com.br\/mostrabetim1\/programacao-cats\/10-05\/\" title=\"View all posts in 10\/05 - sexta-feira\" rel=\"category\" >10\/05 - sexta-feira<\/a><a href=\"https:\/\/itfilmes.com.br\/mostrabetim1\/programacao-cats\/mostra-brasil\/\" title=\"View all posts in Mostra Brasil\" rel=\"category\" >Mostra Brasil<\/a>                                    <\/span>\n                                                                                                                                            <\/div>\n                            \n                                                        \n                            <\/div>\n\n                        <\/article>\n<\/div><div class=\"aux-mc-item post-2736\">\n                        <article class=\"post column-entry post-2736 news type-news status-publish has-post-thumbnail hentry news-category-10-05 news-category-mostra-brasil news-tag-cineart\">\n                                                        <div class=\"entry-media\"><div class=\"aux-media-frame aux-media-image aux-image-mask\"><a href=\"https:\/\/itfilmes.com.br\/mostrabetim1\/programacao\/estranho-caminho\/\"><img loading=\"lazy\" decoding=\"async\" width=\"370\" height=\"492\" src=\"https:\/\/itfilmes.com.br\/mostrabetim1\/wp-content\/uploads\/sites\/7\/2024\/04\/Estranho-Caminho-40x53.jpg\" class=\"aux-attachment aux-featured-image attachment-370x492.1 aux-attachment-id-2738  aux-preload aux-has-preview\" alt=\"Estranho caminho\" data-ratio=\"0.75\" data-original-w=\"1080\" sizes=\"auto\" data-srcset=\"https:\/\/itfilmes.com.br\/mostrabetim1\/wp-content\/uploads\/sites\/7\/2024\/04\/Estranho-Caminho-150x200.jpg 150w,https:\/\/itfilmes.com.br\/mostrabetim1\/wp-content\/uploads\/sites\/7\/2024\/04\/Estranho-Caminho-300x399.jpg 300w,https:\/\/itfilmes.com.br\/mostrabetim1\/wp-content\/uploads\/sites\/7\/2024\/04\/Estranho-Caminho-768x1021.jpg 768w,https:\/\/itfilmes.com.br\/mostrabetim1\/wp-content\/uploads\/sites\/7\/2024\/04\/Estranho-Caminho-1024x1362.jpg 1024w,https:\/\/itfilmes.com.br\/mostrabetim1\/wp-content\/uploads\/sites\/7\/2024\/04\/Estranho-Caminho-370x492.jpg 370w,https:\/\/itfilmes.com.br\/mostrabetim1\/wp-content\/uploads\/sites\/7\/2024\/04\/Estranho-Caminho-1070x1423.jpg 1070w\" data-src=\"https:\/\/itfilmes.com.br\/mostrabetim1\/wp-content\/uploads\/sites\/7\/2024\/04\/Estranho-Caminho-370x492.jpg\" \/><\/a><\/div><\/div>\n                            \n                            <div class=\"entry-main\">\n                                                        \n                                <header class=\"entry-header\">\n                                \n                                    <h4 class=\"entry-title\">\n                                        <a href=\"https:\/\/itfilmes.com.br\/mostrabetim1\/programacao\/estranho-caminho\/\">\n                                            Estranho caminho                                        <\/a>\n                                    <\/h4>\n                                                                    <div class=\"entry-format\">\n                                        <a href=\"https:\/\/itfilmes.com.br\/mostrabetim1\/programacao\/estranho-caminho\/\">\n                                            <div class=\"post-format format-\"> <\/div>\n                                        <\/a>\n                                    <\/div>\n                                <\/header>\n                                                            \n                                <div class=\"entry-info\">\n                                                                                                                                    <span class=\"entry-tax aux-no-sep\">\n                                        <a href=\"https:\/\/itfilmes.com.br\/mostrabetim1\/programacao-cats\/10-05\/\" title=\"View all posts in 10\/05 - sexta-feira\" rel=\"category\" >10\/05 - sexta-feira<\/a><a href=\"https:\/\/itfilmes.com.br\/mostrabetim1\/programacao-cats\/mostra-brasil\/\" title=\"View all posts in Mostra Brasil\" rel=\"category\" >Mostra Brasil<\/a>                                    <\/span>\n                                                                                                                                            <\/div>\n                            \n                                                        \n                            <\/div>\n\n                        <\/article>\n<\/div><div class=\"aux-mc-item post-2742\">\n                        <article class=\"post column-entry post-2742 news type-news status-publish has-post-thumbnail hentry news-category-11-05 news-category-mostra-brasil news-tag-cineart\">\n                                                        <div class=\"entry-media\"><div class=\"aux-media-frame aux-media-image aux-image-mask\"><a href=\"https:\/\/itfilmes.com.br\/mostrabetim1\/programacao\/my-name-is-now-elza-soares\/\"><img loading=\"lazy\" decoding=\"async\" width=\"370\" height=\"492\" src=\"https:\/\/itfilmes.com.br\/mostrabetim1\/wp-content\/uploads\/sites\/7\/2024\/04\/my-name-is-now-elza-soares-40x53.jpg\" class=\"aux-attachment aux-featured-image attachment-370x492.1 aux-attachment-id-2744  aux-preload aux-has-preview\" alt=\"My name is now, Elza Soares\" data-ratio=\"0.75\" data-original-w=\"1080\" sizes=\"auto\" data-srcset=\"https:\/\/itfilmes.com.br\/mostrabetim1\/wp-content\/uploads\/sites\/7\/2024\/04\/my-name-is-now-elza-soares-150x200.jpg 150w,https:\/\/itfilmes.com.br\/mostrabetim1\/wp-content\/uploads\/sites\/7\/2024\/04\/my-name-is-now-elza-soares-300x399.jpg 300w,https:\/\/itfilmes.com.br\/mostrabetim1\/wp-content\/uploads\/sites\/7\/2024\/04\/my-name-is-now-elza-soares-768x1021.jpg 768w,https:\/\/itfilmes.com.br\/mostrabetim1\/wp-content\/uploads\/sites\/7\/2024\/04\/my-name-is-now-elza-soares-1024x1362.jpg 1024w,https:\/\/itfilmes.com.br\/mostrabetim1\/wp-content\/uploads\/sites\/7\/2024\/04\/my-name-is-now-elza-soares-370x492.jpg 370w,https:\/\/itfilmes.com.br\/mostrabetim1\/wp-content\/uploads\/sites\/7\/2024\/04\/my-name-is-now-elza-soares-1070x1423.jpg 1070w\" data-src=\"https:\/\/itfilmes.com.br\/mostrabetim1\/wp-content\/uploads\/sites\/7\/2024\/04\/my-name-is-now-elza-soares-370x492.jpg\" \/><\/a><\/div><\/div>\n                            \n                            <div class=\"entry-main\">\n                                                        \n                                <header class=\"entry-header\">\n                                \n                                    <h4 class=\"entry-title\">\n                                        <a href=\"https:\/\/itfilmes.com.br\/mostrabetim1\/programacao\/my-name-is-now-elza-soares\/\">\n                                            My name is now, Elza Soares                                        <\/a>\n                                    <\/h4>\n                                                                    <div class=\"entry-format\">\n                                        <a href=\"https:\/\/itfilmes.com.br\/mostrabetim1\/programacao\/my-name-is-now-elza-soares\/\">\n                                            <div class=\"post-format format-\"> <\/div>\n                                        <\/a>\n                                    <\/div>\n                                <\/header>\n                                                            \n                                <div class=\"entry-info\">\n                                                                                                                                    <span class=\"entry-tax aux-no-sep\">\n                                        <a href=\"https:\/\/itfilmes.com.br\/mostrabetim1\/programacao-cats\/11-05\/\" title=\"View all posts in 11\/05 - s\u00e1bado\" rel=\"category\" >11\/05 - s\u00e1bado<\/a><a href=\"https:\/\/itfilmes.com.br\/mostrabetim1\/programacao-cats\/mostra-brasil\/\" title=\"View all posts in Mostra Brasil\" rel=\"category\" >Mostra Brasil<\/a>                                    <\/span>\n                                                                                                                                            <\/div>\n                            \n                                                        \n                            <\/div>\n\n                        <\/article>\n<\/div><div class=\"aux-mc-item post-2748\">\n                        <article class=\"post column-entry post-2748 news type-news status-publish has-post-thumbnail hentry news-category-11-05 news-category-mostra-curta-betim news-tag-cineart\">\n                                                        <div class=\"entry-media\"><div class=\"aux-media-frame aux-media-image aux-image-mask\"><a href=\"https:\/\/itfilmes.com.br\/mostrabetim1\/programacao\/a-maksra\/\"><img loading=\"lazy\" decoding=\"async\" width=\"370\" height=\"492\" src=\"https:\/\/itfilmes.com.br\/mostrabetim1\/wp-content\/uploads\/sites\/7\/2024\/04\/A-MAKSRA-Cartaz-40x53.jpg\" class=\"aux-attachment aux-featured-image attachment-370x492.1 aux-attachment-id-2976  aux-preload aux-has-preview\" alt=\"A Maksra\" data-ratio=\"0.75\" data-original-w=\"1080\" sizes=\"auto\" data-srcset=\"https:\/\/itfilmes.com.br\/mostrabetim1\/wp-content\/uploads\/sites\/7\/2024\/04\/A-MAKSRA-Cartaz-150x200.jpg 150w,https:\/\/itfilmes.com.br\/mostrabetim1\/wp-content\/uploads\/sites\/7\/2024\/04\/A-MAKSRA-Cartaz-300x399.jpg 300w,https:\/\/itfilmes.com.br\/mostrabetim1\/wp-content\/uploads\/sites\/7\/2024\/04\/A-MAKSRA-Cartaz-768x1021.jpg 768w,https:\/\/itfilmes.com.br\/mostrabetim1\/wp-content\/uploads\/sites\/7\/2024\/04\/A-MAKSRA-Cartaz-1024x1362.jpg 1024w,https:\/\/itfilmes.com.br\/mostrabetim1\/wp-content\/uploads\/sites\/7\/2024\/04\/A-MAKSRA-Cartaz-370x492.jpg 370w,https:\/\/itfilmes.com.br\/mostrabetim1\/wp-content\/uploads\/sites\/7\/2024\/04\/A-MAKSRA-Cartaz-1070x1423.jpg 1070w\" data-src=\"https:\/\/itfilmes.com.br\/mostrabetim1\/wp-content\/uploads\/sites\/7\/2024\/04\/A-MAKSRA-Cartaz-370x492.jpg\" \/><\/a><\/div><\/div>\n                            \n                            <div class=\"entry-main\">\n                                                        \n                                <header class=\"entry-header\">\n                                \n                                    <h4 class=\"entry-title\">\n                                        <a href=\"https:\/\/itfilmes.com.br\/mostrabetim1\/programacao\/a-maksra\/\">\n                                            A Maksra                                        <\/a>\n                                    <\/h4>\n                                                                    <div class=\"entry-format\">\n                                        <a href=\"https:\/\/itfilmes.com.br\/mostrabetim1\/programacao\/a-maksra\/\">\n                                            <div class=\"post-format format-\"> <\/div>\n                                        <\/a>\n                                    <\/div>\n                                <\/header>\n                                                            \n                                <div class=\"entry-info\">\n                                                                                                                                    <span class=\"entry-tax aux-no-sep\">\n                                        <a href=\"https:\/\/itfilmes.com.br\/mostrabetim1\/programacao-cats\/11-05\/\" title=\"View all posts in 11\/05 - s\u00e1bado\" rel=\"category\" >11\/05 - s\u00e1bado<\/a><a href=\"https:\/\/itfilmes.com.br\/mostrabetim1\/programacao-cats\/mostra-curta-betim\/\" title=\"View all posts in Mostra Curta Betim\" rel=\"category\" >Mostra Curta Betim<\/a>                                    <\/span>\n                                                                                                                                            <\/div>\n                            \n                                                        \n                            <\/div>\n\n                        <\/article>\n<\/div><div class=\"aux-mc-item post-2754\">\n                        <article class=\"post column-entry post-2754 news type-news status-publish has-post-thumbnail hentry news-category-11-05 news-category-mostra-curta-betim news-tag-cineart\">\n                                                        <div class=\"entry-media\"><div class=\"aux-media-frame aux-media-image aux-image-mask\"><a href=\"https:\/\/itfilmes.com.br\/mostrabetim1\/programacao\/soliloquio\/\"><img loading=\"lazy\" decoding=\"async\" width=\"370\" height=\"492\" src=\"https:\/\/itfilmes.com.br\/mostrabetim1\/wp-content\/uploads\/sites\/7\/2024\/04\/soliloquio-40x53.jpg\" class=\"aux-attachment aux-featured-image attachment-370x492.1 aux-attachment-id-2977  aux-preload aux-has-preview\" alt=\"Solil\u00f3quio\" data-ratio=\"0.75\" data-original-w=\"1080\" sizes=\"auto\" data-srcset=\"https:\/\/itfilmes.com.br\/mostrabetim1\/wp-content\/uploads\/sites\/7\/2024\/04\/soliloquio-150x200.jpg 150w,https:\/\/itfilmes.com.br\/mostrabetim1\/wp-content\/uploads\/sites\/7\/2024\/04\/soliloquio-300x399.jpg 300w,https:\/\/itfilmes.com.br\/mostrabetim1\/wp-content\/uploads\/sites\/7\/2024\/04\/soliloquio-768x1021.jpg 768w,https:\/\/itfilmes.com.br\/mostrabetim1\/wp-content\/uploads\/sites\/7\/2024\/04\/soliloquio-1024x1362.jpg 1024w,https:\/\/itfilmes.com.br\/mostrabetim1\/wp-content\/uploads\/sites\/7\/2024\/04\/soliloquio-370x492.jpg 370w,https:\/\/itfilmes.com.br\/mostrabetim1\/wp-content\/uploads\/sites\/7\/2024\/04\/soliloquio-1070x1423.jpg 1070w\" data-src=\"https:\/\/itfilmes.com.br\/mostrabetim1\/wp-content\/uploads\/sites\/7\/2024\/04\/soliloquio-370x492.jpg\" \/><\/a><\/div><\/div>\n                            \n                            <div class=\"entry-main\">\n                                                        \n                                <header class=\"entry-header\">\n                                \n                                    <h4 class=\"entry-title\">\n                                        <a href=\"https:\/\/itfilmes.com.br\/mostrabetim1\/programacao\/soliloquio\/\">\n                                            Solil\u00f3quio                                        <\/a>\n                                    <\/h4>\n                                                                    <div class=\"entry-format\">\n                                        <a href=\"https:\/\/itfilmes.com.br\/mostrabetim1\/programacao\/soliloquio\/\">\n                                            <div class=\"post-format format-\"> <\/div>\n                                        <\/a>\n                                    <\/div>\n                                <\/header>\n                                                            \n                                <div class=\"entry-info\">\n                                                                                                                                    <span class=\"entry-tax aux-no-sep\">\n                                        <a href=\"https:\/\/itfilmes.com.br\/mostrabetim1\/programacao-cats\/11-05\/\" title=\"View all posts in 11\/05 - s\u00e1bado\" rel=\"category\" >11\/05 - s\u00e1bado<\/a><a href=\"https:\/\/itfilmes.com.br\/mostrabetim1\/programacao-cats\/mostra-curta-betim\/\" title=\"View all posts in Mostra Curta Betim\" rel=\"category\" >Mostra Curta Betim<\/a>                                    <\/span>\n                                                                                                                                            <\/div>\n                            \n                                                        \n                            <\/div>\n\n                        <\/article>\n<\/div><div class=\"aux-mc-item post-2759\">\n                        <article class=\"post column-entry post-2759 news type-news status-publish has-post-thumbnail hentry news-category-11-05 news-category-mostra-curta-betim news-tag-cineart\">\n                                                        <div class=\"entry-media\"><div class=\"aux-media-frame aux-media-image aux-image-mask\"><a href=\"https:\/\/itfilmes.com.br\/mostrabetim1\/programacao\/desisistir-poeticas-apocalipticas\/\"><img loading=\"lazy\" decoding=\"async\" width=\"370\" height=\"492\" src=\"https:\/\/itfilmes.com.br\/mostrabetim1\/wp-content\/uploads\/sites\/7\/2024\/04\/Desisistir_Um_filme-de-Priscila-Sousa_-foto_Leliane-de-Castro-40x53.jpg\" class=\"aux-attachment aux-featured-image attachment-370x492.1 aux-attachment-id-2978  aux-preload aux-has-preview\" alt=\"Desisistir\" data-ratio=\"0.75\" data-original-w=\"1080\" sizes=\"auto\" data-srcset=\"https:\/\/itfilmes.com.br\/mostrabetim1\/wp-content\/uploads\/sites\/7\/2024\/04\/Desisistir_Um_filme-de-Priscila-Sousa_-foto_Leliane-de-Castro-150x200.jpg 150w,https:\/\/itfilmes.com.br\/mostrabetim1\/wp-content\/uploads\/sites\/7\/2024\/04\/Desisistir_Um_filme-de-Priscila-Sousa_-foto_Leliane-de-Castro-300x399.jpg 300w,https:\/\/itfilmes.com.br\/mostrabetim1\/wp-content\/uploads\/sites\/7\/2024\/04\/Desisistir_Um_filme-de-Priscila-Sousa_-foto_Leliane-de-Castro-768x1021.jpg 768w,https:\/\/itfilmes.com.br\/mostrabetim1\/wp-content\/uploads\/sites\/7\/2024\/04\/Desisistir_Um_filme-de-Priscila-Sousa_-foto_Leliane-de-Castro-1024x1362.jpg 1024w,https:\/\/itfilmes.com.br\/mostrabetim1\/wp-content\/uploads\/sites\/7\/2024\/04\/Desisistir_Um_filme-de-Priscila-Sousa_-foto_Leliane-de-Castro-370x492.jpg 370w,https:\/\/itfilmes.com.br\/mostrabetim1\/wp-content\/uploads\/sites\/7\/2024\/04\/Desisistir_Um_filme-de-Priscila-Sousa_-foto_Leliane-de-Castro-1070x1423.jpg 1070w\" data-src=\"https:\/\/itfilmes.com.br\/mostrabetim1\/wp-content\/uploads\/sites\/7\/2024\/04\/Desisistir_Um_filme-de-Priscila-Sousa_-foto_Leliane-de-Castro-370x492.jpg\" \/><\/a><\/div><\/div>\n                            \n                            <div class=\"entry-main\">\n                                                        \n                                <header class=\"entry-header\">\n                                \n                                    <h4 class=\"entry-title\">\n                                        <a href=\"https:\/\/itfilmes.com.br\/mostrabetim1\/programacao\/desisistir-poeticas-apocalipticas\/\">\n                                            Desisistir &#8211; Po\u00e9ticas Apocal\u00edpticas                                        <\/a>\n                                    <\/h4>\n                                                                    <div class=\"entry-format\">\n                                        <a href=\"https:\/\/itfilmes.com.br\/mostrabetim1\/programacao\/desisistir-poeticas-apocalipticas\/\">\n                                            <div class=\"post-format format-\"> <\/div>\n                                        <\/a>\n                                    <\/div>\n                                <\/header>\n                                                            \n                                <div class=\"entry-info\">\n                                                                                                                                    <span class=\"entry-tax aux-no-sep\">\n                                        <a href=\"https:\/\/itfilmes.com.br\/mostrabetim1\/programacao-cats\/11-05\/\" title=\"View all posts in 11\/05 - s\u00e1bado\" rel=\"category\" >11\/05 - s\u00e1bado<\/a><a href=\"https:\/\/itfilmes.com.br\/mostrabetim1\/programacao-cats\/mostra-curta-betim\/\" title=\"View all posts in Mostra Curta Betim\" rel=\"category\" >Mostra Curta Betim<\/a>                                    <\/span>\n                                                                                                                                            <\/div>\n                            \n                                                        \n                            <\/div>\n\n                        <\/article>\n<\/div><div class=\"aux-mc-item post-2764\">\n                        <article class=\"post column-entry post-2764 news type-news status-publish has-post-thumbnail hentry news-category-11-05 news-category-mostra-curta-betim news-tag-cineart\">\n                                                        <div class=\"entry-media\"><div class=\"aux-media-frame aux-media-image aux-image-mask\"><a href=\"https:\/\/itfilmes.com.br\/mostrabetim1\/programacao\/a-grande-pioneira\/\"><img loading=\"lazy\" decoding=\"async\" width=\"370\" height=\"492\" src=\"https:\/\/itfilmes.com.br\/mostrabetim1\/wp-content\/uploads\/sites\/7\/2024\/04\/a-grande-pioneira-40x53.jpg\" class=\"aux-attachment aux-featured-image attachment-370x492.1 aux-attachment-id-2979  aux-preload aux-has-preview\" alt=\"A grande pioneira\" data-ratio=\"0.75\" data-original-w=\"1080\" sizes=\"auto\" data-srcset=\"https:\/\/itfilmes.com.br\/mostrabetim1\/wp-content\/uploads\/sites\/7\/2024\/04\/a-grande-pioneira-150x200.jpg 150w,https:\/\/itfilmes.com.br\/mostrabetim1\/wp-content\/uploads\/sites\/7\/2024\/04\/a-grande-pioneira-300x399.jpg 300w,https:\/\/itfilmes.com.br\/mostrabetim1\/wp-content\/uploads\/sites\/7\/2024\/04\/a-grande-pioneira-768x1021.jpg 768w,https:\/\/itfilmes.com.br\/mostrabetim1\/wp-content\/uploads\/sites\/7\/2024\/04\/a-grande-pioneira-1024x1362.jpg 1024w,https:\/\/itfilmes.com.br\/mostrabetim1\/wp-content\/uploads\/sites\/7\/2024\/04\/a-grande-pioneira-370x492.jpg 370w,https:\/\/itfilmes.com.br\/mostrabetim1\/wp-content\/uploads\/sites\/7\/2024\/04\/a-grande-pioneira-1070x1423.jpg 1070w\" data-src=\"https:\/\/itfilmes.com.br\/mostrabetim1\/wp-content\/uploads\/sites\/7\/2024\/04\/a-grande-pioneira-370x492.jpg\" \/><\/a><\/div><\/div>\n                            \n                            <div class=\"entry-main\">\n                                                        \n                                <header class=\"entry-header\">\n                                \n                                    <h4 class=\"entry-title\">\n                                        <a href=\"https:\/\/itfilmes.com.br\/mostrabetim1\/programacao\/a-grande-pioneira\/\">\n                                            A grande pioneira                                        <\/a>\n                                    <\/h4>\n                                                                    <div class=\"entry-format\">\n                                        <a href=\"https:\/\/itfilmes.com.br\/mostrabetim1\/programacao\/a-grande-pioneira\/\">\n                                            <div class=\"post-format format-\"> <\/div>\n                                        <\/a>\n                                    <\/div>\n                                <\/header>\n                                                            \n                                <div class=\"entry-info\">\n                                                                                                                                    <span class=\"entry-tax aux-no-sep\">\n                                        <a href=\"https:\/\/itfilmes.com.br\/mostrabetim1\/programacao-cats\/11-05\/\" title=\"View all posts in 11\/05 - s\u00e1bado\" rel=\"category\" >11\/05 - s\u00e1bado<\/a><a href=\"https:\/\/itfilmes.com.br\/mostrabetim1\/programacao-cats\/mostra-curta-betim\/\" title=\"View all posts in Mostra Curta Betim\" rel=\"category\" >Mostra Curta Betim<\/a>                                    <\/span>\n                                                                                                                                            <\/div>\n                            \n                                                        \n                            <\/div>\n\n                        <\/article>\n<\/div><div class=\"aux-mc-item post-2813\">\n                        <article class=\"post column-entry post-2813 news type-news status-publish has-post-thumbnail hentry news-category-11-05 news-category-mostra-curta-betim news-tag-cineart\">\n                                                        <div class=\"entry-media\"><div class=\"aux-media-frame aux-media-image aux-image-mask\"><a href=\"https:\/\/itfilmes.com.br\/mostrabetim1\/programacao\/100-anos-de-folia-de-reis-santo-afonso\/\"><img loading=\"lazy\" decoding=\"async\" width=\"370\" height=\"492\" src=\"https:\/\/itfilmes.com.br\/mostrabetim1\/wp-content\/uploads\/sites\/7\/2024\/04\/100anosfoliadereis-40x53.jpg\" class=\"aux-attachment aux-featured-image attachment-370x492.1 aux-attachment-id-2980  aux-preload aux-has-preview\" alt=\"100anosfoliadereis\" data-ratio=\"0.75\" data-original-w=\"1080\" sizes=\"auto\" data-srcset=\"https:\/\/itfilmes.com.br\/mostrabetim1\/wp-content\/uploads\/sites\/7\/2024\/04\/100anosfoliadereis-150x200.jpg 150w,https:\/\/itfilmes.com.br\/mostrabetim1\/wp-content\/uploads\/sites\/7\/2024\/04\/100anosfoliadereis-300x399.jpg 300w,https:\/\/itfilmes.com.br\/mostrabetim1\/wp-content\/uploads\/sites\/7\/2024\/04\/100anosfoliadereis-768x1021.jpg 768w,https:\/\/itfilmes.com.br\/mostrabetim1\/wp-content\/uploads\/sites\/7\/2024\/04\/100anosfoliadereis-1024x1362.jpg 1024w,https:\/\/itfilmes.com.br\/mostrabetim1\/wp-content\/uploads\/sites\/7\/2024\/04\/100anosfoliadereis-370x492.jpg 370w,https:\/\/itfilmes.com.br\/mostrabetim1\/wp-content\/uploads\/sites\/7\/2024\/04\/100anosfoliadereis-1070x1423.jpg 1070w\" data-src=\"https:\/\/itfilmes.com.br\/mostrabetim1\/wp-content\/uploads\/sites\/7\/2024\/04\/100anosfoliadereis-370x492.jpg\" \/><\/a><\/div><\/div>\n                            \n                            <div class=\"entry-main\">\n                                                        \n                                <header class=\"entry-header\">\n                                \n                                    <h4 class=\"entry-title\">\n                                        <a href=\"https:\/\/itfilmes.com.br\/mostrabetim1\/programacao\/100-anos-de-folia-de-reis-santo-afonso\/\">\n                                            100 anos de folia de reis Santo Afonso                                        <\/a>\n                                    <\/h4>\n                                                                    <div class=\"entry-format\">\n                                        <a href=\"https:\/\/itfilmes.com.br\/mostrabetim1\/programacao\/100-anos-de-folia-de-reis-santo-afonso\/\">\n                                            <div class=\"post-format format-\"> <\/div>\n                                        <\/a>\n                                    <\/div>\n                                <\/header>\n                                                            \n                                <div class=\"entry-info\">\n                                                                                                                                    <span class=\"entry-tax aux-no-sep\">\n                                        <a href=\"https:\/\/itfilmes.com.br\/mostrabetim1\/programacao-cats\/11-05\/\" title=\"View all posts in 11\/05 - s\u00e1bado\" rel=\"category\" >11\/05 - s\u00e1bado<\/a><a href=\"https:\/\/itfilmes.com.br\/mostrabetim1\/programacao-cats\/mostra-curta-betim\/\" title=\"View all posts in Mostra Curta Betim\" rel=\"category\" >Mostra Curta Betim<\/a>                                    <\/span>\n                                                                                                                                            <\/div>\n                            \n                                                        \n                            <\/div>\n\n                        <\/article>\n<\/div><div class=\"aux-mc-item post-2818\">\n                        <article class=\"post column-entry post-2818 news type-news status-publish has-post-thumbnail hentry news-category-11-05 news-category-mostra-brasil news-tag-cineart\">\n                                                        <div class=\"entry-media\"><div class=\"aux-media-frame aux-media-image aux-image-mask\"><a href=\"https:\/\/itfilmes.com.br\/mostrabetim1\/programacao\/onde-esta-mymye-mastroiagnne\/\"><img loading=\"lazy\" decoding=\"async\" width=\"370\" height=\"492\" src=\"https:\/\/itfilmes.com.br\/mostrabetim1\/wp-content\/uploads\/sites\/7\/2024\/04\/onde-esta-mymye-40x53.jpg\" class=\"aux-attachment aux-featured-image attachment-370x492.1 aux-attachment-id-2982  aux-preload aux-has-preview\" alt=\"Onde est\u00e1 mymye\" data-ratio=\"0.75\" data-original-w=\"1080\" sizes=\"auto\" data-srcset=\"https:\/\/itfilmes.com.br\/mostrabetim1\/wp-content\/uploads\/sites\/7\/2024\/04\/onde-esta-mymye-150x200.jpg 150w,https:\/\/itfilmes.com.br\/mostrabetim1\/wp-content\/uploads\/sites\/7\/2024\/04\/onde-esta-mymye-300x399.jpg 300w,https:\/\/itfilmes.com.br\/mostrabetim1\/wp-content\/uploads\/sites\/7\/2024\/04\/onde-esta-mymye-768x1021.jpg 768w,https:\/\/itfilmes.com.br\/mostrabetim1\/wp-content\/uploads\/sites\/7\/2024\/04\/onde-esta-mymye-1024x1362.jpg 1024w,https:\/\/itfilmes.com.br\/mostrabetim1\/wp-content\/uploads\/sites\/7\/2024\/04\/onde-esta-mymye-370x492.jpg 370w,https:\/\/itfilmes.com.br\/mostrabetim1\/wp-content\/uploads\/sites\/7\/2024\/04\/onde-esta-mymye-1070x1423.jpg 1070w\" data-src=\"https:\/\/itfilmes.com.br\/mostrabetim1\/wp-content\/uploads\/sites\/7\/2024\/04\/onde-esta-mymye-370x492.jpg\" \/><\/a><\/div><\/div>\n                            \n                            <div class=\"entry-main\">\n                                                        \n                                <header class=\"entry-header\">\n                                \n                                    <h4 class=\"entry-title\">\n                                        <a href=\"https:\/\/itfilmes.com.br\/mostrabetim1\/programacao\/onde-esta-mymye-mastroiagnne\/\">\n                                            Onde est\u00e1 Mymye Mastroiagnne                                        <\/a>\n                                    <\/h4>\n                                                                    <div class=\"entry-format\">\n                                        <a href=\"https:\/\/itfilmes.com.br\/mostrabetim1\/programacao\/onde-esta-mymye-mastroiagnne\/\">\n                                            <div class=\"post-format format-\"> <\/div>\n                                        <\/a>\n                                    <\/div>\n                                <\/header>\n                                                            \n                                <div class=\"entry-info\">\n                                                                                                                                    <span class=\"entry-tax aux-no-sep\">\n                                        <a href=\"https:\/\/itfilmes.com.br\/mostrabetim1\/programacao-cats\/11-05\/\" title=\"View all posts in 11\/05 - s\u00e1bado\" rel=\"category\" >11\/05 - s\u00e1bado<\/a><a href=\"https:\/\/itfilmes.com.br\/mostrabetim1\/programacao-cats\/mostra-brasil\/\" title=\"View all posts in Mostra Brasil\" rel=\"category\" >Mostra Brasil<\/a>                                    <\/span>\n                                                                                                                                            <\/div>\n                            \n                                                        \n                            <\/div>\n\n                        <\/article>\n<\/div><div class=\"aux-mc-item post-2823\">\n                        <article class=\"post column-entry post-2823 news type-news status-publish has-post-thumbnail hentry news-category-11-05 news-category-mostra-brasil news-tag-cineart\">\n                                                        <div class=\"entry-media\"><div class=\"aux-media-frame aux-media-image aux-image-mask\"><a href=\"https:\/\/itfilmes.com.br\/mostrabetim1\/programacao\/marte-um\/\"><img loading=\"lazy\" decoding=\"async\" width=\"370\" height=\"492\" src=\"https:\/\/itfilmes.com.br\/mostrabetim1\/wp-content\/uploads\/sites\/7\/2024\/04\/marte-um-40x53.jpg\" class=\"aux-attachment aux-featured-image attachment-370x492.1 aux-attachment-id-2826  aux-preload aux-has-preview\" alt=\"Marte um\" data-ratio=\"0.75\" data-original-w=\"1080\" sizes=\"auto\" data-srcset=\"https:\/\/itfilmes.com.br\/mostrabetim1\/wp-content\/uploads\/sites\/7\/2024\/04\/marte-um-150x200.jpg 150w,https:\/\/itfilmes.com.br\/mostrabetim1\/wp-content\/uploads\/sites\/7\/2024\/04\/marte-um-300x399.jpg 300w,https:\/\/itfilmes.com.br\/mostrabetim1\/wp-content\/uploads\/sites\/7\/2024\/04\/marte-um-768x1021.jpg 768w,https:\/\/itfilmes.com.br\/mostrabetim1\/wp-content\/uploads\/sites\/7\/2024\/04\/marte-um-1024x1362.jpg 1024w,https:\/\/itfilmes.com.br\/mostrabetim1\/wp-content\/uploads\/sites\/7\/2024\/04\/marte-um-370x492.jpg 370w,https:\/\/itfilmes.com.br\/mostrabetim1\/wp-content\/uploads\/sites\/7\/2024\/04\/marte-um-1070x1423.jpg 1070w\" data-src=\"https:\/\/itfilmes.com.br\/mostrabetim1\/wp-content\/uploads\/sites\/7\/2024\/04\/marte-um-370x492.jpg\" \/><\/a><\/div><\/div>\n                            \n                            <div class=\"entry-main\">\n                                                        \n                                <header class=\"entry-header\">\n                                \n                                    <h4 class=\"entry-title\">\n                                        <a href=\"https:\/\/itfilmes.com.br\/mostrabetim1\/programacao\/marte-um\/\">\n                                            Marte um                                        <\/a>\n                                    <\/h4>\n                                                                    <div class=\"entry-format\">\n                                        <a href=\"https:\/\/itfilmes.com.br\/mostrabetim1\/programacao\/marte-um\/\">\n                                            <div class=\"post-format format-\"> <\/div>\n                                        <\/a>\n                                    <\/div>\n                                <\/header>\n                                                            \n                                <div class=\"entry-info\">\n                                                                                                                                    <span class=\"entry-tax aux-no-sep\">\n                                        <a href=\"https:\/\/itfilmes.com.br\/mostrabetim1\/programacao-cats\/11-05\/\" title=\"View all posts in 11\/05 - s\u00e1bado\" rel=\"category\" >11\/05 - s\u00e1bado<\/a><a href=\"https:\/\/itfilmes.com.br\/mostrabetim1\/programacao-cats\/mostra-brasil\/\" title=\"View all posts in Mostra Brasil\" rel=\"category\" >Mostra Brasil<\/a>                                    <\/span>\n                                                                                                                                            <\/div>\n                            \n                                                        \n                            <\/div>\n\n                        <\/article>\n<\/div><div class=\"aux-mc-item post-2830\">\n                        <article class=\"post column-entry post-2830 news type-news status-publish has-post-thumbnail hentry news-category-12-05 news-category-mostra-curtas-da-terra news-tag-cineart\">\n                                                        <div class=\"entry-media\"><div class=\"aux-media-frame aux-media-image aux-image-mask\"><a href=\"https:\/\/itfilmes.com.br\/mostrabetim1\/programacao\/521-anos-siia-ara\/\"><img loading=\"lazy\" decoding=\"async\" width=\"370\" height=\"492\" src=\"https:\/\/itfilmes.com.br\/mostrabetim1\/wp-content\/uploads\/sites\/7\/2024\/04\/521-ANOS-SIIA-ARA-1-40x53.jpg\" class=\"aux-attachment aux-featured-image attachment-370x492.1 aux-attachment-id-2984  aux-preload aux-has-preview\" alt=\"521 ANOS SIIA ARA (1)\" data-ratio=\"0.75\" data-original-w=\"1080\" sizes=\"auto\" data-srcset=\"https:\/\/itfilmes.com.br\/mostrabetim1\/wp-content\/uploads\/sites\/7\/2024\/04\/521-ANOS-SIIA-ARA-1-150x200.jpg 150w,https:\/\/itfilmes.com.br\/mostrabetim1\/wp-content\/uploads\/sites\/7\/2024\/04\/521-ANOS-SIIA-ARA-1-300x399.jpg 300w,https:\/\/itfilmes.com.br\/mostrabetim1\/wp-content\/uploads\/sites\/7\/2024\/04\/521-ANOS-SIIA-ARA-1-768x1021.jpg 768w,https:\/\/itfilmes.com.br\/mostrabetim1\/wp-content\/uploads\/sites\/7\/2024\/04\/521-ANOS-SIIA-ARA-1-1024x1362.jpg 1024w,https:\/\/itfilmes.com.br\/mostrabetim1\/wp-content\/uploads\/sites\/7\/2024\/04\/521-ANOS-SIIA-ARA-1-370x492.jpg 370w,https:\/\/itfilmes.com.br\/mostrabetim1\/wp-content\/uploads\/sites\/7\/2024\/04\/521-ANOS-SIIA-ARA-1-1070x1423.jpg 1070w\" data-src=\"https:\/\/itfilmes.com.br\/mostrabetim1\/wp-content\/uploads\/sites\/7\/2024\/04\/521-ANOS-SIIA-ARA-1-370x492.jpg\" \/><\/a><\/div><\/div>\n                            \n                            <div class=\"entry-main\">\n                                                        \n                                <header class=\"entry-header\">\n                                \n                                    <h4 class=\"entry-title\">\n                                        <a href=\"https:\/\/itfilmes.com.br\/mostrabetim1\/programacao\/521-anos-siia-ara\/\">\n                                            521 anos \/ Siia Ara                                        <\/a>\n                                    <\/h4>\n                                                                    <div class=\"entry-format\">\n                                        <a href=\"https:\/\/itfilmes.com.br\/mostrabetim1\/programacao\/521-anos-siia-ara\/\">\n                                            <div class=\"post-format format-\"> <\/div>\n                                        <\/a>\n                                    <\/div>\n                                <\/header>\n                                                            \n                                <div class=\"entry-info\">\n                                                                                                                                    <span class=\"entry-tax aux-no-sep\">\n                                        <a href=\"https:\/\/itfilmes.com.br\/mostrabetim1\/programacao-cats\/12-05\/\" title=\"View all posts in 12\/05 - domingo\" rel=\"category\" >12\/05 - domingo<\/a><a href=\"https:\/\/itfilmes.com.br\/mostrabetim1\/programacao-cats\/mostra-curtas-da-terra\/\" title=\"View all posts in Mostra Curtas da Terra\" rel=\"category\" >Mostra Curtas da Terra<\/a>                                    <\/span>\n                                                                                                                                            <\/div>\n                            \n                                                        \n                            <\/div>\n\n                        <\/article>\n<\/div><div class=\"aux-mc-item post-2838\">\n                        <article class=\"post column-entry post-2838 news type-news status-publish has-post-thumbnail hentry news-category-12-05 news-category-mostra-curtas-da-terra news-tag-cineart\">\n                                                        <div class=\"entry-media\"><div class=\"aux-media-frame aux-media-image aux-image-mask\"><a href=\"https:\/\/itfilmes.com.br\/mostrabetim1\/programacao\/cabana\/\"><img loading=\"lazy\" decoding=\"async\" width=\"370\" height=\"492\" src=\"https:\/\/itfilmes.com.br\/mostrabetim1\/wp-content\/uploads\/sites\/7\/2024\/04\/cabana-40x53.jpg\" class=\"aux-attachment aux-featured-image attachment-370x492.1 aux-attachment-id-2986  aux-preload aux-has-preview\" alt=\"cabana\" data-ratio=\"0.75\" data-original-w=\"1080\" sizes=\"auto\" data-srcset=\"https:\/\/itfilmes.com.br\/mostrabetim1\/wp-content\/uploads\/sites\/7\/2024\/04\/cabana-150x200.jpg 150w,https:\/\/itfilmes.com.br\/mostrabetim1\/wp-content\/uploads\/sites\/7\/2024\/04\/cabana-300x399.jpg 300w,https:\/\/itfilmes.com.br\/mostrabetim1\/wp-content\/uploads\/sites\/7\/2024\/04\/cabana-768x1021.jpg 768w,https:\/\/itfilmes.com.br\/mostrabetim1\/wp-content\/uploads\/sites\/7\/2024\/04\/cabana-1024x1362.jpg 1024w,https:\/\/itfilmes.com.br\/mostrabetim1\/wp-content\/uploads\/sites\/7\/2024\/04\/cabana-370x492.jpg 370w,https:\/\/itfilmes.com.br\/mostrabetim1\/wp-content\/uploads\/sites\/7\/2024\/04\/cabana-1070x1423.jpg 1070w\" data-src=\"https:\/\/itfilmes.com.br\/mostrabetim1\/wp-content\/uploads\/sites\/7\/2024\/04\/cabana-370x492.jpg\" \/><\/a><\/div><\/div>\n                            \n                            <div class=\"entry-main\">\n                                                        \n                                <header class=\"entry-header\">\n                                \n                                    <h4 class=\"entry-title\">\n                                        <a href=\"https:\/\/itfilmes.com.br\/mostrabetim1\/programacao\/cabana\/\">\n                                            Cabana                                        <\/a>\n                                    <\/h4>\n                                                                    <div class=\"entry-format\">\n                                        <a href=\"https:\/\/itfilmes.com.br\/mostrabetim1\/programacao\/cabana\/\">\n                                            <div class=\"post-format format-\"> <\/div>\n                                        <\/a>\n                                    <\/div>\n                                <\/header>\n                                                            \n                                <div class=\"entry-info\">\n                                                                                                                                    <span class=\"entry-tax aux-no-sep\">\n                                        <a href=\"https:\/\/itfilmes.com.br\/mostrabetim1\/programacao-cats\/12-05\/\" title=\"View all posts in 12\/05 - domingo\" rel=\"category\" >12\/05 - domingo<\/a><a href=\"https:\/\/itfilmes.com.br\/mostrabetim1\/programacao-cats\/mostra-curtas-da-terra\/\" title=\"View all posts in Mostra Curtas da Terra\" rel=\"category\" >Mostra Curtas da Terra<\/a>                                    <\/span>\n                                                                                                                                            <\/div>\n                            \n                                                        \n                            <\/div>\n\n                        <\/article>\n<\/div><div class=\"aux-mc-item post-2843\">\n                        <article class=\"post column-entry post-2843 news type-news status-publish has-post-thumbnail hentry news-category-12-05 news-category-mostra-curtas-da-terra news-tag-cineart\">\n                                                        <div class=\"entry-media\"><div class=\"aux-media-frame aux-media-image aux-image-mask\"><a href=\"https:\/\/itfilmes.com.br\/mostrabetim1\/programacao\/o-canto\/\"><img loading=\"lazy\" decoding=\"async\" width=\"370\" height=\"492\" src=\"https:\/\/itfilmes.com.br\/mostrabetim1\/wp-content\/uploads\/sites\/7\/2024\/04\/O-Canto-Cartaz-40x53.jpg\" class=\"aux-attachment aux-featured-image attachment-370x492.1 aux-attachment-id-2988  aux-preload aux-has-preview\" alt=\"O Canto - Cartaz\" data-ratio=\"0.75\" data-original-w=\"1080\" sizes=\"auto\" data-srcset=\"https:\/\/itfilmes.com.br\/mostrabetim1\/wp-content\/uploads\/sites\/7\/2024\/04\/O-Canto-Cartaz-150x200.jpg 150w,https:\/\/itfilmes.com.br\/mostrabetim1\/wp-content\/uploads\/sites\/7\/2024\/04\/O-Canto-Cartaz-300x399.jpg 300w,https:\/\/itfilmes.com.br\/mostrabetim1\/wp-content\/uploads\/sites\/7\/2024\/04\/O-Canto-Cartaz-768x1021.jpg 768w,https:\/\/itfilmes.com.br\/mostrabetim1\/wp-content\/uploads\/sites\/7\/2024\/04\/O-Canto-Cartaz-1024x1362.jpg 1024w,https:\/\/itfilmes.com.br\/mostrabetim1\/wp-content\/uploads\/sites\/7\/2024\/04\/O-Canto-Cartaz-370x492.jpg 370w,https:\/\/itfilmes.com.br\/mostrabetim1\/wp-content\/uploads\/sites\/7\/2024\/04\/O-Canto-Cartaz-1070x1423.jpg 1070w\" data-src=\"https:\/\/itfilmes.com.br\/mostrabetim1\/wp-content\/uploads\/sites\/7\/2024\/04\/O-Canto-Cartaz-370x492.jpg\" \/><\/a><\/div><\/div>\n                            \n                            <div class=\"entry-main\">\n                                                        \n                                <header class=\"entry-header\">\n                                \n                                    <h4 class=\"entry-title\">\n                                        <a href=\"https:\/\/itfilmes.com.br\/mostrabetim1\/programacao\/o-canto\/\">\n                                            O canto                                        <\/a>\n                                    <\/h4>\n                                                                    <div class=\"entry-format\">\n                                        <a href=\"https:\/\/itfilmes.com.br\/mostrabetim1\/programacao\/o-canto\/\">\n                                            <div class=\"post-format format-\"> <\/div>\n                                        <\/a>\n                                    <\/div>\n                                <\/header>\n                                                            \n                                <div class=\"entry-info\">\n                                                                                                                                    <span class=\"entry-tax aux-no-sep\">\n                                        <a href=\"https:\/\/itfilmes.com.br\/mostrabetim1\/programacao-cats\/12-05\/\" title=\"View all posts in 12\/05 - domingo\" rel=\"category\" >12\/05 - domingo<\/a><a href=\"https:\/\/itfilmes.com.br\/mostrabetim1\/programacao-cats\/mostra-curtas-da-terra\/\" title=\"View all posts in Mostra Curtas da Terra\" rel=\"category\" >Mostra Curtas da Terra<\/a>                                    <\/span>\n                                                                                                                                            <\/div>\n                            \n                                                        \n                            <\/div>\n\n                        <\/article>\n<\/div><div class=\"aux-mc-item post-2881\">\n                        <article class=\"post column-entry post-2881 news type-news status-publish has-post-thumbnail hentry news-category-12-05 news-category-mostra-curtas-da-terra news-tag-cineart\">\n                                                        <div class=\"entry-media\"><div class=\"aux-media-frame aux-media-image aux-image-mask\"><a href=\"https:\/\/itfilmes.com.br\/mostrabetim1\/programacao\/garimpando-garimpeiros\/\"><img loading=\"lazy\" decoding=\"async\" width=\"370\" height=\"492\" src=\"https:\/\/itfilmes.com.br\/mostrabetim1\/wp-content\/uploads\/sites\/7\/2024\/04\/garimpando-40x53.jpg\" class=\"aux-attachment aux-featured-image attachment-370x492.1 aux-attachment-id-2990  aux-preload aux-has-preview\" alt=\"garimpando\" data-ratio=\"0.75\" data-original-w=\"1080\" sizes=\"auto\" data-srcset=\"https:\/\/itfilmes.com.br\/mostrabetim1\/wp-content\/uploads\/sites\/7\/2024\/04\/garimpando-150x200.jpg 150w,https:\/\/itfilmes.com.br\/mostrabetim1\/wp-content\/uploads\/sites\/7\/2024\/04\/garimpando-300x399.jpg 300w,https:\/\/itfilmes.com.br\/mostrabetim1\/wp-content\/uploads\/sites\/7\/2024\/04\/garimpando-768x1021.jpg 768w,https:\/\/itfilmes.com.br\/mostrabetim1\/wp-content\/uploads\/sites\/7\/2024\/04\/garimpando-1024x1362.jpg 1024w,https:\/\/itfilmes.com.br\/mostrabetim1\/wp-content\/uploads\/sites\/7\/2024\/04\/garimpando-370x492.jpg 370w,https:\/\/itfilmes.com.br\/mostrabetim1\/wp-content\/uploads\/sites\/7\/2024\/04\/garimpando-1070x1423.jpg 1070w\" data-src=\"https:\/\/itfilmes.com.br\/mostrabetim1\/wp-content\/uploads\/sites\/7\/2024\/04\/garimpando-370x492.jpg\" \/><\/a><\/div><\/div>\n                            \n                            <div class=\"entry-main\">\n                                                        \n                                <header class=\"entry-header\">\n                                \n                                    <h4 class=\"entry-title\">\n                                        <a href=\"https:\/\/itfilmes.com.br\/mostrabetim1\/programacao\/garimpando-garimpeiros\/\">\n                                            Garimpando garimpeiros                                        <\/a>\n                                    <\/h4>\n                                                                    <div class=\"entry-format\">\n                                        <a href=\"https:\/\/itfilmes.com.br\/mostrabetim1\/programacao\/garimpando-garimpeiros\/\">\n                                            <div class=\"post-format format-\"> <\/div>\n                                        <\/a>\n                                    <\/div>\n                                <\/header>\n                                                            \n                                <div class=\"entry-info\">\n                                                                                                                                    <span class=\"entry-tax aux-no-sep\">\n                                        <a href=\"https:\/\/itfilmes.com.br\/mostrabetim1\/programacao-cats\/12-05\/\" title=\"View all posts in 12\/05 - domingo\" rel=\"category\" >12\/05 - domingo<\/a><a href=\"https:\/\/itfilmes.com.br\/mostrabetim1\/programacao-cats\/mostra-curtas-da-terra\/\" title=\"View all posts in Mostra Curtas da Terra\" rel=\"category\" >Mostra Curtas da Terra<\/a>                                    <\/span>\n                                                                                                                                            <\/div>\n                            \n                                                        \n                            <\/div>\n\n                        <\/article>\n<\/div><div class=\"aux-mc-item post-2886\">\n                        <article class=\"post column-entry post-2886 news type-news status-publish has-post-thumbnail hentry news-category-12-05 news-category-mostra-curtas-da-terra news-tag-cineart\">\n                                                        <div class=\"entry-media\"><div class=\"aux-media-frame aux-media-image aux-image-mask\"><a href=\"https:\/\/itfilmes.com.br\/mostrabetim1\/programacao\/sertao-america\/\"><img loading=\"lazy\" decoding=\"async\" width=\"370\" height=\"492\" src=\"https:\/\/itfilmes.com.br\/mostrabetim1\/wp-content\/uploads\/sites\/7\/2024\/04\/SertaoAmerica_Cartaz_rgb_web-40x53.jpg\" class=\"aux-attachment aux-featured-image attachment-370x492.1 aux-attachment-id-2992  aux-preload aux-has-preview\" alt=\"SertaoAmerica_Cartaz_rgb_web\" data-ratio=\"0.75\" data-original-w=\"1080\" sizes=\"auto\" data-srcset=\"https:\/\/itfilmes.com.br\/mostrabetim1\/wp-content\/uploads\/sites\/7\/2024\/04\/SertaoAmerica_Cartaz_rgb_web-150x200.jpg 150w,https:\/\/itfilmes.com.br\/mostrabetim1\/wp-content\/uploads\/sites\/7\/2024\/04\/SertaoAmerica_Cartaz_rgb_web-300x399.jpg 300w,https:\/\/itfilmes.com.br\/mostrabetim1\/wp-content\/uploads\/sites\/7\/2024\/04\/SertaoAmerica_Cartaz_rgb_web-768x1021.jpg 768w,https:\/\/itfilmes.com.br\/mostrabetim1\/wp-content\/uploads\/sites\/7\/2024\/04\/SertaoAmerica_Cartaz_rgb_web-1024x1362.jpg 1024w,https:\/\/itfilmes.com.br\/mostrabetim1\/wp-content\/uploads\/sites\/7\/2024\/04\/SertaoAmerica_Cartaz_rgb_web-370x492.jpg 370w,https:\/\/itfilmes.com.br\/mostrabetim1\/wp-content\/uploads\/sites\/7\/2024\/04\/SertaoAmerica_Cartaz_rgb_web-1070x1423.jpg 1070w\" data-src=\"https:\/\/itfilmes.com.br\/mostrabetim1\/wp-content\/uploads\/sites\/7\/2024\/04\/SertaoAmerica_Cartaz_rgb_web-370x492.jpg\" \/><\/a><\/div><\/div>\n                            \n                            <div class=\"entry-main\">\n                                                        \n                                <header class=\"entry-header\">\n                                \n                                    <h4 class=\"entry-title\">\n                                        <a href=\"https:\/\/itfilmes.com.br\/mostrabetim1\/programacao\/sertao-america\/\">\n                                            Sert\u00e3o am\u00e9rica                                        <\/a>\n                                    <\/h4>\n                                                                    <div class=\"entry-format\">\n                                        <a href=\"https:\/\/itfilmes.com.br\/mostrabetim1\/programacao\/sertao-america\/\">\n                                            <div class=\"post-format format-\"> <\/div>\n                                        <\/a>\n                                    <\/div>\n                                <\/header>\n                                                            \n                                <div class=\"entry-info\">\n                                                                                                                                    <span class=\"entry-tax aux-no-sep\">\n                                        <a href=\"https:\/\/itfilmes.com.br\/mostrabetim1\/programacao-cats\/12-05\/\" title=\"View all posts in 12\/05 - domingo\" rel=\"category\" >12\/05 - domingo<\/a><a href=\"https:\/\/itfilmes.com.br\/mostrabetim1\/programacao-cats\/mostra-curtas-da-terra\/\" title=\"View all posts in Mostra Curtas da Terra\" rel=\"category\" >Mostra Curtas da Terra<\/a>                                    <\/span>\n                                                                                                                                            <\/div>\n                            \n                                                        \n                            <\/div>\n\n                        <\/article>\n<\/div><div class=\"aux-mc-item post-2891\">\n                        <article class=\"post column-entry post-2891 news type-news status-publish has-post-thumbnail hentry news-category-12-05 news-category-mostra-brasil news-tag-cineart\">\n                                                        <div class=\"entry-media\"><div class=\"aux-media-frame aux-media-image aux-image-mask\"><a href=\"https:\/\/itfilmes.com.br\/mostrabetim1\/programacao\/saudade-fez-morada-aqui-dentro\/\"><img loading=\"lazy\" decoding=\"async\" width=\"370\" height=\"492\" src=\"https:\/\/itfilmes.com.br\/mostrabetim1\/wp-content\/uploads\/sites\/7\/2024\/04\/Saudade-verticalposter-40x53.jpg\" class=\"aux-attachment aux-featured-image attachment-370x492.1 aux-attachment-id-2893  aux-preload aux-has-preview\" alt=\"Saudade fez morada aqui dentro\" data-ratio=\"0.75\" data-original-w=\"1080\" sizes=\"auto\" data-srcset=\"https:\/\/itfilmes.com.br\/mostrabetim1\/wp-content\/uploads\/sites\/7\/2024\/04\/Saudade-verticalposter-150x200.jpg 150w,https:\/\/itfilmes.com.br\/mostrabetim1\/wp-content\/uploads\/sites\/7\/2024\/04\/Saudade-verticalposter-300x399.jpg 300w,https:\/\/itfilmes.com.br\/mostrabetim1\/wp-content\/uploads\/sites\/7\/2024\/04\/Saudade-verticalposter-768x1021.jpg 768w,https:\/\/itfilmes.com.br\/mostrabetim1\/wp-content\/uploads\/sites\/7\/2024\/04\/Saudade-verticalposter-1024x1362.jpg 1024w,https:\/\/itfilmes.com.br\/mostrabetim1\/wp-content\/uploads\/sites\/7\/2024\/04\/Saudade-verticalposter-370x492.jpg 370w,https:\/\/itfilmes.com.br\/mostrabetim1\/wp-content\/uploads\/sites\/7\/2024\/04\/Saudade-verticalposter-1070x1423.jpg 1070w\" data-src=\"https:\/\/itfilmes.com.br\/mostrabetim1\/wp-content\/uploads\/sites\/7\/2024\/04\/Saudade-verticalposter-370x492.jpg\" \/><\/a><\/div><\/div>\n                            \n                            <div class=\"entry-main\">\n                                                        \n                                <header class=\"entry-header\">\n                                \n                                    <h4 class=\"entry-title\">\n                                        <a href=\"https:\/\/itfilmes.com.br\/mostrabetim1\/programacao\/saudade-fez-morada-aqui-dentro\/\">\n                                            Saudade fez morada aqui dentro                                        <\/a>\n                                    <\/h4>\n                                                                    <div class=\"entry-format\">\n                                        <a href=\"https:\/\/itfilmes.com.br\/mostrabetim1\/programacao\/saudade-fez-morada-aqui-dentro\/\">\n                                            <div class=\"post-format format-\"> <\/div>\n                                        <\/a>\n                                    <\/div>\n                                <\/header>\n                                                            \n                                <div class=\"entry-info\">\n                                                                                                                                    <span class=\"entry-tax aux-no-sep\">\n                                        <a href=\"https:\/\/itfilmes.com.br\/mostrabetim1\/programacao-cats\/12-05\/\" title=\"View all posts in 12\/05 - domingo\" rel=\"category\" >12\/05 - domingo<\/a><a href=\"https:\/\/itfilmes.com.br\/mostrabetim1\/programacao-cats\/mostra-brasil\/\" title=\"View all posts in Mostra Brasil\" rel=\"category\" >Mostra Brasil<\/a>                                    <\/span>\n                                                                                                                                            <\/div>\n                            \n                                                        \n                            <\/div>\n\n                        <\/article>\n<\/div><div class=\"aux-mc-item post-2897\">\n                        <article class=\"post column-entry post-2897 news type-news status-publish has-post-thumbnail hentry news-category-12-05 news-category-mostra-brasil news-tag-cineart\">\n                                                        <div class=\"entry-media\"><div class=\"aux-media-frame aux-media-image aux-image-mask\"><a href=\"https:\/\/itfilmes.com.br\/mostrabetim1\/programacao\/a-flor-do-buriti\/\"><img loading=\"lazy\" decoding=\"async\" width=\"370\" height=\"492\" src=\"https:\/\/itfilmes.com.br\/mostrabetim1\/wp-content\/uploads\/sites\/7\/2024\/04\/A-Flor-do-Buriti-40x53.jpg\" class=\"aux-attachment aux-featured-image attachment-370x492.1 aux-attachment-id-2902  aux-preload aux-has-preview\" alt=\"A flor do buriti\" data-ratio=\"0.75\" data-original-w=\"1080\" sizes=\"auto\" data-srcset=\"https:\/\/itfilmes.com.br\/mostrabetim1\/wp-content\/uploads\/sites\/7\/2024\/04\/A-Flor-do-Buriti-150x200.jpg 150w,https:\/\/itfilmes.com.br\/mostrabetim1\/wp-content\/uploads\/sites\/7\/2024\/04\/A-Flor-do-Buriti-300x399.jpg 300w,https:\/\/itfilmes.com.br\/mostrabetim1\/wp-content\/uploads\/sites\/7\/2024\/04\/A-Flor-do-Buriti-768x1021.jpg 768w,https:\/\/itfilmes.com.br\/mostrabetim1\/wp-content\/uploads\/sites\/7\/2024\/04\/A-Flor-do-Buriti-1024x1362.jpg 1024w,https:\/\/itfilmes.com.br\/mostrabetim1\/wp-content\/uploads\/sites\/7\/2024\/04\/A-Flor-do-Buriti-370x492.jpg 370w,https:\/\/itfilmes.com.br\/mostrabetim1\/wp-content\/uploads\/sites\/7\/2024\/04\/A-Flor-do-Buriti-1070x1423.jpg 1070w\" data-src=\"https:\/\/itfilmes.com.br\/mostrabetim1\/wp-content\/uploads\/sites\/7\/2024\/04\/A-Flor-do-Buriti-370x492.jpg\" \/><\/a><\/div><\/div>\n                            \n                            <div class=\"entry-main\">\n                                                        \n                                <header class=\"entry-header\">\n                                \n                                    <h4 class=\"entry-title\">\n                                        <a href=\"https:\/\/itfilmes.com.br\/mostrabetim1\/programacao\/a-flor-do-buriti\/\">\n                                            A flor do Buriti                                        <\/a>\n                                    <\/h4>\n                                                                    <div class=\"entry-format\">\n                                        <a href=\"https:\/\/itfilmes.com.br\/mostrabetim1\/programacao\/a-flor-do-buriti\/\">\n                                            <div class=\"post-format format-\"> <\/div>\n                                        <\/a>\n                                    <\/div>\n                                <\/header>\n                                                            \n                                <div class=\"entry-info\">\n                                                                                                                                    <span class=\"entry-tax aux-no-sep\">\n                                        <a href=\"https:\/\/itfilmes.com.br\/mostrabetim1\/programacao-cats\/12-05\/\" title=\"View all posts in 12\/05 - domingo\" rel=\"category\" >12\/05 - domingo<\/a><a href=\"https:\/\/itfilmes.com.br\/mostrabetim1\/programacao-cats\/mostra-brasil\/\" title=\"View all posts in Mostra Brasil\" rel=\"category\" >Mostra Brasil<\/a>                                    <\/span>\n                                                                                                                                            <\/div>\n                            \n                                                        \n                            <\/div>\n\n                        <\/article>\n<\/div>            <div class=\"aux-carousel-controls\">\n                <div class=\"aux-next-arrow\">\n                    <span class=\"aux-svg-arrow aux-l-right\"><\/span>\n                <\/div>\n                <div class=\"aux-prev-arrow\">\n                    <span class=\"aux-svg-arrow aux-l-left\"><\/span>\n\n                <\/div>\n            <\/div>\n        <\/div><\/section><!-- widget-container -->\t\t\t\t<\/div>\n\t\t\t\t<\/div>\n\t\t\t\t\t<\/div>\n\t\t<\/div>\n\t\t\t\t\t<\/div>\n\t\t<\/section>\n\t\t\t\t<section class=\"elementor-section elementor-top-section elementor-element elementor-element-14e604c elementor-section-content-middle elementor-section-boxed elementor-section-height-default elementor-section-height-default\" data-id=\"14e604c\" data-element_type=\"section\" data-e-type=\"section\" data-settings=\"{&quot;background_background&quot;:&quot;classic&quot;}\">\n\t\t\t\t\t\t<div class=\"elementor-container elementor-column-gap-no\">\n\t\t\t\t\t<div class=\"aux-parallax-section elementor-column elementor-col-50 elementor-top-column elementor-element elementor-element-c9acfda\" data-id=\"c9acfda\" data-element_type=\"column\" data-e-type=\"column\">\n\t\t\t<div class=\"elementor-widget-wrap elementor-element-populated\">\n\t\t\t\t\t\t<div class=\"elementor-element elementor-element-60ce855 elementor-widget-mobile__width-inherit elementor-widget elementor-widget-aux_modern_heading\" data-id=\"60ce855\" data-element_type=\"widget\" data-e-type=\"widget\" data-widget_type=\"aux_modern_heading.default\">\n\t\t\t\t<div class=\"elementor-widget-container\">\n\t\t\t\t\t<section class=\"aux-widget-modern-heading\">\n            <div class=\"aux-widget-inner\"><h2 class=\"aux-modern-heading-primary\">1\u00aa MOSTRA DE CINEMA DE BETIM <\/h2><h3 class=\"aux-modern-heading-secondary\"><span class=\"aux-head-highlight\">Semin\u00e1rio Betim cidade criativa <\/span><\/h3><\/div>\n        <\/section>\t\t\t\t<\/div>\n\t\t\t\t<\/div>\n\t\t\t\t<div class=\"elementor-element elementor-element-ab2d442 elementor-widget-mobile__width-inherit elementor-widget elementor-widget-aux_modern_heading\" data-id=\"ab2d442\" data-element_type=\"widget\" data-e-type=\"widget\" data-widget_type=\"aux_modern_heading.default\">\n\t\t\t\t<div class=\"elementor-widget-container\">\n\t\t\t\t\t<section class=\"aux-widget-modern-heading\">\n            <div class=\"aux-widget-inner\"><h2 class=\"aux-modern-heading-primary\">Estrat\u00e9gias para o desenvolvimento do audiovisual local<\/h2><div class=\"aux-modern-heading-description\"><p class=\"col-title\">Data: <strong>09\/05\/2024<\/strong>, quinta-feira \u00e0s <strong>19 horas<\/strong>.<br \/>Local: <strong>Shopping Monte Carmo<\/strong><\/p><\/div><\/div>\n        <\/section>\t\t\t\t<\/div>\n\t\t\t\t<\/div>\n\t\t\t\t<div class=\"elementor-element elementor-element-00805ae aux-appear-watch-animation aux-fade-in-up-1 elementor-hidden-mobile elementor-widget elementor-widget-aux_modern_button\" data-id=\"00805ae\" data-element_type=\"widget\" data-e-type=\"widget\" data-widget_type=\"aux_modern_button.default\">\n\t\t\t\t<div class=\"elementor-widget-container\">\n\t\t\t\t\t    <div class=\"aux-modern-button-wrapper aux-modern-button-align-left\" >\n                    <a class=\"aux-modern-button aux-black aux-modern-button-md aux-modern-button-normal aux-modern-button-default aux-icon-left\" href=\"https:\/\/itfilmes.com.br\/mostrabetim1\/seminario\/\">\n                <div class=\"aux-overlay\"><\/div>\n                                    <div class=\"aux-icon \">\n                        <i aria-hidden=\"true\" class=\"auxicon auxicon-eye-1\"><\/i>                    <\/div>\n                                <div class=\"aux-text\">\n<span class=\"aux-text-before\">Semin\u00e1rio<\/span>                <\/div>\n            <\/a>\n            \n    <\/div>\n\n    \t\t\t\t<\/div>\n\t\t\t\t<\/div>\n\t\t\t\t\t<\/div>\n\t\t<\/div>\n\t\t\t\t<div class=\"aux-parallax-section elementor-column elementor-col-50 elementor-top-column elementor-element elementor-element-4628386\" data-id=\"4628386\" data-element_type=\"column\" data-e-type=\"column\">\n\t\t\t<div class=\"elementor-widget-wrap elementor-element-populated\">\n\t\t\t\t\t\t<div class=\"aux-scroll-anim elementor-element elementor-element-597fdc1 aux-appear-watch-animation aux-scale-up elementor-widget elementor-widget-aux_image\" data-move-in=\"\" data-move-out=\"moveHorizontal\" data-axis-x=\"50\" data-axis-y=\"200\" data-rotate=\"90\" data-scale=\"1\" data-vp-top=\"0.5\" data-vp-bot=\"0.5\" data-el-top=\"0.2\" data-scroll-animation-off=\"1024\" data-id=\"597fdc1\" data-element_type=\"widget\" data-e-type=\"widget\" data-widget_type=\"aux_image.default\">\n\t\t\t\t<div class=\"elementor-widget-container\">\n\t\t\t\t\t<section class=\"widget-container aux-widget-image aux-alignnone aux-parent-au05cebace\">\n    <div class=\"aux-media-hint-frame \">\n        <div class=\"aux-media-image \" >\n        \n            \n\n            \n            <img loading=\"lazy\" decoding=\"async\" width=\"2309\" height=\"2309\" src=\"https:\/\/itfilmes.com.br\/mostrabetim1\/wp-content\/uploads\/sites\/7\/2024\/04\/cartaz-mockup_cartaz-A3-3-copia-2-3.png\" class=\"aux-attachment aux-featured-image aux-attachment-id-1666\" alt=\"cartaz-mockup_cartaz-A3-3 c\u00f3pia 2\" data-ratio=\"1\" data-original-w=\"2309\" \/>            \n                <\/div>\n    <\/div>\n\n<\/section><!-- widget-container -->\t\t\t\t<\/div>\n\t\t\t\t<\/div>\n\t\t\t\t\t<\/div>\n\t\t<\/div>\n\t\t\t\t\t<\/div>\n\t\t<\/section>\n\t\t\t\t<section class=\"elementor-section elementor-top-section elementor-element elementor-element-7cd3ffd elementor-section-content-middle elementor-section-boxed elementor-section-height-default elementor-section-height-default\" data-id=\"7cd3ffd\" data-element_type=\"section\" data-e-type=\"section\" id=\"oficinas\" data-settings=\"{&quot;background_background&quot;:&quot;classic&quot;}\">\n\t\t\t\t\t\t<div class=\"elementor-container elementor-column-gap-no\">\n\t\t\t\t\t<div class=\"aux-parallax-section elementor-column elementor-col-100 elementor-top-column elementor-element elementor-element-acedacc\" data-id=\"acedacc\" data-element_type=\"column\" data-e-type=\"column\">\n\t\t\t<div class=\"elementor-widget-wrap elementor-element-populated\">\n\t\t\t\t\t\t<section class=\"elementor-section elementor-inner-section elementor-element elementor-element-2b6535c elementor-section-boxed elementor-section-height-default elementor-section-height-default\" data-id=\"2b6535c\" data-element_type=\"section\" data-e-type=\"section\">\n\t\t\t\t\t\t<div class=\"elementor-container elementor-column-gap-default\">\n\t\t\t\t\t<div class=\"aux-parallax-section elementor-column elementor-col-100 elementor-inner-column elementor-element elementor-element-997700d\" data-id=\"997700d\" data-element_type=\"column\" data-e-type=\"column\">\n\t\t\t<div class=\"elementor-widget-wrap elementor-element-populated\">\n\t\t\t\t\t\t<div class=\"elementor-element elementor-element-5a21eba aux-appear-watch-animation aux-fade-in-up elementor-widget elementor-widget-aux_modern_heading\" data-id=\"5a21eba\" data-element_type=\"widget\" data-e-type=\"widget\" data-widget_type=\"aux_modern_heading.default\">\n\t\t\t\t<div class=\"elementor-widget-container\">\n\t\t\t\t\t<section class=\"aux-widget-modern-heading\">\n            <div class=\"aux-widget-inner\"><h2 class=\"aux-modern-heading-primary\">Labs<\/h2><h3 class=\"aux-modern-heading-secondary\"><span class=\"aux-head-highlight\">Oficinas<\/span><\/h3><\/div>\n        <\/section>\t\t\t\t<\/div>\n\t\t\t\t<\/div>\n\t\t\t\t\t<\/div>\n\t\t<\/div>\n\t\t\t\t\t<\/div>\n\t\t<\/section>\n\t\t\t\t<section class=\"elementor-section elementor-inner-section elementor-element elementor-element-91d3aa0 elementor-section-boxed elementor-section-height-default elementor-section-height-default\" data-id=\"91d3aa0\" data-element_type=\"section\" data-e-type=\"section\">\n\t\t\t\t\t\t<div class=\"elementor-container elementor-column-gap-default\">\n\t\t\t\t\t<div class=\"aux-parallax-section elementor-column elementor-col-50 elementor-inner-column elementor-element elementor-element-f43e850\" data-id=\"f43e850\" data-element_type=\"column\" data-e-type=\"column\">\n\t\t\t<div class=\"elementor-widget-wrap elementor-element-populated\">\n\t\t\t\t\t\t<div class=\"elementor-element elementor-element-1733d2e elementor-widget elementor-widget-image\" data-id=\"1733d2e\" data-element_type=\"widget\" data-e-type=\"widget\" data-widget_type=\"image.default\">\n\t\t\t\t<div class=\"elementor-widget-container\">\n\t\t\t\t\t\t\t\t\t\t\t\t\t\t\t<img loading=\"lazy\" decoding=\"async\" width=\"150\" height=\"150\" src=\"https:\/\/itfilmes.com.br\/mostrabetim1\/wp-content\/uploads\/sites\/7\/2024\/03\/Maick-Hannder-oficina-150x150.jpg\" class=\"attachment-thumbnail size-thumbnail wp-image-1403\" alt=\"Maick Hannder Lima Porto\" srcset=\"https:\/\/itfilmes.com.br\/mostrabetim1\/wp-content\/uploads\/sites\/7\/2024\/03\/Maick-Hannder-oficina-150x150.jpg 150w, https:\/\/itfilmes.com.br\/mostrabetim1\/wp-content\/uploads\/sites\/7\/2024\/03\/Maick-Hannder-oficina-300x300.jpg 300w, https:\/\/itfilmes.com.br\/mostrabetim1\/wp-content\/uploads\/sites\/7\/2024\/03\/Maick-Hannder-oficina-200x200.jpg 200w, https:\/\/itfilmes.com.br\/mostrabetim1\/wp-content\/uploads\/sites\/7\/2024\/03\/Maick-Hannder-oficina.jpg 512w\" sizes=\"(max-width: 150px) 100vw, 150px\" \/>\t\t\t\t\t\t\t\t\t\t\t\t\t\t\t<\/div>\n\t\t\t\t<\/div>\n\t\t\t\t<div class=\"elementor-element elementor-element-ecfc381 elementor-widget elementor-widget-aux_modern_heading\" data-id=\"ecfc381\" data-element_type=\"widget\" data-e-type=\"widget\" data-widget_type=\"aux_modern_heading.default\">\n\t\t\t\t<div class=\"elementor-widget-container\">\n\t\t\t\t\t<section class=\"aux-widget-modern-heading\">\n            <div class=\"aux-widget-inner\"><h2 class=\"aux-modern-heading-primary\">Diretor e Roteirista<\/h2><h3 class=\"aux-modern-heading-secondary\"><span class=\"aux-head-before\">Maick Hannder Lima Porto<\/span><\/h3><div class=\"aux-modern-heading-divider\"><\/div><\/div>\n        <\/section>\t\t\t\t<\/div>\n\t\t\t\t<\/div>\n\t\t\t\t<div class=\"elementor-element elementor-element-931ec8d elementor-widget elementor-widget-aux_text\" data-id=\"931ec8d\" data-element_type=\"widget\" data-e-type=\"widget\" data-widget_type=\"aux_text.default\">\n\t\t\t\t<div class=\"elementor-widget-container\">\n\t\t\t\t\t<section class=\"widget-container aux-widget-text aux-parent-auef10ad1b\">        <div class=\"aux-widget-advanced-text aux-wrap-style-simple aux-ico-pos- aux-text-center aux-text-resp- aux-text-color-dark aux-text-widget-bg-center  \" >\n        \n            \n            <div class=\"aux-text-inner aux-text-widget-content\">\n                                <h4 class=\"col-title\">Roteiro cinematogr\u00e1fico para iniciantes<\/h4>\n                                <h5 class=\"col-subtitle\">10 horas\/aula - 20 vagas<\/h5>\n\n                                <div class=\"widget-content\">\n                                        <p><span style=\"font-weight: 400\">Nesta oficina, os participantes ter\u00e3o a oportunidade de acesso a informa\u00e7\u00f5es e ferramentas para explorar t\u00e9cnicas essenciais para desenvolver roteiros, desde a concep\u00e7\u00e3o da ideia at\u00e9 a estrutura narrativa e di\u00e1logos.<\/span><\/p>                <\/div>\n                <a  href=\"https:\/\/itfilmes.com.br\/mostrabetim1\/oficinas\/\" target=\"_self\"   class=\"aux-button aux-large aux-black aux-round aux-outline\" ><span class=\"aux-overlay\"><\/span><span class=\"aux-text\">Informa\u00e7\u00f5es<\/span><\/a>            <\/div>\n        <\/div>\n                    <div class=\"aux-text-widget-footer\">\n                <div class=\"aux-border-shape-none \">\n                                <\/div>\n            <\/div>\n        \n<\/section><!-- widget-container -->\t\t\t\t<\/div>\n\t\t\t\t<\/div>\n\t\t\t\t\t<\/div>\n\t\t<\/div>\n\t\t\t\t<div class=\"aux-parallax-section elementor-column elementor-col-50 elementor-inner-column elementor-element elementor-element-ea7ebb7\" data-id=\"ea7ebb7\" data-element_type=\"column\" data-e-type=\"column\">\n\t\t\t<div class=\"elementor-widget-wrap elementor-element-populated\">\n\t\t\t\t\t\t<div class=\"elementor-element elementor-element-f25693b elementor-widget elementor-widget-image\" data-id=\"f25693b\" data-element_type=\"widget\" data-e-type=\"widget\" data-widget_type=\"image.default\">\n\t\t\t\t<div class=\"elementor-widget-container\">\n\t\t\t\t\t\t\t\t\t\t\t\t\t\t\t<img loading=\"lazy\" decoding=\"async\" width=\"150\" height=\"150\" src=\"https:\/\/itfilmes.com.br\/mostrabetim1\/wp-content\/uploads\/sites\/7\/2024\/03\/Lucas-Diego-Goncalves-da-Costa-oficina-150x150.jpg\" class=\"attachment-thumbnail size-thumbnail wp-image-1410\" alt=\"Lucas Diego Gon\u00e7alves da Costa\" srcset=\"https:\/\/itfilmes.com.br\/mostrabetim1\/wp-content\/uploads\/sites\/7\/2024\/03\/Lucas-Diego-Goncalves-da-Costa-oficina-150x150.jpg 150w, https:\/\/itfilmes.com.br\/mostrabetim1\/wp-content\/uploads\/sites\/7\/2024\/03\/Lucas-Diego-Goncalves-da-Costa-oficina-300x300.jpg 300w, https:\/\/itfilmes.com.br\/mostrabetim1\/wp-content\/uploads\/sites\/7\/2024\/03\/Lucas-Diego-Goncalves-da-Costa-oficina-200x200.jpg 200w, https:\/\/itfilmes.com.br\/mostrabetim1\/wp-content\/uploads\/sites\/7\/2024\/03\/Lucas-Diego-Goncalves-da-Costa-oficina.jpg 512w\" sizes=\"(max-width: 150px) 100vw, 150px\" \/>\t\t\t\t\t\t\t\t\t\t\t\t\t\t\t<\/div>\n\t\t\t\t<\/div>\n\t\t\t\t<div class=\"elementor-element elementor-element-fe072bc elementor-widget elementor-widget-aux_modern_heading\" data-id=\"fe072bc\" data-element_type=\"widget\" data-e-type=\"widget\" data-widget_type=\"aux_modern_heading.default\">\n\t\t\t\t<div class=\"elementor-widget-container\">\n\t\t\t\t\t<section class=\"aux-widget-modern-heading\">\n            <div class=\"aux-widget-inner\"><h2 class=\"aux-modern-heading-primary\">Jogos Digitais e Desenvolvimentos de Sistemas<\/h2><h3 class=\"aux-modern-heading-secondary\"><span class=\"aux-head-before\">Lucas Diego Gon\u00e7alves da Costa<\/span><\/h3><div class=\"aux-modern-heading-divider\"><\/div><\/div>\n        <\/section>\t\t\t\t<\/div>\n\t\t\t\t<\/div>\n\t\t\t\t<div class=\"elementor-element elementor-element-2045e25 elementor-widget elementor-widget-aux_text\" data-id=\"2045e25\" data-element_type=\"widget\" data-e-type=\"widget\" data-widget_type=\"aux_text.default\">\n\t\t\t\t<div class=\"elementor-widget-container\">\n\t\t\t\t\t<section class=\"widget-container aux-widget-text aux-parent-au774fbcf3\">        <div class=\"aux-widget-advanced-text aux-wrap-style-simple aux-ico-pos- aux-text-center aux-text-resp- aux-text-color-dark aux-text-widget-bg-center  \" >\n        \n            \n            <div class=\"aux-text-inner aux-text-widget-content\">\n                                <h4 class=\"col-title\">Desenvolvimento de jogos eletr\u00f4nicos para iniciantes<\/h4>\n                                <h5 class=\"col-subtitle\">10 horas\/aula - 20 vagas<\/h5>\n\n                                <div class=\"widget-content\">\n                                        <p><span style=\"font-weight: 400\">Oficina destinada a interessados em desenvolvimento de jogos eletr\u00f4nicos. Os participantes ser\u00e3o introduzidos aos processos b\u00e1sicos de concep\u00e7\u00e3o de um jogo, tendo uma vis\u00e3o geral sobre o assunto.<\/span><\/p>                <\/div>\n                <a  href=\"https:\/\/itfilmes.com.br\/mostrabetim1\/oficinas\/\" target=\"_self\"   class=\"aux-button aux-large aux-black aux-round aux-outline\" ><span class=\"aux-overlay\"><\/span><span class=\"aux-text\">Informa\u00e7\u00f5es<\/span><\/a>            <\/div>\n        <\/div>\n                    <div class=\"aux-text-widget-footer\">\n                <div class=\"aux-border-shape-none \">\n                                <\/div>\n            <\/div>\n        \n<\/section><!-- widget-container -->\t\t\t\t<\/div>\n\t\t\t\t<\/div>\n\t\t\t\t\t<\/div>\n\t\t<\/div>\n\t\t\t\t\t<\/div>\n\t\t<\/section>\n\t\t\t\t\t<\/div>\n\t\t<\/div>\n\t\t\t\t\t<\/div>\n\t\t<\/section>\n\t\t\t\t<section class=\"elementor-section elementor-top-section elementor-element elementor-element-e5a5287 elementor-section-boxed elementor-section-height-default elementor-section-height-default\" data-id=\"e5a5287\" data-element_type=\"section\" data-e-type=\"section\" data-settings=\"{&quot;background_background&quot;:&quot;classic&quot;}\">\n\t\t\t\t\t\t<div class=\"elementor-container elementor-column-gap-default\">\n\t\t\t\t\t<div class=\"aux-parallax-section elementor-column elementor-col-100 elementor-top-column elementor-element elementor-element-2cc6390\" data-id=\"2cc6390\" data-element_type=\"column\" data-e-type=\"column\">\n\t\t\t<div class=\"elementor-widget-wrap elementor-element-populated\">\n\t\t\t\t\t\t<div class=\"elementor-element elementor-element-af2dda9 elementor-widget elementor-widget-aux_recent_posts\" data-id=\"af2dda9\" data-element_type=\"widget\" data-e-type=\"widget\" data-settings=\"{&quot;columns&quot;:&quot;4&quot;,&quot;columns_tablet&quot;:&quot;inherit&quot;,&quot;columns_mobile&quot;:&quot;1&quot;}\" data-widget_type=\"aux_recent_posts.default\">\n\t\t\t\t<div class=\"elementor-widget-container\">\n\t\t\t\t\t<section class=\"widget-container aux-widget-recent-posts aux-parent-aueda15ad2\"><div data-element-id=\"aueda15ad2\" class=\"aux-match-height aux-row aux-de-col4 aux-tb-col4 aux-mb-col1 aux-total-4 aux-no-meta aux-ajax-view  \"><div class=\"aux-col post-4147\">\n                        <article class=\"post column-entry post-4147 type-post status-publish format-standard has-post-thumbnail hentry category-noticia\">\n                                                        <div class=\"entry-media\"><div class=\"aux-media-frame aux-media-image aux-image-mask\"><a href=\"https:\/\/itfilmes.com.br\/mostrabetim1\/mostra-de-cinema-de-betim-realiza-itinerancia-no-mes-de-novembro\/\"><img decoding=\"async\" src=\"https:\/\/itfilmes.com.br\/mostrabetim1\/wp-content\/uploads\/sites\/7\/2024\/11\/Mostra-Betim-Cinema-Itinerante-470x470.png\" class=\"aux-attachment aux-featured-image attachment-470x470 aux-attachment-id-4179 \" alt=\"Mostra Betim Cinema Itinerante\" srcset=\"https:\/\/itfilmes.com.br\/mostrabetim1\/wp-content\/uploads\/sites\/7\/2024\/11\/Mostra-Betim-Cinema-Itinerante-150x150.png 150w,https:\/\/itfilmes.com.br\/mostrabetim1\/wp-content\/uploads\/sites\/7\/2024\/11\/Mostra-Betim-Cinema-Itinerante-300x300.png 300w,https:\/\/itfilmes.com.br\/mostrabetim1\/wp-content\/uploads\/sites\/7\/2024\/11\/Mostra-Betim-Cinema-Itinerante-768x768.png 768w,https:\/\/itfilmes.com.br\/mostrabetim1\/wp-content\/uploads\/sites\/7\/2024\/11\/Mostra-Betim-Cinema-Itinerante-1024x1024.png 1024w,https:\/\/itfilmes.com.br\/mostrabetim1\/wp-content\/uploads\/sites\/7\/2024\/11\/Mostra-Betim-Cinema-Itinerante-470x470.png 470w,https:\/\/itfilmes.com.br\/mostrabetim1\/wp-content\/uploads\/sites\/7\/2024\/11\/Mostra-Betim-Cinema-Itinerante-2657x2657.png 2657w\" data-ratio=\"1\" data-original-w=\"2667\" sizes=\"(max-width:479px) 480px,(max-width:767px) 768px,(max-width:1023px) 1024px,470px\" \/><\/a><\/div><\/div>\n                            \n                            <div class=\"entry-main\">\n                                                        \n                                <header class=\"entry-header\">\n                                \n                                    <h4 class=\"entry-title\">\n                                        <a href=\"https:\/\/itfilmes.com.br\/mostrabetim1\/mostra-de-cinema-de-betim-realiza-itinerancia-no-mes-de-novembro\/\">\n                                            Mostra de Cinema de Betim realiza itiner\u00e2ncia no m\u00eas de novembro                                        <\/a>\n                                    <\/h4>\n                                                                    <div class=\"entry-format\">\n                                        <a href=\"https:\/\/itfilmes.com.br\/mostrabetim1\/mostra-de-cinema-de-betim-realiza-itinerancia-no-mes-de-novembro\/\">\n                                            <div class=\"post-format format-\"> <\/div>\n                                        <\/a>\n                                    <\/div>\n                                <\/header>\n                                                            \n                                <div class=\"entry-info\">\n                                                                    <div class=\"entry-date\">\n                                        <a href=\"https:\/\/itfilmes.com.br\/mostrabetim1\/mostra-de-cinema-de-betim-realiza-itinerancia-no-mes-de-novembro\/\">\n                                            <time datetime=\"2024-11-28T06:21:39-03:00\" title=\"2024-11-28T06:21:39-03:00\" >28\/11\/2024<\/time>\n                                        <\/a>\n                                    <\/div>\n                                                                                                                                    <span class=\"entry-tax \">\n                                        <a href=\"https:\/\/itfilmes.com.br\/mostrabetim1\/category\/noticia\/\" title=\"View all posts in Not\u00edcia\" rel=\"category\" >Not\u00edcia<\/a>                                    <\/span>\n                                                                                                                                            <\/div>\n                            \n                                                            <div class=\"entry-content\">\n                                                                            <p>\nA \u201cMostra Betim - Cinema Itinerante\u201d, realiza nos dias 27 e 28 de novembro de 2 ...<\/p><div class=\"clear\"><\/div>                                <\/div>\n                                                        \n                            <\/div>\n\n                        <\/article>\n<\/div><div class=\"aux-col post-3392\">\n                        <article class=\"post column-entry post-3392 type-post status-publish format-standard has-post-thumbnail hentry category-noticia\">\n                                                        <div class=\"entry-media\"><div class=\"aux-media-frame aux-media-image aux-image-mask\"><a href=\"https:\/\/itfilmes.com.br\/mostrabetim1\/abertura-da-mostra-betim\/\"><img decoding=\"async\" src=\"https:\/\/itfilmes.com.br\/mostrabetim1\/wp-content\/uploads\/sites\/7\/2024\/05\/53708038450_a9a11548e9_b-470x470.jpg\" class=\"aux-attachment aux-featured-image attachment-470x470 aux-attachment-id-3399 \" alt=\"53708038450_a9a11548e9_b\" srcset=\"https:\/\/itfilmes.com.br\/mostrabetim1\/wp-content\/uploads\/sites\/7\/2024\/05\/53708038450_a9a11548e9_b-150x150.jpg 150w,https:\/\/itfilmes.com.br\/mostrabetim1\/wp-content\/uploads\/sites\/7\/2024\/05\/53708038450_a9a11548e9_b-300x300.jpg 300w,https:\/\/itfilmes.com.br\/mostrabetim1\/wp-content\/uploads\/sites\/7\/2024\/05\/53708038450_a9a11548e9_b-768x768.jpg 768w,https:\/\/itfilmes.com.br\/mostrabetim1\/wp-content\/uploads\/sites\/7\/2024\/05\/53708038450_a9a11548e9_b-470x470.jpg 470w,https:\/\/itfilmes.com.br\/mostrabetim1\/wp-content\/uploads\/sites\/7\/2024\/05\/53708038450_a9a11548e9_b-1013x1013.jpg 1013w\" data-ratio=\"1\" data-original-w=\"1023\" sizes=\"(max-width:479px) 480px,(max-width:767px) 768px,(max-width:1023px) 1024px,470px\" \/><\/a><\/div><\/div>\n                            \n                            <div class=\"entry-main\">\n                                                        \n                                <header class=\"entry-header\">\n                                \n                                    <h4 class=\"entry-title\">\n                                        <a href=\"https:\/\/itfilmes.com.br\/mostrabetim1\/abertura-da-mostra-betim\/\">\n                                            Abertura da Mostra Betim                                        <\/a>\n                                    <\/h4>\n                                                                    <div class=\"entry-format\">\n                                        <a href=\"https:\/\/itfilmes.com.br\/mostrabetim1\/abertura-da-mostra-betim\/\">\n                                            <div class=\"post-format format-\"> <\/div>\n                                        <\/a>\n                                    <\/div>\n                                <\/header>\n                                                            \n                                <div class=\"entry-info\">\n                                                                    <div class=\"entry-date\">\n                                        <a href=\"https:\/\/itfilmes.com.br\/mostrabetim1\/abertura-da-mostra-betim\/\">\n                                            <time datetime=\"2024-05-07T16:13:14-03:00\" title=\"2024-05-07T16:13:14-03:00\" >07\/05\/2024<\/time>\n                                        <\/a>\n                                    <\/div>\n                                                                                                                                    <span class=\"entry-tax \">\n                                        <a href=\"https:\/\/itfilmes.com.br\/mostrabetim1\/category\/noticia\/\" title=\"View all posts in Not\u00edcia\" rel=\"category\" >Not\u00edcia<\/a>                                    <\/span>\n                                                                                                                                            <\/div>\n                            \n                                                            <div class=\"entry-content\">\n                                                                            <p>\n\u00c9 com a sala de cinema cheia de pessoas especiais, que come\u00e7amos a nossa marato ...<\/p><div class=\"clear\"><\/div>                                <\/div>\n                                                        \n                            <\/div>\n\n                        <\/article>\n<\/div><div class=\"aux-col post-3291\">\n                        <article class=\"post column-entry post-3291 type-post status-publish format-standard has-post-thumbnail hentry category-noticia\">\n                                                        <div class=\"entry-media\"><div class=\"aux-media-frame aux-media-image aux-image-mask\"><a href=\"https:\/\/itfilmes.com.br\/mostrabetim1\/album-de-fotos\/\"><img decoding=\"async\" src=\"https:\/\/itfilmes.com.br\/mostrabetim1\/wp-content\/uploads\/sites\/7\/2024\/04\/my-name-is-now-elza-soares-470x470.jpg\" class=\"aux-attachment aux-featured-image attachment-470x470 aux-attachment-id-2744 \" alt=\"My name is now, Elza Soares\" srcset=\"https:\/\/itfilmes.com.br\/mostrabetim1\/wp-content\/uploads\/sites\/7\/2024\/04\/my-name-is-now-elza-soares-150x150.jpg 150w,https:\/\/itfilmes.com.br\/mostrabetim1\/wp-content\/uploads\/sites\/7\/2024\/04\/my-name-is-now-elza-soares-300x300.jpg 300w,https:\/\/itfilmes.com.br\/mostrabetim1\/wp-content\/uploads\/sites\/7\/2024\/04\/my-name-is-now-elza-soares-768x768.jpg 768w,https:\/\/itfilmes.com.br\/mostrabetim1\/wp-content\/uploads\/sites\/7\/2024\/04\/my-name-is-now-elza-soares-1024x1024.jpg 1024w,https:\/\/itfilmes.com.br\/mostrabetim1\/wp-content\/uploads\/sites\/7\/2024\/04\/my-name-is-now-elza-soares-470x470.jpg 470w,https:\/\/itfilmes.com.br\/mostrabetim1\/wp-content\/uploads\/sites\/7\/2024\/04\/my-name-is-now-elza-soares-1070x1070.jpg 1070w\" data-ratio=\"1\" data-original-w=\"1080\" sizes=\"(max-width:479px) 480px,(max-width:767px) 768px,(max-width:1023px) 1024px,470px\" \/><\/a><\/div><\/div>\n                            \n                            <div class=\"entry-main\">\n                                                        \n                                <header class=\"entry-header\">\n                                \n                                    <h4 class=\"entry-title\">\n                                        <a href=\"https:\/\/itfilmes.com.br\/mostrabetim1\/album-de-fotos\/\">\n                                            \u00c1lbum de fotos                                        <\/a>\n                                    <\/h4>\n                                                                    <div class=\"entry-format\">\n                                        <a href=\"https:\/\/itfilmes.com.br\/mostrabetim1\/album-de-fotos\/\">\n                                            <div class=\"post-format format-\"> <\/div>\n                                        <\/a>\n                                    <\/div>\n                                <\/header>\n                                                            \n                                <div class=\"entry-info\">\n                                                                    <div class=\"entry-date\">\n                                        <a href=\"https:\/\/itfilmes.com.br\/mostrabetim1\/album-de-fotos\/\">\n                                            <time datetime=\"2024-05-05T21:39:57-03:00\" title=\"2024-05-05T21:39:57-03:00\" >05\/05\/2024<\/time>\n                                        <\/a>\n                                    <\/div>\n                                                                                                                                    <span class=\"entry-tax \">\n                                        <a href=\"https:\/\/itfilmes.com.br\/mostrabetim1\/category\/noticia\/\" title=\"View all posts in Not\u00edcia\" rel=\"category\" >Not\u00edcia<\/a>                                    <\/span>\n                                                                                                                                            <\/div>\n                            \n                                                            <div class=\"entry-content\">\n                                                                            <p>\n                                        <p>Fotos divulga\u00e7\u00e3o dos filmes.<\/p>\n                                        <\/p>                                <\/div>\n                                                        \n                            <\/div>\n\n                        <\/article>\n<\/div><div class=\"aux-col post-1882\">\n                        <article class=\"post column-entry post-1882 type-post status-publish format-standard has-post-thumbnail hentry category-release\">\n                                                        <div class=\"entry-media\"><div class=\"aux-media-frame aux-media-image aux-image-mask\"><a href=\"https:\/\/itfilmes.com.br\/mostrabetim1\/1a-mostra-de-betim-celebra-a-magia-do-cinema\/\"><img decoding=\"async\" src=\"https:\/\/itfilmes.com.br\/mostrabetim1\/wp-content\/uploads\/sites\/7\/2024\/04\/Elizabete-MC-Fotografia-Leliane-de-Castro-470x470.jpg\" class=\"aux-attachment aux-featured-image attachment-470x470 aux-attachment-id-2045 \" alt=\"Elizabete Martins Campos Fotografia: Leliane de Castro\" srcset=\"https:\/\/itfilmes.com.br\/mostrabetim1\/wp-content\/uploads\/sites\/7\/2024\/04\/Elizabete-MC-Fotografia-Leliane-de-Castro-150x150.jpg 150w,https:\/\/itfilmes.com.br\/mostrabetim1\/wp-content\/uploads\/sites\/7\/2024\/04\/Elizabete-MC-Fotografia-Leliane-de-Castro-300x300.jpg 300w,https:\/\/itfilmes.com.br\/mostrabetim1\/wp-content\/uploads\/sites\/7\/2024\/04\/Elizabete-MC-Fotografia-Leliane-de-Castro-768x768.jpg 768w,https:\/\/itfilmes.com.br\/mostrabetim1\/wp-content\/uploads\/sites\/7\/2024\/04\/Elizabete-MC-Fotografia-Leliane-de-Castro-1024x1024.jpg 1024w,https:\/\/itfilmes.com.br\/mostrabetim1\/wp-content\/uploads\/sites\/7\/2024\/04\/Elizabete-MC-Fotografia-Leliane-de-Castro-470x470.jpg 470w,https:\/\/itfilmes.com.br\/mostrabetim1\/wp-content\/uploads\/sites\/7\/2024\/04\/Elizabete-MC-Fotografia-Leliane-de-Castro-1270x1270.jpg 1270w\" data-ratio=\"1\" data-original-w=\"1280\" sizes=\"(max-width:479px) 480px,(max-width:767px) 768px,(max-width:1023px) 1024px,470px\" \/><\/a><\/div><\/div>\n                            \n                            <div class=\"entry-main\">\n                                                        \n                                <header class=\"entry-header\">\n                                \n                                    <h4 class=\"entry-title\">\n                                        <a href=\"https:\/\/itfilmes.com.br\/mostrabetim1\/1a-mostra-de-betim-celebra-a-magia-do-cinema\/\">\n                                            1\u00aa Mostra de Betim celebra a magia do cinema                                        <\/a>\n                                    <\/h4>\n                                                                    <div class=\"entry-format\">\n                                        <a href=\"https:\/\/itfilmes.com.br\/mostrabetim1\/1a-mostra-de-betim-celebra-a-magia-do-cinema\/\">\n                                            <div class=\"post-format format-\"> <\/div>\n                                        <\/a>\n                                    <\/div>\n                                <\/header>\n                                                            \n                                <div class=\"entry-info\">\n                                                                    <div class=\"entry-date\">\n                                        <a href=\"https:\/\/itfilmes.com.br\/mostrabetim1\/1a-mostra-de-betim-celebra-a-magia-do-cinema\/\">\n                                            <time datetime=\"2024-04-04T07:17:02-03:00\" title=\"2024-04-04T07:17:02-03:00\" >04\/04\/2024<\/time>\n                                        <\/a>\n                                    <\/div>\n                                                                                                                                    <span class=\"entry-tax \">\n                                        <a href=\"https:\/\/itfilmes.com.br\/mostrabetim1\/category\/release\/\" title=\"View all posts in Release\" rel=\"category\" >Release<\/a>                                    <\/span>\n                                                                                                                                            <\/div>\n                            \n                                                            <div class=\"entry-content\">\n                                                                            <p>\n                                        <p>Programa\u00e7\u00e3o inclusiva e 100% gratuita conta com exibi\u00e7\u00f5es de filmes, oficinas, semin\u00e1rio, lan\u00e7amento de document\u00e1rio sobre Betim e exposi\u00e7\u00e3o de fotos em espa\u00e7os pela cidade\u00a0<\/p>\n                                        <\/p>                                <\/div>\n                                                        \n                            <\/div>\n\n                        <\/article>\n<\/div><\/div><\/section><!-- widget-container -->\t\t\t\t<\/div>\n\t\t\t\t<\/div>\n\t\t\t\t\t<\/div>\n\t\t<\/div>\n\t\t\t\t\t<\/div>\n\t\t<\/section>\n\t\t\t\t<section class=\"elementor-section elementor-top-section elementor-element elementor-element-3aefa9f elementor-section-boxed elementor-section-height-default elementor-section-height-default\" data-id=\"3aefa9f\" data-element_type=\"section\" data-e-type=\"section\" id=\"onde\" data-settings=\"{&quot;background_background&quot;:&quot;classic&quot;}\">\n\t\t\t\t\t\t<div class=\"elementor-container elementor-column-gap-no\">\n\t\t\t\t\t<div class=\"aux-parallax-section elementor-column elementor-col-100 elementor-top-column elementor-element elementor-element-2e5a36c\" data-id=\"2e5a36c\" data-element_type=\"column\" data-e-type=\"column\" data-settings=\"{&quot;background_background&quot;:&quot;classic&quot;}\">\n\t\t\t<div class=\"elementor-widget-wrap elementor-element-populated\">\n\t\t\t\t\t<div class=\"elementor-background-overlay\"><\/div>\n\t\t\t\t\t\t<section class=\"elementor-section elementor-inner-section elementor-element elementor-element-247c20a aux-appear-watch-animation aux-fade-in elementor-section-boxed elementor-section-height-default elementor-section-height-default\" data-id=\"247c20a\" data-element_type=\"section\" data-e-type=\"section\">\n\t\t\t\t\t\t<div class=\"elementor-container elementor-column-gap-default\">\n\t\t\t\t\t<div class=\"aux-parallax-section elementor-column elementor-col-100 elementor-inner-column elementor-element elementor-element-1673443\" data-id=\"1673443\" data-element_type=\"column\" data-e-type=\"column\">\n\t\t\t<div class=\"elementor-widget-wrap elementor-element-populated\">\n\t\t\t\t\t\t<div class=\"elementor-element elementor-element-0e967cd aux-appear-watch-animation aux-scale-down ondecss elementor-widget elementor-widget-aux_modern_heading\" data-id=\"0e967cd\" data-element_type=\"widget\" data-e-type=\"widget\" data-widget_type=\"aux_modern_heading.default\">\n\t\t\t\t<div class=\"elementor-widget-container\">\n\t\t\t\t\t<section class=\"aux-widget-modern-heading\">\n            <div class=\"aux-widget-inner\"><h2 class=\"aux-modern-heading-primary\">Mostra Betim<\/h2><h3 class=\"aux-modern-heading-secondary\"><span class=\"aux-head-highlight\">1\u00aa Mostra de Cinema<\/span><span class=\"aux-head-after\"><br> de Betim<\/span><\/h3><div class=\"aux-modern-heading-divider\"><\/div><div class=\"aux-modern-heading-description\"><p><strong>07 a 12 de Maio<br \/><\/strong> de 2024<\/p><\/div><\/div>\n        <\/section>\t\t\t\t<\/div>\n\t\t\t\t<\/div>\n\t\t\t\t<div class=\"aux-scroll-anim elementor-element elementor-element-85ff7d7 elementor-widget elementor-widget-aux_image\" data-move-in=\"moveVertical\" data-move-out=\"moveVertical\" data-axis-x=\"200\" data-axis-y=\"20\" data-rotate=\"90\" data-scale=\"1\" data-vp-top=\"0.5\" data-vp-bot=\"0.5\" data-el-top=\"0.2\" data-scroll-animation-off=\"1024\" data-id=\"85ff7d7\" data-element_type=\"widget\" data-e-type=\"widget\" data-widget_type=\"aux_image.default\">\n\t\t\t\t<div class=\"elementor-widget-container\">\n\t\t\t\t\t<section class=\"widget-container aux-widget-image aux-alignnone aux-parent-au78e32a07\">\n    <div class=\"aux-media-hint-frame \">\n        <div class=\"aux-media-image \" >\n        \n            \n\n            \n            <img loading=\"lazy\" decoding=\"async\" width=\"2352\" height=\"2022\" src=\"https:\/\/itfilmes.com.br\/mostrabetim1\/wp-content\/uploads\/sites\/7\/2023\/11\/mostrabetim-conceito@2x.png\" class=\"aux-attachment aux-featured-image aux-attachment-id-111\" alt=\"Mostra Betim\" data-ratio=\"1.16\" data-original-w=\"2352\" \/>            \n                <\/div>\n    <\/div>\n\n<\/section><!-- widget-container -->\t\t\t\t<\/div>\n\t\t\t\t<\/div>\n\t\t\t\t<div class=\"aux-scroll-anim elementor-element elementor-element-47125b3 elementor-widget__width-auto elementor-widget elementor-widget-aux_modern_button\" data-move-in=\"moveVertical\" data-move-out=\"moveVertical\" data-axis-x=\"200\" data-axis-y=\"50\" data-rotate=\"90\" data-scale=\"1\" data-vp-top=\"0.5\" data-vp-bot=\"0.5\" data-el-top=\"0.2\" data-scroll-animation-off=\"1024\" data-id=\"47125b3\" data-element_type=\"widget\" data-e-type=\"widget\" id=\"btplay\" data-widget_type=\"aux_modern_button.default\">\n\t\t\t\t<div class=\"elementor-widget-container\">\n\t\t\t\t\t    <div class=\"aux-modern-button-wrapper aux-modern-button-align-center\" >\n        <span class=\"aux-lightbox-video \">            <a class=\"aux-modern-button aux-black aux-modern-button-md aux-modern-button-normal aux-modern-button-default aux-icon-left aux-open-video\" href=\"https:\/\/youtu.be\/fcyTwxTFW3k?si=xVvibGz1smXxhW7c\" data-type=\"video\">\n                <div class=\"aux-overlay\"><\/div>\n                                    <div class=\"aux-icon \">\n                        <i aria-hidden=\"true\" class=\"auxicon2 auxicon2-play-triangle\"><\/i>                    <\/div>\n                                <div class=\"aux-text\">\n                <\/div>\n            <\/a>\n            <\/span>\n    <\/div>\n\n    \t\t\t\t<\/div>\n\t\t\t\t<\/div>\n\t\t\t\t\t<\/div>\n\t\t<\/div>\n\t\t\t\t\t<\/div>\n\t\t<\/section>\n\t\t\t\t\t<\/div>\n\t\t<\/div>\n\t\t\t\t\t<\/div>\n\t\t<\/section>\n\t\t\t\t<\/div>\n\t\t","protected":false},"excerpt":{"rendered":"<p>07 a 12 de maio de 2024 1\u00aa Mostra de Cinema de Betim Programa\u00e7\u00e3o Mostra 07 a 12 de maio de 2024 1\u00aa Mostra de Cinema de Betim A 1\u00aa Mostra de Cinema de Betim, celebra a s\u00e9tima arte com uma programa\u00e7\u00e3o inclusiva e 100% gratuita. A diversidade da produ\u00e7\u00e3o do cinema brasileiro, com novas [&hellip;]<\/p>\n","protected":false},"author":1,"featured_media":3051,"parent":0,"menu_order":0,"comment_status":"closed","ping_status":"closed","template":"templates\/page-builder-content.php","meta":{"footnotes":""},"class_list":["post-91","page","type-page","status-publish","has-post-thumbnail","hentry"],"yoast_head":"<!-- This site is optimized with the Yoast SEO plugin v27.4 - https:\/\/yoast.com\/product\/yoast-seo-wordpress\/ -->\n<title>1\u00aa Mostra de Cinema de Betim - 27 e 28 de novembro.2024<\/title>\n<meta name=\"description\" content=\"100% Gratuita e Inclusiva, Homenagem ao anivers\u00e1rio de Betim, 15 anos IT Filmes, My Name Is Now Elza Soares, Betim Viva, Placa M\u00e3e, Meu Av\u00f4, A Maksra\" \/>\n<meta name=\"robots\" content=\"index, follow, max-snippet:-1, max-image-preview:large, max-video-preview:-1\" \/>\n<link rel=\"canonical\" href=\"https:\/\/itfilmes.com.br\/mostrabetim1\/\" \/>\n<meta property=\"og:locale\" content=\"pt_BR\" \/>\n<meta property=\"og:type\" content=\"article\" \/>\n<meta property=\"og:title\" content=\"1\u00aa Mostra de Cinema de Betim - 27 e 28 de novembro.2024\" \/>\n<meta property=\"og:description\" content=\"100% Gratuita e Inclusiva, Homenagem ao anivers\u00e1rio de Betim, 15 anos IT Filmes, My Name Is Now Elza Soares, Betim Viva, Placa M\u00e3e, Meu Av\u00f4, A Maksra\" \/>\n<meta property=\"og:url\" content=\"https:\/\/itfilmes.com.br\/mostrabetim1\/\" \/>\n<meta property=\"og:site_name\" content=\"Mostra Betim - 2024\" \/>\n<meta property=\"article:modified_time\" content=\"2025-09-02T17:22:37+00:00\" \/>\n<meta property=\"og:image\" content=\"https:\/\/itfilmes.com.br\/mostrabetim1\/wp-content\/uploads\/sites\/7\/2024\/04\/cartaz-mockup-14-1024x1024.png\" \/>\n\t<meta property=\"og:image:width\" content=\"1024\" \/>\n\t<meta property=\"og:image:height\" content=\"1024\" \/>\n\t<meta property=\"og:image:type\" content=\"image\/png\" \/>\n<meta name=\"twitter:card\" content=\"summary_large_image\" \/>\n<script type=\"application\/ld+json\" class=\"yoast-schema-graph\">{\"@context\":\"https:\\\/\\\/schema.org\",\"@graph\":[{\"@type\":\"WebPage\",\"@id\":\"https:\\\/\\\/itfilmes.com.br\\\/mostrabetim1\\\/\",\"url\":\"https:\\\/\\\/itfilmes.com.br\\\/mostrabetim1\\\/\",\"name\":\"1\u00aa Mostra de Cinema de Betim - 27 e 28 de novembro.2024\",\"isPartOf\":{\"@id\":\"https:\\\/\\\/itfilmes.com.br\\\/mostrabetim1\\\/#website\"},\"primaryImageOfPage\":{\"@id\":\"https:\\\/\\\/itfilmes.com.br\\\/mostrabetim1\\\/#primaryimage\"},\"image\":{\"@id\":\"https:\\\/\\\/itfilmes.com.br\\\/mostrabetim1\\\/#primaryimage\"},\"thumbnailUrl\":\"https:\\\/\\\/itfilmes.com.br\\\/mostrabetim1\\\/wp-content\\\/uploads\\\/sites\\\/7\\\/2024\\\/04\\\/cartaz-mockup-14.png\",\"datePublished\":\"2024-04-05T13:52:00+00:00\",\"dateModified\":\"2025-09-02T17:22:37+00:00\",\"description\":\"100% Gratuita e Inclusiva, Homenagem ao anivers\u00e1rio de Betim, 15 anos IT Filmes, My Name Is Now Elza Soares, Betim Viva, Placa M\u00e3e, Meu Av\u00f4, A Maksra\",\"breadcrumb\":{\"@id\":\"https:\\\/\\\/itfilmes.com.br\\\/mostrabetim1\\\/#breadcrumb\"},\"inLanguage\":\"pt-BR\",\"potentialAction\":[{\"@type\":\"ReadAction\",\"target\":[\"https:\\\/\\\/itfilmes.com.br\\\/mostrabetim1\\\/\"]}]},{\"@type\":\"ImageObject\",\"inLanguage\":\"pt-BR\",\"@id\":\"https:\\\/\\\/itfilmes.com.br\\\/mostrabetim1\\\/#primaryimage\",\"url\":\"https:\\\/\\\/itfilmes.com.br\\\/mostrabetim1\\\/wp-content\\\/uploads\\\/sites\\\/7\\\/2024\\\/04\\\/cartaz-mockup-14.png\",\"contentUrl\":\"https:\\\/\\\/itfilmes.com.br\\\/mostrabetim1\\\/wp-content\\\/uploads\\\/sites\\\/7\\\/2024\\\/04\\\/cartaz-mockup-14.png\",\"width\":1109,\"height\":1529,\"caption\":\"Mostra Betim\"},{\"@type\":\"BreadcrumbList\",\"@id\":\"https:\\\/\\\/itfilmes.com.br\\\/mostrabetim1\\\/#breadcrumb\",\"itemListElement\":[{\"@type\":\"ListItem\",\"position\":1,\"name\":\"In\u00edcio\",\"item\":\"https:\\\/\\\/itfilmes.com.br\\\/mostrabetim1\\\/\"},{\"@type\":\"ListItem\",\"position\":2,\"name\":\"Mostra Betim\"}]},{\"@type\":\"WebSite\",\"@id\":\"https:\\\/\\\/itfilmes.com.br\\\/mostrabetim1\\\/#website\",\"url\":\"https:\\\/\\\/itfilmes.com.br\\\/mostrabetim1\\\/\",\"name\":\"Mostra Betim - IT Filmes\",\"description\":\"Cinema pra todos\",\"publisher\":{\"@id\":\"https:\\\/\\\/itfilmes.com.br\\\/mostrabetim1\\\/#organization\"},\"alternateName\":\"Mostra Betim - IT Filmes\",\"potentialAction\":[{\"@type\":\"SearchAction\",\"target\":{\"@type\":\"EntryPoint\",\"urlTemplate\":\"https:\\\/\\\/itfilmes.com.br\\\/mostrabetim1\\\/?s={search_term_string}\"},\"query-input\":{\"@type\":\"PropertyValueSpecification\",\"valueRequired\":true,\"valueName\":\"search_term_string\"}}],\"inLanguage\":\"pt-BR\"},{\"@type\":\"Organization\",\"@id\":\"https:\\\/\\\/itfilmes.com.br\\\/mostrabetim1\\\/#organization\",\"name\":\"Mostra Betim - IT Filmes\",\"url\":\"https:\\\/\\\/itfilmes.com.br\\\/mostrabetim1\\\/\",\"logo\":{\"@type\":\"ImageObject\",\"inLanguage\":\"pt-BR\",\"@id\":\"https:\\\/\\\/itfilmes.com.br\\\/mostrabetim1\\\/#\\\/schema\\\/logo\\\/image\\\/\",\"url\":\"https:\\\/\\\/itfilmes.com.br\\\/mostrabetim1\\\/wp-content\\\/uploads\\\/sites\\\/7\\\/2024\\\/03\\\/mostra-betim-logo@2x.png\",\"contentUrl\":\"https:\\\/\\\/itfilmes.com.br\\\/mostrabetim1\\\/wp-content\\\/uploads\\\/sites\\\/7\\\/2024\\\/03\\\/mostra-betim-logo@2x.png\",\"width\":908,\"height\":235,\"caption\":\"Mostra Betim - IT Filmes\"},\"image\":{\"@id\":\"https:\\\/\\\/itfilmes.com.br\\\/mostrabetim1\\\/#\\\/schema\\\/logo\\\/image\\\/\"}}]}<\/script>\n<!-- \/ Yoast SEO plugin. -->","yoast_head_json":{"title":"1\u00aa Mostra de Cinema de Betim - 27 e 28 de novembro.2024","description":"100% Gratuita e Inclusiva, Homenagem ao anivers\u00e1rio de Betim, 15 anos IT Filmes, My Name Is Now Elza Soares, Betim Viva, Placa M\u00e3e, Meu Av\u00f4, A Maksra","robots":{"index":"index","follow":"follow","max-snippet":"max-snippet:-1","max-image-preview":"max-image-preview:large","max-video-preview":"max-video-preview:-1"},"canonical":"https:\/\/itfilmes.com.br\/mostrabetim1\/","og_locale":"pt_BR","og_type":"article","og_title":"1\u00aa Mostra de Cinema de Betim - 27 e 28 de novembro.2024","og_description":"100% Gratuita e Inclusiva, Homenagem ao anivers\u00e1rio de Betim, 15 anos IT Filmes, My Name Is Now Elza Soares, Betim Viva, Placa M\u00e3e, Meu Av\u00f4, A Maksra","og_url":"https:\/\/itfilmes.com.br\/mostrabetim1\/","og_site_name":"Mostra Betim - 2024","article_modified_time":"2025-09-02T17:22:37+00:00","og_image":[{"width":1024,"height":1024,"url":"https:\/\/itfilmes.com.br\/mostrabetim1\/wp-content\/uploads\/sites\/7\/2024\/04\/cartaz-mockup-14-1024x1024.png","type":"image\/png"}],"twitter_card":"summary_large_image","schema":{"@context":"https:\/\/schema.org","@graph":[{"@type":"WebPage","@id":"https:\/\/itfilmes.com.br\/mostrabetim1\/","url":"https:\/\/itfilmes.com.br\/mostrabetim1\/","name":"1\u00aa Mostra de Cinema de Betim - 27 e 28 de novembro.2024","isPartOf":{"@id":"https:\/\/itfilmes.com.br\/mostrabetim1\/#website"},"primaryImageOfPage":{"@id":"https:\/\/itfilmes.com.br\/mostrabetim1\/#primaryimage"},"image":{"@id":"https:\/\/itfilmes.com.br\/mostrabetim1\/#primaryimage"},"thumbnailUrl":"https:\/\/itfilmes.com.br\/mostrabetim1\/wp-content\/uploads\/sites\/7\/2024\/04\/cartaz-mockup-14.png","datePublished":"2024-04-05T13:52:00+00:00","dateModified":"2025-09-02T17:22:37+00:00","description":"100% Gratuita e Inclusiva, Homenagem ao anivers\u00e1rio de Betim, 15 anos IT Filmes, My Name Is Now Elza Soares, Betim Viva, Placa M\u00e3e, Meu Av\u00f4, A Maksra","breadcrumb":{"@id":"https:\/\/itfilmes.com.br\/mostrabetim1\/#breadcrumb"},"inLanguage":"pt-BR","potentialAction":[{"@type":"ReadAction","target":["https:\/\/itfilmes.com.br\/mostrabetim1\/"]}]},{"@type":"ImageObject","inLanguage":"pt-BR","@id":"https:\/\/itfilmes.com.br\/mostrabetim1\/#primaryimage","url":"https:\/\/itfilmes.com.br\/mostrabetim1\/wp-content\/uploads\/sites\/7\/2024\/04\/cartaz-mockup-14.png","contentUrl":"https:\/\/itfilmes.com.br\/mostrabetim1\/wp-content\/uploads\/sites\/7\/2024\/04\/cartaz-mockup-14.png","width":1109,"height":1529,"caption":"Mostra Betim"},{"@type":"BreadcrumbList","@id":"https:\/\/itfilmes.com.br\/mostrabetim1\/#breadcrumb","itemListElement":[{"@type":"ListItem","position":1,"name":"In\u00edcio","item":"https:\/\/itfilmes.com.br\/mostrabetim1\/"},{"@type":"ListItem","position":2,"name":"Mostra Betim"}]},{"@type":"WebSite","@id":"https:\/\/itfilmes.com.br\/mostrabetim1\/#website","url":"https:\/\/itfilmes.com.br\/mostrabetim1\/","name":"Mostra Betim - IT Filmes","description":"Cinema pra todos","publisher":{"@id":"https:\/\/itfilmes.com.br\/mostrabetim1\/#organization"},"alternateName":"Mostra Betim - IT Filmes","potentialAction":[{"@type":"SearchAction","target":{"@type":"EntryPoint","urlTemplate":"https:\/\/itfilmes.com.br\/mostrabetim1\/?s={search_term_string}"},"query-input":{"@type":"PropertyValueSpecification","valueRequired":true,"valueName":"search_term_string"}}],"inLanguage":"pt-BR"},{"@type":"Organization","@id":"https:\/\/itfilmes.com.br\/mostrabetim1\/#organization","name":"Mostra Betim - IT Filmes","url":"https:\/\/itfilmes.com.br\/mostrabetim1\/","logo":{"@type":"ImageObject","inLanguage":"pt-BR","@id":"https:\/\/itfilmes.com.br\/mostrabetim1\/#\/schema\/logo\/image\/","url":"https:\/\/itfilmes.com.br\/mostrabetim1\/wp-content\/uploads\/sites\/7\/2024\/03\/mostra-betim-logo@2x.png","contentUrl":"https:\/\/itfilmes.com.br\/mostrabetim1\/wp-content\/uploads\/sites\/7\/2024\/03\/mostra-betim-logo@2x.png","width":908,"height":235,"caption":"Mostra Betim - IT Filmes"},"image":{"@id":"https:\/\/itfilmes.com.br\/mostrabetim1\/#\/schema\/logo\/image\/"}}]}},"_links":{"self":[{"href":"https:\/\/itfilmes.com.br\/mostrabetim1\/wp-json\/wp\/v2\/pages\/91","targetHints":{"allow":["GET"]}}],"collection":[{"href":"https:\/\/itfilmes.com.br\/mostrabetim1\/wp-json\/wp\/v2\/pages"}],"about":[{"href":"https:\/\/itfilmes.com.br\/mostrabetim1\/wp-json\/wp\/v2\/types\/page"}],"author":[{"embeddable":true,"href":"https:\/\/itfilmes.com.br\/mostrabetim1\/wp-json\/wp\/v2\/users\/1"}],"replies":[{"embeddable":true,"href":"https:\/\/itfilmes.com.br\/mostrabetim1\/wp-json\/wp\/v2\/comments?post=91"}],"version-history":[{"count":84,"href":"https:\/\/itfilmes.com.br\/mostrabetim1\/wp-json\/wp\/v2\/pages\/91\/revisions"}],"predecessor-version":[{"id":4239,"href":"https:\/\/itfilmes.com.br\/mostrabetim1\/wp-json\/wp\/v2\/pages\/91\/revisions\/4239"}],"wp:featuredmedia":[{"embeddable":true,"href":"https:\/\/itfilmes.com.br\/mostrabetim1\/wp-json\/wp\/v2\/media\/3051"}],"wp:attachment":[{"href":"https:\/\/itfilmes.com.br\/mostrabetim1\/wp-json\/wp\/v2\/media?parent=91"}],"curies":[{"name":"wp","href":"https:\/\/api.w.org\/{rel}","templated":true}]}}